{"id":5684,"date":"2018-12-17T15:32:23","date_gmt":"2018-12-17T14:32:23","guid":{"rendered":"https:\/\/www.paisajesverticales.com\/?page_id=5684"},"modified":"2025-07-25T19:20:25","modified_gmt":"2025-07-25T17:20:25","slug":"reportajes-audiovisuales-con-dron-para-deportes-y-eventos","status":"publish","type":"page","link":"https:\/\/www.paisajesverticales.com\/es\/servicios\/reportajes-audiovisuales-con-dron-para-deportes-y-eventos\/","title":{"rendered":"Reportajes audiovisuales con dron para deportes y eventos"},"content":{"rendered":"<div class=\"fusion-fullwidth fullwidth-box fusion-builder-row-1 nonhundred-percent-fullwidth non-hundred-percent-height-scrolling\" style=\"--awb-border-radius-top-left:0px;--awb-border-radius-top-right:0px;--awb-border-radius-bottom-right:0px;--awb-border-radius-bottom-left:0px;--awb-margin-bottom:20px;--awb-flex-wrap:wrap;\" ><div class=\"fusion-builder-row fusion-row\"><div class=\"fusion-layout-column fusion_builder_column fusion-builder-column-0 fusion_builder_column_1_1 1_1 fusion-one-full fusion-column-first fusion-column-last\" style=\"--awb-bg-blend:overlay;--awb-bg-size:cover;\"><div class=\"fusion-column-wrapper fusion-flex-column-wrapper-legacy\"><div class=\"fusion-title title fusion-title-1 fusion-sep-none fusion-title-text fusion-title-size-one\"><h1 class=\"fusion-title-heading title-heading-left fusion-responsive-typography-calculated\" style=\"margin:0;--fontSize:34;line-height:1.3;\">Reportajes audiovisuales con dron para deportes y eventos<\/h1><\/div><div class=\"fusion-sep-clear\"><\/div><div class=\"fusion-separator fusion-full-width-sep\" style=\"margin-left: auto;margin-right: auto;margin-top:5px;margin-bottom:5px;width:100%;\"><\/div><div class=\"fusion-sep-clear\"><\/div><div class=\"awb-gallery-wrapper awb-gallery-wrapper-1 button-span-no\" style=\"--more-btn-alignment:center;\"><div style=\"margin:-5px;--awb-bordersize:0px;\" class=\"fusion-gallery fusion-gallery-container fusion-grid-3 fusion-columns-total-8 fusion-gallery-layout-grid fusion-gallery-1\"><div style=\"padding:5px;\" class=\"fusion-grid-column fusion-gallery-column fusion-gallery-column-3 hover-type-none\"><div class=\"fusion-gallery-image\"><a href=\"https:\/\/www.paisajesverticales.com\/WP\/wp-content\/uploads\/20170331-DJI_0088-WEB.jpg\" rel=\"noreferrer\" data-rel=\"iLightbox[gallery_image_1]\" class=\"fusion-lightbox\" target=\"_self\"><img decoding=\"async\" src=\"https:\/\/www.paisajesverticales.com\/WP\/wp-content\/uploads\/20170331-DJI_0088-WEB.jpg\" width=\"1200\" height=\"900\" alt=\"Paisajes Verticales \u2013 Fotograf\u00eda a\u00e9rea \u2013 DEPORTES\" title=\"Paisajes Verticales \u2013 Fotograf\u00eda a\u00e9rea \u2013 DEPORTES\" aria-label=\"Paisajes Verticales \u2013 Fotograf\u00eda a\u00e9rea \u2013 DEPORTES\" class=\"img-responsive wp-image-1914 fusion-gallery-image-size-fixed\" srcset=\"https:\/\/www.paisajesverticales.com\/WP\/wp-content\/uploads\/20170331-DJI_0088-WEB-200x150.jpg 200w, https:\/\/www.paisajesverticales.com\/WP\/wp-content\/uploads\/20170331-DJI_0088-WEB-400x300.jpg 400w, https:\/\/www.paisajesverticales.com\/WP\/wp-content\/uploads\/20170331-DJI_0088-WEB-600x450.jpg 600w, https:\/\/www.paisajesverticales.com\/WP\/wp-content\/uploads\/20170331-DJI_0088-WEB-800x600.jpg 800w, https:\/\/www.paisajesverticales.com\/WP\/wp-content\/uploads\/20170331-DJI_0088-WEB.jpg 1200w\" sizes=\"(min-width: 2200px) 100vw, (min-width: 704px) 390px, (min-width: 672px) 585px, (min-width: 640px) 672px, \" \/><\/a><\/div><\/div><div style=\"padding:5px;\" class=\"fusion-grid-column fusion-gallery-column fusion-gallery-column-3 hover-type-none\"><div class=\"fusion-gallery-image\"><a href=\"https:\/\/www.paisajesverticales.com\/WP\/wp-content\/uploads\/20170807-155706-WEB.jpg\" rel=\"noreferrer\" data-rel=\"iLightbox[gallery_image_1]\" class=\"fusion-lightbox\" target=\"_self\"><img decoding=\"async\" src=\"https:\/\/www.paisajesverticales.com\/WP\/wp-content\/uploads\/20170807-155706-WEB.jpg\" width=\"1200\" height=\"800\" alt=\"\" title=\"20170807-155706-WEB\" aria-label=\"20170807-155706-WEB\" class=\"img-responsive wp-image-5213 fusion-gallery-image-size-fixed\" srcset=\"https:\/\/www.paisajesverticales.com\/WP\/wp-content\/uploads\/20170807-155706-WEB-200x133.jpg 200w, https:\/\/www.paisajesverticales.com\/WP\/wp-content\/uploads\/20170807-155706-WEB-400x267.jpg 400w, https:\/\/www.paisajesverticales.com\/WP\/wp-content\/uploads\/20170807-155706-WEB-600x400.jpg 600w, https:\/\/www.paisajesverticales.com\/WP\/wp-content\/uploads\/20170807-155706-WEB-800x533.jpg 800w, https:\/\/www.paisajesverticales.com\/WP\/wp-content\/uploads\/20170807-155706-WEB.jpg 1200w\" sizes=\"(min-width: 2200px) 100vw, (min-width: 704px) 390px, (min-width: 672px) 585px, (min-width: 640px) 672px, \" \/><\/a><\/div><\/div><div style=\"padding:5px;\" class=\"fusion-grid-column fusion-gallery-column fusion-gallery-column-3 hover-type-none\"><div class=\"fusion-gallery-image\"><a href=\"https:\/\/www.paisajesverticales.com\/WP\/wp-content\/uploads\/20160924-DJI_0015-WEB.jpg\" rel=\"noreferrer\" data-rel=\"iLightbox[gallery_image_1]\" class=\"fusion-lightbox\" target=\"_self\"><img decoding=\"async\" src=\"https:\/\/www.paisajesverticales.com\/WP\/wp-content\/uploads\/20160924-DJI_0015-WEB.jpg\" width=\"1200\" height=\"900\" alt=\"Paisajes Verticales \u2013 Fotograf\u00eda a\u00e9rea \u2013 DEPORTES\" title=\"Paisajes Verticales \u2013 Fotograf\u00eda a\u00e9rea \u2013 DEPORTES\" aria-label=\"Paisajes Verticales \u2013 Fotograf\u00eda a\u00e9rea \u2013 DEPORTES\" class=\"img-responsive wp-image-1730 fusion-gallery-image-size-fixed\" srcset=\"https:\/\/www.paisajesverticales.com\/WP\/wp-content\/uploads\/20160924-DJI_0015-WEB-200x150.jpg 200w, https:\/\/www.paisajesverticales.com\/WP\/wp-content\/uploads\/20160924-DJI_0015-WEB-400x300.jpg 400w, https:\/\/www.paisajesverticales.com\/WP\/wp-content\/uploads\/20160924-DJI_0015-WEB-600x450.jpg 600w, https:\/\/www.paisajesverticales.com\/WP\/wp-content\/uploads\/20160924-DJI_0015-WEB-800x600.jpg 800w, https:\/\/www.paisajesverticales.com\/WP\/wp-content\/uploads\/20160924-DJI_0015-WEB.jpg 1200w\" sizes=\"(min-width: 2200px) 100vw, (min-width: 704px) 390px, (min-width: 672px) 585px, (min-width: 640px) 672px, \" \/><\/a><\/div><\/div><div class=\"clearfix\"><\/div><div style=\"padding:5px;\" class=\"fusion-grid-column fusion-gallery-column fusion-gallery-column-3 hover-type-none\"><div class=\"fusion-gallery-image\"><a href=\"https:\/\/www.paisajesverticales.com\/WP\/wp-content\/uploads\/20170223-DJI_0049-WEB.jpg\" rel=\"noreferrer\" data-rel=\"iLightbox[gallery_image_1]\" class=\"fusion-lightbox\" target=\"_self\"><img decoding=\"async\" src=\"https:\/\/www.paisajesverticales.com\/WP\/wp-content\/uploads\/20170223-DJI_0049-WEB.jpg\" width=\"1200\" height=\"900\" alt=\"Paisajes Verticales - Fotograf\u00eda a\u00e9rea - DEPORTES\" title=\"Paisajes Verticales &#8211; Fotograf\u00eda a\u00e9rea &#8211; DEPORTES\" aria-label=\"Paisajes Verticales &#8211; Fotograf\u00eda a\u00e9rea &#8211; DEPORTES\" class=\"img-responsive wp-image-1702 fusion-gallery-image-size-fixed\" srcset=\"https:\/\/www.paisajesverticales.com\/WP\/wp-content\/uploads\/20170223-DJI_0049-WEB-200x150.jpg 200w, https:\/\/www.paisajesverticales.com\/WP\/wp-content\/uploads\/20170223-DJI_0049-WEB-400x300.jpg 400w, https:\/\/www.paisajesverticales.com\/WP\/wp-content\/uploads\/20170223-DJI_0049-WEB-600x450.jpg 600w, https:\/\/www.paisajesverticales.com\/WP\/wp-content\/uploads\/20170223-DJI_0049-WEB-800x600.jpg 800w, https:\/\/www.paisajesverticales.com\/WP\/wp-content\/uploads\/20170223-DJI_0049-WEB.jpg 1200w\" sizes=\"(min-width: 2200px) 100vw, (min-width: 704px) 390px, (min-width: 672px) 585px, (min-width: 640px) 672px, \" \/><\/a><\/div><\/div><div style=\"padding:5px;\" class=\"fusion-grid-column fusion-gallery-column fusion-gallery-column-3 hover-type-none\"><div class=\"fusion-gallery-image\"><a href=\"https:\/\/www.paisajesverticales.com\/WP\/wp-content\/uploads\/20180912-172548-WEB.jpg\" rel=\"noreferrer\" data-rel=\"iLightbox[gallery_image_1]\" class=\"fusion-lightbox\" target=\"_self\"><img decoding=\"async\" src=\"https:\/\/www.paisajesverticales.com\/WP\/wp-content\/uploads\/20180912-172548-WEB.jpg\" width=\"1200\" height=\"800\" alt=\"\" title=\"20180912-172548-WEB\" aria-label=\"20180912-172548-WEB\" class=\"img-responsive wp-image-4784 fusion-gallery-image-size-fixed\" srcset=\"https:\/\/www.paisajesverticales.com\/WP\/wp-content\/uploads\/20180912-172548-WEB-200x133.jpg 200w, https:\/\/www.paisajesverticales.com\/WP\/wp-content\/uploads\/20180912-172548-WEB-400x267.jpg 400w, https:\/\/www.paisajesverticales.com\/WP\/wp-content\/uploads\/20180912-172548-WEB-600x400.jpg 600w, https:\/\/www.paisajesverticales.com\/WP\/wp-content\/uploads\/20180912-172548-WEB-800x533.jpg 800w, https:\/\/www.paisajesverticales.com\/WP\/wp-content\/uploads\/20180912-172548-WEB.jpg 1200w\" sizes=\"(min-width: 2200px) 100vw, (min-width: 704px) 390px, (min-width: 672px) 585px, (min-width: 640px) 672px, \" \/><\/a><\/div><\/div><div style=\"padding:5px;\" class=\"fusion-grid-column fusion-gallery-column fusion-gallery-column-3 hover-type-none\"><div class=\"fusion-gallery-image\"><a href=\"https:\/\/www.paisajesverticales.com\/WP\/wp-content\/uploads\/20170617-DJI_0007-WEB.jpg\" rel=\"noreferrer\" data-rel=\"iLightbox[gallery_image_1]\" class=\"fusion-lightbox\" target=\"_self\"><img decoding=\"async\" src=\"https:\/\/www.paisajesverticales.com\/WP\/wp-content\/uploads\/20170617-DJI_0007-WEB.jpg\" width=\"1200\" height=\"900\" alt=\"Paisajes Verticales \u2013 Fotograf\u00eda a\u00e9rea \u2013 PROMOCI\u00d3N TUR\u00cdSTICA\" title=\"Paisajes Verticales \u2013 Fotograf\u00eda a\u00e9rea \u2013 PROMOCI\u00d3N TUR\u00cdSTICA\" aria-label=\"Paisajes Verticales \u2013 Fotograf\u00eda a\u00e9rea \u2013 PROMOCI\u00d3N TUR\u00cdSTICA\" class=\"img-responsive wp-image-1940 fusion-gallery-image-size-fixed\" srcset=\"https:\/\/www.paisajesverticales.com\/WP\/wp-content\/uploads\/20170617-DJI_0007-WEB-200x150.jpg 200w, https:\/\/www.paisajesverticales.com\/WP\/wp-content\/uploads\/20170617-DJI_0007-WEB-400x300.jpg 400w, https:\/\/www.paisajesverticales.com\/WP\/wp-content\/uploads\/20170617-DJI_0007-WEB-600x450.jpg 600w, https:\/\/www.paisajesverticales.com\/WP\/wp-content\/uploads\/20170617-DJI_0007-WEB-800x600.jpg 800w, https:\/\/www.paisajesverticales.com\/WP\/wp-content\/uploads\/20170617-DJI_0007-WEB.jpg 1200w\" sizes=\"(min-width: 2200px) 100vw, (min-width: 704px) 390px, (min-width: 672px) 585px, (min-width: 640px) 672px, \" \/><\/a><\/div><\/div><div class=\"clearfix\"><\/div><div style=\"padding:5px;\" class=\"fusion-grid-column fusion-gallery-column fusion-gallery-column-3 hover-type-none\"><div class=\"fusion-gallery-image\"><a href=\"https:\/\/www.paisajesverticales.com\/WP\/wp-content\/uploads\/20170331-DJI_008-WEB.jpg\" rel=\"noreferrer\" data-rel=\"iLightbox[gallery_image_1]\" class=\"fusion-lightbox\" target=\"_self\"><img decoding=\"async\" src=\"https:\/\/www.paisajesverticales.com\/WP\/wp-content\/uploads\/20170331-DJI_008-WEB.jpg\" width=\"1200\" height=\"900\" alt=\"Paisajes Verticales \u2013 Fotograf\u00eda a\u00e9rea \u2013 DEPORTES (Palam\u00f3s)\" title=\"Paisajes Verticales \u2013 Fotograf\u00eda a\u00e9rea \u2013 DEPORTES (Palam\u00f3s)\" aria-label=\"Paisajes Verticales \u2013 Fotograf\u00eda a\u00e9rea \u2013 DEPORTES (Palam\u00f3s)\" class=\"img-responsive wp-image-1861 fusion-gallery-image-size-fixed\" srcset=\"https:\/\/www.paisajesverticales.com\/WP\/wp-content\/uploads\/20170331-DJI_008-WEB-200x150.jpg 200w, https:\/\/www.paisajesverticales.com\/WP\/wp-content\/uploads\/20170331-DJI_008-WEB-400x300.jpg 400w, https:\/\/www.paisajesverticales.com\/WP\/wp-content\/uploads\/20170331-DJI_008-WEB-600x450.jpg 600w, https:\/\/www.paisajesverticales.com\/WP\/wp-content\/uploads\/20170331-DJI_008-WEB-800x600.jpg 800w, https:\/\/www.paisajesverticales.com\/WP\/wp-content\/uploads\/20170331-DJI_008-WEB.jpg 1200w\" sizes=\"(min-width: 2200px) 100vw, (min-width: 704px) 390px, (min-width: 672px) 585px, (min-width: 640px) 672px, \" \/><\/a><\/div><\/div><div style=\"padding:5px;\" class=\"fusion-grid-column fusion-gallery-column fusion-gallery-column-3 hover-type-none\"><div class=\"fusion-gallery-image\"><a href=\"https:\/\/www.paisajesverticales.com\/WP\/wp-content\/uploads\/20160924-DJI_0031-WEB.jpg\" rel=\"noreferrer\" data-rel=\"iLightbox[gallery_image_1]\" class=\"fusion-lightbox\" target=\"_self\"><img decoding=\"async\" src=\"https:\/\/www.paisajesverticales.com\/WP\/wp-content\/uploads\/20160924-DJI_0031-WEB.jpg\" width=\"1200\" height=\"900\" alt=\"Paisajes Verticales - Fotograf\u00eda a\u00e9rea - DEPORTES\" title=\"Paisajes Verticales &#8211; Fotograf\u00eda a\u00e9rea &#8211; DEPORTES\" aria-label=\"Paisajes Verticales &#8211; Fotograf\u00eda a\u00e9rea &#8211; DEPORTES\" class=\"img-responsive wp-image-1205 fusion-gallery-image-size-fixed\" srcset=\"https:\/\/www.paisajesverticales.com\/WP\/wp-content\/uploads\/20160924-DJI_0031-WEB-200x150.jpg 200w, https:\/\/www.paisajesverticales.com\/WP\/wp-content\/uploads\/20160924-DJI_0031-WEB-400x300.jpg 400w, https:\/\/www.paisajesverticales.com\/WP\/wp-content\/uploads\/20160924-DJI_0031-WEB-600x450.jpg 600w, https:\/\/www.paisajesverticales.com\/WP\/wp-content\/uploads\/20160924-DJI_0031-WEB-800x600.jpg 800w, https:\/\/www.paisajesverticales.com\/WP\/wp-content\/uploads\/20160924-DJI_0031-WEB.jpg 1200w\" sizes=\"(min-width: 2200px) 100vw, (min-width: 704px) 390px, (min-width: 672px) 585px, (min-width: 640px) 672px, \" \/><\/a><\/div><\/div><\/div><\/div><div class=\"fusion-sep-clear\"><\/div><div class=\"fusion-separator fusion-full-width-sep\" style=\"margin-left: auto;margin-right: auto;margin-top:15px;margin-bottom:15px;width:100%;\"><\/div><div class=\"fusion-sep-clear\"><\/div><div class=\"fusion-text fusion-text-1\"><div style=\"font-size: 26px; line-height: 34px;\">\n<p>Reportajes a\u00e9reos en fotograf\u00eda y v\u00eddeo durante actividades deportivas y otro tipo de eventos. Podemos operar tanto en espacios exteriores, como en espacios cerrados.<\/p>\n<p>No realizamos reportajes de boda o pre-boda para clientes particulares, pero trabajamos puntualmente con otros fot\u00f3grafos que requieran de nuestra colaboraci\u00f3n en bodas y reportaje social.<\/p>\n<p>Cons\u00faltenos las limitaciones legales y de seguridad para este tipo de trabajos audiovisuales.<\/p>\n<\/div>\n<\/div><div class=\"fusion-text fusion-text-2\"><div style=\"font-size: 16px; line-height: 20px;\">\n<p>Visite tambi\u00e9n el <a href=\"https:\/\/www.paisajesverticales.com\/servicios\/\">apartado de servicios<\/a> para ver otros tipos de im\u00e1genes y el resto de nuestros servicios. Y en la <a title=\"Galer\u00eda de trabajos recientes\" href=\"https:\/\/www.paisajesverticales.com\/trabajos-recientes\/\">galer\u00eda de trabajos recientes<\/a> podr\u00e1 ver los trabajos m\u00e1s significativos que vamos realizando.<\/p>\n<p style=\"margin-top: -12px;\">Puede <a class=\"fusion-modal-text-link\" data-toggle=\"modal\" data-target=\".fusion-modal.contacte-ESP\" href=\"#\">ponerse en contacto<\/a> con nosotros para solicitar m\u00e1s informaci\u00f3n o un presupuesto sin compromiso. O bien visitar la <a title=\"P\u00e1gina de tarifas\" href=\"https:\/\/www.paisajesverticales.com\/mas-informacion\/tarifas\/\">p\u00e1gina de tarifas<\/a> para conocer aproximadamente el coste de su proyecto sin necesidad de contactarnos.<\/p>\n<\/div>\n<\/div><div class=\"fusion-clearfix\"><\/div><\/div><\/div><\/div><\/div>\n","protected":false},"excerpt":{"rendered":"","protected":false},"author":1,"featured_media":0,"parent":2957,"menu_order":29,"comment_status":"closed","ping_status":"closed","template":"100-width.php","meta":{"_seopress_robots_primary_cat":"","_seopress_titles_title":"Paisajes Verticales, fotograf\u00eda a\u00e9rea ~ Servicios: reportajes audiovisuales con dron para deportes y eventos","_seopress_titles_desc":"Reportajes a\u00e9reos y transmisi\u00f3n en tiempo real de actividades y eventos al aire libre o en interior de espacios cerrados.","_seopress_robots_index":"","footnotes":""},"class_list":["post-5684","page","type-page","status-publish"],"_links":{"self":[{"href":"https:\/\/www.paisajesverticales.com\/es\/wp-json\/wp\/v2\/pages\/5684","targetHints":{"allow":["GET"]}}],"collection":[{"href":"https:\/\/www.paisajesverticales.com\/es\/wp-json\/wp\/v2\/pages"}],"about":[{"href":"https:\/\/www.paisajesverticales.com\/es\/wp-json\/wp\/v2\/types\/page"}],"author":[{"embeddable":true,"href":"https:\/\/www.paisajesverticales.com\/es\/wp-json\/wp\/v2\/users\/1"}],"replies":[{"embeddable":true,"href":"https:\/\/www.paisajesverticales.com\/es\/wp-json\/wp\/v2\/comments?post=5684"}],"version-history":[{"count":4,"href":"https:\/\/www.paisajesverticales.com\/es\/wp-json\/wp\/v2\/pages\/5684\/revisions"}],"predecessor-version":[{"id":19881,"href":"https:\/\/www.paisajesverticales.com\/es\/wp-json\/wp\/v2\/pages\/5684\/revisions\/19881"}],"up":[{"embeddable":true,"href":"https:\/\/www.paisajesverticales.com\/es\/wp-json\/wp\/v2\/pages\/2957"}],"wp:attachment":[{"href":"https:\/\/www.paisajesverticales.com\/es\/wp-json\/wp\/v2\/media?parent=5684"}],"curies":[{"name":"wp","href":"https:\/\/api.w.org\/{rel}","templated":true}]}}