{"id":2184,"date":"2018-01-20T14:48:55","date_gmt":"2018-01-20T13:48:55","guid":{"rendered":"https:\/\/www.paisajesverticales.com\/?page_id=2184"},"modified":"2025-07-11T20:18:19","modified_gmt":"2025-07-11T18:18:19","slug":"trabajos-recientes","status":"publish","type":"page","link":"https:\/\/www.paisajesverticales.com\/es\/trabajos-recientes\/","title":{"rendered":"Trabajos recientes"},"content":{"rendered":"<div class=\"fusion-fullwidth fullwidth-box fusion-builder-row-1 nonhundred-percent-fullwidth non-hundred-percent-height-scrolling\" style=\"--awb-border-radius-top-left:0px;--awb-border-radius-top-right:0px;--awb-border-radius-bottom-right:0px;--awb-border-radius-bottom-left:0px;--awb-flex-wrap:wrap;\" ><div class=\"fusion-builder-row fusion-row\"><div class=\"fusion-layout-column fusion_builder_column fusion-builder-column-0 fusion_builder_column_1_1 1_1 fusion-one-full fusion-column-first fusion-column-last\" style=\"--awb-bg-blend:overlay;--awb-bg-size:cover;\"><div class=\"fusion-column-wrapper fusion-flex-column-wrapper-legacy\"><div class=\"fusion-title title fusion-title-1 fusion-sep-none fusion-title-text fusion-title-size-one\"><h1 class=\"fusion-title-heading title-heading-left fusion-responsive-typography-calculated\" style=\"margin:0;--fontSize:34;line-height:1.3;\">Novedades y trabajos recientes<\/h1><\/div><div class=\"fusion-blog-shortcode fusion-blog-shortcode-1 fusion-blog-archive fusion-blog-layout-grid-wrapper fusion-blog-pagination\"><style type=\"text\/css\">.fusion-blog-shortcode-1 .fusion-blog-layout-grid .fusion-post-grid{padding:12.5px;}.fusion-blog-shortcode-1 .fusion-posts-container{margin-left: -12.5px !important; margin-right:-12.5px !important;}<\/style><div class=\"fusion-posts-container fusion-posts-container-pagination fusion-blog-rollover fusion-blog-layout-grid fusion-blog-layout-grid-3 isotope\" data-pages=\"1\" data-grid-col-space=\"25\" style=\"margin: -12.5px -12.5px 0;min-height:500px;\"><article id=\"blog-1-post-19223\" class=\"fusion-post-grid post-19223 post type-post status-publish format-standard has-post-thumbnail category-fotografia-aerea-con-drones tag-banco-de-imagenes tag-cataluna tag-fotografia-aerea tag-fotografias-con-drones-es tag-paisaje tag-provincia-de-tarragona\">\n<div class=\"fusion-post-wrapper\" style=\"background-color:rgba(255,235,59,0.03);border:1px solid #009eba;border-bottom-width:3px;\">\n\n\t\t\t<div class=\"fusion-flexslider flexslider fusion-flexslider-loading fusion-post-slideshow\" style=\"border-color:#009eba;\">\n\t\t<ul class=\"slides\">\n\t\t\t\n\t\t\t\t\t\t\t\t\t\t\t\t\t\t<li><div  class=\"fusion-image-wrapper\" aria-haspopup=\"true\">\n\t\t\t\t<img decoding=\"async\" width=\"1200\" height=\"800\" src=\"https:\/\/www.paisajesverticales.com\/WP\/wp-content\/uploads\/20201017-181941-WEB.jpg\" class=\"attachment-full size-full lazyload wp-post-image\" alt=\"\" srcset=\"data:image\/svg+xml,%3Csvg%20xmlns%3D%27http%3A%2F%2Fwww.w3.org%2F2000%2Fsvg%27%20width%3D%271200%27%20height%3D%27800%27%20viewBox%3D%270%200%201200%20800%27%3E%3Crect%20width%3D%271200%27%20height%3D%27800%27%20fill-opacity%3D%220%22%2F%3E%3C%2Fsvg%3E\" data-orig-src=\"https:\/\/www.paisajesverticales.com\/WP\/wp-content\/uploads\/20201017-181941-WEB.jpg\" data-srcset=\"https:\/\/www.paisajesverticales.com\/WP\/wp-content\/uploads\/20201017-181941-WEB-200x133.jpg 200w, https:\/\/www.paisajesverticales.com\/WP\/wp-content\/uploads\/20201017-181941-WEB-400x267.jpg 400w, https:\/\/www.paisajesverticales.com\/WP\/wp-content\/uploads\/20201017-181941-WEB-600x400.jpg 600w, https:\/\/www.paisajesverticales.com\/WP\/wp-content\/uploads\/20201017-181941-WEB-800x533.jpg 800w, https:\/\/www.paisajesverticales.com\/WP\/wp-content\/uploads\/20201017-181941-WEB.jpg 1200w\" data-sizes=\"auto\" \/><div class=\"fusion-rollover\">\n\t<div class=\"fusion-rollover-content\">\n\n\t\t\t\t\t\t\t\t\t\t\n\t\t\t\t\t\t\t\t\t\t\t\t\t\t\n\t\t\t\t\t\t\t\t\n\t\t\t\t\t\t\t\t\n\t\t\t\t\t\t\t\t\t\t\t\t\t\t\t\t\t\t<a class=\"fusion-rollover-gallery\" href=\"https:\/\/www.paisajesverticales.com\/WP\/wp-content\/uploads\/20201017-181941-WEB.jpg\" data-options=\"\" data-id=\"19223\" data-rel=\"iLightbox[gallery19223]\" data-title=\"Antique windmill next to a modern wind turbine\" data-caption=\"Contrast between an old windmill next to a modern wind turbine, at La Fatarella wind farm\">\n\t\t\t\t\t\tGaler\u00eda\t\t\t\t\t<\/a>\n\t\t\t\t\t<div class=\"fusion-portfolio-gallery-hidden\"><a href=\"https:\/\/www.paisajesverticales.com\/WP\/wp-content\/uploads\/20170914-131704-WEB-1.jpg\" data-rel=\"iLightbox[gallery19223]\" title=\"(Barcelona, Spain - September 19, 2017) - Solar plates on the ro\" data-title=\"(Barcelona, Spain - September 19, 2017) - Solar plates on the ro\" data-caption=\"(Barcelona, Spain - September 19, 2017) - Solar plates on the roof of an industrial warehouse, in view of drone\"><\/a><\/div>\t\t\t\t\t\t\t\t\t\n\t\t\n\t\t\t\t\t\t\t\t\n\t\t\t\t\t\t\t\t\n\t\t\n\t\t\t\t\t\t<a class=\"fusion-link-wrapper\" href=\"https:\/\/www.paisajesverticales.com\/es\/fotografia-aerea-con-drones\/imagenes-aereas-sobre-energias-renovables-para-el-observatorio-del-paisaje\/\" aria-label=\"Im\u00e1genes a\u00e9reas sobre energ\u00edas renovables para el Observatorio del Paisaje\"><\/a>\n\t<\/div>\n<\/div>\n<\/div>\n<\/li>\n\t\t\t\n\t\t\t\n\t\t\t\t\t\t\t\t\t\t\t\n\t\t\t\t\t\n\t\t\t\t\t\t\t\t\t\t\t<li>\n\t\t\t\t\t\t\t<div class=\"fusion-image-wrapper\">\n\t\t\t\t\t\t\t\t<a href=\"https:\/\/www.paisajesverticales.com\/es\/fotografia-aerea-con-drones\/imagenes-aereas-sobre-energias-renovables-para-el-observatorio-del-paisaje\/\" aria-label=\"Im\u00e1genes a\u00e9reas sobre energ\u00edas renovables para el Observatorio del Paisaje\">\n\t\t\t\t\t\t\t\t\t<img decoding=\"async\" width=\"1200\" height=\"800\" src=\"https:\/\/www.paisajesverticales.com\/WP\/wp-content\/uploads\/20170914-131704-WEB-1.jpg\" data-orig-src=\"https:\/\/www.paisajesverticales.com\/WP\/wp-content\/uploads\/20170914-131704-WEB-1.jpg\" alt=\"\" class=\"lazyload wp-image-19218\" role=\"presentation\" srcset=\"data:image\/svg+xml,%3Csvg%20xmlns%3D%27http%3A%2F%2Fwww.w3.org%2F2000%2Fsvg%27%20width%3D%271200%27%20height%3D%27800%27%20viewBox%3D%270%200%201200%20800%27%3E%3Crect%20width%3D%271200%27%20height%3D%27800%27%20fill-opacity%3D%220%22%2F%3E%3C%2Fsvg%3E\" data-srcset=\"https:\/\/www.paisajesverticales.com\/WP\/wp-content\/uploads\/20170914-131704-WEB-1-200x133.jpg 200w, https:\/\/www.paisajesverticales.com\/WP\/wp-content\/uploads\/20170914-131704-WEB-1-400x267.jpg 400w, https:\/\/www.paisajesverticales.com\/WP\/wp-content\/uploads\/20170914-131704-WEB-1-600x400.jpg 600w, https:\/\/www.paisajesverticales.com\/WP\/wp-content\/uploads\/20170914-131704-WEB-1-800x533.jpg 800w, https:\/\/www.paisajesverticales.com\/WP\/wp-content\/uploads\/20170914-131704-WEB-1.jpg 1200w\" data-sizes=\"auto\" data-orig-sizes=\"(min-width: 2200px) 100vw, (min-width: 704px) 377px, (min-width: 672px) 565px, (min-width: 640px) 672px, \" \/>\t\t\t\t\t\t\t\t<\/a>\n\t\t\t\t\t\t\t\t<a style=\"display:none;\" href=\"https:\/\/www.paisajesverticales.com\/WP\/wp-content\/uploads\/20170914-131704-WEB-1.jpg\" data-rel=\"iLightbox[gallery19223]\"  title=\"(Barcelona, Spain - September 19, 2017) - Solar plates on the roof of an industrial warehouse, in view of drone\" data-title=\"(Barcelona, Spain &#8211; September 19, 2017) &#8211; Solar plates on the ro\" data-caption=\"(Barcelona, Spain - September 19, 2017) - Solar plates on the roof of an industrial warehouse, in view of drone\">\n\t\t\t\t\t\t\t\t\t\t\t\t\t\t\t\t\t<\/a>\n\t\t\t\t\t\t\t<\/div>\n\t\t\t\t\t\t<\/li>\n\t\t\t\t\t\t\t\t\t\t\t\t\t\t\t\t\t\t\t\t\t\t\t\t\t\t\t\t\t\t\t\t\t\t\t\t<\/ul>\n\t<\/div>\n\t<div class=\"fusion-post-content-wrapper\" style=\"padding:14px 14px 6px 16px;\"><div class=\"fusion-post-content post-content\"><h2 class=\"blog-shortcode-post-title\"><a href=\"https:\/\/www.paisajesverticales.com\/es\/fotografia-aerea-con-drones\/imagenes-aereas-sobre-energias-renovables-para-el-observatorio-del-paisaje\/\">Im\u00e1genes a\u00e9reas sobre energ\u00edas renovables para el Observatorio del Paisaje<\/a><\/h2><p class=\"fusion-single-line-meta\"><span class=\"updated\" style=\"display:none;\">2025-05-23T14:41:15+02:00<\/span><span>1 marzo 2025<\/span><span class=\"fusion-inline-sep\">|<\/span><\/p><div class=\"fusion-content-sep sep-single sep-dashed\"><\/div><div class=\"fusion-post-content-container\"><p>El Observatori del Paisatge, ente asesor del Departament de Territori i Sostenibilitat de la Generalitat de Catalunya, ha adquirido de<a href=\"https:\/\/www.paisajesverticales.com\/es\/fotografia-aerea-con-drones\/imagenes-aereas-sobre-energias-renovables-para-el-observatorio-del-paisaje\/\">\u2026<\/a><\/p>\n<\/div><\/div><div class=\"fusion-meta-info\"><div class=\"fusion-alignleft\"><a class=\"fusion-read-more\" href=\"https:\/\/www.paisajesverticales.com\/es\/fotografia-aerea-con-drones\/imagenes-aereas-sobre-energias-renovables-para-el-observatorio-del-paisaje\/\" aria-label=\"More on Im\u00e1genes a\u00e9reas sobre energ\u00edas renovables para el Observatorio del Paisaje\">Read More<\/a><\/div><\/div><\/div><div class=\"fusion-clearfix\"><\/div><\/div>\n<\/article>\n<article id=\"blog-1-post-19212\" class=\"fusion-post-grid post-19212 post type-post status-publish format-standard has-post-thumbnail category-fotografia-aerea-con-drones tag-banco-de-imagenes tag-cataluna tag-fotografia-aerea tag-fotografias-con-drones-es tag-paisaje tag-provincia-de-girona\">\n<div class=\"fusion-post-wrapper\" style=\"background-color:rgba(255,235,59,0.03);border:1px solid #009eba;border-bottom-width:3px;\">\n\n\t\t\t<div class=\"fusion-flexslider flexslider fusion-flexslider-loading fusion-post-slideshow\" style=\"border-color:#009eba;\">\n\t\t<ul class=\"slides\">\n\t\t\t\n\t\t\t\t\t\t\t\t\t\t\t\t\t\t<li><div  class=\"fusion-image-wrapper\" aria-haspopup=\"true\">\n\t\t\t\t<img decoding=\"async\" width=\"1200\" height=\"799\" src=\"https:\/\/www.paisajesverticales.com\/WP\/wp-content\/uploads\/20210721-140941-WEB.jpg\" class=\"attachment-full size-full lazyload wp-post-image\" alt=\"\" srcset=\"data:image\/svg+xml,%3Csvg%20xmlns%3D%27http%3A%2F%2Fwww.w3.org%2F2000%2Fsvg%27%20width%3D%271200%27%20height%3D%27799%27%20viewBox%3D%270%200%201200%20799%27%3E%3Crect%20width%3D%271200%27%20height%3D%27799%27%20fill-opacity%3D%220%22%2F%3E%3C%2Fsvg%3E\" data-orig-src=\"https:\/\/www.paisajesverticales.com\/WP\/wp-content\/uploads\/20210721-140941-WEB.jpg\" data-srcset=\"https:\/\/www.paisajesverticales.com\/WP\/wp-content\/uploads\/20210721-140941-WEB-200x133.jpg 200w, https:\/\/www.paisajesverticales.com\/WP\/wp-content\/uploads\/20210721-140941-WEB-400x266.jpg 400w, https:\/\/www.paisajesverticales.com\/WP\/wp-content\/uploads\/20210721-140941-WEB-600x400.jpg 600w, https:\/\/www.paisajesverticales.com\/WP\/wp-content\/uploads\/20210721-140941-WEB-800x533.jpg 800w, https:\/\/www.paisajesverticales.com\/WP\/wp-content\/uploads\/20210721-140941-WEB.jpg 1200w\" data-sizes=\"auto\" \/><div class=\"fusion-rollover\">\n\t<div class=\"fusion-rollover-content\">\n\n\t\t\t\t\t\t\t\t\t\t\n\t\t\t\t\t\t\t\t\t\t\t\t\t\t\n\t\t\t\t\t\t\t\t\n\t\t\t\t\t\t\t\t\n\t\t\t\t\t\t\t\t\t\t\t\t\t\t\t\t\t\t<a class=\"fusion-rollover-gallery\" href=\"https:\/\/www.paisajesverticales.com\/WP\/wp-content\/uploads\/20210721-140941-WEB.jpg\" data-options=\"\" data-id=\"19212\" data-rel=\"iLightbox[gallery19212]\" data-title=\"Darnius-Boadella swamp\" data-caption=\"Darnius-Boadella swamp (Catalonia) during a long drought season\">\n\t\t\t\t\t\tGaler\u00eda\t\t\t\t\t<\/a>\n\t\t\t\t\t<div class=\"fusion-portfolio-gallery-hidden\"><a href=\"https:\/\/www.paisajesverticales.com\/WP\/wp-content\/uploads\/20200123-134925-WEB.jpg\" data-rel=\"iLightbox[gallery19212]\" title=\"Overflow of the Ter river\" data-title=\"Overflow of the Ter river\" data-caption=\"Overflow of the Ter river as it passes through Fla\u00e7\u00e0 (Catalonia) during storm Gloria\"><\/a><\/div>\t\t\t\t\t\t\t\t\t\n\t\t\n\t\t\t\t\t\t\t\t\n\t\t\t\t\t\t\t\t\n\t\t\n\t\t\t\t\t\t<a class=\"fusion-link-wrapper\" href=\"https:\/\/www.paisajesverticales.com\/es\/fotografia-aerea-con-drones\/fotografias-de-inundaciones-y-sequias-para-el-observatori-del-paisatge\/\" aria-label=\"Fotograf\u00edas de inundaciones y sequ\u00edas para el Observatori del Paisatge\"><\/a>\n\t<\/div>\n<\/div>\n<\/div>\n<\/li>\n\t\t\t\n\t\t\t\n\t\t\t\t\t\t\t\t\t\t\t\n\t\t\t\t\t\n\t\t\t\t\t\t\t\t\t\t\t<li>\n\t\t\t\t\t\t\t<div class=\"fusion-image-wrapper\">\n\t\t\t\t\t\t\t\t<a href=\"https:\/\/www.paisajesverticales.com\/es\/fotografia-aerea-con-drones\/fotografias-de-inundaciones-y-sequias-para-el-observatori-del-paisatge\/\" aria-label=\"Fotograf\u00edas de inundaciones y sequ\u00edas para el Observatori del Paisatge\">\n\t\t\t\t\t\t\t\t\t<img decoding=\"async\" width=\"1200\" height=\"799\" src=\"https:\/\/www.paisajesverticales.com\/WP\/wp-content\/uploads\/20200123-134925-WEB.jpg\" data-orig-src=\"https:\/\/www.paisajesverticales.com\/WP\/wp-content\/uploads\/20200123-134925-WEB.jpg\" alt=\"\" class=\"lazyload wp-image-19204\" role=\"presentation\" srcset=\"data:image\/svg+xml,%3Csvg%20xmlns%3D%27http%3A%2F%2Fwww.w3.org%2F2000%2Fsvg%27%20width%3D%271200%27%20height%3D%27799%27%20viewBox%3D%270%200%201200%20799%27%3E%3Crect%20width%3D%271200%27%20height%3D%27799%27%20fill-opacity%3D%220%22%2F%3E%3C%2Fsvg%3E\" data-srcset=\"https:\/\/www.paisajesverticales.com\/WP\/wp-content\/uploads\/20200123-134925-WEB-200x133.jpg 200w, https:\/\/www.paisajesverticales.com\/WP\/wp-content\/uploads\/20200123-134925-WEB-400x266.jpg 400w, https:\/\/www.paisajesverticales.com\/WP\/wp-content\/uploads\/20200123-134925-WEB-600x400.jpg 600w, https:\/\/www.paisajesverticales.com\/WP\/wp-content\/uploads\/20200123-134925-WEB-800x533.jpg 800w, https:\/\/www.paisajesverticales.com\/WP\/wp-content\/uploads\/20200123-134925-WEB.jpg 1200w\" data-sizes=\"auto\" data-orig-sizes=\"(min-width: 2200px) 100vw, (min-width: 704px) 377px, (min-width: 672px) 565px, (min-width: 640px) 672px, \" \/>\t\t\t\t\t\t\t\t<\/a>\n\t\t\t\t\t\t\t\t<a style=\"display:none;\" href=\"https:\/\/www.paisajesverticales.com\/WP\/wp-content\/uploads\/20200123-134925-WEB.jpg\" data-rel=\"iLightbox[gallery19212]\"  title=\"Overflow of the Ter river as it passes through Fla\u00e7\u00e0 (Catalonia) during storm Gloria\" data-title=\"Overflow of the Ter river\" data-caption=\"Overflow of the Ter river as it passes through Fla\u00e7\u00e0 (Catalonia) during storm Gloria\">\n\t\t\t\t\t\t\t\t\t\t\t\t\t\t\t\t\t<\/a>\n\t\t\t\t\t\t\t<\/div>\n\t\t\t\t\t\t<\/li>\n\t\t\t\t\t\t\t\t\t\t\t\t\t\t\t\t\t\t\t\t\t\t\t\t\t\t\t\t\t\t\t\t\t\t\t\t<\/ul>\n\t<\/div>\n\t<div class=\"fusion-post-content-wrapper\" style=\"padding:14px 14px 6px 16px;\"><div class=\"fusion-post-content post-content\"><h2 class=\"blog-shortcode-post-title\"><a href=\"https:\/\/www.paisajesverticales.com\/es\/fotografia-aerea-con-drones\/fotografias-de-inundaciones-y-sequias-para-el-observatori-del-paisatge\/\">Fotograf\u00edas de inundaciones y sequ\u00edas para el Observatori del Paisatge<\/a><\/h2><p class=\"fusion-single-line-meta\"><span class=\"updated\" style=\"display:none;\">2025-05-23T13:02:54+02:00<\/span><span>1 marzo 2025<\/span><span class=\"fusion-inline-sep\">|<\/span><\/p><div class=\"fusion-content-sep sep-single sep-dashed\"><\/div><div class=\"fusion-post-content-container\"><p>Para documentar los efectos de inundaciones y sequ\u00edas en pantanos, r\u00edos y cultivos en Catalunya, el Observatori del Paisatge, ente<a href=\"https:\/\/www.paisajesverticales.com\/es\/fotografia-aerea-con-drones\/fotografias-de-inundaciones-y-sequias-para-el-observatori-del-paisatge\/\">\u2026<\/a><\/p>\n<\/div><\/div><div class=\"fusion-meta-info\"><div class=\"fusion-alignleft\"><a class=\"fusion-read-more\" href=\"https:\/\/www.paisajesverticales.com\/es\/fotografia-aerea-con-drones\/fotografias-de-inundaciones-y-sequias-para-el-observatori-del-paisatge\/\" aria-label=\"More on Fotograf\u00edas de inundaciones y sequ\u00edas para el Observatori del Paisatge\">Read More<\/a><\/div><\/div><\/div><div class=\"fusion-clearfix\"><\/div><\/div>\n<\/article>\n<article id=\"blog-1-post-18641\" class=\"fusion-post-grid post-18641 post type-post status-publish format-standard has-post-thumbnail category-fotografia-aerea-con-drones tag-baix-emporda-es tag-cataluna tag-costa-brava-es tag-emporda-es tag-fotografia-aerea tag-fotografias-con-drones-es tag-girona-es tag-mediterraneo tag-paisaje tag-provincia-de-girona\">\n<div class=\"fusion-post-wrapper\" style=\"background-color:rgba(255,235,59,0.03);border:1px solid #009eba;border-bottom-width:3px;\">\n\n\t\t\t<div class=\"fusion-flexslider flexslider fusion-flexslider-loading fusion-post-slideshow\" style=\"border-color:#009eba;\">\n\t\t<ul class=\"slides\">\n\t\t\t\n\t\t\t\t\t\t\t\t\t\t\t\t\t\t<li><div  class=\"fusion-image-wrapper\" aria-haspopup=\"true\">\n\t\t\t\t<img decoding=\"async\" width=\"1200\" height=\"800\" src=\"https:\/\/www.paisajesverticales.com\/WP\/wp-content\/uploads\/20190228-VIAJES2.jpg\" class=\"attachment-full size-full lazyload wp-post-image\" alt=\"\" srcset=\"data:image\/svg+xml,%3Csvg%20xmlns%3D%27http%3A%2F%2Fwww.w3.org%2F2000%2Fsvg%27%20width%3D%271200%27%20height%3D%27800%27%20viewBox%3D%270%200%201200%20800%27%3E%3Crect%20width%3D%271200%27%20height%3D%27800%27%20fill-opacity%3D%220%22%2F%3E%3C%2Fsvg%3E\" data-orig-src=\"https:\/\/www.paisajesverticales.com\/WP\/wp-content\/uploads\/20190228-VIAJES2.jpg\" data-srcset=\"https:\/\/www.paisajesverticales.com\/WP\/wp-content\/uploads\/20190228-VIAJES2-200x133.jpg 200w, https:\/\/www.paisajesverticales.com\/WP\/wp-content\/uploads\/20190228-VIAJES2-400x267.jpg 400w, https:\/\/www.paisajesverticales.com\/WP\/wp-content\/uploads\/20190228-VIAJES2-600x400.jpg 600w, https:\/\/www.paisajesverticales.com\/WP\/wp-content\/uploads\/20190228-VIAJES2-800x533.jpg 800w, https:\/\/www.paisajesverticales.com\/WP\/wp-content\/uploads\/20190228-VIAJES2.jpg 1200w\" data-sizes=\"auto\" \/><div class=\"fusion-rollover\">\n\t<div class=\"fusion-rollover-content\">\n\n\t\t\t\t\t\t\t\t\t\t\n\t\t\t\t\t\t\t\t\t\t\t\t\t\t\n\t\t\t\t\t\t\t\t\n\t\t\t\t\t\t\t\t\n\t\t\t\t\t\t\t\t\t\t\t\t\t\t\t\t\t\t<a class=\"fusion-rollover-gallery\" href=\"https:\/\/www.paisajesverticales.com\/WP\/wp-content\/uploads\/20190228-VIAJES2.jpg\" data-options=\"\" data-id=\"18641\" data-rel=\"iLightbox[gallery18641]\" data-title=\"20190228-VIAJES2\" data-caption=\"\">\n\t\t\t\t\t\tGaler\u00eda\t\t\t\t\t<\/a>\n\t\t\t\t\t<div class=\"fusion-portfolio-gallery-hidden\"><a href=\"https:\/\/www.paisajesverticales.com\/WP\/wp-content\/uploads\/20190228-145813-WEB.jpg\" data-rel=\"iLightbox[gallery18641]\" title=\"La Foradada cave and beach of Castell, in Palamos\" data-title=\"La Foradada cave and beach of Castell, in Palamos\" data-caption=\"La Foradada cave and the beach of Castell, in Palamos (Costa Brava, Catalonia, Spain) in view of drone.\"><\/a><a href=\"https:\/\/www.paisajesverticales.com\/WP\/wp-content\/uploads\/20190228-VIAJES1.jpg\" data-rel=\"iLightbox[gallery18641]\" title=\"20190228-VIAJES1\" data-title=\"20190228-VIAJES1\" data-caption=\"\"><\/a><\/div>\t\t\t\t\t\t\t\t\t\n\t\t\n\t\t\t\t\t\t\t\t\n\t\t\t\t\t\t\t\t\n\t\t\n\t\t\t\t\t\t<a class=\"fusion-link-wrapper\" href=\"https:\/\/www.paisajesverticales.com\/es\/fotografia-aerea-con-drones\/publicamos-en-national-geographic\/\" aria-label=\"Publicamos en National Geographic\"><\/a>\n\t<\/div>\n<\/div>\n<\/div>\n<\/li>\n\t\t\t\n\t\t\t\n\t\t\t\t\t\t\t\t\t\t\t\n\t\t\t\t\t\n\t\t\t\t\t\t\t\t\t\t\t<li>\n\t\t\t\t\t\t\t<div class=\"fusion-image-wrapper\">\n\t\t\t\t\t\t\t\t<a href=\"https:\/\/www.paisajesverticales.com\/es\/fotografia-aerea-con-drones\/publicamos-en-national-geographic\/\" aria-label=\"Publicamos en National Geographic\">\n\t\t\t\t\t\t\t\t\t<img decoding=\"async\" width=\"1200\" height=\"800\" src=\"https:\/\/www.paisajesverticales.com\/WP\/wp-content\/uploads\/20190228-145813-WEB.jpg\" data-orig-src=\"https:\/\/www.paisajesverticales.com\/WP\/wp-content\/uploads\/20190228-145813-WEB.jpg\" alt=\"La Foradada cave and beach of Castell, in Palamos\" class=\"lazyload wp-image-18636\" role=\"presentation\" srcset=\"data:image\/svg+xml,%3Csvg%20xmlns%3D%27http%3A%2F%2Fwww.w3.org%2F2000%2Fsvg%27%20width%3D%271200%27%20height%3D%27800%27%20viewBox%3D%270%200%201200%20800%27%3E%3Crect%20width%3D%271200%27%20height%3D%27800%27%20fill-opacity%3D%220%22%2F%3E%3C%2Fsvg%3E\" data-srcset=\"https:\/\/www.paisajesverticales.com\/WP\/wp-content\/uploads\/20190228-145813-WEB-200x133.jpg 200w, https:\/\/www.paisajesverticales.com\/WP\/wp-content\/uploads\/20190228-145813-WEB-400x267.jpg 400w, https:\/\/www.paisajesverticales.com\/WP\/wp-content\/uploads\/20190228-145813-WEB-600x400.jpg 600w, https:\/\/www.paisajesverticales.com\/WP\/wp-content\/uploads\/20190228-145813-WEB-800x533.jpg 800w, https:\/\/www.paisajesverticales.com\/WP\/wp-content\/uploads\/20190228-145813-WEB.jpg 1200w\" data-sizes=\"auto\" data-orig-sizes=\"(min-width: 2200px) 100vw, (min-width: 704px) 377px, (min-width: 672px) 565px, (min-width: 640px) 672px, \" \/>\t\t\t\t\t\t\t\t<\/a>\n\t\t\t\t\t\t\t\t<a style=\"display:none;\" href=\"https:\/\/www.paisajesverticales.com\/WP\/wp-content\/uploads\/20190228-145813-WEB.jpg\" data-rel=\"iLightbox[gallery18641]\"  title=\"La Foradada cave and the beach of Castell, in Palamos (Costa Brava, Catalonia, Spain) in view of drone.\" data-title=\"La Foradada cave and beach of Castell, in Palamos\" data-caption=\"La Foradada cave and the beach of Castell, in Palamos (Costa Brava, Catalonia, Spain) in view of drone.\">\n\t\t\t\t\t\t\t\t\t\t\t\t\t\t\t\t\t\t\t<img style=\"display:none;\" alt=\"La Foradada cave and beach of Castell, in Palamos\" role=\"presentation\" \/>\n\t\t\t\t\t\t\t\t\t\t\t\t\t\t\t\t\t<\/a>\n\t\t\t\t\t\t\t<\/div>\n\t\t\t\t\t\t<\/li>\n\t\t\t\t\t\t\t\t\t\t\t\t\t\t\t\t\t\t\t\t\t\t\t\t\n\t\t\t\t\t\n\t\t\t\t\t\t\t\t\t\t\t<li>\n\t\t\t\t\t\t\t<div class=\"fusion-image-wrapper\">\n\t\t\t\t\t\t\t\t<a href=\"https:\/\/www.paisajesverticales.com\/es\/fotografia-aerea-con-drones\/publicamos-en-national-geographic\/\" aria-label=\"Publicamos en National Geographic\">\n\t\t\t\t\t\t\t\t\t<img decoding=\"async\" width=\"1200\" height=\"800\" src=\"https:\/\/www.paisajesverticales.com\/WP\/wp-content\/uploads\/20190228-VIAJES1.jpg\" data-orig-src=\"https:\/\/www.paisajesverticales.com\/WP\/wp-content\/uploads\/20190228-VIAJES1.jpg\" alt=\"\" class=\"lazyload wp-image-18637\" role=\"presentation\" srcset=\"data:image\/svg+xml,%3Csvg%20xmlns%3D%27http%3A%2F%2Fwww.w3.org%2F2000%2Fsvg%27%20width%3D%271200%27%20height%3D%27800%27%20viewBox%3D%270%200%201200%20800%27%3E%3Crect%20width%3D%271200%27%20height%3D%27800%27%20fill-opacity%3D%220%22%2F%3E%3C%2Fsvg%3E\" data-srcset=\"https:\/\/www.paisajesverticales.com\/WP\/wp-content\/uploads\/20190228-VIAJES1-200x133.jpg 200w, https:\/\/www.paisajesverticales.com\/WP\/wp-content\/uploads\/20190228-VIAJES1-400x267.jpg 400w, https:\/\/www.paisajesverticales.com\/WP\/wp-content\/uploads\/20190228-VIAJES1-600x400.jpg 600w, https:\/\/www.paisajesverticales.com\/WP\/wp-content\/uploads\/20190228-VIAJES1-800x533.jpg 800w, https:\/\/www.paisajesverticales.com\/WP\/wp-content\/uploads\/20190228-VIAJES1.jpg 1200w\" data-sizes=\"auto\" data-orig-sizes=\"(min-width: 2200px) 100vw, (min-width: 704px) 377px, (min-width: 672px) 565px, (min-width: 640px) 672px, \" \/>\t\t\t\t\t\t\t\t<\/a>\n\t\t\t\t\t\t\t\t<a style=\"display:none;\" href=\"https:\/\/www.paisajesverticales.com\/WP\/wp-content\/uploads\/20190228-VIAJES1.jpg\" data-rel=\"iLightbox[gallery18641]\"  title=\"\" data-title=\"20190228-VIAJES1\" data-caption=\"\">\n\t\t\t\t\t\t\t\t\t\t\t\t\t\t\t\t\t<\/a>\n\t\t\t\t\t\t\t<\/div>\n\t\t\t\t\t\t<\/li>\n\t\t\t\t\t\t\t\t\t\t\t\t\t\t\t\t\t\t\t\t\t<\/ul>\n\t<\/div>\n\t<div class=\"fusion-post-content-wrapper\" style=\"padding:14px 14px 6px 16px;\"><div class=\"fusion-post-content post-content\"><h2 class=\"blog-shortcode-post-title\"><a href=\"https:\/\/www.paisajesverticales.com\/es\/fotografia-aerea-con-drones\/publicamos-en-national-geographic\/\">Publicamos en National Geographic<\/a><\/h2><p class=\"fusion-single-line-meta\"><span class=\"updated\" style=\"display:none;\">2025-03-18T12:05:44+01:00<\/span><span>30 noviembre 2024<\/span><span class=\"fusion-inline-sep\">|<\/span><\/p><div class=\"fusion-content-sep sep-single sep-dashed\"><\/div><div class=\"fusion-post-content-container\">\n<p>No siempre se tiene la oportunidad de colaborar con una entidad con el prestigio de <strong>National Geographic<\/strong>, pero hoy tenemos<a href=\"https:\/\/www.paisajesverticales.com\/es\/fotografia-aerea-con-drones\/publicamos-en-national-geographic\/\">\u2026<\/a><\/p>\n<\/div><\/div><div class=\"fusion-meta-info\"><div class=\"fusion-alignleft\"><a class=\"fusion-read-more\" href=\"https:\/\/www.paisajesverticales.com\/es\/fotografia-aerea-con-drones\/publicamos-en-national-geographic\/\" aria-label=\"More on Publicamos en National Geographic\">Read More<\/a><\/div><\/div><\/div><div class=\"fusion-clearfix\"><\/div><\/div>\n<\/article>\n<article id=\"blog-1-post-18669\" class=\"fusion-post-grid post-18669 post type-post status-publish format-standard has-post-thumbnail category-video-aereo-con-drones tag-arquitectura-es tag-bages-es tag-barcelona-es tag-construccio-es tag-fotografia-aerea tag-fotografias-con-drones-es tag-industria-es tag-inmobiliaria tag-valles-occidental-es tag-video-aereo tag-videos-drones\">\n<div class=\"fusion-post-wrapper\" style=\"background-color:rgba(255,235,59,0.03);border:1px solid #009eba;border-bottom-width:3px;\">\n\n\t\t\t<div class=\"fusion-flexslider flexslider fusion-flexslider-loading fusion-post-slideshow\" style=\"border-color:#009eba;\">\n\t\t<ul class=\"slides\">\n\t\t\t\n\t\t\t\t\t\t\t\t\t\t\t\t\t\t<li><div  class=\"fusion-image-wrapper\" aria-haspopup=\"true\">\n\t\t\t\t<img decoding=\"async\" width=\"1200\" height=\"800\" src=\"https:\/\/www.paisajesverticales.com\/WP\/wp-content\/uploads\/20240717-114136-WEB.jpg\" class=\"attachment-full size-full lazyload wp-post-image\" alt=\"Modular construction of a house by Arquima, in Matadepera (Valles Occidental, Barcelona)\" srcset=\"data:image\/svg+xml,%3Csvg%20xmlns%3D%27http%3A%2F%2Fwww.w3.org%2F2000%2Fsvg%27%20width%3D%271200%27%20height%3D%27800%27%20viewBox%3D%270%200%201200%20800%27%3E%3Crect%20width%3D%271200%27%20height%3D%27800%27%20fill-opacity%3D%220%22%2F%3E%3C%2Fsvg%3E\" data-orig-src=\"https:\/\/www.paisajesverticales.com\/WP\/wp-content\/uploads\/20240717-114136-WEB.jpg\" data-srcset=\"https:\/\/www.paisajesverticales.com\/WP\/wp-content\/uploads\/20240717-114136-WEB-200x133.jpg 200w, https:\/\/www.paisajesverticales.com\/WP\/wp-content\/uploads\/20240717-114136-WEB-400x267.jpg 400w, https:\/\/www.paisajesverticales.com\/WP\/wp-content\/uploads\/20240717-114136-WEB-600x400.jpg 600w, https:\/\/www.paisajesverticales.com\/WP\/wp-content\/uploads\/20240717-114136-WEB-800x533.jpg 800w, https:\/\/www.paisajesverticales.com\/WP\/wp-content\/uploads\/20240717-114136-WEB.jpg 1200w\" data-sizes=\"auto\" \/><div class=\"fusion-rollover\">\n\t<div class=\"fusion-rollover-content\">\n\n\t\t\t\t\t\t\t\t\t\t\n\t\t\t\t\t\t\t\t\t\t\t\t\t\t\n\t\t\t\t\t\t\t\t\n\t\t\t\t\t\t\t\t\n\t\t\t\t\t\t\t\t\t\t\t\t\t\t\t\t\t\t<a class=\"fusion-rollover-gallery\" href=\"https:\/\/www.paisajesverticales.com\/WP\/wp-content\/uploads\/20240717-114136-WEB.jpg\" data-options=\"\" data-id=\"18669\" data-rel=\"iLightbox[gallery18669]\" data-title=\"Modular construction of a house by Arquima, in Matadepera (Valles Occidental, Barcelona)\" data-caption=\"Modular construction of a house by Arquima, in Matadepera (Valles Occidental, Barcelona). In view of drone.\">\n\t\t\t\t\t\tGaler\u00eda\t\t\t\t\t<\/a>\n\t\t\t\t\t<div class=\"fusion-portfolio-gallery-hidden\"><a href=\"https:\/\/www.paisajesverticales.com\/WP\/wp-content\/uploads\/20240717-165020-WEB.jpg\" data-rel=\"iLightbox[gallery18669]\" title=\"default\" data-title=\"default\" data-caption=\"Modular construction of a house by Arquima, in Matadepera (Valles Occidental, Barcelona). In view of drone.\"><\/a><a href=\"https:\/\/www.paisajesverticales.com\/WP\/wp-content\/uploads\/20240717-155628-WEB.jpg\" data-rel=\"iLightbox[gallery18669]\" title=\"Modular construction of a house by Arquima, in Matadepera (Valles Occidental, Barcelona)\" data-title=\"Modular construction of a house by Arquima, in Matadepera (Valles Occidental, Barcelona)\" data-caption=\"Modular construction of a house by Arquima, in Matadepera (Valles Occidental, Barcelona). In view of drone.\"><\/a><\/div>\t\t\t\t\t\t\t\t\t\n\t\t\n\t\t\t\t\t\t\t\t\n\t\t\t\t\t\t\t\t\n\t\t\n\t\t\t\t\t\t<a class=\"fusion-link-wrapper\" href=\"https:\/\/www.paisajesverticales.com\/es\/video-aereo-con-drones\/levantamiento-de-una-casa-prefabricada-en-matadepera\/\" aria-label=\"Levantamiento de una casa prefabricada en Matadepera\"><\/a>\n\t<\/div>\n<\/div>\n<\/div>\n<\/li>\n\t\t\t\n\t\t\t\n\t\t\t\t\t\t\t\t\t\t\t\n\t\t\t\t\t\n\t\t\t\t\t\t\t\t\t\t\t<li>\n\t\t\t\t\t\t\t<div class=\"fusion-image-wrapper\">\n\t\t\t\t\t\t\t\t<a href=\"https:\/\/www.paisajesverticales.com\/es\/video-aereo-con-drones\/levantamiento-de-una-casa-prefabricada-en-matadepera\/\" aria-label=\"Levantamiento de una casa prefabricada en Matadepera\">\n\t\t\t\t\t\t\t\t\t<img decoding=\"async\" width=\"1200\" height=\"800\" src=\"https:\/\/www.paisajesverticales.com\/WP\/wp-content\/uploads\/20240717-165020-WEB.jpg\" data-orig-src=\"https:\/\/www.paisajesverticales.com\/WP\/wp-content\/uploads\/20240717-165020-WEB.jpg\" alt=\"Modular construction of a house by Arquima, in Matadepera (Valles Occidental, Barcelona)\" class=\"lazyload wp-image-18659\" role=\"presentation\" srcset=\"data:image\/svg+xml,%3Csvg%20xmlns%3D%27http%3A%2F%2Fwww.w3.org%2F2000%2Fsvg%27%20width%3D%271200%27%20height%3D%27800%27%20viewBox%3D%270%200%201200%20800%27%3E%3Crect%20width%3D%271200%27%20height%3D%27800%27%20fill-opacity%3D%220%22%2F%3E%3C%2Fsvg%3E\" data-srcset=\"https:\/\/www.paisajesverticales.com\/WP\/wp-content\/uploads\/20240717-165020-WEB-200x133.jpg 200w, https:\/\/www.paisajesverticales.com\/WP\/wp-content\/uploads\/20240717-165020-WEB-400x267.jpg 400w, https:\/\/www.paisajesverticales.com\/WP\/wp-content\/uploads\/20240717-165020-WEB-600x400.jpg 600w, https:\/\/www.paisajesverticales.com\/WP\/wp-content\/uploads\/20240717-165020-WEB-800x533.jpg 800w, https:\/\/www.paisajesverticales.com\/WP\/wp-content\/uploads\/20240717-165020-WEB.jpg 1200w\" data-sizes=\"auto\" data-orig-sizes=\"(min-width: 2200px) 100vw, (min-width: 704px) 377px, (min-width: 672px) 565px, (min-width: 640px) 672px, \" \/>\t\t\t\t\t\t\t\t<\/a>\n\t\t\t\t\t\t\t\t<a style=\"display:none;\" href=\"https:\/\/www.paisajesverticales.com\/WP\/wp-content\/uploads\/20240717-165020-WEB.jpg\" data-rel=\"iLightbox[gallery18669]\"  title=\"Modular construction of a house by Arquima, in Matadepera (Valles Occidental, Barcelona). In view of drone.\" data-title=\"default\" data-caption=\"Modular construction of a house by Arquima, in Matadepera (Valles Occidental, Barcelona). In view of drone.\">\n\t\t\t\t\t\t\t\t\t\t\t\t\t\t\t\t\t\t\t<img style=\"display:none;\" alt=\"Modular construction of a house by Arquima, in Matadepera (Valles Occidental, Barcelona)\" role=\"presentation\" \/>\n\t\t\t\t\t\t\t\t\t\t\t\t\t\t\t\t\t<\/a>\n\t\t\t\t\t\t\t<\/div>\n\t\t\t\t\t\t<\/li>\n\t\t\t\t\t\t\t\t\t\t\t\t\t\t\t\t\t\t\t\t\t\t\t\t\n\t\t\t\t\t\n\t\t\t\t\t\t\t\t\t\t\t<li>\n\t\t\t\t\t\t\t<div class=\"fusion-image-wrapper\">\n\t\t\t\t\t\t\t\t<a href=\"https:\/\/www.paisajesverticales.com\/es\/video-aereo-con-drones\/levantamiento-de-una-casa-prefabricada-en-matadepera\/\" aria-label=\"Levantamiento de una casa prefabricada en Matadepera\">\n\t\t\t\t\t\t\t\t\t<img decoding=\"async\" width=\"1200\" height=\"800\" src=\"https:\/\/www.paisajesverticales.com\/WP\/wp-content\/uploads\/20240717-155628-WEB.jpg\" data-orig-src=\"https:\/\/www.paisajesverticales.com\/WP\/wp-content\/uploads\/20240717-155628-WEB.jpg\" alt=\"Modular construction of a house by Arquima, in Matadepera (Valles Occidental, Barcelona)\" class=\"lazyload wp-image-18656\" role=\"presentation\" srcset=\"data:image\/svg+xml,%3Csvg%20xmlns%3D%27http%3A%2F%2Fwww.w3.org%2F2000%2Fsvg%27%20width%3D%271200%27%20height%3D%27800%27%20viewBox%3D%270%200%201200%20800%27%3E%3Crect%20width%3D%271200%27%20height%3D%27800%27%20fill-opacity%3D%220%22%2F%3E%3C%2Fsvg%3E\" data-srcset=\"https:\/\/www.paisajesverticales.com\/WP\/wp-content\/uploads\/20240717-155628-WEB-200x133.jpg 200w, https:\/\/www.paisajesverticales.com\/WP\/wp-content\/uploads\/20240717-155628-WEB-400x267.jpg 400w, https:\/\/www.paisajesverticales.com\/WP\/wp-content\/uploads\/20240717-155628-WEB-600x400.jpg 600w, https:\/\/www.paisajesverticales.com\/WP\/wp-content\/uploads\/20240717-155628-WEB-800x533.jpg 800w, https:\/\/www.paisajesverticales.com\/WP\/wp-content\/uploads\/20240717-155628-WEB.jpg 1200w\" data-sizes=\"auto\" data-orig-sizes=\"(min-width: 2200px) 100vw, (min-width: 704px) 377px, (min-width: 672px) 565px, (min-width: 640px) 672px, \" \/>\t\t\t\t\t\t\t\t<\/a>\n\t\t\t\t\t\t\t\t<a style=\"display:none;\" href=\"https:\/\/www.paisajesverticales.com\/WP\/wp-content\/uploads\/20240717-155628-WEB.jpg\" data-rel=\"iLightbox[gallery18669]\"  title=\"Modular construction of a house by Arquima, in Matadepera (Valles Occidental, Barcelona). In view of drone.\" data-title=\"Modular construction of a house by Arquima, in Matadepera (Valles Occidental, Barcelona)\" data-caption=\"Modular construction of a house by Arquima, in Matadepera (Valles Occidental, Barcelona). In view of drone.\">\n\t\t\t\t\t\t\t\t\t\t\t\t\t\t\t\t\t\t\t<img style=\"display:none;\" alt=\"Modular construction of a house by Arquima, in Matadepera (Valles Occidental, Barcelona)\" role=\"presentation\" \/>\n\t\t\t\t\t\t\t\t\t\t\t\t\t\t\t\t\t<\/a>\n\t\t\t\t\t\t\t<\/div>\n\t\t\t\t\t\t<\/li>\n\t\t\t\t\t\t\t\t\t\t\t\t\t\t\t\t\t\t\t\t\t<\/ul>\n\t<\/div>\n\t<div class=\"fusion-post-content-wrapper\" style=\"padding:14px 14px 6px 16px;\"><div class=\"fusion-post-content post-content\"><h2 class=\"blog-shortcode-post-title\"><a href=\"https:\/\/www.paisajesverticales.com\/es\/video-aereo-con-drones\/levantamiento-de-una-casa-prefabricada-en-matadepera\/\">Levantamiento de una casa prefabricada en Matadepera<\/a><\/h2><p class=\"fusion-single-line-meta\"><span class=\"updated\" style=\"display:none;\">2025-05-22T22:30:45+02:00<\/span><span>18 julio 2024<\/span><span class=\"fusion-inline-sep\">|<\/span><\/p><div class=\"fusion-content-sep sep-single sep-dashed\"><\/div><div class=\"fusion-post-content-container\">\n<p>Hemos trabajado en otras ocasiones para la empresa de arquitectura y construcci\u00f3n Arquima. En este caso nos han<a href=\"https:\/\/www.paisajesverticales.com\/es\/video-aereo-con-drones\/levantamiento-de-una-casa-prefabricada-en-matadepera\/\">\u2026<\/a><\/p>\n<\/div><\/div><div class=\"fusion-meta-info\"><div class=\"fusion-alignleft\"><a class=\"fusion-read-more\" href=\"https:\/\/www.paisajesverticales.com\/es\/video-aereo-con-drones\/levantamiento-de-una-casa-prefabricada-en-matadepera\/\" aria-label=\"More on Levantamiento de una casa prefabricada en Matadepera\">Read More<\/a><\/div><\/div><\/div><div class=\"fusion-clearfix\"><\/div><\/div>\n<\/article>\n<article id=\"blog-1-post-19158\" class=\"fusion-post-grid post-19158 post type-post status-publish format-standard has-post-thumbnail category-fotografia-aerea-con-drones tag-arquitectura-es tag-baix-emporda-es tag-construccio-es tag-costa-brava-es tag-emporda-es tag-fotografia-aerea tag-fotografias-con-drones-es tag-inmobiliaria tag-obras-es tag-platja-daro-es tag-port-daro-es tag-provincia-de-girona tag-urbanismo\">\n<div class=\"fusion-post-wrapper\" style=\"background-color:rgba(255,235,59,0.03);border:1px solid #009eba;border-bottom-width:3px;\">\n\n\t\t\t<div class=\"fusion-flexslider flexslider fusion-flexslider-loading fusion-post-slideshow\" style=\"border-color:#009eba;\">\n\t\t<ul class=\"slides\">\n\t\t\t\n\t\t\t\t\t\t\t\t\t\t\t\t\t\t<li><div  class=\"fusion-image-wrapper\" aria-haspopup=\"true\">\n\t\t\t\t<img decoding=\"async\" width=\"1200\" height=\"800\" src=\"https:\/\/www.paisajesverticales.com\/WP\/wp-content\/uploads\/20231114-131948-WEB.jpg\" class=\"attachment-full size-full lazyload wp-post-image\" alt=\"\" srcset=\"data:image\/svg+xml,%3Csvg%20xmlns%3D%27http%3A%2F%2Fwww.w3.org%2F2000%2Fsvg%27%20width%3D%271200%27%20height%3D%27800%27%20viewBox%3D%270%200%201200%20800%27%3E%3Crect%20width%3D%271200%27%20height%3D%27800%27%20fill-opacity%3D%220%22%2F%3E%3C%2Fsvg%3E\" data-orig-src=\"https:\/\/www.paisajesverticales.com\/WP\/wp-content\/uploads\/20231114-131948-WEB.jpg\" data-srcset=\"https:\/\/www.paisajesverticales.com\/WP\/wp-content\/uploads\/20231114-131948-WEB-200x133.jpg 200w, https:\/\/www.paisajesverticales.com\/WP\/wp-content\/uploads\/20231114-131948-WEB-400x267.jpg 400w, https:\/\/www.paisajesverticales.com\/WP\/wp-content\/uploads\/20231114-131948-WEB-600x400.jpg 600w, https:\/\/www.paisajesverticales.com\/WP\/wp-content\/uploads\/20231114-131948-WEB-800x533.jpg 800w, https:\/\/www.paisajesverticales.com\/WP\/wp-content\/uploads\/20231114-131948-WEB.jpg 1200w\" data-sizes=\"auto\" \/><div class=\"fusion-rollover\">\n\t<div class=\"fusion-rollover-content\">\n\n\t\t\t\t\t\t\t\t\t\t\n\t\t\t\t\t\t\t\t\t\t\t\t\t\t\n\t\t\t\t\t\t\t\t\n\t\t\t\t\t\t\t\t\n\t\t\t\t\t\t\t\t\t\t\t\t\t\t\t\t\t\t<a class=\"fusion-rollover-gallery\" href=\"https:\/\/www.paisajesverticales.com\/WP\/wp-content\/uploads\/20231114-131948-WEB.jpg\" data-options=\"\" data-id=\"19158\" data-rel=\"iLightbox[gallery19158]\" data-title=\"20231114-131948-WEB\" data-caption=\"\">\n\t\t\t\t\t\tGaler\u00eda\t\t\t\t\t<\/a>\n\t\t\t\t\t<div class=\"fusion-portfolio-gallery-hidden\"><a href=\"https:\/\/www.paisajesverticales.com\/WP\/wp-content\/uploads\/20231114-131040-WEB.jpg\" data-rel=\"iLightbox[gallery19158]\" title=\"20231114-131040-WEB\" data-title=\"20231114-131040-WEB\" data-caption=\"\"><\/a><a href=\"https:\/\/www.paisajesverticales.com\/WP\/wp-content\/uploads\/20231114-131804-WEB.jpg\" data-rel=\"iLightbox[gallery19158]\" title=\"20231114-131804-WEB\" data-title=\"20231114-131804-WEB\" data-caption=\"\"><\/a><\/div>\t\t\t\t\t\t\t\t\t\n\t\t\n\t\t\t\t\t\t\t\t\n\t\t\t\t\t\t\t\t\n\t\t\n\t\t\t\t\t\t<a class=\"fusion-link-wrapper\" href=\"https:\/\/www.paisajesverticales.com\/es\/fotografia-aerea-con-drones\/imagenes-aereas-del-port-daro-para-un-render\/\" aria-label=\"Im\u00e1genes a\u00e9reas del Port d&#8217;Aro para un render\"><\/a>\n\t<\/div>\n<\/div>\n<\/div>\n<\/li>\n\t\t\t\n\t\t\t\n\t\t\t\t\t\t\t\t\t\t\t\n\t\t\t\t\t\n\t\t\t\t\t\t\t\t\t\t\t<li>\n\t\t\t\t\t\t\t<div class=\"fusion-image-wrapper\">\n\t\t\t\t\t\t\t\t<a href=\"https:\/\/www.paisajesverticales.com\/es\/fotografia-aerea-con-drones\/imagenes-aereas-del-port-daro-para-un-render\/\" aria-label=\"Im\u00e1genes a\u00e9reas del Port d&#8217;Aro para un render\">\n\t\t\t\t\t\t\t\t\t<img decoding=\"async\" width=\"1200\" height=\"800\" src=\"https:\/\/www.paisajesverticales.com\/WP\/wp-content\/uploads\/20231114-131040-WEB.jpg\" data-orig-src=\"https:\/\/www.paisajesverticales.com\/WP\/wp-content\/uploads\/20231114-131040-WEB.jpg\" alt=\"\" class=\"lazyload wp-image-19137\" role=\"presentation\" srcset=\"data:image\/svg+xml,%3Csvg%20xmlns%3D%27http%3A%2F%2Fwww.w3.org%2F2000%2Fsvg%27%20width%3D%271200%27%20height%3D%27800%27%20viewBox%3D%270%200%201200%20800%27%3E%3Crect%20width%3D%271200%27%20height%3D%27800%27%20fill-opacity%3D%220%22%2F%3E%3C%2Fsvg%3E\" data-srcset=\"https:\/\/www.paisajesverticales.com\/WP\/wp-content\/uploads\/20231114-131040-WEB-200x133.jpg 200w, https:\/\/www.paisajesverticales.com\/WP\/wp-content\/uploads\/20231114-131040-WEB-400x267.jpg 400w, https:\/\/www.paisajesverticales.com\/WP\/wp-content\/uploads\/20231114-131040-WEB-600x400.jpg 600w, https:\/\/www.paisajesverticales.com\/WP\/wp-content\/uploads\/20231114-131040-WEB-800x533.jpg 800w, https:\/\/www.paisajesverticales.com\/WP\/wp-content\/uploads\/20231114-131040-WEB.jpg 1200w\" data-sizes=\"auto\" data-orig-sizes=\"(min-width: 2200px) 100vw, (min-width: 704px) 377px, (min-width: 672px) 565px, (min-width: 640px) 672px, \" \/>\t\t\t\t\t\t\t\t<\/a>\n\t\t\t\t\t\t\t\t<a style=\"display:none;\" href=\"https:\/\/www.paisajesverticales.com\/WP\/wp-content\/uploads\/20231114-131040-WEB.jpg\" data-rel=\"iLightbox[gallery19158]\"  title=\"\" data-title=\"20231114-131040-WEB\" data-caption=\"\">\n\t\t\t\t\t\t\t\t\t\t\t\t\t\t\t\t\t<\/a>\n\t\t\t\t\t\t\t<\/div>\n\t\t\t\t\t\t<\/li>\n\t\t\t\t\t\t\t\t\t\t\t\t\t\t\t\t\t\t\t\t\t\t\t\t\n\t\t\t\t\t\n\t\t\t\t\t\t\t\t\t\t\t<li>\n\t\t\t\t\t\t\t<div class=\"fusion-image-wrapper\">\n\t\t\t\t\t\t\t\t<a href=\"https:\/\/www.paisajesverticales.com\/es\/fotografia-aerea-con-drones\/imagenes-aereas-del-port-daro-para-un-render\/\" aria-label=\"Im\u00e1genes a\u00e9reas del Port d&#8217;Aro para un render\">\n\t\t\t\t\t\t\t\t\t<img decoding=\"async\" width=\"1200\" height=\"800\" src=\"https:\/\/www.paisajesverticales.com\/WP\/wp-content\/uploads\/20231114-131804-WEB.jpg\" data-orig-src=\"https:\/\/www.paisajesverticales.com\/WP\/wp-content\/uploads\/20231114-131804-WEB.jpg\" alt=\"\" class=\"lazyload wp-image-19138\" role=\"presentation\" srcset=\"data:image\/svg+xml,%3Csvg%20xmlns%3D%27http%3A%2F%2Fwww.w3.org%2F2000%2Fsvg%27%20width%3D%271200%27%20height%3D%27800%27%20viewBox%3D%270%200%201200%20800%27%3E%3Crect%20width%3D%271200%27%20height%3D%27800%27%20fill-opacity%3D%220%22%2F%3E%3C%2Fsvg%3E\" data-srcset=\"https:\/\/www.paisajesverticales.com\/WP\/wp-content\/uploads\/20231114-131804-WEB-200x133.jpg 200w, https:\/\/www.paisajesverticales.com\/WP\/wp-content\/uploads\/20231114-131804-WEB-400x267.jpg 400w, https:\/\/www.paisajesverticales.com\/WP\/wp-content\/uploads\/20231114-131804-WEB-600x400.jpg 600w, https:\/\/www.paisajesverticales.com\/WP\/wp-content\/uploads\/20231114-131804-WEB-800x533.jpg 800w, https:\/\/www.paisajesverticales.com\/WP\/wp-content\/uploads\/20231114-131804-WEB.jpg 1200w\" data-sizes=\"auto\" data-orig-sizes=\"(min-width: 2200px) 100vw, (min-width: 704px) 377px, (min-width: 672px) 565px, (min-width: 640px) 672px, \" \/>\t\t\t\t\t\t\t\t<\/a>\n\t\t\t\t\t\t\t\t<a style=\"display:none;\" href=\"https:\/\/www.paisajesverticales.com\/WP\/wp-content\/uploads\/20231114-131804-WEB.jpg\" data-rel=\"iLightbox[gallery19158]\"  title=\"\" data-title=\"20231114-131804-WEB\" data-caption=\"\">\n\t\t\t\t\t\t\t\t\t\t\t\t\t\t\t\t\t<\/a>\n\t\t\t\t\t\t\t<\/div>\n\t\t\t\t\t\t<\/li>\n\t\t\t\t\t\t\t\t\t\t\t\t\t\t\t\t\t\t\t\t\t<\/ul>\n\t<\/div>\n\t<div class=\"fusion-post-content-wrapper\" style=\"padding:14px 14px 6px 16px;\"><div class=\"fusion-post-content post-content\"><h2 class=\"blog-shortcode-post-title\"><a href=\"https:\/\/www.paisajesverticales.com\/es\/fotografia-aerea-con-drones\/imagenes-aereas-del-port-daro-para-un-render\/\">Im\u00e1genes a\u00e9reas del Port d&#8217;Aro para un render<\/a><\/h2><p class=\"fusion-single-line-meta\"><span class=\"updated\" style=\"display:none;\">2025-05-24T14:29:36+02:00<\/span><span>14 noviembre 2023<\/span><span class=\"fusion-inline-sep\">|<\/span><\/p><div class=\"fusion-content-sep sep-single sep-dashed\"><\/div><div class=\"fusion-post-content-container\"><p>La empresa de Grup Sol36 nos ha pedido estas im\u00e1genes a\u00e9reas del Port d\u2019Aro, en Platja d\u2019Aro (Baix Empord\u00e0), sobre<a href=\"https:\/\/www.paisajesverticales.com\/es\/fotografia-aerea-con-drones\/imagenes-aereas-del-port-daro-para-un-render\/\">\u2026<\/a><\/p>\n<\/div><\/div><div class=\"fusion-meta-info\"><div class=\"fusion-alignleft\"><a class=\"fusion-read-more\" href=\"https:\/\/www.paisajesverticales.com\/es\/fotografia-aerea-con-drones\/imagenes-aereas-del-port-daro-para-un-render\/\" aria-label=\"More on Im\u00e1genes a\u00e9reas del Port d&#8217;Aro para un render\">Read More<\/a><\/div><\/div><\/div><div class=\"fusion-clearfix\"><\/div><\/div>\n<\/article>\n<article id=\"blog-1-post-19195\" class=\"fusion-post-grid post-19195 post type-post status-publish format-standard has-post-thumbnail category-fotografia-aerea-con-drones tag-arquitectura-es tag-baix-emporda-es tag-construccio-es tag-costa-brava-es tag-emporda-es tag-fotografia-aerea tag-fotografias-con-drones-es tag-inmobiliaria tag-obras-es tag-pals-es tag-provincia-de-girona\">\n<div class=\"fusion-post-wrapper\" style=\"background-color:rgba(255,235,59,0.03);border:1px solid #009eba;border-bottom-width:3px;\">\n\n\t\t\t<div class=\"fusion-flexslider flexslider fusion-flexslider-loading fusion-post-slideshow\" style=\"border-color:#009eba;\">\n\t\t<ul class=\"slides\">\n\t\t\t\n\t\t\t\t\t\t\t\t\t\t\t\t\t\t<li><div  class=\"fusion-image-wrapper\" aria-haspopup=\"true\">\n\t\t\t\t<img decoding=\"async\" width=\"1200\" height=\"800\" src=\"https:\/\/www.paisajesverticales.com\/WP\/wp-content\/uploads\/20231113-120957-WEB.jpg\" class=\"attachment-full size-full lazyload wp-post-image\" alt=\"\" srcset=\"data:image\/svg+xml,%3Csvg%20xmlns%3D%27http%3A%2F%2Fwww.w3.org%2F2000%2Fsvg%27%20width%3D%271200%27%20height%3D%27800%27%20viewBox%3D%270%200%201200%20800%27%3E%3Crect%20width%3D%271200%27%20height%3D%27800%27%20fill-opacity%3D%220%22%2F%3E%3C%2Fsvg%3E\" data-orig-src=\"https:\/\/www.paisajesverticales.com\/WP\/wp-content\/uploads\/20231113-120957-WEB.jpg\" data-srcset=\"https:\/\/www.paisajesverticales.com\/WP\/wp-content\/uploads\/20231113-120957-WEB-200x133.jpg 200w, https:\/\/www.paisajesverticales.com\/WP\/wp-content\/uploads\/20231113-120957-WEB-400x267.jpg 400w, https:\/\/www.paisajesverticales.com\/WP\/wp-content\/uploads\/20231113-120957-WEB-600x400.jpg 600w, https:\/\/www.paisajesverticales.com\/WP\/wp-content\/uploads\/20231113-120957-WEB-800x533.jpg 800w, https:\/\/www.paisajesverticales.com\/WP\/wp-content\/uploads\/20231113-120957-WEB.jpg 1200w\" data-sizes=\"auto\" \/><div class=\"fusion-rollover\">\n\t<div class=\"fusion-rollover-content\">\n\n\t\t\t\t\t\t\t\t\t\t\n\t\t\t\t\t\t\t\t\t\t\t\t\t\t\n\t\t\t\t\t\t\t\t\n\t\t\t\t\t\t\t\t\n\t\t\t\t\t\t\t\t\t\t\t\t\t\t\t\t\t\t<a class=\"fusion-rollover-gallery\" href=\"https:\/\/www.paisajesverticales.com\/WP\/wp-content\/uploads\/20231113-120957-WEB.jpg\" data-options=\"\" data-id=\"19195\" data-rel=\"iLightbox[gallery19195]\" data-title=\"default\" data-caption=\"default\">\n\t\t\t\t\t\tGaler\u00eda\t\t\t\t\t<\/a>\n\t\t\t\t\t<div class=\"fusion-portfolio-gallery-hidden\"><\/div>\t\t\t\t\t\t\t\t\t\n\t\t\n\t\t\t\t\t\t\t\t\n\t\t\t\t\t\t\t\t\n\t\t\n\t\t\t\t\t\t<a class=\"fusion-link-wrapper\" href=\"https:\/\/www.paisajesverticales.com\/es\/fotografia-aerea-con-drones\/fotografias-aereas-para-una-reforma-arquitectonica-en-pals\/\" aria-label=\"Fotograf\u00edas a\u00e9reas para una reforma arquitect\u00f3nica en Pals\"><\/a>\n\t<\/div>\n<\/div>\n<\/div>\n<\/li>\n\t\t\t\n\t\t\t\n\t\t\t\t\t\t\t\t\t\t\t\t\t\t\t\t\t\t\t\t\t\t\t\t\t\t\t\t\t\t\t\t\t\t\t\t\t\t<\/ul>\n\t<\/div>\n\t<div class=\"fusion-post-content-wrapper\" style=\"padding:14px 14px 6px 16px;\"><div class=\"fusion-post-content post-content\"><h2 class=\"blog-shortcode-post-title\"><a href=\"https:\/\/www.paisajesverticales.com\/es\/fotografia-aerea-con-drones\/fotografias-aereas-para-una-reforma-arquitectonica-en-pals\/\">Fotograf\u00edas a\u00e9reas para una reforma arquitect\u00f3nica en Pals<\/a><\/h2><p class=\"fusion-single-line-meta\"><span class=\"updated\" style=\"display:none;\">2025-05-23T12:05:08+02:00<\/span><span>13 noviembre 2023<\/span><span class=\"fusion-inline-sep\">|<\/span><\/p><div class=\"fusion-content-sep sep-single sep-dashed\"><\/div><div class=\"fusion-post-content-container\"><p>La empresa de promociones inmobiliarias Cases Singulars nos pide que fotografiemos con el dron una ic\u00f3nica construcci\u00f3n en el municipio<a href=\"https:\/\/www.paisajesverticales.com\/es\/fotografia-aerea-con-drones\/fotografias-aereas-para-una-reforma-arquitectonica-en-pals\/\">\u2026<\/a><\/p>\n<\/div><\/div><div class=\"fusion-meta-info\"><div class=\"fusion-alignleft\"><a class=\"fusion-read-more\" href=\"https:\/\/www.paisajesverticales.com\/es\/fotografia-aerea-con-drones\/fotografias-aereas-para-una-reforma-arquitectonica-en-pals\/\" aria-label=\"More on Fotograf\u00edas a\u00e9reas para una reforma arquitect\u00f3nica en Pals\">Read More<\/a><\/div><\/div><\/div><div class=\"fusion-clearfix\"><\/div><\/div>\n<\/article>\n<article id=\"blog-1-post-19183\" class=\"fusion-post-grid post-19183 post type-post status-publish format-standard has-post-thumbnail category-fotografia-aerea-con-drones tag-arquitectura-es tag-baix-emporda-es tag-construccio-es tag-costa-brava-es tag-emporda-es tag-fotografia-aerea tag-fotografias-con-drones-es tag-inmobiliaria tag-obras-es tag-pals-es tag-provincia-de-girona\">\n<div class=\"fusion-post-wrapper\" style=\"background-color:rgba(255,235,59,0.03);border:1px solid #009eba;border-bottom-width:3px;\">\n\n\t\t\t<div class=\"fusion-flexslider flexslider fusion-flexslider-loading fusion-post-slideshow\" style=\"border-color:#009eba;\">\n\t\t<ul class=\"slides\">\n\t\t\t\n\t\t\t\t\t\t\t\t\t\t\t\t\t\t<li><div  class=\"fusion-image-wrapper\" aria-haspopup=\"true\">\n\t\t\t\t<img decoding=\"async\" width=\"1200\" height=\"800\" src=\"https:\/\/www.paisajesverticales.com\/WP\/wp-content\/uploads\/20231113-122837-WEB.jpg\" class=\"attachment-full size-full lazyload wp-post-image\" alt=\"\" srcset=\"data:image\/svg+xml,%3Csvg%20xmlns%3D%27http%3A%2F%2Fwww.w3.org%2F2000%2Fsvg%27%20width%3D%271200%27%20height%3D%27800%27%20viewBox%3D%270%200%201200%20800%27%3E%3Crect%20width%3D%271200%27%20height%3D%27800%27%20fill-opacity%3D%220%22%2F%3E%3C%2Fsvg%3E\" data-orig-src=\"https:\/\/www.paisajesverticales.com\/WP\/wp-content\/uploads\/20231113-122837-WEB.jpg\" data-srcset=\"https:\/\/www.paisajesverticales.com\/WP\/wp-content\/uploads\/20231113-122837-WEB-200x133.jpg 200w, https:\/\/www.paisajesverticales.com\/WP\/wp-content\/uploads\/20231113-122837-WEB-400x267.jpg 400w, https:\/\/www.paisajesverticales.com\/WP\/wp-content\/uploads\/20231113-122837-WEB-600x400.jpg 600w, https:\/\/www.paisajesverticales.com\/WP\/wp-content\/uploads\/20231113-122837-WEB-800x533.jpg 800w, https:\/\/www.paisajesverticales.com\/WP\/wp-content\/uploads\/20231113-122837-WEB.jpg 1200w\" data-sizes=\"auto\" \/><div class=\"fusion-rollover\">\n\t<div class=\"fusion-rollover-content\">\n\n\t\t\t\t\t\t\t\t\t\t\n\t\t\t\t\t\t\t\t\t\t\t\t\t\t\n\t\t\t\t\t\t\t\t\n\t\t\t\t\t\t\t\t\n\t\t\t\t\t\t\t\t\t\t\t\t\t\t\t\t\t\t<a class=\"fusion-rollover-gallery\" href=\"https:\/\/www.paisajesverticales.com\/WP\/wp-content\/uploads\/20231113-122837-WEB.jpg\" data-options=\"\" data-id=\"19183\" data-rel=\"iLightbox[gallery19183]\" data-title=\"default\" data-caption=\"default\">\n\t\t\t\t\t\tGaler\u00eda\t\t\t\t\t<\/a>\n\t\t\t\t\t<div class=\"fusion-portfolio-gallery-hidden\"><a href=\"https:\/\/www.paisajesverticales.com\/WP\/wp-content\/uploads\/20231113-122725-WEB.jpg\" data-rel=\"iLightbox[gallery19183]\" title=\"default\" data-title=\"default\" data-caption=\"default\"><\/a><\/div>\t\t\t\t\t\t\t\t\t\n\t\t\n\t\t\t\t\t\t\t\t\n\t\t\t\t\t\t\t\t\n\t\t\n\t\t\t\t\t\t<a class=\"fusion-link-wrapper\" href=\"https:\/\/www.paisajesverticales.com\/es\/fotografia-aerea-con-drones\/fotografias-aereas-para-una-promocion-inmobiliaria-en-pals\/\" aria-label=\"Fotograf\u00edas a\u00e9reas para una promoci\u00f3n inmobiliaria en Pals\"><\/a>\n\t<\/div>\n<\/div>\n<\/div>\n<\/li>\n\t\t\t\n\t\t\t\n\t\t\t\t\t\t\t\t\t\t\t\n\t\t\t\t\t\n\t\t\t\t\t\t\t\t\t\t\t<li>\n\t\t\t\t\t\t\t<div class=\"fusion-image-wrapper\">\n\t\t\t\t\t\t\t\t<a href=\"https:\/\/www.paisajesverticales.com\/es\/fotografia-aerea-con-drones\/fotografias-aereas-para-una-promocion-inmobiliaria-en-pals\/\" aria-label=\"Fotograf\u00edas a\u00e9reas para una promoci\u00f3n inmobiliaria en Pals\">\n\t\t\t\t\t\t\t\t\t<img decoding=\"async\" width=\"1200\" height=\"800\" src=\"https:\/\/www.paisajesverticales.com\/WP\/wp-content\/uploads\/20231113-122725-WEB.jpg\" data-orig-src=\"https:\/\/www.paisajesverticales.com\/WP\/wp-content\/uploads\/20231113-122725-WEB.jpg\" alt=\"\" class=\"lazyload wp-image-19174\" role=\"presentation\" srcset=\"data:image\/svg+xml,%3Csvg%20xmlns%3D%27http%3A%2F%2Fwww.w3.org%2F2000%2Fsvg%27%20width%3D%271200%27%20height%3D%27800%27%20viewBox%3D%270%200%201200%20800%27%3E%3Crect%20width%3D%271200%27%20height%3D%27800%27%20fill-opacity%3D%220%22%2F%3E%3C%2Fsvg%3E\" data-srcset=\"https:\/\/www.paisajesverticales.com\/WP\/wp-content\/uploads\/20231113-122725-WEB-200x133.jpg 200w, https:\/\/www.paisajesverticales.com\/WP\/wp-content\/uploads\/20231113-122725-WEB-400x267.jpg 400w, https:\/\/www.paisajesverticales.com\/WP\/wp-content\/uploads\/20231113-122725-WEB-600x400.jpg 600w, https:\/\/www.paisajesverticales.com\/WP\/wp-content\/uploads\/20231113-122725-WEB-800x533.jpg 800w, https:\/\/www.paisajesverticales.com\/WP\/wp-content\/uploads\/20231113-122725-WEB.jpg 1200w\" data-sizes=\"auto\" data-orig-sizes=\"(min-width: 2200px) 100vw, (min-width: 704px) 377px, (min-width: 672px) 565px, (min-width: 640px) 672px, \" \/>\t\t\t\t\t\t\t\t<\/a>\n\t\t\t\t\t\t\t\t<a style=\"display:none;\" href=\"https:\/\/www.paisajesverticales.com\/WP\/wp-content\/uploads\/20231113-122725-WEB.jpg\" data-rel=\"iLightbox[gallery19183]\"  title=\"default\" data-title=\"default\" data-caption=\"default\">\n\t\t\t\t\t\t\t\t\t\t\t\t\t\t\t\t\t<\/a>\n\t\t\t\t\t\t\t<\/div>\n\t\t\t\t\t\t<\/li>\n\t\t\t\t\t\t\t\t\t\t\t\t\t\t\t\t\t\t\t\t\t\t\t\t\t\t\t\t\t\t\t\t\t\t\t\t<\/ul>\n\t<\/div>\n\t<div class=\"fusion-post-content-wrapper\" style=\"padding:14px 14px 6px 16px;\"><div class=\"fusion-post-content post-content\"><h2 class=\"blog-shortcode-post-title\"><a href=\"https:\/\/www.paisajesverticales.com\/es\/fotografia-aerea-con-drones\/fotografias-aereas-para-una-promocion-inmobiliaria-en-pals\/\">Fotograf\u00edas a\u00e9reas para una promoci\u00f3n inmobiliaria en Pals<\/a><\/h2><p class=\"fusion-single-line-meta\"><span class=\"updated\" style=\"display:none;\">2025-05-23T11:43:33+02:00<\/span><span>13 noviembre 2023<\/span><span class=\"fusion-inline-sep\">|<\/span><\/p><div class=\"fusion-content-sep sep-single sep-dashed\"><\/div><div class=\"fusion-post-content-container\"><p>Sesi\u00f3n de fotograf\u00eda a\u00e9rea para la empresa inmobiliaria Cases Singulars. En esta ocasi\u00f3n se trataba de documentar con buenas im\u00e1genes<a href=\"https:\/\/www.paisajesverticales.com\/es\/fotografia-aerea-con-drones\/fotografias-aereas-para-una-promocion-inmobiliaria-en-pals\/\">\u2026<\/a><\/p>\n<\/div><\/div><div class=\"fusion-meta-info\"><div class=\"fusion-alignleft\"><a class=\"fusion-read-more\" href=\"https:\/\/www.paisajesverticales.com\/es\/fotografia-aerea-con-drones\/fotografias-aereas-para-una-promocion-inmobiliaria-en-pals\/\" aria-label=\"More on Fotograf\u00edas a\u00e9reas para una promoci\u00f3n inmobiliaria en Pals\">Read More<\/a><\/div><\/div><\/div><div class=\"fusion-clearfix\"><\/div><\/div>\n<\/article>\n<article id=\"blog-1-post-16924\" class=\"fusion-post-grid post-16924 post type-post status-publish format-standard has-post-thumbnail category-novedades-sobre-fotografia-y-video-aereo-con-drones tag-cataluna tag-fotografia-aerea tag-fotografias-con-drones-es tag-observacion-con-drones tag-video-aereo tag-videos-drones\">\n<div class=\"fusion-post-wrapper\" style=\"background-color:rgba(255,235,59,0.03);border:1px solid #009eba;border-bottom-width:3px;\">\n\n\t\t\t<div class=\"fusion-flexslider flexslider fusion-flexslider-loading fusion-post-slideshow\" style=\"border-color:#009eba;\">\n\t\t<ul class=\"slides\">\n\t\t\t\n\t\t\t\t\t\t\t\t\t\t\t\t\t\t<li><div  class=\"fusion-image-wrapper\" aria-haspopup=\"true\">\n\t\t\t\t<img decoding=\"async\" width=\"1200\" height=\"800\" src=\"https:\/\/www.paisajesverticales.com\/WP\/wp-content\/uploads\/LleidaAirChallenge23-A.jpg\" class=\"attachment-full size-full lazyload wp-post-image\" alt=\"\" srcset=\"data:image\/svg+xml,%3Csvg%20xmlns%3D%27http%3A%2F%2Fwww.w3.org%2F2000%2Fsvg%27%20width%3D%271200%27%20height%3D%27800%27%20viewBox%3D%270%200%201200%20800%27%3E%3Crect%20width%3D%271200%27%20height%3D%27800%27%20fill-opacity%3D%220%22%2F%3E%3C%2Fsvg%3E\" data-orig-src=\"https:\/\/www.paisajesverticales.com\/WP\/wp-content\/uploads\/LleidaAirChallenge23-A.jpg\" data-srcset=\"https:\/\/www.paisajesverticales.com\/WP\/wp-content\/uploads\/LleidaAirChallenge23-A-200x133.jpg 200w, https:\/\/www.paisajesverticales.com\/WP\/wp-content\/uploads\/LleidaAirChallenge23-A-400x267.jpg 400w, https:\/\/www.paisajesverticales.com\/WP\/wp-content\/uploads\/LleidaAirChallenge23-A-600x400.jpg 600w, https:\/\/www.paisajesverticales.com\/WP\/wp-content\/uploads\/LleidaAirChallenge23-A-800x533.jpg 800w, https:\/\/www.paisajesverticales.com\/WP\/wp-content\/uploads\/LleidaAirChallenge23-A.jpg 1200w\" data-sizes=\"auto\" \/><div class=\"fusion-rollover\">\n\t<div class=\"fusion-rollover-content\">\n\n\t\t\t\t\t\t\t\t\t\t\n\t\t\t\t\t\t\t\t\t\t\t\t\t\t\n\t\t\t\t\t\t\t\t\n\t\t\t\t\t\t\t\t\n\t\t\t\t\t\t\t\t\t\t\t\t\t\t\t\t\t\t<a class=\"fusion-rollover-gallery\" href=\"https:\/\/www.paisajesverticales.com\/WP\/wp-content\/uploads\/LleidaAirChallenge23-A.jpg\" data-options=\"\" data-id=\"16924\" data-rel=\"iLightbox[gallery16924]\" data-title=\"LleidaAirChallenge23-A\" data-caption=\"\">\n\t\t\t\t\t\tGaler\u00eda\t\t\t\t\t<\/a>\n\t\t\t\t\t<div class=\"fusion-portfolio-gallery-hidden\"><a href=\"https:\/\/www.paisajesverticales.com\/WP\/wp-content\/uploads\/LleidaAirChallenge23-B.jpg\" data-rel=\"iLightbox[gallery16924]\" title=\"LleidaAirChallenge23-B\" data-title=\"LleidaAirChallenge23-B\" data-caption=\"\"><\/a><a href=\"https:\/\/www.paisajesverticales.com\/WP\/wp-content\/uploads\/LleidaAirChallenge23-C.jpg\" data-rel=\"iLightbox[gallery16924]\" title=\"LleidaAirChallenge23-C\" data-title=\"LleidaAirChallenge23-C\" data-caption=\"\"><\/a><\/div>\t\t\t\t\t\t\t\t\t\n\t\t\n\t\t\t\t\t\t\t\t\n\t\t\t\t\t\t\t\t\n\t\t\n\t\t\t\t\t\t<a class=\"fusion-link-wrapper\" href=\"https:\/\/www.paisajesverticales.com\/es\/novedades-sobre-fotografia-y-video-aereo-con-drones\/estaremos-presentes-en-la-lleida-air-challenge-2023\/\" aria-label=\"Estaremos presentes en la Lleida Air Challenge 2023\"><\/a>\n\t<\/div>\n<\/div>\n<\/div>\n<\/li>\n\t\t\t\n\t\t\t\n\t\t\t\t\t\t\t\t\t\t\t\n\t\t\t\t\t\n\t\t\t\t\t\t\t\t\t\t\t<li>\n\t\t\t\t\t\t\t<div class=\"fusion-image-wrapper\">\n\t\t\t\t\t\t\t\t<a href=\"https:\/\/www.paisajesverticales.com\/es\/novedades-sobre-fotografia-y-video-aereo-con-drones\/estaremos-presentes-en-la-lleida-air-challenge-2023\/\" aria-label=\"Estaremos presentes en la Lleida Air Challenge 2023\">\n\t\t\t\t\t\t\t\t\t<img decoding=\"async\" width=\"1200\" height=\"800\" src=\"https:\/\/www.paisajesverticales.com\/WP\/wp-content\/uploads\/LleidaAirChallenge23-B.jpg\" data-orig-src=\"https:\/\/www.paisajesverticales.com\/WP\/wp-content\/uploads\/LleidaAirChallenge23-B.jpg\" alt=\"\" class=\"lazyload wp-image-16916\" role=\"presentation\" srcset=\"data:image\/svg+xml,%3Csvg%20xmlns%3D%27http%3A%2F%2Fwww.w3.org%2F2000%2Fsvg%27%20width%3D%271200%27%20height%3D%27800%27%20viewBox%3D%270%200%201200%20800%27%3E%3Crect%20width%3D%271200%27%20height%3D%27800%27%20fill-opacity%3D%220%22%2F%3E%3C%2Fsvg%3E\" data-srcset=\"https:\/\/www.paisajesverticales.com\/WP\/wp-content\/uploads\/LleidaAirChallenge23-B-200x133.jpg 200w, https:\/\/www.paisajesverticales.com\/WP\/wp-content\/uploads\/LleidaAirChallenge23-B-400x267.jpg 400w, https:\/\/www.paisajesverticales.com\/WP\/wp-content\/uploads\/LleidaAirChallenge23-B-600x400.jpg 600w, https:\/\/www.paisajesverticales.com\/WP\/wp-content\/uploads\/LleidaAirChallenge23-B-800x533.jpg 800w, https:\/\/www.paisajesverticales.com\/WP\/wp-content\/uploads\/LleidaAirChallenge23-B.jpg 1200w\" data-sizes=\"auto\" data-orig-sizes=\"(min-width: 2200px) 100vw, (min-width: 704px) 377px, (min-width: 672px) 565px, (min-width: 640px) 672px, \" \/>\t\t\t\t\t\t\t\t<\/a>\n\t\t\t\t\t\t\t\t<a style=\"display:none;\" href=\"https:\/\/www.paisajesverticales.com\/WP\/wp-content\/uploads\/LleidaAirChallenge23-B.jpg\" data-rel=\"iLightbox[gallery16924]\"  title=\"\" data-title=\"LleidaAirChallenge23-B\" data-caption=\"\">\n\t\t\t\t\t\t\t\t\t\t\t\t\t\t\t\t\t<\/a>\n\t\t\t\t\t\t\t<\/div>\n\t\t\t\t\t\t<\/li>\n\t\t\t\t\t\t\t\t\t\t\t\t\t\t\t\t\t\t\t\t\t\t\t\t\n\t\t\t\t\t\n\t\t\t\t\t\t\t\t\t\t\t<li>\n\t\t\t\t\t\t\t<div class=\"fusion-image-wrapper\">\n\t\t\t\t\t\t\t\t<a href=\"https:\/\/www.paisajesverticales.com\/es\/novedades-sobre-fotografia-y-video-aereo-con-drones\/estaremos-presentes-en-la-lleida-air-challenge-2023\/\" aria-label=\"Estaremos presentes en la Lleida Air Challenge 2023\">\n\t\t\t\t\t\t\t\t\t<img decoding=\"async\" width=\"1200\" height=\"800\" src=\"https:\/\/www.paisajesverticales.com\/WP\/wp-content\/uploads\/LleidaAirChallenge23-C.jpg\" data-orig-src=\"https:\/\/www.paisajesverticales.com\/WP\/wp-content\/uploads\/LleidaAirChallenge23-C.jpg\" alt=\"\" class=\"lazyload wp-image-16915\" role=\"presentation\" srcset=\"data:image\/svg+xml,%3Csvg%20xmlns%3D%27http%3A%2F%2Fwww.w3.org%2F2000%2Fsvg%27%20width%3D%271200%27%20height%3D%27800%27%20viewBox%3D%270%200%201200%20800%27%3E%3Crect%20width%3D%271200%27%20height%3D%27800%27%20fill-opacity%3D%220%22%2F%3E%3C%2Fsvg%3E\" data-srcset=\"https:\/\/www.paisajesverticales.com\/WP\/wp-content\/uploads\/LleidaAirChallenge23-C-200x133.jpg 200w, https:\/\/www.paisajesverticales.com\/WP\/wp-content\/uploads\/LleidaAirChallenge23-C-400x267.jpg 400w, https:\/\/www.paisajesverticales.com\/WP\/wp-content\/uploads\/LleidaAirChallenge23-C-600x400.jpg 600w, https:\/\/www.paisajesverticales.com\/WP\/wp-content\/uploads\/LleidaAirChallenge23-C-800x533.jpg 800w, https:\/\/www.paisajesverticales.com\/WP\/wp-content\/uploads\/LleidaAirChallenge23-C.jpg 1200w\" data-sizes=\"auto\" data-orig-sizes=\"(min-width: 2200px) 100vw, (min-width: 704px) 377px, (min-width: 672px) 565px, (min-width: 640px) 672px, \" \/>\t\t\t\t\t\t\t\t<\/a>\n\t\t\t\t\t\t\t\t<a style=\"display:none;\" href=\"https:\/\/www.paisajesverticales.com\/WP\/wp-content\/uploads\/LleidaAirChallenge23-C.jpg\" data-rel=\"iLightbox[gallery16924]\"  title=\"\" data-title=\"LleidaAirChallenge23-C\" data-caption=\"\">\n\t\t\t\t\t\t\t\t\t\t\t\t\t\t\t\t\t<\/a>\n\t\t\t\t\t\t\t<\/div>\n\t\t\t\t\t\t<\/li>\n\t\t\t\t\t\t\t\t\t\t\t\t\t\t\t\t\t\t\t\t\t<\/ul>\n\t<\/div>\n\t<div class=\"fusion-post-content-wrapper\" style=\"padding:14px 14px 6px 16px;\"><div class=\"fusion-post-content post-content\"><h2 class=\"blog-shortcode-post-title\"><a href=\"https:\/\/www.paisajesverticales.com\/es\/novedades-sobre-fotografia-y-video-aereo-con-drones\/estaremos-presentes-en-la-lleida-air-challenge-2023\/\">Estaremos presentes en la Lleida Air Challenge 2023<\/a><\/h2><p class=\"fusion-single-line-meta\"><span class=\"updated\" style=\"display:none;\">2025-03-18T13:25:18+01:00<\/span><span>20 septiembre 2023<\/span><span class=\"fusion-inline-sep\">|<\/span><\/p><div class=\"fusion-content-sep sep-single sep-dashed\"><\/div><div class=\"fusion-post-content-container\">\n<p>Este a\u00f1o estaremos presentes como expositores en la 9\u00aa edici\u00f3n de la feria aeron\u00e1utica de referencia, la <strong><a href=\"https:\/\/lleidaairchallenge.cat\/fira-2023\/\" target=\"_blank\">\u2026<\/a><\/strong><\/p>\n<\/div><\/div><div class=\"fusion-meta-info\"><div class=\"fusion-alignleft\"><a class=\"fusion-read-more\" href=\"https:\/\/www.paisajesverticales.com\/es\/novedades-sobre-fotografia-y-video-aereo-con-drones\/estaremos-presentes-en-la-lleida-air-challenge-2023\/\" aria-label=\"More on Estaremos presentes en la Lleida Air Challenge 2023\">Read More<\/a><\/div><\/div><\/div><div class=\"fusion-clearfix\"><\/div><\/div>\n<\/article>\n<article id=\"blog-1-post-15666\" class=\"fusion-post-grid post-15666 post type-post status-publish format-standard has-post-thumbnail category-fotografia-aerea-con-drones tag-construccio-ca tag-fotografia-aerea tag-fotografias-con-drones-es tag-industria-es tag-ingenieria-es tag-obras-es tag-observacion-con-drones tag-osona-es tag-paisaje tag-provincia-de-girona\">\n<div class=\"fusion-post-wrapper\" style=\"background-color:rgba(255,235,59,0.03);border:1px solid #009eba;border-bottom-width:3px;\">\n\n\t\t\t<div class=\"fusion-flexslider flexslider fusion-flexslider-loading fusion-post-slideshow\" style=\"border-color:#009eba;\">\n\t\t<ul class=\"slides\">\n\t\t\t\n\t\t\t\t\t\t\t\t\t\t\t\t\t\t<li><div  class=\"fusion-image-wrapper\" aria-haspopup=\"true\">\n\t\t\t\t<img decoding=\"async\" width=\"1200\" height=\"800\" src=\"https:\/\/www.paisajesverticales.com\/WP\/wp-content\/uploads\/20160622-141247-WEB-1.jpg\" class=\"attachment-full size-full lazyload wp-post-image\" alt=\"\" srcset=\"data:image\/svg+xml,%3Csvg%20xmlns%3D%27http%3A%2F%2Fwww.w3.org%2F2000%2Fsvg%27%20width%3D%271200%27%20height%3D%27800%27%20viewBox%3D%270%200%201200%20800%27%3E%3Crect%20width%3D%271200%27%20height%3D%27800%27%20fill-opacity%3D%220%22%2F%3E%3C%2Fsvg%3E\" data-orig-src=\"https:\/\/www.paisajesverticales.com\/WP\/wp-content\/uploads\/20160622-141247-WEB-1.jpg\" data-srcset=\"https:\/\/www.paisajesverticales.com\/WP\/wp-content\/uploads\/20160622-141247-WEB-1-200x133.jpg 200w, https:\/\/www.paisajesverticales.com\/WP\/wp-content\/uploads\/20160622-141247-WEB-1-400x267.jpg 400w, https:\/\/www.paisajesverticales.com\/WP\/wp-content\/uploads\/20160622-141247-WEB-1-600x400.jpg 600w, https:\/\/www.paisajesverticales.com\/WP\/wp-content\/uploads\/20160622-141247-WEB-1-800x533.jpg 800w, https:\/\/www.paisajesverticales.com\/WP\/wp-content\/uploads\/20160622-141247-WEB-1.jpg 1200w\" data-sizes=\"auto\" \/><div class=\"fusion-rollover\">\n\t<div class=\"fusion-rollover-content\">\n\n\t\t\t\t\t\t\t\t\t\t\n\t\t\t\t\t\t\t\t\t\t\t\t\t\t\n\t\t\t\t\t\t\t\t\n\t\t\t\t\t\t\t\t\n\t\t\t\t\t\t\t\t\t\t\t\t\t\t\t\t\t\t<a class=\"fusion-rollover-gallery\" href=\"https:\/\/www.paisajesverticales.com\/WP\/wp-content\/uploads\/20160622-141247-WEB-1.jpg\" data-options=\"\" data-id=\"15666\" data-rel=\"iLightbox[gallery15666]\" data-title=\"20160622-141247-WEB\" data-caption=\"\">\n\t\t\t\t\t\tGaler\u00eda\t\t\t\t\t<\/a>\n\t\t\t\t\t<div class=\"fusion-portfolio-gallery-hidden\"><a href=\"https:\/\/www.paisajesverticales.com\/WP\/wp-content\/uploads\/20160622-140602-WEB.jpg\" data-rel=\"iLightbox[gallery15666]\" title=\"20160622-140602-WEB\" data-title=\"20160622-140602-WEB\" data-caption=\"\"><\/a><a href=\"https:\/\/www.paisajesverticales.com\/WP\/wp-content\/uploads\/20160622-135952-WEB.jpg\" data-rel=\"iLightbox[gallery15666]\" title=\"20160622-135952-WEB\" data-title=\"20160622-135952-WEB\" data-caption=\"\"><\/a><\/div>\t\t\t\t\t\t\t\t\t\n\t\t\n\t\t\t\t\t\t\t\t\n\t\t\t\t\t\t\t\t\n\t\t\n\t\t\t\t\t\t<a class=\"fusion-link-wrapper\" href=\"https:\/\/www.paisajesverticales.com\/es\/fotografia-aerea-con-drones\/publicamos-en-la-revista-de-obras-publicas\/\" aria-label=\"Publicamos en la Revista de Obras P\u00fablicas\"><\/a>\n\t<\/div>\n<\/div>\n<\/div>\n<\/li>\n\t\t\t\n\t\t\t\n\t\t\t\t\t\t\t\t\t\t\t\n\t\t\t\t\t\n\t\t\t\t\t\t\t\t\t\t\t<li>\n\t\t\t\t\t\t\t<div class=\"fusion-image-wrapper\">\n\t\t\t\t\t\t\t\t<a href=\"https:\/\/www.paisajesverticales.com\/es\/fotografia-aerea-con-drones\/publicamos-en-la-revista-de-obras-publicas\/\" aria-label=\"Publicamos en la Revista de Obras P\u00fablicas\">\n\t\t\t\t\t\t\t\t\t<img decoding=\"async\" width=\"1200\" height=\"800\" src=\"https:\/\/www.paisajesverticales.com\/WP\/wp-content\/uploads\/20160622-140602-WEB.jpg\" data-orig-src=\"https:\/\/www.paisajesverticales.com\/WP\/wp-content\/uploads\/20160622-140602-WEB.jpg\" alt=\"\" class=\"lazyload wp-image-15663\" role=\"presentation\" srcset=\"data:image\/svg+xml,%3Csvg%20xmlns%3D%27http%3A%2F%2Fwww.w3.org%2F2000%2Fsvg%27%20width%3D%271200%27%20height%3D%27800%27%20viewBox%3D%270%200%201200%20800%27%3E%3Crect%20width%3D%271200%27%20height%3D%27800%27%20fill-opacity%3D%220%22%2F%3E%3C%2Fsvg%3E\" data-srcset=\"https:\/\/www.paisajesverticales.com\/WP\/wp-content\/uploads\/20160622-140602-WEB-200x133.jpg 200w, https:\/\/www.paisajesverticales.com\/WP\/wp-content\/uploads\/20160622-140602-WEB-400x267.jpg 400w, https:\/\/www.paisajesverticales.com\/WP\/wp-content\/uploads\/20160622-140602-WEB-600x400.jpg 600w, https:\/\/www.paisajesverticales.com\/WP\/wp-content\/uploads\/20160622-140602-WEB-800x533.jpg 800w, https:\/\/www.paisajesverticales.com\/WP\/wp-content\/uploads\/20160622-140602-WEB.jpg 1200w\" data-sizes=\"auto\" data-orig-sizes=\"(min-width: 2200px) 100vw, (min-width: 704px) 377px, (min-width: 672px) 565px, (min-width: 640px) 672px, \" \/>\t\t\t\t\t\t\t\t<\/a>\n\t\t\t\t\t\t\t\t<a style=\"display:none;\" href=\"https:\/\/www.paisajesverticales.com\/WP\/wp-content\/uploads\/20160622-140602-WEB.jpg\" data-rel=\"iLightbox[gallery15666]\"  title=\"\" data-title=\"20160622-140602-WEB\" data-caption=\"\">\n\t\t\t\t\t\t\t\t\t\t\t\t\t\t\t\t\t<\/a>\n\t\t\t\t\t\t\t<\/div>\n\t\t\t\t\t\t<\/li>\n\t\t\t\t\t\t\t\t\t\t\t\t\t\t\t\t\t\t\t\t\t\t\t\t\n\t\t\t\t\t\n\t\t\t\t\t\t\t\t\t\t\t<li>\n\t\t\t\t\t\t\t<div class=\"fusion-image-wrapper\">\n\t\t\t\t\t\t\t\t<a href=\"https:\/\/www.paisajesverticales.com\/es\/fotografia-aerea-con-drones\/publicamos-en-la-revista-de-obras-publicas\/\" aria-label=\"Publicamos en la Revista de Obras P\u00fablicas\">\n\t\t\t\t\t\t\t\t\t<img decoding=\"async\" width=\"1200\" height=\"800\" src=\"https:\/\/www.paisajesverticales.com\/WP\/wp-content\/uploads\/20160622-135952-WEB.jpg\" data-orig-src=\"https:\/\/www.paisajesverticales.com\/WP\/wp-content\/uploads\/20160622-135952-WEB.jpg\" alt=\"\" class=\"lazyload wp-image-15664\" role=\"presentation\" srcset=\"data:image\/svg+xml,%3Csvg%20xmlns%3D%27http%3A%2F%2Fwww.w3.org%2F2000%2Fsvg%27%20width%3D%271200%27%20height%3D%27800%27%20viewBox%3D%270%200%201200%20800%27%3E%3Crect%20width%3D%271200%27%20height%3D%27800%27%20fill-opacity%3D%220%22%2F%3E%3C%2Fsvg%3E\" data-srcset=\"https:\/\/www.paisajesverticales.com\/WP\/wp-content\/uploads\/20160622-135952-WEB-200x133.jpg 200w, https:\/\/www.paisajesverticales.com\/WP\/wp-content\/uploads\/20160622-135952-WEB-400x267.jpg 400w, https:\/\/www.paisajesverticales.com\/WP\/wp-content\/uploads\/20160622-135952-WEB-600x400.jpg 600w, https:\/\/www.paisajesverticales.com\/WP\/wp-content\/uploads\/20160622-135952-WEB-800x533.jpg 800w, https:\/\/www.paisajesverticales.com\/WP\/wp-content\/uploads\/20160622-135952-WEB.jpg 1200w\" data-sizes=\"auto\" data-orig-sizes=\"(min-width: 2200px) 100vw, (min-width: 704px) 377px, (min-width: 672px) 565px, (min-width: 640px) 672px, \" \/>\t\t\t\t\t\t\t\t<\/a>\n\t\t\t\t\t\t\t\t<a style=\"display:none;\" href=\"https:\/\/www.paisajesverticales.com\/WP\/wp-content\/uploads\/20160622-135952-WEB.jpg\" data-rel=\"iLightbox[gallery15666]\"  title=\"\" data-title=\"20160622-135952-WEB\" data-caption=\"\">\n\t\t\t\t\t\t\t\t\t\t\t\t\t\t\t\t\t<\/a>\n\t\t\t\t\t\t\t<\/div>\n\t\t\t\t\t\t<\/li>\n\t\t\t\t\t\t\t\t\t\t\t\t\t\t\t\t\t\t\t\t\t<\/ul>\n\t<\/div>\n\t<div class=\"fusion-post-content-wrapper\" style=\"padding:14px 14px 6px 16px;\"><div class=\"fusion-post-content post-content\"><h2 class=\"blog-shortcode-post-title\"><a href=\"https:\/\/www.paisajesverticales.com\/es\/fotografia-aerea-con-drones\/publicamos-en-la-revista-de-obras-publicas\/\">Publicamos en la Revista de Obras P\u00fablicas<\/a><\/h2><p class=\"fusion-single-line-meta\"><span class=\"updated\" style=\"display:none;\">2022-09-30T14:49:57+02:00<\/span><span>13 junio 2022<\/span><span class=\"fusion-inline-sep\">|<\/span><\/p><div class=\"fusion-content-sep sep-single sep-dashed\"><\/div><div class=\"fusion-post-content-container\">\n<p>Hoy publicamos en la <a href=\"https:\/\/www.revistadeobraspublicas.com\/articulos\/la-fuerza-del-diseno\/\" target=\"_blank\" rel=\"noopener\"><strong>Revista de Obras P\u00fablicas<\/strong><\/a>, que edita el Colegio de Ingenieros de Caminos, Canales<a href=\"https:\/\/www.paisajesverticales.com\/es\/fotografia-aerea-con-drones\/publicamos-en-la-revista-de-obras-publicas\/\">\u2026<\/a><\/p>\n<\/div><\/div><div class=\"fusion-meta-info\"><div class=\"fusion-alignleft\"><a class=\"fusion-read-more\" href=\"https:\/\/www.paisajesverticales.com\/es\/fotografia-aerea-con-drones\/publicamos-en-la-revista-de-obras-publicas\/\" aria-label=\"More on Publicamos en la Revista de Obras P\u00fablicas\">Read More<\/a><\/div><\/div><\/div><div class=\"fusion-clearfix\"><\/div><\/div>\n<\/article>\n<article id=\"blog-1-post-15687\" class=\"fusion-post-grid post-15687 post type-post status-publish format-standard has-post-thumbnail category-fotografia-aerea-con-drones category-video-aereo-con-drones category-video-aeri-amb-drons tag-barcelona-ca tag-barcelona-es tag-cataluna tag-catalunya tag-comarques-de-girona tag-comarques-de-girona-es tag-fotografia-aerea tag-fotografia-aeria tag-fotografia-aeria-es tag-fotografias-con-drones-es tag-fotografies-amb-drons tag-fotografies-drons tag-garrotxa-es tag-garrotxa-ca tag-girona-es tag-girona-ca tag-maresme-es tag-maresme-ca tag-observacio-amb-drons tag-observacio-amb-drons-es tag-observacion-con-drones tag-paisaje tag-paisatge-es tag-paisatge tag-provincia-de-girona tag-turismo\">\n<div class=\"fusion-post-wrapper\" style=\"background-color:rgba(255,235,59,0.03);border:1px solid #009eba;border-bottom-width:3px;\">\n\n\t\t\t<div class=\"fusion-flexslider flexslider fusion-flexslider-loading fusion-post-slideshow\" style=\"border-color:#009eba;\">\n\t\t<ul class=\"slides\">\n\t\t\t\n\t\t\t\t\t\t\t\t\t\t\t\t\t\t<li><div  class=\"fusion-image-wrapper\" aria-haspopup=\"true\">\n\t\t\t\t<img decoding=\"async\" width=\"1200\" height=\"799\" src=\"https:\/\/www.paisajesverticales.com\/WP\/wp-content\/uploads\/20190213-152230-WEB.jpg\" class=\"attachment-full size-full lazyload wp-post-image\" alt=\"\" srcset=\"data:image\/svg+xml,%3Csvg%20xmlns%3D%27http%3A%2F%2Fwww.w3.org%2F2000%2Fsvg%27%20width%3D%271200%27%20height%3D%27799%27%20viewBox%3D%270%200%201200%20799%27%3E%3Crect%20width%3D%271200%27%20height%3D%27799%27%20fill-opacity%3D%220%22%2F%3E%3C%2Fsvg%3E\" data-orig-src=\"https:\/\/www.paisajesverticales.com\/WP\/wp-content\/uploads\/20190213-152230-WEB.jpg\" data-srcset=\"https:\/\/www.paisajesverticales.com\/WP\/wp-content\/uploads\/20190213-152230-WEB-200x133.jpg 200w, https:\/\/www.paisajesverticales.com\/WP\/wp-content\/uploads\/20190213-152230-WEB-400x266.jpg 400w, https:\/\/www.paisajesverticales.com\/WP\/wp-content\/uploads\/20190213-152230-WEB-600x400.jpg 600w, https:\/\/www.paisajesverticales.com\/WP\/wp-content\/uploads\/20190213-152230-WEB-800x533.jpg 800w, https:\/\/www.paisajesverticales.com\/WP\/wp-content\/uploads\/20190213-152230-WEB.jpg 1200w\" data-sizes=\"auto\" \/><div class=\"fusion-rollover\">\n\t<div class=\"fusion-rollover-content\">\n\n\t\t\t\t\t\t\t\t\t\t\n\t\t\t\t\t\t\t\t\t\t\t\t\t\t\n\t\t\t\t\t\t\t\t\n\t\t\t\t\t\t\t\t\n\t\t\t\t\t\t\t\t\t\t\t\t\t\t\t\t\t\t<a class=\"fusion-rollover-gallery\" href=\"https:\/\/www.paisajesverticales.com\/WP\/wp-content\/uploads\/20190213-152230-WEB.jpg\" data-options=\"\" data-id=\"15687\" data-rel=\"iLightbox[gallery15687]\" data-title=\"20190213-152230-WEB\" data-caption=\"\">\n\t\t\t\t\t\tGaler\u00eda\t\t\t\t\t<\/a>\n\t\t\t\t\t<div class=\"fusion-portfolio-gallery-hidden\"><a href=\"https:\/\/www.paisajesverticales.com\/WP\/wp-content\/uploads\/20190213-152448-WEB.jpg\" data-rel=\"iLightbox[gallery15687]\" title=\"20190213-152448-WEB\" data-title=\"20190213-152448-WEB\" data-caption=\"\"><\/a><a href=\"https:\/\/www.paisajesverticales.com\/WP\/wp-content\/uploads\/20180731-152138-WEB.jpg\" data-rel=\"iLightbox[gallery15687]\" title=\"20180731-152138-WEB\" data-title=\"20180731-152138-WEB\" data-caption=\"\"><\/a><\/div>\t\t\t\t\t\t\t\t\t\n\t\t\n\t\t\t\t\t\t\t\t\n\t\t\t\t\t\t\t\t\n\t\t\n\t\t\t\t\t\t<a class=\"fusion-link-wrapper\" href=\"https:\/\/www.paisajesverticales.com\/es\/fotografia-aerea-con-drones\/participacion-en-el-15o-aniversario-del-observatori-del-paisatge\/\" aria-label=\"Participaci\u00f3n en el 15\u00ba aniversario del Observatori del Paisatge\"><\/a>\n\t<\/div>\n<\/div>\n<\/div>\n<\/li>\n\t\t\t\n\t\t\t\n\t\t\t\t\t\t\t\t\t\t\t\n\t\t\t\t\t\n\t\t\t\t\t\t\t\t\t\t\t<li>\n\t\t\t\t\t\t\t<div class=\"fusion-image-wrapper\">\n\t\t\t\t\t\t\t\t<a href=\"https:\/\/www.paisajesverticales.com\/es\/fotografia-aerea-con-drones\/participacion-en-el-15o-aniversario-del-observatori-del-paisatge\/\" aria-label=\"Participaci\u00f3n en el 15\u00ba aniversario del Observatori del Paisatge\">\n\t\t\t\t\t\t\t\t\t<img decoding=\"async\" width=\"1200\" height=\"800\" src=\"https:\/\/www.paisajesverticales.com\/WP\/wp-content\/uploads\/20190213-152448-WEB.jpg\" data-orig-src=\"https:\/\/www.paisajesverticales.com\/WP\/wp-content\/uploads\/20190213-152448-WEB.jpg\" alt=\"\" class=\"lazyload wp-image-15674\" role=\"presentation\" srcset=\"data:image\/svg+xml,%3Csvg%20xmlns%3D%27http%3A%2F%2Fwww.w3.org%2F2000%2Fsvg%27%20width%3D%271200%27%20height%3D%27800%27%20viewBox%3D%270%200%201200%20800%27%3E%3Crect%20width%3D%271200%27%20height%3D%27800%27%20fill-opacity%3D%220%22%2F%3E%3C%2Fsvg%3E\" data-srcset=\"https:\/\/www.paisajesverticales.com\/WP\/wp-content\/uploads\/20190213-152448-WEB-200x133.jpg 200w, https:\/\/www.paisajesverticales.com\/WP\/wp-content\/uploads\/20190213-152448-WEB-400x267.jpg 400w, https:\/\/www.paisajesverticales.com\/WP\/wp-content\/uploads\/20190213-152448-WEB-600x400.jpg 600w, https:\/\/www.paisajesverticales.com\/WP\/wp-content\/uploads\/20190213-152448-WEB-800x533.jpg 800w, https:\/\/www.paisajesverticales.com\/WP\/wp-content\/uploads\/20190213-152448-WEB.jpg 1200w\" data-sizes=\"auto\" data-orig-sizes=\"(min-width: 2200px) 100vw, (min-width: 704px) 377px, (min-width: 672px) 565px, (min-width: 640px) 672px, \" \/>\t\t\t\t\t\t\t\t<\/a>\n\t\t\t\t\t\t\t\t<a style=\"display:none;\" href=\"https:\/\/www.paisajesverticales.com\/WP\/wp-content\/uploads\/20190213-152448-WEB.jpg\" data-rel=\"iLightbox[gallery15687]\"  title=\"\" data-title=\"20190213-152448-WEB\" data-caption=\"\">\n\t\t\t\t\t\t\t\t\t\t\t\t\t\t\t\t\t<\/a>\n\t\t\t\t\t\t\t<\/div>\n\t\t\t\t\t\t<\/li>\n\t\t\t\t\t\t\t\t\t\t\t\t\t\t\t\t\t\t\t\t\t\t\t\t\n\t\t\t\t\t\n\t\t\t\t\t\t\t\t\t\t\t<li>\n\t\t\t\t\t\t\t<div class=\"fusion-image-wrapper\">\n\t\t\t\t\t\t\t\t<a href=\"https:\/\/www.paisajesverticales.com\/es\/fotografia-aerea-con-drones\/participacion-en-el-15o-aniversario-del-observatori-del-paisatge\/\" aria-label=\"Participaci\u00f3n en el 15\u00ba aniversario del Observatori del Paisatge\">\n\t\t\t\t\t\t\t\t\t<img decoding=\"async\" width=\"1200\" height=\"799\" src=\"https:\/\/www.paisajesverticales.com\/WP\/wp-content\/uploads\/20180731-152138-WEB.jpg\" data-orig-src=\"https:\/\/www.paisajesverticales.com\/WP\/wp-content\/uploads\/20180731-152138-WEB.jpg\" alt=\"\" class=\"lazyload wp-image-15680\" role=\"presentation\" srcset=\"data:image\/svg+xml,%3Csvg%20xmlns%3D%27http%3A%2F%2Fwww.w3.org%2F2000%2Fsvg%27%20width%3D%271200%27%20height%3D%27799%27%20viewBox%3D%270%200%201200%20799%27%3E%3Crect%20width%3D%271200%27%20height%3D%27799%27%20fill-opacity%3D%220%22%2F%3E%3C%2Fsvg%3E\" data-srcset=\"https:\/\/www.paisajesverticales.com\/WP\/wp-content\/uploads\/20180731-152138-WEB-200x133.jpg 200w, https:\/\/www.paisajesverticales.com\/WP\/wp-content\/uploads\/20180731-152138-WEB-400x266.jpg 400w, https:\/\/www.paisajesverticales.com\/WP\/wp-content\/uploads\/20180731-152138-WEB-600x400.jpg 600w, https:\/\/www.paisajesverticales.com\/WP\/wp-content\/uploads\/20180731-152138-WEB-800x533.jpg 800w, https:\/\/www.paisajesverticales.com\/WP\/wp-content\/uploads\/20180731-152138-WEB.jpg 1200w\" data-sizes=\"auto\" data-orig-sizes=\"(min-width: 2200px) 100vw, (min-width: 704px) 377px, (min-width: 672px) 565px, (min-width: 640px) 672px, \" \/>\t\t\t\t\t\t\t\t<\/a>\n\t\t\t\t\t\t\t\t<a style=\"display:none;\" href=\"https:\/\/www.paisajesverticales.com\/WP\/wp-content\/uploads\/20180731-152138-WEB.jpg\" data-rel=\"iLightbox[gallery15687]\"  title=\"\" data-title=\"20180731-152138-WEB\" data-caption=\"\">\n\t\t\t\t\t\t\t\t\t\t\t\t\t\t\t\t\t<\/a>\n\t\t\t\t\t\t\t<\/div>\n\t\t\t\t\t\t<\/li>\n\t\t\t\t\t\t\t\t\t\t\t\t\t\t\t\t\t\t\t\t\t<\/ul>\n\t<\/div>\n\t<div class=\"fusion-post-content-wrapper\" style=\"padding:14px 14px 6px 16px;\"><div class=\"fusion-post-content post-content\"><h2 class=\"blog-shortcode-post-title\"><a href=\"https:\/\/www.paisajesverticales.com\/es\/fotografia-aerea-con-drones\/participacion-en-el-15o-aniversario-del-observatori-del-paisatge\/\">Participaci\u00f3n en el 15\u00ba aniversario del Observatori del Paisatge<\/a><\/h2><p class=\"fusion-single-line-meta\"><span class=\"updated\" style=\"display:none;\">2022-09-30T15:43:24+02:00<\/span><span>20 enero 2021<\/span><span class=\"fusion-inline-sep\">|<\/span><\/p><div class=\"fusion-content-sep sep-single sep-dashed\"><\/div><div class=\"fusion-post-content-container\">\n<p>En esta tercera colaboraci\u00f3n con el <strong><a href=\"http:\/\/www.catpaisatge.net\" target=\"_blank\" rel=\"noopener noreferrer\">Observatori del Paisatge de Catalunya<\/a><\/strong> hemos publicado varias fotograf\u00edas a<a href=\"https:\/\/www.paisajesverticales.com\/es\/fotografia-aerea-con-drones\/participacion-en-el-15o-aniversario-del-observatori-del-paisatge\/\">\u2026<\/a><\/p>\n<\/div><\/div><div class=\"fusion-meta-info\"><div class=\"fusion-alignleft\"><a class=\"fusion-read-more\" href=\"https:\/\/www.paisajesverticales.com\/es\/fotografia-aerea-con-drones\/participacion-en-el-15o-aniversario-del-observatori-del-paisatge\/\" aria-label=\"More on Participaci\u00f3n en el 15\u00ba aniversario del Observatori del Paisatge\">Read More<\/a><\/div><\/div><\/div><div class=\"fusion-clearfix\"><\/div><\/div>\n<\/article>\n<article id=\"blog-1-post-11043\" class=\"fusion-post-grid post-11043 post type-post status-publish format-standard has-post-thumbnail category-fotografia-aerea-con-drones tag-baix-emporda-es tag-begur-es tag-costa-brava-es tag-emporda-es tag-fotografia-aerea tag-fotografias-con-drones-es tag-girona-es tag-industria-es tag-litoral-es tag-observacion-con-drones tag-paisaje tag-provincia-de-girona tag-urbanismo\">\n<div class=\"fusion-post-wrapper\" style=\"background-color:rgba(255,235,59,0.03);border:1px solid #009eba;border-bottom-width:3px;\">\n\n\t\t\t<div class=\"fusion-flexslider flexslider fusion-flexslider-loading fusion-post-slideshow\" style=\"border-color:#009eba;\">\n\t\t<ul class=\"slides\">\n\t\t\t\n\t\t\t\t\t\t\t\t\t\t\t\t\t\t<li><div  class=\"fusion-image-wrapper\" aria-haspopup=\"true\">\n\t\t\t\t<img decoding=\"async\" width=\"1200\" height=\"800\" src=\"https:\/\/www.paisajesverticales.com\/WP\/wp-content\/uploads\/article-sostenible-cat.jpg\" class=\"attachment-full size-full lazyload wp-post-image\" alt=\"\" srcset=\"data:image\/svg+xml,%3Csvg%20xmlns%3D%27http%3A%2F%2Fwww.w3.org%2F2000%2Fsvg%27%20width%3D%271200%27%20height%3D%27800%27%20viewBox%3D%270%200%201200%20800%27%3E%3Crect%20width%3D%271200%27%20height%3D%27800%27%20fill-opacity%3D%220%22%2F%3E%3C%2Fsvg%3E\" data-orig-src=\"https:\/\/www.paisajesverticales.com\/WP\/wp-content\/uploads\/article-sostenible-cat.jpg\" data-srcset=\"https:\/\/www.paisajesverticales.com\/WP\/wp-content\/uploads\/article-sostenible-cat-200x133.jpg 200w, https:\/\/www.paisajesverticales.com\/WP\/wp-content\/uploads\/article-sostenible-cat-400x267.jpg 400w, https:\/\/www.paisajesverticales.com\/WP\/wp-content\/uploads\/article-sostenible-cat-600x400.jpg 600w, https:\/\/www.paisajesverticales.com\/WP\/wp-content\/uploads\/article-sostenible-cat-800x533.jpg 800w, https:\/\/www.paisajesverticales.com\/WP\/wp-content\/uploads\/article-sostenible-cat.jpg 1200w\" data-sizes=\"auto\" \/><div class=\"fusion-rollover\">\n\t<div class=\"fusion-rollover-content\">\n\n\t\t\t\t\t\t\t\t\t\t\n\t\t\t\t\t\t\t\t\t\t\t\t\t\t\n\t\t\t\t\t\t\t\t\n\t\t\t\t\t\t\t\t\n\t\t\t\t\t\t\t\t\t\t\t\t\t\t\t\t\t\t<a class=\"fusion-rollover-gallery\" href=\"https:\/\/www.paisajesverticales.com\/WP\/wp-content\/uploads\/article-sostenible-cat.jpg\" data-options=\"\" data-id=\"11043\" data-rel=\"iLightbox[gallery11043]\" data-title=\"article-sostenible-cat\" data-caption=\"\">\n\t\t\t\t\t\tGaler\u00eda\t\t\t\t\t<\/a>\n\t\t\t\t\t<div class=\"fusion-portfolio-gallery-hidden\"><a href=\"https:\/\/www.paisajesverticales.com\/WP\/wp-content\/uploads\/20190113-151214-WEB.jpg\" data-rel=\"iLightbox[gallery11043]\" title=\"20190113-151214-WEB\" data-title=\"20190113-151214-WEB\" data-caption=\"\"><\/a><\/div>\t\t\t\t\t\t\t\t\t\n\t\t\n\t\t\t\t\t\t\t\t\n\t\t\t\t\t\t\t\t\n\t\t\n\t\t\t\t\t\t<a class=\"fusion-link-wrapper\" href=\"https:\/\/www.paisajesverticales.com\/es\/fotografia-aerea-con-drones\/publicamos-en-la-revista-sostenible-de-la-diputacion-de-barcelona\/\" aria-label=\"Publicamos en la revista Sostenible, de la Diputaci\u00f3n de Barcelona\"><\/a>\n\t<\/div>\n<\/div>\n<\/div>\n<\/li>\n\t\t\t\n\t\t\t\n\t\t\t\t\t\t\t\t\t\t\t\n\t\t\t\t\t\n\t\t\t\t\t\t\t\t\t\t\t<li>\n\t\t\t\t\t\t\t<div class=\"fusion-image-wrapper\">\n\t\t\t\t\t\t\t\t<a href=\"https:\/\/www.paisajesverticales.com\/es\/fotografia-aerea-con-drones\/publicamos-en-la-revista-sostenible-de-la-diputacion-de-barcelona\/\" aria-label=\"Publicamos en la revista Sostenible, de la Diputaci\u00f3n de Barcelona\">\n\t\t\t\t\t\t\t\t\t<img decoding=\"async\" width=\"1200\" height=\"800\" src=\"https:\/\/www.paisajesverticales.com\/WP\/wp-content\/uploads\/20190113-151214-WEB.jpg\" data-orig-src=\"https:\/\/www.paisajesverticales.com\/WP\/wp-content\/uploads\/20190113-151214-WEB.jpg\" alt=\"\" class=\"lazyload wp-image-11044\" role=\"presentation\" srcset=\"data:image\/svg+xml,%3Csvg%20xmlns%3D%27http%3A%2F%2Fwww.w3.org%2F2000%2Fsvg%27%20width%3D%271200%27%20height%3D%27800%27%20viewBox%3D%270%200%201200%20800%27%3E%3Crect%20width%3D%271200%27%20height%3D%27800%27%20fill-opacity%3D%220%22%2F%3E%3C%2Fsvg%3E\" data-srcset=\"https:\/\/www.paisajesverticales.com\/WP\/wp-content\/uploads\/20190113-151214-WEB-200x133.jpg 200w, https:\/\/www.paisajesverticales.com\/WP\/wp-content\/uploads\/20190113-151214-WEB-400x267.jpg 400w, https:\/\/www.paisajesverticales.com\/WP\/wp-content\/uploads\/20190113-151214-WEB-600x400.jpg 600w, https:\/\/www.paisajesverticales.com\/WP\/wp-content\/uploads\/20190113-151214-WEB-800x533.jpg 800w, https:\/\/www.paisajesverticales.com\/WP\/wp-content\/uploads\/20190113-151214-WEB.jpg 1200w\" data-sizes=\"auto\" data-orig-sizes=\"(min-width: 2200px) 100vw, (min-width: 704px) 377px, (min-width: 672px) 565px, (min-width: 640px) 672px, \" \/>\t\t\t\t\t\t\t\t<\/a>\n\t\t\t\t\t\t\t\t<a style=\"display:none;\" href=\"https:\/\/www.paisajesverticales.com\/WP\/wp-content\/uploads\/20190113-151214-WEB.jpg\" data-rel=\"iLightbox[gallery11043]\"  title=\"\" data-title=\"20190113-151214-WEB\" data-caption=\"\">\n\t\t\t\t\t\t\t\t\t\t\t\t\t\t\t\t\t<\/a>\n\t\t\t\t\t\t\t<\/div>\n\t\t\t\t\t\t<\/li>\n\t\t\t\t\t\t\t\t\t\t\t\t\t\t\t\t\t\t\t\t\t\t\t\t\t\t\t\t\t\t\t\t\t\t\t\t<\/ul>\n\t<\/div>\n\t<div class=\"fusion-post-content-wrapper\" style=\"padding:14px 14px 6px 16px;\"><div class=\"fusion-post-content post-content\"><h2 class=\"blog-shortcode-post-title\"><a href=\"https:\/\/www.paisajesverticales.com\/es\/fotografia-aerea-con-drones\/publicamos-en-la-revista-sostenible-de-la-diputacion-de-barcelona\/\">Publicamos en la revista Sostenible, de la Diputaci\u00f3n de Barcelona<\/a><\/h2><p class=\"fusion-single-line-meta\"><span class=\"updated\" style=\"display:none;\">2021-02-09T11:42:25+01:00<\/span><span>18 enero 2021<\/span><span class=\"fusion-inline-sep\">|<\/span><\/p><div class=\"fusion-content-sep sep-single sep-dashed\"><\/div><div class=\"fusion-post-content-container\">\n<p>Hoy publicamos en la revista <a href=\"https:\/\/www.sostenible.cat\/reportatge\/governanca-litoral-cap-a-un-canvi-de-paradigma\" target=\"_blank\" rel=\"noopener\"><strong>Sostenible<\/strong><\/a>,\u00a0que edita la Diputaci\u00f3n de Barcelona, una imagen a\u00e9rea que realizamos para<a href=\"https:\/\/www.paisajesverticales.com\/es\/fotografia-aerea-con-drones\/publicamos-en-la-revista-sostenible-de-la-diputacion-de-barcelona\/\">\u2026<\/a><\/p>\n<\/div><\/div><div class=\"fusion-meta-info\"><div class=\"fusion-alignleft\"><a class=\"fusion-read-more\" href=\"https:\/\/www.paisajesverticales.com\/es\/fotografia-aerea-con-drones\/publicamos-en-la-revista-sostenible-de-la-diputacion-de-barcelona\/\" aria-label=\"More on Publicamos en la revista Sostenible, de la Diputaci\u00f3n de Barcelona\">Read More<\/a><\/div><\/div><\/div><div class=\"fusion-clearfix\"><\/div><\/div>\n<\/article>\n<article id=\"blog-1-post-10028\" class=\"fusion-post-grid post-10028 post type-post status-publish format-standard has-post-thumbnail category-novedades-sobre-fotografia-y-video-aereo-con-drones tag-barcelona-es tag-fotografia-aerea tag-fotografias-con-drones-es tag-girona-es tag-provincia-de-girona tag-video-aereo tag-videos-drones\">\n<div class=\"fusion-post-wrapper\" style=\"background-color:rgba(255,235,59,0.03);border:1px solid #009eba;border-bottom-width:3px;\">\n\n\t\t\t<div class=\"fusion-flexslider flexslider fusion-flexslider-loading fusion-post-slideshow\" style=\"border-color:#009eba;\">\n\t\t<ul class=\"slides\">\n\t\t\t\n\t\t\t\t\t\t\t\t\t\t\t\t\t\t<li><div  class=\"fusion-image-wrapper\" aria-haspopup=\"true\">\n\t\t\t\t<img decoding=\"async\" width=\"1200\" height=\"800\" src=\"https:\/\/www.paisajesverticales.com\/WP\/wp-content\/uploads\/20180612PHT05620_original-scaled.jpg\" class=\"attachment-full size-full lazyload wp-post-image\" alt=\"\" srcset=\"data:image\/svg+xml,%3Csvg%20xmlns%3D%27http%3A%2F%2Fwww.w3.org%2F2000%2Fsvg%27%20width%3D%271200%27%20height%3D%27800%27%20viewBox%3D%270%200%201200%20800%27%3E%3Crect%20width%3D%271200%27%20height%3D%27800%27%20fill-opacity%3D%220%22%2F%3E%3C%2Fsvg%3E\" data-orig-src=\"https:\/\/www.paisajesverticales.com\/WP\/wp-content\/uploads\/20180612PHT05620_original-scaled.jpg\" data-srcset=\"https:\/\/www.paisajesverticales.com\/WP\/wp-content\/uploads\/20180612PHT05620_original-200x133.jpg 200w, https:\/\/www.paisajesverticales.com\/WP\/wp-content\/uploads\/20180612PHT05620_original-400x267.jpg 400w, https:\/\/www.paisajesverticales.com\/WP\/wp-content\/uploads\/20180612PHT05620_original-600x400.jpg 600w, https:\/\/www.paisajesverticales.com\/WP\/wp-content\/uploads\/20180612PHT05620_original-800x533.jpg 800w, https:\/\/www.paisajesverticales.com\/WP\/wp-content\/uploads\/20180612PHT05620_original-scaled.jpg 1200w\" data-sizes=\"auto\" \/><div class=\"fusion-rollover\">\n\t<div class=\"fusion-rollover-content\">\n\n\t\t\t\t\t\t\t\t\t\t\n\t\t\t\t\t\t\t\t\t\t\t\t\t\t\n\t\t\t\t\t\t\t\t\n\t\t\t\t\t\t\t\t\n\t\t\t\t\t\t\t\t\t\t\t\t\t\t\t\t\t\t<a class=\"fusion-rollover-gallery\" href=\"https:\/\/www.paisajesverticales.com\/WP\/wp-content\/uploads\/20180612PHT05620_original-scaled.jpg\" data-options=\"\" data-id=\"10028\" data-rel=\"iLightbox[gallery10028]\" data-title=\"\" data-caption=\"\">\n\t\t\t\t\t\tGaler\u00eda\t\t\t\t\t<\/a>\n\t\t\t\t\t<div class=\"fusion-portfolio-gallery-hidden\"><\/div>\t\t\t\t\t\t\t\t\t\n\t\t\n\t\t\t\t\t\t\t\t\n\t\t\t\t\t\t\t\t\n\t\t\n\t\t\t\t\t\t<a class=\"fusion-link-wrapper\" href=\"https:\/\/www.paisajesverticales.com\/es\/novedades-sobre-fotografia-y-video-aereo-con-drones\/empresas-catalanas-autorizadas-para-operaciones-especiales-con-drones\/\" aria-label=\"Empresas catalanas autorizadas para operaciones especiales con drones\"><\/a>\n\t<\/div>\n<\/div>\n<\/div>\n<\/li>\n\t\t\t\n\t\t\t\n\t\t\t\t\t\t\t\t\t\t\t\t\t\t\t\t\t\t\t\t\t\t\t\t\t\t\t\t\t\t\t\t\t\t\t\t\t\t<\/ul>\n\t<\/div>\n\t<div class=\"fusion-post-content-wrapper\" style=\"padding:14px 14px 6px 16px;\"><div class=\"fusion-post-content post-content\"><h2 class=\"blog-shortcode-post-title\"><a href=\"https:\/\/www.paisajesverticales.com\/es\/novedades-sobre-fotografia-y-video-aereo-con-drones\/empresas-catalanas-autorizadas-para-operaciones-especiales-con-drones\/\">Empresas catalanas autorizadas para operaciones especiales con drones<\/a><\/h2><p class=\"fusion-single-line-meta\"><span class=\"updated\" style=\"display:none;\">2020-12-19T14:17:49+01:00<\/span><span>7 diciembre 2020<\/span><span class=\"fusion-inline-sep\">|<\/span><\/p><div class=\"fusion-content-sep sep-single sep-dashed\"><\/div><div class=\"fusion-post-content-container\">\n<p><strong>En Girona, una \u00fanica empresa est\u00e1 autorizada a realizar fotograf\u00edas a\u00e9reas en entorno urbano o cerca de aeropuertos: Paisajes Verticales<span href=\"https:\/\/www.paisajesverticales.com\/es\/novedades-sobre-fotografia-y-video-aereo-con-drones\/empresas-catalanas-autorizadas-para-operaciones-especiales-con-drones\/\">\u2026<\/span><\/strong><\/p>\n<\/div><\/div><div class=\"fusion-meta-info\"><div class=\"fusion-alignleft\"><a class=\"fusion-read-more\" href=\"https:\/\/www.paisajesverticales.com\/es\/novedades-sobre-fotografia-y-video-aereo-con-drones\/empresas-catalanas-autorizadas-para-operaciones-especiales-con-drones\/\" aria-label=\"More on Empresas catalanas autorizadas para operaciones especiales con drones\">Read More<\/a><\/div><\/div><\/div><div class=\"fusion-clearfix\"><\/div><\/div>\n<\/article>\n<article id=\"blog-1-post-9730\" class=\"fusion-post-grid post-9730 post type-post status-publish format-standard has-post-thumbnail category-fotografia-aerea-con-drones category-novedades-sobre-fotografia-y-video-aereo-con-drones category-video-aereo-con-drones tag-barcelona-es tag-fotografia-aerea tag-fotografias-con-drones-es tag-girona-es tag-industria-es tag-inmobiliaria tag-observacion-con-drones tag-provincia-de-girona tag-urbanismo tag-video-aereo tag-videos-drones\">\n<div class=\"fusion-post-wrapper\" style=\"background-color:rgba(255,235,59,0.03);border:1px solid #009eba;border-bottom-width:3px;\">\n\n\t\t\t<div class=\"fusion-flexslider flexslider fusion-flexslider-loading fusion-post-slideshow\" style=\"border-color:#009eba;\">\n\t\t<ul class=\"slides\">\n\t\t\t\n\t\t\t\t\t\t\t\t\t\t\t\t\t\t<li><div  class=\"fusion-image-wrapper\" aria-haspopup=\"true\">\n\t\t\t\t<img decoding=\"async\" width=\"1024\" height=\"678\" src=\"https:\/\/www.paisajesverticales.com\/WP\/wp-content\/uploads\/r0_20_4500_3000_w1200_h678_fmax.jpg\" class=\"attachment-full size-full lazyload wp-post-image\" alt=\"\" srcset=\"data:image\/svg+xml,%3Csvg%20xmlns%3D%27http%3A%2F%2Fwww.w3.org%2F2000%2Fsvg%27%20width%3D%271024%27%20height%3D%27678%27%20viewBox%3D%270%200%201024%20678%27%3E%3Crect%20width%3D%271024%27%20height%3D%27678%27%20fill-opacity%3D%220%22%2F%3E%3C%2Fsvg%3E\" data-orig-src=\"https:\/\/www.paisajesverticales.com\/WP\/wp-content\/uploads\/r0_20_4500_3000_w1200_h678_fmax.jpg\" data-srcset=\"https:\/\/www.paisajesverticales.com\/WP\/wp-content\/uploads\/r0_20_4500_3000_w1200_h678_fmax-200x132.jpg 200w, https:\/\/www.paisajesverticales.com\/WP\/wp-content\/uploads\/r0_20_4500_3000_w1200_h678_fmax-400x265.jpg 400w, https:\/\/www.paisajesverticales.com\/WP\/wp-content\/uploads\/r0_20_4500_3000_w1200_h678_fmax-600x397.jpg 600w, https:\/\/www.paisajesverticales.com\/WP\/wp-content\/uploads\/r0_20_4500_3000_w1200_h678_fmax-800x530.jpg 800w, https:\/\/www.paisajesverticales.com\/WP\/wp-content\/uploads\/r0_20_4500_3000_w1200_h678_fmax.jpg 1024w\" data-sizes=\"auto\" \/><div class=\"fusion-rollover\">\n\t<div class=\"fusion-rollover-content\">\n\n\t\t\t\t\t\t\t\t\t\t\n\t\t\t\t\t\t\t\t\t\t\t\t\t\t\n\t\t\t\t\t\t\t\t\n\t\t\t\t\t\t\t\t\n\t\t\t\t\t\t\t\t\t\t\t\t\t\t\t\t\t\t<a class=\"fusion-rollover-gallery\" href=\"https:\/\/www.paisajesverticales.com\/WP\/wp-content\/uploads\/r0_20_4500_3000_w1200_h678_fmax.jpg\" data-options=\"\" data-id=\"9730\" data-rel=\"iLightbox[gallery9730]\" data-title=\"\" data-caption=\"\">\n\t\t\t\t\t\tGaler\u00eda\t\t\t\t\t<\/a>\n\t\t\t\t\t<div class=\"fusion-portfolio-gallery-hidden\"><\/div>\t\t\t\t\t\t\t\t\t\n\t\t\n\t\t\t\t\t\t\t\t\n\t\t\t\t\t\t\t\t\n\t\t\n\t\t\t\t\t\t<a class=\"fusion-link-wrapper\" href=\"https:\/\/www.paisajesverticales.com\/es\/novedades-sobre-fotografia-y-video-aereo-con-drones\/paisajes-verticales-primera-empresa-de-girona-autorizada-para-volar-en-ciudad-y-en-las-cercanias-de-aeropuertos\/\" aria-label=\"Paisajes Verticales, primera empresa de Girona autorizada para volar en ciudad y en las cercan\u00edas de aeropuertos\"><\/a>\n\t<\/div>\n<\/div>\n<\/div>\n<\/li>\n\t\t\t\n\t\t\t\n\t\t\t\t\t\t\t\t\t\t\t\t\t\t\t\t\t\t\t\t\t\t\t\t\t\t\t\t\t\t\t\t\t\t\t\t\t\t<\/ul>\n\t<\/div>\n\t<div class=\"fusion-post-content-wrapper\" style=\"padding:14px 14px 6px 16px;\"><div class=\"fusion-post-content post-content\"><h2 class=\"blog-shortcode-post-title\"><a href=\"https:\/\/www.paisajesverticales.com\/es\/novedades-sobre-fotografia-y-video-aereo-con-drones\/paisajes-verticales-primera-empresa-de-girona-autorizada-para-volar-en-ciudad-y-en-las-cercanias-de-aeropuertos\/\">Paisajes Verticales, primera empresa de Girona autorizada para volar en ciudad y en las cercan\u00edas de aeropuertos<\/a><\/h2><p class=\"fusion-single-line-meta\"><span class=\"updated\" style=\"display:none;\">2020-12-19T14:15:55+01:00<\/span><span>21 noviembre 2020<\/span><span class=\"fusion-inline-sep\">|<\/span><\/p><div class=\"fusion-content-sep sep-single sep-dashed\"><\/div><div class=\"fusion-post-content-container\">\n<p><strong>Paisajes Verticales<span style=\"font-size: 8pt;\"><sup>\u00ae<\/sup><\/span>, primera y \u00fanica empresa de la provincia Girona, y una de las 12 de toda Catalunya,\u00a0en<a href=\"https:\/\/www.paisajesverticales.com\/es\/novedades-sobre-fotografia-y-video-aereo-con-drones\/paisajes-verticales-primera-empresa-de-girona-autorizada-para-volar-en-ciudad-y-en-las-cercanias-de-aeropuertos\/\">\u2026<\/a><\/strong><\/p>\n<\/div><\/div><div class=\"fusion-meta-info\"><div class=\"fusion-alignleft\"><a class=\"fusion-read-more\" href=\"https:\/\/www.paisajesverticales.com\/es\/novedades-sobre-fotografia-y-video-aereo-con-drones\/paisajes-verticales-primera-empresa-de-girona-autorizada-para-volar-en-ciudad-y-en-las-cercanias-de-aeropuertos\/\" aria-label=\"More on Paisajes Verticales, primera empresa de Girona autorizada para volar en ciudad y en las cercan\u00edas de aeropuertos\">Read More<\/a><\/div><\/div><\/div><div class=\"fusion-clearfix\"><\/div><\/div>\n<\/article>\n<article id=\"blog-1-post-9067\" class=\"fusion-post-grid post-9067 post type-post status-publish format-standard has-post-thumbnail category-fotografia-aerea-con-drones tag-arquitectura-es tag-baix-emporda-es tag-begur-es tag-calella-de-palafrugell-es tag-calonge tag-costa-brava-es tag-emporda-es tag-fotografia-aerea tag-fotografias-con-drones-es tag-inmobiliaria tag-litoral-es tag-platja-daro-es tag-provincia-de-girona tag-sant-feliu-de-guixols-es tag-sant-pol-es tag-santa-cristina-daro-es tag-sagaro-es\">\n<div class=\"fusion-post-wrapper\" style=\"background-color:rgba(255,235,59,0.03);border:1px solid #009eba;border-bottom-width:3px;\">\n\n\t\t\t<div class=\"fusion-flexslider flexslider fusion-flexslider-loading fusion-post-slideshow\" style=\"border-color:#009eba;\">\n\t\t<ul class=\"slides\">\n\t\t\t\n\t\t\t\t\t\t\t\t\t\t\t\t\t\t<li><div  class=\"fusion-image-wrapper\" aria-haspopup=\"true\">\n\t\t\t\t<img decoding=\"async\" width=\"1200\" height=\"800\" src=\"https:\/\/www.paisajesverticales.com\/WP\/wp-content\/uploads\/20200626-133930-WEB.jpg\" class=\"attachment-full size-full lazyload wp-post-image\" alt=\"\" srcset=\"data:image\/svg+xml,%3Csvg%20xmlns%3D%27http%3A%2F%2Fwww.w3.org%2F2000%2Fsvg%27%20width%3D%271200%27%20height%3D%27800%27%20viewBox%3D%270%200%201200%20800%27%3E%3Crect%20width%3D%271200%27%20height%3D%27800%27%20fill-opacity%3D%220%22%2F%3E%3C%2Fsvg%3E\" data-orig-src=\"https:\/\/www.paisajesverticales.com\/WP\/wp-content\/uploads\/20200626-133930-WEB.jpg\" data-srcset=\"https:\/\/www.paisajesverticales.com\/WP\/wp-content\/uploads\/20200626-133930-WEB-200x133.jpg 200w, https:\/\/www.paisajesverticales.com\/WP\/wp-content\/uploads\/20200626-133930-WEB-400x267.jpg 400w, https:\/\/www.paisajesverticales.com\/WP\/wp-content\/uploads\/20200626-133930-WEB-600x400.jpg 600w, https:\/\/www.paisajesverticales.com\/WP\/wp-content\/uploads\/20200626-133930-WEB-800x533.jpg 800w, https:\/\/www.paisajesverticales.com\/WP\/wp-content\/uploads\/20200626-133930-WEB.jpg 1200w\" data-sizes=\"auto\" \/><div class=\"fusion-rollover\">\n\t<div class=\"fusion-rollover-content\">\n\n\t\t\t\t\t\t\t\t\t\t\n\t\t\t\t\t\t\t\t\t\t\t\t\t\t\n\t\t\t\t\t\t\t\t\n\t\t\t\t\t\t\t\t\n\t\t\t\t\t\t\t\t\t\t\t\t\t\t\t\t\t\t<a class=\"fusion-rollover-gallery\" href=\"https:\/\/www.paisajesverticales.com\/WP\/wp-content\/uploads\/20200626-133930-WEB.jpg\" data-options=\"\" data-id=\"9067\" data-rel=\"iLightbox[gallery9067]\" data-title=\"20200626-133930-WEB\" data-caption=\"\">\n\t\t\t\t\t\tGaler\u00eda\t\t\t\t\t<\/a>\n\t\t\t\t\t<div class=\"fusion-portfolio-gallery-hidden\"><a href=\"https:\/\/www.paisajesverticales.com\/WP\/wp-content\/uploads\/20200626-165801-WEB.jpg\" data-rel=\"iLightbox[gallery9067]\" title=\"20200626-165801-WEB\" data-title=\"20200626-165801-WEB\" data-caption=\"\"><\/a><a href=\"https:\/\/www.paisajesverticales.com\/WP\/wp-content\/uploads\/20200626-134105-WEB.jpg\" data-rel=\"iLightbox[gallery9067]\" title=\"20200626-134105-WEB\" data-title=\"20200626-134105-WEB\" data-caption=\"\"><\/a><\/div>\t\t\t\t\t\t\t\t\t\n\t\t\n\t\t\t\t\t\t\t\t\n\t\t\t\t\t\t\t\t\n\t\t\n\t\t\t\t\t\t<a class=\"fusion-link-wrapper\" href=\"https:\/\/www.paisajesverticales.com\/es\/fotografia-aerea-con-drones\/colaboracion-regular-con-la-inmobiliaria-lucas-fox\/\" aria-label=\"Colaboraci\u00f3n regular con la inmobiliaria Lucas Fox\"><\/a>\n\t<\/div>\n<\/div>\n<\/div>\n<\/li>\n\t\t\t\n\t\t\t\n\t\t\t\t\t\t\t\t\t\t\t\n\t\t\t\t\t\n\t\t\t\t\t\t\t\t\t\t\t<li>\n\t\t\t\t\t\t\t<div class=\"fusion-image-wrapper\">\n\t\t\t\t\t\t\t\t<a href=\"https:\/\/www.paisajesverticales.com\/es\/fotografia-aerea-con-drones\/colaboracion-regular-con-la-inmobiliaria-lucas-fox\/\" aria-label=\"Colaboraci\u00f3n regular con la inmobiliaria Lucas Fox\">\n\t\t\t\t\t\t\t\t\t<img decoding=\"async\" width=\"1200\" height=\"800\" src=\"https:\/\/www.paisajesverticales.com\/WP\/wp-content\/uploads\/20200626-165801-WEB.jpg\" data-orig-src=\"https:\/\/www.paisajesverticales.com\/WP\/wp-content\/uploads\/20200626-165801-WEB.jpg\" alt=\"\" class=\"lazyload wp-image-9897\" role=\"presentation\" srcset=\"data:image\/svg+xml,%3Csvg%20xmlns%3D%27http%3A%2F%2Fwww.w3.org%2F2000%2Fsvg%27%20width%3D%271200%27%20height%3D%27800%27%20viewBox%3D%270%200%201200%20800%27%3E%3Crect%20width%3D%271200%27%20height%3D%27800%27%20fill-opacity%3D%220%22%2F%3E%3C%2Fsvg%3E\" data-srcset=\"https:\/\/www.paisajesverticales.com\/WP\/wp-content\/uploads\/20200626-165801-WEB-200x133.jpg 200w, https:\/\/www.paisajesverticales.com\/WP\/wp-content\/uploads\/20200626-165801-WEB-400x267.jpg 400w, https:\/\/www.paisajesverticales.com\/WP\/wp-content\/uploads\/20200626-165801-WEB-600x400.jpg 600w, https:\/\/www.paisajesverticales.com\/WP\/wp-content\/uploads\/20200626-165801-WEB-800x533.jpg 800w, https:\/\/www.paisajesverticales.com\/WP\/wp-content\/uploads\/20200626-165801-WEB.jpg 1200w\" data-sizes=\"auto\" data-orig-sizes=\"(min-width: 2200px) 100vw, (min-width: 704px) 377px, (min-width: 672px) 565px, (min-width: 640px) 672px, \" \/>\t\t\t\t\t\t\t\t<\/a>\n\t\t\t\t\t\t\t\t<a style=\"display:none;\" href=\"https:\/\/www.paisajesverticales.com\/WP\/wp-content\/uploads\/20200626-165801-WEB.jpg\" data-rel=\"iLightbox[gallery9067]\"  title=\"\" data-title=\"20200626-165801-WEB\" data-caption=\"\">\n\t\t\t\t\t\t\t\t\t\t\t\t\t\t\t\t\t<\/a>\n\t\t\t\t\t\t\t<\/div>\n\t\t\t\t\t\t<\/li>\n\t\t\t\t\t\t\t\t\t\t\t\t\t\t\t\t\t\t\t\t\t\t\t\t\n\t\t\t\t\t\n\t\t\t\t\t\t\t\t\t\t\t<li>\n\t\t\t\t\t\t\t<div class=\"fusion-image-wrapper\">\n\t\t\t\t\t\t\t\t<a href=\"https:\/\/www.paisajesverticales.com\/es\/fotografia-aerea-con-drones\/colaboracion-regular-con-la-inmobiliaria-lucas-fox\/\" aria-label=\"Colaboraci\u00f3n regular con la inmobiliaria Lucas Fox\">\n\t\t\t\t\t\t\t\t\t<img decoding=\"async\" width=\"1200\" height=\"800\" src=\"https:\/\/www.paisajesverticales.com\/WP\/wp-content\/uploads\/20200626-134105-WEB.jpg\" data-orig-src=\"https:\/\/www.paisajesverticales.com\/WP\/wp-content\/uploads\/20200626-134105-WEB.jpg\" alt=\"\" class=\"lazyload wp-image-9894\" role=\"presentation\" srcset=\"data:image\/svg+xml,%3Csvg%20xmlns%3D%27http%3A%2F%2Fwww.w3.org%2F2000%2Fsvg%27%20width%3D%271200%27%20height%3D%27800%27%20viewBox%3D%270%200%201200%20800%27%3E%3Crect%20width%3D%271200%27%20height%3D%27800%27%20fill-opacity%3D%220%22%2F%3E%3C%2Fsvg%3E\" data-srcset=\"https:\/\/www.paisajesverticales.com\/WP\/wp-content\/uploads\/20200626-134105-WEB-200x133.jpg 200w, https:\/\/www.paisajesverticales.com\/WP\/wp-content\/uploads\/20200626-134105-WEB-400x267.jpg 400w, https:\/\/www.paisajesverticales.com\/WP\/wp-content\/uploads\/20200626-134105-WEB-600x400.jpg 600w, https:\/\/www.paisajesverticales.com\/WP\/wp-content\/uploads\/20200626-134105-WEB-800x533.jpg 800w, https:\/\/www.paisajesverticales.com\/WP\/wp-content\/uploads\/20200626-134105-WEB.jpg 1200w\" data-sizes=\"auto\" data-orig-sizes=\"(min-width: 2200px) 100vw, (min-width: 704px) 377px, (min-width: 672px) 565px, (min-width: 640px) 672px, \" \/>\t\t\t\t\t\t\t\t<\/a>\n\t\t\t\t\t\t\t\t<a style=\"display:none;\" href=\"https:\/\/www.paisajesverticales.com\/WP\/wp-content\/uploads\/20200626-134105-WEB.jpg\" data-rel=\"iLightbox[gallery9067]\"  title=\"\" data-title=\"20200626-134105-WEB\" data-caption=\"\">\n\t\t\t\t\t\t\t\t\t\t\t\t\t\t\t\t\t<\/a>\n\t\t\t\t\t\t\t<\/div>\n\t\t\t\t\t\t<\/li>\n\t\t\t\t\t\t\t\t\t\t\t\t\t\t\t\t\t\t\t\t\t<\/ul>\n\t<\/div>\n\t<div class=\"fusion-post-content-wrapper\" style=\"padding:14px 14px 6px 16px;\"><div class=\"fusion-post-content post-content\"><h2 class=\"blog-shortcode-post-title\"><a href=\"https:\/\/www.paisajesverticales.com\/es\/fotografia-aerea-con-drones\/colaboracion-regular-con-la-inmobiliaria-lucas-fox\/\">Colaboraci\u00f3n regular con la inmobiliaria Lucas Fox<\/a><\/h2><p class=\"fusion-single-line-meta\"><span class=\"updated\" style=\"display:none;\">2020-09-02T19:05:40+02:00<\/span><span>2 septiembre 2020<\/span><span class=\"fusion-inline-sep\">|<\/span><\/p><div class=\"fusion-content-sep sep-single sep-dashed\"><\/div><div class=\"fusion-post-content-container\">\n<p>Desde hace unas semanas tenemos cerrado un acuerdo con la gran empresa inmobiliaria <a href=\"https:\/\/www.lucasfox.cat\" target=\"_blank\" rel=\"noopener noreferrer\">Lucas Fox<\/a> para<a href=\"https:\/\/www.paisajesverticales.com\/es\/fotografia-aerea-con-drones\/colaboracion-regular-con-la-inmobiliaria-lucas-fox\/\">\u2026<\/a><\/p>\n<\/div><\/div><div class=\"fusion-meta-info\"><div class=\"fusion-alignleft\"><a class=\"fusion-read-more\" href=\"https:\/\/www.paisajesverticales.com\/es\/fotografia-aerea-con-drones\/colaboracion-regular-con-la-inmobiliaria-lucas-fox\/\" aria-label=\"More on Colaboraci\u00f3n regular con la inmobiliaria Lucas Fox\">Read More<\/a><\/div><\/div><\/div><div class=\"fusion-clearfix\"><\/div><\/div>\n<\/article>\n<article id=\"blog-1-post-9586\" class=\"fusion-post-grid post-9586 post type-post status-publish format-standard has-post-thumbnail category-fotografia-aerea-con-drones tag-baix-emporda-es tag-costa-brava-es tag-emporda-es tag-fotografia-aerea tag-fotografias-con-drones-es tag-girona-es tag-industria-es tag-observacion-con-drones tag-paisaje tag-provincia-de-girona tag-santa-cristina-daro-es tag-urbanismo\">\n<div class=\"fusion-post-wrapper\" style=\"background-color:rgba(255,235,59,0.03);border:1px solid #009eba;border-bottom-width:3px;\">\n\n\t\t\t<div class=\"fusion-flexslider flexslider fusion-flexslider-loading fusion-post-slideshow\" style=\"border-color:#009eba;\">\n\t\t<ul class=\"slides\">\n\t\t\t\n\t\t\t\t\t\t\t\t\t\t\t\t\t\t<li><div  class=\"fusion-image-wrapper\" aria-haspopup=\"true\">\n\t\t\t\t<img decoding=\"async\" width=\"1200\" height=\"800\" src=\"https:\/\/www.paisajesverticales.com\/WP\/wp-content\/uploads\/eldiarioes.jpg\" class=\"attachment-full size-full lazyload wp-post-image\" alt=\"\" srcset=\"data:image\/svg+xml,%3Csvg%20xmlns%3D%27http%3A%2F%2Fwww.w3.org%2F2000%2Fsvg%27%20width%3D%271200%27%20height%3D%27800%27%20viewBox%3D%270%200%201200%20800%27%3E%3Crect%20width%3D%271200%27%20height%3D%27800%27%20fill-opacity%3D%220%22%2F%3E%3C%2Fsvg%3E\" data-orig-src=\"https:\/\/www.paisajesverticales.com\/WP\/wp-content\/uploads\/eldiarioes.jpg\" data-srcset=\"https:\/\/www.paisajesverticales.com\/WP\/wp-content\/uploads\/eldiarioes-200x133.jpg 200w, https:\/\/www.paisajesverticales.com\/WP\/wp-content\/uploads\/eldiarioes-400x267.jpg 400w, https:\/\/www.paisajesverticales.com\/WP\/wp-content\/uploads\/eldiarioes-600x400.jpg 600w, https:\/\/www.paisajesverticales.com\/WP\/wp-content\/uploads\/eldiarioes-800x533.jpg 800w, https:\/\/www.paisajesverticales.com\/WP\/wp-content\/uploads\/eldiarioes.jpg 1200w\" data-sizes=\"auto\" \/><div class=\"fusion-rollover\">\n\t<div class=\"fusion-rollover-content\">\n\n\t\t\t\t\t\t\t\t\t\t\n\t\t\t\t\t\t\t\t\t\t\t\t\t\t\n\t\t\t\t\t\t\t\t\n\t\t\t\t\t\t\t\t\n\t\t\t\t\t\t\t\t\t\t\t\t\t\t\t\t\t\t<a class=\"fusion-rollover-gallery\" href=\"https:\/\/www.paisajesverticales.com\/WP\/wp-content\/uploads\/eldiarioes.jpg\" data-options=\"\" data-id=\"9586\" data-rel=\"iLightbox[gallery9586]\" data-title=\"eldiarioes\" data-caption=\"\">\n\t\t\t\t\t\tGaler\u00eda\t\t\t\t\t<\/a>\n\t\t\t\t\t<div class=\"fusion-portfolio-gallery-hidden\"><a href=\"https:\/\/www.paisajesverticales.com\/WP\/wp-content\/uploads\/20190228-155309-WEB.jpg\" data-rel=\"iLightbox[gallery9586]\" title=\"20190228-155309-WEB\" data-title=\"20190228-155309-WEB\" data-caption=\"\"><\/a><a href=\"https:\/\/www.paisajesverticales.com\/WP\/wp-content\/uploads\/20190228-161055-WEB.jpg\" data-rel=\"iLightbox[gallery9586]\" title=\"20190228-161055-WEB\" data-title=\"20190228-161055-WEB\" data-caption=\"\"><\/a><\/div>\t\t\t\t\t\t\t\t\t\n\t\t\n\t\t\t\t\t\t\t\t\n\t\t\t\t\t\t\t\t\n\t\t\n\t\t\t\t\t\t<a class=\"fusion-link-wrapper\" href=\"https:\/\/www.paisajesverticales.com\/es\/fotografia-aerea-con-drones\/publicamos-en-eldiario-es\/\" aria-label=\"Publicamos en eldiario.es\"><\/a>\n\t<\/div>\n<\/div>\n<\/div>\n<\/li>\n\t\t\t\n\t\t\t\n\t\t\t\t\t\t\t\t\t\t\t\n\t\t\t\t\t\n\t\t\t\t\t\t\t\t\t\t\t<li>\n\t\t\t\t\t\t\t<div class=\"fusion-image-wrapper\">\n\t\t\t\t\t\t\t\t<a href=\"https:\/\/www.paisajesverticales.com\/es\/fotografia-aerea-con-drones\/publicamos-en-eldiario-es\/\" aria-label=\"Publicamos en eldiario.es\">\n\t\t\t\t\t\t\t\t\t<img decoding=\"async\" width=\"1200\" height=\"799\" src=\"https:\/\/www.paisajesverticales.com\/WP\/wp-content\/uploads\/20190228-155309-WEB.jpg\" data-orig-src=\"https:\/\/www.paisajesverticales.com\/WP\/wp-content\/uploads\/20190228-155309-WEB.jpg\" alt=\"\" class=\"lazyload wp-image-9589\" role=\"presentation\" srcset=\"data:image\/svg+xml,%3Csvg%20xmlns%3D%27http%3A%2F%2Fwww.w3.org%2F2000%2Fsvg%27%20width%3D%271200%27%20height%3D%27799%27%20viewBox%3D%270%200%201200%20799%27%3E%3Crect%20width%3D%271200%27%20height%3D%27799%27%20fill-opacity%3D%220%22%2F%3E%3C%2Fsvg%3E\" data-srcset=\"https:\/\/www.paisajesverticales.com\/WP\/wp-content\/uploads\/20190228-155309-WEB-200x133.jpg 200w, https:\/\/www.paisajesverticales.com\/WP\/wp-content\/uploads\/20190228-155309-WEB-400x266.jpg 400w, https:\/\/www.paisajesverticales.com\/WP\/wp-content\/uploads\/20190228-155309-WEB-600x400.jpg 600w, https:\/\/www.paisajesverticales.com\/WP\/wp-content\/uploads\/20190228-155309-WEB-800x533.jpg 800w, https:\/\/www.paisajesverticales.com\/WP\/wp-content\/uploads\/20190228-155309-WEB.jpg 1200w\" data-sizes=\"auto\" data-orig-sizes=\"(min-width: 2200px) 100vw, (min-width: 704px) 377px, (min-width: 672px) 565px, (min-width: 640px) 672px, \" \/>\t\t\t\t\t\t\t\t<\/a>\n\t\t\t\t\t\t\t\t<a style=\"display:none;\" href=\"https:\/\/www.paisajesverticales.com\/WP\/wp-content\/uploads\/20190228-155309-WEB.jpg\" data-rel=\"iLightbox[gallery9586]\"  title=\"\" data-title=\"20190228-155309-WEB\" data-caption=\"\">\n\t\t\t\t\t\t\t\t\t\t\t\t\t\t\t\t\t<\/a>\n\t\t\t\t\t\t\t<\/div>\n\t\t\t\t\t\t<\/li>\n\t\t\t\t\t\t\t\t\t\t\t\t\t\t\t\t\t\t\t\t\t\t\t\t\n\t\t\t\t\t\n\t\t\t\t\t\t\t\t\t\t\t<li>\n\t\t\t\t\t\t\t<div class=\"fusion-image-wrapper\">\n\t\t\t\t\t\t\t\t<a href=\"https:\/\/www.paisajesverticales.com\/es\/fotografia-aerea-con-drones\/publicamos-en-eldiario-es\/\" aria-label=\"Publicamos en eldiario.es\">\n\t\t\t\t\t\t\t\t\t<img decoding=\"async\" width=\"1200\" height=\"799\" src=\"https:\/\/www.paisajesverticales.com\/WP\/wp-content\/uploads\/20190228-161055-WEB.jpg\" data-orig-src=\"https:\/\/www.paisajesverticales.com\/WP\/wp-content\/uploads\/20190228-161055-WEB.jpg\" alt=\"\" class=\"lazyload wp-image-9590\" role=\"presentation\" srcset=\"data:image\/svg+xml,%3Csvg%20xmlns%3D%27http%3A%2F%2Fwww.w3.org%2F2000%2Fsvg%27%20width%3D%271200%27%20height%3D%27799%27%20viewBox%3D%270%200%201200%20799%27%3E%3Crect%20width%3D%271200%27%20height%3D%27799%27%20fill-opacity%3D%220%22%2F%3E%3C%2Fsvg%3E\" data-srcset=\"https:\/\/www.paisajesverticales.com\/WP\/wp-content\/uploads\/20190228-161055-WEB-200x133.jpg 200w, https:\/\/www.paisajesverticales.com\/WP\/wp-content\/uploads\/20190228-161055-WEB-400x266.jpg 400w, https:\/\/www.paisajesverticales.com\/WP\/wp-content\/uploads\/20190228-161055-WEB-600x400.jpg 600w, https:\/\/www.paisajesverticales.com\/WP\/wp-content\/uploads\/20190228-161055-WEB-800x533.jpg 800w, https:\/\/www.paisajesverticales.com\/WP\/wp-content\/uploads\/20190228-161055-WEB.jpg 1200w\" data-sizes=\"auto\" data-orig-sizes=\"(min-width: 2200px) 100vw, (min-width: 704px) 377px, (min-width: 672px) 565px, (min-width: 640px) 672px, \" \/>\t\t\t\t\t\t\t\t<\/a>\n\t\t\t\t\t\t\t\t<a style=\"display:none;\" href=\"https:\/\/www.paisajesverticales.com\/WP\/wp-content\/uploads\/20190228-161055-WEB.jpg\" data-rel=\"iLightbox[gallery9586]\"  title=\"\" data-title=\"20190228-161055-WEB\" data-caption=\"\">\n\t\t\t\t\t\t\t\t\t\t\t\t\t\t\t\t\t<\/a>\n\t\t\t\t\t\t\t<\/div>\n\t\t\t\t\t\t<\/li>\n\t\t\t\t\t\t\t\t\t\t\t\t\t\t\t\t\t\t\t\t\t<\/ul>\n\t<\/div>\n\t<div class=\"fusion-post-content-wrapper\" style=\"padding:14px 14px 6px 16px;\"><div class=\"fusion-post-content post-content\"><h2 class=\"blog-shortcode-post-title\"><a href=\"https:\/\/www.paisajesverticales.com\/es\/fotografia-aerea-con-drones\/publicamos-en-eldiario-es\/\">Publicamos en eldiario.es<\/a><\/h2><p class=\"fusion-single-line-meta\"><span class=\"updated\" style=\"display:none;\">2020-07-13T11:09:54+02:00<\/span><span>12 julio 2020<\/span><span class=\"fusion-inline-sep\">|<\/span><\/p><div class=\"fusion-content-sep sep-single sep-dashed\"><\/div><div class=\"fusion-post-content-container\">\n<p>Hoy hemos publicado varias im\u00e1genes a\u00e9reas del vertedero de Solius (Santa Cristina d\u2019Aro, Girona) para <strong><a href=\"https:\/\/www.eldiario.es\/catalunya\/govern-autorizo-vertedero-terreno-protegido-concurso-gestiona-exsocio-jordi-pujol-jr_130_6094271.html\" target=\"_blank\" rel=\"noopener noreferrer\">un<\/a><a href=\"https:\/\/www.paisajesverticales.com\/es\/fotografia-aerea-con-drones\/publicamos-en-eldiario-es\/\">\u2026<\/a><\/strong><\/p>\n<\/div><\/div><div class=\"fusion-meta-info\"><div class=\"fusion-alignleft\"><a class=\"fusion-read-more\" href=\"https:\/\/www.paisajesverticales.com\/es\/fotografia-aerea-con-drones\/publicamos-en-eldiario-es\/\" aria-label=\"More on Publicamos en eldiario.es\">Read More<\/a><\/div><\/div><\/div><div class=\"fusion-clearfix\"><\/div><\/div>\n<\/article>\n<article id=\"blog-1-post-9509\" class=\"fusion-post-grid post-9509 post type-post status-publish format-standard has-post-thumbnail category-video-aereo-con-drones tag-alt-emporda-es tag-baix-emporda-es tag-cortometraje-es tag-costa-brava-es tag-emporda-es tag-litoral-es tag-paisaje tag-provincia-de-girona tag-urbanismo tag-video-aereo tag-videos-drones\">\n<div class=\"fusion-post-wrapper\" style=\"background-color:rgba(255,235,59,0.03);border:1px solid #009eba;border-bottom-width:3px;\">\n\n\t\t\t<div class=\"fusion-flexslider flexslider fusion-flexslider-loading fusion-post-slideshow\" style=\"border-color:#009eba;\">\n\t\t<ul class=\"slides\">\n\t\t\t\n\t\t\t\t\t\t\t\t\t\t\t\t\t\t<li><div  class=\"fusion-image-wrapper\" aria-haspopup=\"true\">\n\t\t\t\t<img decoding=\"async\" width=\"1200\" height=\"800\" src=\"https:\/\/www.paisajesverticales.com\/WP\/wp-content\/uploads\/Dia-Mundial-del-Medi-Ambient-Sa-Tuna.jpg\" class=\"attachment-full size-full lazyload wp-post-image\" alt=\"\" srcset=\"data:image\/svg+xml,%3Csvg%20xmlns%3D%27http%3A%2F%2Fwww.w3.org%2F2000%2Fsvg%27%20width%3D%271200%27%20height%3D%27800%27%20viewBox%3D%270%200%201200%20800%27%3E%3Crect%20width%3D%271200%27%20height%3D%27800%27%20fill-opacity%3D%220%22%2F%3E%3C%2Fsvg%3E\" data-orig-src=\"https:\/\/www.paisajesverticales.com\/WP\/wp-content\/uploads\/Dia-Mundial-del-Medi-Ambient-Sa-Tuna.jpg\" data-srcset=\"https:\/\/www.paisajesverticales.com\/WP\/wp-content\/uploads\/Dia-Mundial-del-Medi-Ambient-Sa-Tuna-200x133.jpg 200w, https:\/\/www.paisajesverticales.com\/WP\/wp-content\/uploads\/Dia-Mundial-del-Medi-Ambient-Sa-Tuna-400x267.jpg 400w, https:\/\/www.paisajesverticales.com\/WP\/wp-content\/uploads\/Dia-Mundial-del-Medi-Ambient-Sa-Tuna-600x400.jpg 600w, https:\/\/www.paisajesverticales.com\/WP\/wp-content\/uploads\/Dia-Mundial-del-Medi-Ambient-Sa-Tuna-800x533.jpg 800w, https:\/\/www.paisajesverticales.com\/WP\/wp-content\/uploads\/Dia-Mundial-del-Medi-Ambient-Sa-Tuna.jpg 1200w\" data-sizes=\"auto\" \/><div class=\"fusion-rollover\">\n\t<div class=\"fusion-rollover-content\">\n\n\t\t\t\t\t\t\t\t\t\t\n\t\t\t\t\t\t\t\t\t\t\t\t\t\t\n\t\t\t\t\t\t\t\t\n\t\t\t\t\t\t\t\t\n\t\t\t\t\t\t\t\t\t\t\t\t\t\t\t\t\t\t<a class=\"fusion-rollover-gallery\" href=\"https:\/\/www.paisajesverticales.com\/WP\/wp-content\/uploads\/Dia-Mundial-del-Medi-Ambient-Sa-Tuna.jpg\" data-options=\"\" data-id=\"9509\" data-rel=\"iLightbox[gallery9509]\" data-title=\"Dia-Mundial-del-Medi-Ambient-Sa-Tuna\" data-caption=\"\">\n\t\t\t\t\t\tGaler\u00eda\t\t\t\t\t<\/a>\n\t\t\t\t\t<div class=\"fusion-portfolio-gallery-hidden\"><a href=\"https:\/\/www.paisajesverticales.com\/WP\/wp-content\/uploads\/Dia-Mundial-del-Medi-Ambient-Cadaques.jpg\" data-rel=\"iLightbox[gallery9509]\" title=\"Dia-Mundial-del-Medi-Ambient-Cadaques\" data-title=\"Dia-Mundial-del-Medi-Ambient-Cadaques\" data-caption=\"\"><\/a><a href=\"https:\/\/www.paisajesverticales.com\/WP\/wp-content\/uploads\/Dia-Mundial-del-Medi-Ambient-Montgri.jpg\" data-rel=\"iLightbox[gallery9509]\" title=\"Dia-Mundial-del-Medi-Ambient-Montgri\" data-title=\"Dia-Mundial-del-Medi-Ambient-Montgri\" data-caption=\"\"><\/a><\/div>\t\t\t\t\t\t\t\t\t\n\t\t\n\t\t\t\t\t\t\t\t\n\t\t\t\t\t\t\t\t\n\t\t\n\t\t\t\t\t\t<a class=\"fusion-link-wrapper\" href=\"https:\/\/www.paisajesverticales.com\/es\/video-aereo-con-drones\/colaboracion-para-el-dia-mundial-del-medio-ambiente\/\" aria-label=\"Colaboraci\u00f3n para el Dia Mundial del Medio Ambiente\"><\/a>\n\t<\/div>\n<\/div>\n<\/div>\n<\/li>\n\t\t\t\n\t\t\t\n\t\t\t\t\t\t\t\t\t\t\t\n\t\t\t\t\t\n\t\t\t\t\t\t\t\t\t\t\t<li>\n\t\t\t\t\t\t\t<div class=\"fusion-image-wrapper\">\n\t\t\t\t\t\t\t\t<a href=\"https:\/\/www.paisajesverticales.com\/es\/video-aereo-con-drones\/colaboracion-para-el-dia-mundial-del-medio-ambiente\/\" aria-label=\"Colaboraci\u00f3n para el Dia Mundial del Medio Ambiente\">\n\t\t\t\t\t\t\t\t\t<img decoding=\"async\" width=\"1200\" height=\"800\" src=\"https:\/\/www.paisajesverticales.com\/WP\/wp-content\/uploads\/Dia-Mundial-del-Medi-Ambient-Cadaques.jpg\" data-orig-src=\"https:\/\/www.paisajesverticales.com\/WP\/wp-content\/uploads\/Dia-Mundial-del-Medi-Ambient-Cadaques.jpg\" alt=\"\" class=\"lazyload wp-image-9540\" role=\"presentation\" srcset=\"data:image\/svg+xml,%3Csvg%20xmlns%3D%27http%3A%2F%2Fwww.w3.org%2F2000%2Fsvg%27%20width%3D%271200%27%20height%3D%27800%27%20viewBox%3D%270%200%201200%20800%27%3E%3Crect%20width%3D%271200%27%20height%3D%27800%27%20fill-opacity%3D%220%22%2F%3E%3C%2Fsvg%3E\" data-srcset=\"https:\/\/www.paisajesverticales.com\/WP\/wp-content\/uploads\/Dia-Mundial-del-Medi-Ambient-Cadaques-200x133.jpg 200w, https:\/\/www.paisajesverticales.com\/WP\/wp-content\/uploads\/Dia-Mundial-del-Medi-Ambient-Cadaques-400x267.jpg 400w, https:\/\/www.paisajesverticales.com\/WP\/wp-content\/uploads\/Dia-Mundial-del-Medi-Ambient-Cadaques-600x400.jpg 600w, https:\/\/www.paisajesverticales.com\/WP\/wp-content\/uploads\/Dia-Mundial-del-Medi-Ambient-Cadaques-800x533.jpg 800w, https:\/\/www.paisajesverticales.com\/WP\/wp-content\/uploads\/Dia-Mundial-del-Medi-Ambient-Cadaques.jpg 1200w\" data-sizes=\"auto\" data-orig-sizes=\"(min-width: 2200px) 100vw, (min-width: 704px) 377px, (min-width: 672px) 565px, (min-width: 640px) 672px, \" \/>\t\t\t\t\t\t\t\t<\/a>\n\t\t\t\t\t\t\t\t<a style=\"display:none;\" href=\"https:\/\/www.paisajesverticales.com\/WP\/wp-content\/uploads\/Dia-Mundial-del-Medi-Ambient-Cadaques.jpg\" data-rel=\"iLightbox[gallery9509]\"  title=\"\" data-title=\"Dia-Mundial-del-Medi-Ambient-Cadaques\" data-caption=\"\">\n\t\t\t\t\t\t\t\t\t\t\t\t\t\t\t\t\t<\/a>\n\t\t\t\t\t\t\t<\/div>\n\t\t\t\t\t\t<\/li>\n\t\t\t\t\t\t\t\t\t\t\t\t\t\t\t\t\t\t\t\t\t\t\t\t\n\t\t\t\t\t\n\t\t\t\t\t\t\t\t\t\t\t<li>\n\t\t\t\t\t\t\t<div class=\"fusion-image-wrapper\">\n\t\t\t\t\t\t\t\t<a href=\"https:\/\/www.paisajesverticales.com\/es\/video-aereo-con-drones\/colaboracion-para-el-dia-mundial-del-medio-ambiente\/\" aria-label=\"Colaboraci\u00f3n para el Dia Mundial del Medio Ambiente\">\n\t\t\t\t\t\t\t\t\t<img decoding=\"async\" width=\"1200\" height=\"800\" src=\"https:\/\/www.paisajesverticales.com\/WP\/wp-content\/uploads\/Dia-Mundial-del-Medi-Ambient-Montgri.jpg\" data-orig-src=\"https:\/\/www.paisajesverticales.com\/WP\/wp-content\/uploads\/Dia-Mundial-del-Medi-Ambient-Montgri.jpg\" alt=\"\" class=\"lazyload wp-image-9541\" role=\"presentation\" srcset=\"data:image\/svg+xml,%3Csvg%20xmlns%3D%27http%3A%2F%2Fwww.w3.org%2F2000%2Fsvg%27%20width%3D%271200%27%20height%3D%27800%27%20viewBox%3D%270%200%201200%20800%27%3E%3Crect%20width%3D%271200%27%20height%3D%27800%27%20fill-opacity%3D%220%22%2F%3E%3C%2Fsvg%3E\" data-srcset=\"https:\/\/www.paisajesverticales.com\/WP\/wp-content\/uploads\/Dia-Mundial-del-Medi-Ambient-Montgri-200x133.jpg 200w, https:\/\/www.paisajesverticales.com\/WP\/wp-content\/uploads\/Dia-Mundial-del-Medi-Ambient-Montgri-400x267.jpg 400w, https:\/\/www.paisajesverticales.com\/WP\/wp-content\/uploads\/Dia-Mundial-del-Medi-Ambient-Montgri-600x400.jpg 600w, https:\/\/www.paisajesverticales.com\/WP\/wp-content\/uploads\/Dia-Mundial-del-Medi-Ambient-Montgri-800x533.jpg 800w, https:\/\/www.paisajesverticales.com\/WP\/wp-content\/uploads\/Dia-Mundial-del-Medi-Ambient-Montgri.jpg 1200w\" data-sizes=\"auto\" data-orig-sizes=\"(min-width: 2200px) 100vw, (min-width: 704px) 377px, (min-width: 672px) 565px, (min-width: 640px) 672px, \" \/>\t\t\t\t\t\t\t\t<\/a>\n\t\t\t\t\t\t\t\t<a style=\"display:none;\" href=\"https:\/\/www.paisajesverticales.com\/WP\/wp-content\/uploads\/Dia-Mundial-del-Medi-Ambient-Montgri.jpg\" data-rel=\"iLightbox[gallery9509]\"  title=\"\" data-title=\"Dia-Mundial-del-Medi-Ambient-Montgri\" data-caption=\"\">\n\t\t\t\t\t\t\t\t\t\t\t\t\t\t\t\t\t<\/a>\n\t\t\t\t\t\t\t<\/div>\n\t\t\t\t\t\t<\/li>\n\t\t\t\t\t\t\t\t\t\t\t\t\t\t\t\t\t\t\t\t\t<\/ul>\n\t<\/div>\n\t<div class=\"fusion-post-content-wrapper\" style=\"padding:14px 14px 6px 16px;\"><div class=\"fusion-post-content post-content\"><h2 class=\"blog-shortcode-post-title\"><a href=\"https:\/\/www.paisajesverticales.com\/es\/video-aereo-con-drones\/colaboracion-para-el-dia-mundial-del-medio-ambiente\/\">Colaboraci\u00f3n para el Dia Mundial del Medio Ambiente<\/a><\/h2><p class=\"fusion-single-line-meta\"><span class=\"updated\" style=\"display:none;\">2020-07-13T11:58:07+02:00<\/span><span>5 junio 2020<\/span><span class=\"fusion-inline-sep\">|<\/span><\/p><div class=\"fusion-content-sep sep-single sep-dashed\"><\/div><div class=\"fusion-post-content-container\">\n<p>Junto al responsable de Transfer\u00e8ncia i Recerca del <a href=\"https:\/\/www.udg.edu\/ca\/depgeo\" target=\"_blank\" rel=\"noopener noreferrer\">Departamento de Geograf\u00eda de la Universitat de Girona<\/a><a href=\"https:\/\/www.paisajesverticales.com\/es\/video-aereo-con-drones\/colaboracion-para-el-dia-mundial-del-medio-ambiente\/\">\u2026<\/a><\/p>\n<\/div><\/div><div class=\"fusion-meta-info\"><div class=\"fusion-alignleft\"><a class=\"fusion-read-more\" href=\"https:\/\/www.paisajesverticales.com\/es\/video-aereo-con-drones\/colaboracion-para-el-dia-mundial-del-medio-ambiente\/\" aria-label=\"More on Colaboraci\u00f3n para el Dia Mundial del Medio Ambiente\">Read More<\/a><\/div><\/div><\/div><div class=\"fusion-clearfix\"><\/div><\/div>\n<\/article>\n<article id=\"blog-1-post-9710\" class=\"fusion-post-grid post-9710 post type-post status-publish format-standard has-post-thumbnail category-fotografia-aerea-con-drones tag-bages-es tag-barcelona-es tag-fotografia-aerea tag-fotografias-con-drones-es tag-osona-es tag-paisaje tag-patrimonio\">\n<div class=\"fusion-post-wrapper\" style=\"background-color:rgba(255,235,59,0.03);border:1px solid #009eba;border-bottom-width:3px;\">\n\n\t\t\t<div class=\"fusion-flexslider flexslider fusion-flexslider-loading fusion-post-slideshow\" style=\"border-color:#009eba;\">\n\t\t<ul class=\"slides\">\n\t\t\t\n\t\t\t\t\t\t\t\t\t\t\t\t\t\t<li><div  class=\"fusion-image-wrapper\" aria-haspopup=\"true\">\n\t\t\t\t<img decoding=\"async\" width=\"1200\" height=\"800\" src=\"https:\/\/www.paisajesverticales.com\/WP\/wp-content\/uploads\/Comarques-Centrals.jpg\" class=\"attachment-full size-full lazyload wp-post-image\" alt=\"\" srcset=\"data:image\/svg+xml,%3Csvg%20xmlns%3D%27http%3A%2F%2Fwww.w3.org%2F2000%2Fsvg%27%20width%3D%271200%27%20height%3D%27800%27%20viewBox%3D%270%200%201200%20800%27%3E%3Crect%20width%3D%271200%27%20height%3D%27800%27%20fill-opacity%3D%220%22%2F%3E%3C%2Fsvg%3E\" data-orig-src=\"https:\/\/www.paisajesverticales.com\/WP\/wp-content\/uploads\/Comarques-Centrals.jpg\" data-srcset=\"https:\/\/www.paisajesverticales.com\/WP\/wp-content\/uploads\/Comarques-Centrals-200x133.jpg 200w, https:\/\/www.paisajesverticales.com\/WP\/wp-content\/uploads\/Comarques-Centrals-400x267.jpg 400w, https:\/\/www.paisajesverticales.com\/WP\/wp-content\/uploads\/Comarques-Centrals-600x400.jpg 600w, https:\/\/www.paisajesverticales.com\/WP\/wp-content\/uploads\/Comarques-Centrals-800x533.jpg 800w, https:\/\/www.paisajesverticales.com\/WP\/wp-content\/uploads\/Comarques-Centrals.jpg 1200w\" data-sizes=\"auto\" \/><div class=\"fusion-rollover\">\n\t<div class=\"fusion-rollover-content\">\n\n\t\t\t\t\t\t\t\t\t\t\n\t\t\t\t\t\t\t\t\t\t\t\t\t\t\n\t\t\t\t\t\t\t\t\n\t\t\t\t\t\t\t\t\n\t\t\t\t\t\t\t\t\t\t\t\t\t\t\t\t\t\t<a class=\"fusion-rollover-gallery\" href=\"https:\/\/www.paisajesverticales.com\/WP\/wp-content\/uploads\/Comarques-Centrals.jpg\" data-options=\"\" data-id=\"9710\" data-rel=\"iLightbox[gallery9710]\" data-title=\"Comarques Centrals\" data-caption=\"\">\n\t\t\t\t\t\tGaler\u00eda\t\t\t\t\t<\/a>\n\t\t\t\t\t<div class=\"fusion-portfolio-gallery-hidden\"><\/div>\t\t\t\t\t\t\t\t\t\n\t\t\n\t\t\t\t\t\t\t\t\n\t\t\t\t\t\t\t\t\n\t\t\n\t\t\t\t\t\t<a class=\"fusion-link-wrapper\" href=\"https:\/\/www.paisajesverticales.com\/es\/fotografia-aerea-con-drones\/participacion-en-el-libro-les-comarques-centrals\/\" aria-label=\"Participaci\u00f3n en el libro \u00abLes comarques centrals\u00bb\"><\/a>\n\t<\/div>\n<\/div>\n<\/div>\n<\/li>\n\t\t\t\n\t\t\t\n\t\t\t\t\t\t\t\t\t\t\t\t\t\t\t\t\t\t\t\t\t\t\t\t\t\t\t\t\t\t\t\t\t\t\t\t\t\t<\/ul>\n\t<\/div>\n\t<div class=\"fusion-post-content-wrapper\" style=\"padding:14px 14px 6px 16px;\"><div class=\"fusion-post-content post-content\"><h2 class=\"blog-shortcode-post-title\"><a href=\"https:\/\/www.paisajesverticales.com\/es\/fotografia-aerea-con-drones\/participacion-en-el-libro-les-comarques-centrals\/\">Participaci\u00f3n en el libro \u00abLes comarques centrals\u00bb<\/a><\/h2><p class=\"fusion-single-line-meta\"><span class=\"updated\" style=\"display:none;\">2020-07-13T14:17:43+02:00<\/span><span>23 abril 2020<\/span><span class=\"fusion-inline-sep\">|<\/span><\/p><div class=\"fusion-content-sep sep-single sep-dashed\"><\/div><div class=\"fusion-post-content-container\">\n<p>Una vez m\u00e1s participamos en otro encargo del Observatori del Paisatge, el libro \u00ab<strong><a href=\"http:\/\/www.catpaisatge.net\/cat\/documentacio_coedi_12.php\" target=\"_blank\" rel=\"noopener noreferrer\">Cat\u00e0leg del Paisatge<\/a><a href=\"https:\/\/www.paisajesverticales.com\/es\/fotografia-aerea-con-drones\/participacion-en-el-libro-les-comarques-centrals\/\">\u2026<\/a><\/strong><\/p>\n<\/div><\/div><div class=\"fusion-meta-info\"><div class=\"fusion-alignleft\"><a class=\"fusion-read-more\" href=\"https:\/\/www.paisajesverticales.com\/es\/fotografia-aerea-con-drones\/participacion-en-el-libro-les-comarques-centrals\/\" aria-label=\"More on Participaci\u00f3n en el libro \u00abLes comarques centrals\u00bb\">Read More<\/a><\/div><\/div><\/div><div class=\"fusion-clearfix\"><\/div><\/div>\n<\/article>\n<article id=\"blog-1-post-8596\" class=\"fusion-post-grid post-8596 post type-post status-publish format-standard has-post-thumbnail category-novedades-sobre-fotografia-y-video-aereo-con-drones tag-emergencias tag-fotografia-aerea tag-fotografias-con-drones-es tag-girona-es tag-observacion-con-drones tag-provincia-de-girona tag-salvamento tag-video-aereo tag-videos-drones tag-vigilancia-aerea\">\n<div class=\"fusion-post-wrapper\" style=\"background-color:rgba(255,235,59,0.03);border:1px solid #009eba;border-bottom-width:3px;\">\n\n\t\t\t<div class=\"fusion-flexslider flexslider fusion-flexslider-loading fusion-post-slideshow\" style=\"border-color:#009eba;\">\n\t\t<ul class=\"slides\">\n\t\t\t\n\t\t\t\t\t\t\t\t\t\t\t\t\t\t<li><div  class=\"fusion-image-wrapper\" aria-haspopup=\"true\">\n\t\t\t\t<img decoding=\"async\" width=\"1200\" height=\"800\" src=\"https:\/\/www.paisajesverticales.com\/WP\/wp-content\/uploads\/accio-virtual-desk.jpg\" class=\"attachment-full size-full lazyload wp-post-image\" alt=\"Acci\u00f3 Virtual Desk\" srcset=\"data:image\/svg+xml,%3Csvg%20xmlns%3D%27http%3A%2F%2Fwww.w3.org%2F2000%2Fsvg%27%20width%3D%271200%27%20height%3D%27800%27%20viewBox%3D%270%200%201200%20800%27%3E%3Crect%20width%3D%271200%27%20height%3D%27800%27%20fill-opacity%3D%220%22%2F%3E%3C%2Fsvg%3E\" data-orig-src=\"https:\/\/www.paisajesverticales.com\/WP\/wp-content\/uploads\/accio-virtual-desk.jpg\" data-srcset=\"https:\/\/www.paisajesverticales.com\/WP\/wp-content\/uploads\/accio-virtual-desk-200x133.jpg 200w, https:\/\/www.paisajesverticales.com\/WP\/wp-content\/uploads\/accio-virtual-desk-400x267.jpg 400w, https:\/\/www.paisajesverticales.com\/WP\/wp-content\/uploads\/accio-virtual-desk-600x400.jpg 600w, https:\/\/www.paisajesverticales.com\/WP\/wp-content\/uploads\/accio-virtual-desk-800x533.jpg 800w, https:\/\/www.paisajesverticales.com\/WP\/wp-content\/uploads\/accio-virtual-desk.jpg 1200w\" data-sizes=\"auto\" \/><div class=\"fusion-rollover\">\n\t<div class=\"fusion-rollover-content\">\n\n\t\t\t\t\t\t\t\t\t\t\n\t\t\t\t\t\t\t\t\t\t\t\t\t\t\n\t\t\t\t\t\t\t\t\n\t\t\t\t\t\t\t\t\n\t\t\t\t\t\t\t\t\t\t\t\t\t\t\t\t\t\t<a class=\"fusion-rollover-gallery\" href=\"https:\/\/www.paisajesverticales.com\/WP\/wp-content\/uploads\/accio-virtual-desk.jpg\" data-options=\"\" data-id=\"8596\" data-rel=\"iLightbox[gallery8596]\" data-title=\"ACCIO Virtual Desk\" data-caption=\"Paisatges Verticals col.labora en la crisis COVID-19 des de la plataforma Acci\u00f3 Virtual Desk\">\n\t\t\t\t\t\tGaler\u00eda\t\t\t\t\t<\/a>\n\t\t\t\t\t<div class=\"fusion-portfolio-gallery-hidden\"><\/div>\t\t\t\t\t\t\t\t\t\n\t\t\n\t\t\t\t\t\t\t\t\n\t\t\t\t\t\t\t\t\n\t\t\n\t\t\t\t\t\t<a class=\"fusion-link-wrapper\" href=\"https:\/\/www.paisajesverticales.com\/es\/novedades-sobre-fotografia-y-video-aereo-con-drones\/nos-ofrecemos-para-colaborar-en-la-crisis-covid-19\/\" aria-label=\"Nos ofrecemos para colaborar en la crisis #COVID-19\"><\/a>\n\t<\/div>\n<\/div>\n<\/div>\n<\/li>\n\t\t\t\n\t\t\t\n\t\t\t\t\t\t\t\t\t\t\t\t\t\t\t\t\t\t\t\t\t\t\t\t\t\t\t\t\t\t\t\t\t\t\t\t\t\t<\/ul>\n\t<\/div>\n\t<div class=\"fusion-post-content-wrapper\" style=\"padding:14px 14px 6px 16px;\"><div class=\"fusion-post-content post-content\"><h2 class=\"blog-shortcode-post-title\"><a href=\"https:\/\/www.paisajesverticales.com\/es\/novedades-sobre-fotografia-y-video-aereo-con-drones\/nos-ofrecemos-para-colaborar-en-la-crisis-covid-19\/\">Nos ofrecemos para colaborar en la crisis #COVID-19<\/a><\/h2><p class=\"fusion-single-line-meta\"><span class=\"updated\" style=\"display:none;\">2020-07-07T16:04:10+02:00<\/span><span>28 marzo 2020<\/span><span class=\"fusion-inline-sep\">|<\/span><\/p><div class=\"fusion-content-sep sep-single sep-dashed\"><\/div><div class=\"fusion-post-content-container\"><p>La Generalitat de Catalunya, a trav\u00e9s de <strong>ACCI\u00d3 \u2013 Ag\u00e8ncia per la Competitivitat de l\u2019Empresa<\/strong>, ha desplegado el servicio <strong><a href=\"https:\/\/www.paisajesverticales.com\/es\/novedades-sobre-fotografia-y-video-aereo-con-drones\/nos-ofrecemos-para-colaborar-en-la-crisis-covid-19\/\">\u2026<\/a><\/strong><\/p>\n<\/div><\/div><div class=\"fusion-meta-info\"><div class=\"fusion-alignleft\"><a class=\"fusion-read-more\" href=\"https:\/\/www.paisajesverticales.com\/es\/novedades-sobre-fotografia-y-video-aereo-con-drones\/nos-ofrecemos-para-colaborar-en-la-crisis-covid-19\/\" aria-label=\"More on Nos ofrecemos para colaborar en la crisis #COVID-19\">Read More<\/a><\/div><\/div><\/div><div class=\"fusion-clearfix\"><\/div><\/div>\n<\/article>\n<article id=\"blog-1-post-8629\" class=\"fusion-post-grid post-8629 post type-post status-publish format-standard has-post-thumbnail category-novedades-sobre-fotografia-y-video-aereo-con-drones tag-barcelona-es tag-cataluna tag-fotografia-aerea tag-fotografias-con-drones-es tag-girona-es tag-industria-es tag-video-aereo tag-videos-drones\">\n<div class=\"fusion-post-wrapper\" style=\"background-color:rgba(255,235,59,0.03);border:1px solid #009eba;border-bottom-width:3px;\">\n\n\t\t\t<div class=\"fusion-flexslider flexslider fusion-flexslider-loading fusion-post-slideshow\" style=\"border-color:#009eba;\">\n\t\t<ul class=\"slides\">\n\t\t\t\n\t\t\t\t\t\t\t\t\t\t\t\t\t\t<li><div  class=\"fusion-image-wrapper\" aria-haspopup=\"true\">\n\t\t\t\t<img decoding=\"async\" width=\"1200\" height=\"800\" src=\"https:\/\/www.paisajesverticales.com\/WP\/wp-content\/uploads\/Captura-de-Pantalla-2019-11-15-a-les-15.10.24-scaled-scaled.jpg\" class=\"attachment-full size-full lazyload wp-post-image\" alt=\"\" srcset=\"data:image\/svg+xml,%3Csvg%20xmlns%3D%27http%3A%2F%2Fwww.w3.org%2F2000%2Fsvg%27%20width%3D%271200%27%20height%3D%27800%27%20viewBox%3D%270%200%201200%20800%27%3E%3Crect%20width%3D%271200%27%20height%3D%27800%27%20fill-opacity%3D%220%22%2F%3E%3C%2Fsvg%3E\" data-orig-src=\"https:\/\/www.paisajesverticales.com\/WP\/wp-content\/uploads\/Captura-de-Pantalla-2019-11-15-a-les-15.10.24-scaled-scaled.jpg\" data-srcset=\"https:\/\/www.paisajesverticales.com\/WP\/wp-content\/uploads\/Captura-de-Pantalla-2019-11-15-a-les-15.10.24-scaled-200x133.jpg 200w, https:\/\/www.paisajesverticales.com\/WP\/wp-content\/uploads\/Captura-de-Pantalla-2019-11-15-a-les-15.10.24-scaled-400x267.jpg 400w, https:\/\/www.paisajesverticales.com\/WP\/wp-content\/uploads\/Captura-de-Pantalla-2019-11-15-a-les-15.10.24-scaled-600x400.jpg 600w, https:\/\/www.paisajesverticales.com\/WP\/wp-content\/uploads\/Captura-de-Pantalla-2019-11-15-a-les-15.10.24-scaled-800x533.jpg 800w, https:\/\/www.paisajesverticales.com\/WP\/wp-content\/uploads\/Captura-de-Pantalla-2019-11-15-a-les-15.10.24-scaled-scaled.jpg 1200w\" data-sizes=\"auto\" \/><div class=\"fusion-rollover\">\n\t<div class=\"fusion-rollover-content\">\n\n\t\t\t\t\t\t\t\t\t\t\n\t\t\t\t\t\t\t\t\t\t\t\t\t\t\n\t\t\t\t\t\t\t\t\n\t\t\t\t\t\t\t\t\n\t\t\t\t\t\t\t\t\t\t\t\t\t\t\t\t\t\t<a class=\"fusion-rollover-gallery\" href=\"https:\/\/www.paisajesverticales.com\/WP\/wp-content\/uploads\/Captura-de-Pantalla-2019-11-15-a-les-15.10.24-scaled-scaled.jpg\" data-options=\"\" data-id=\"8629\" data-rel=\"iLightbox[gallery8629]\" data-title=\"Captura de Pantalla 2019-11-15 a les 15.10.24\" data-caption=\"\">\n\t\t\t\t\t\tGaler\u00eda\t\t\t\t\t<\/a>\n\t\t\t\t\t<div class=\"fusion-portfolio-gallery-hidden\"><a href=\"https:\/\/www.paisajesverticales.com\/WP\/wp-content\/uploads\/infografia-drons.jpg\" data-rel=\"iLightbox[gallery8629]\" title=\"infografia-drons\" data-title=\"infografia-drons\" data-caption=\"\"><\/a><\/div>\t\t\t\t\t\t\t\t\t\n\t\t\n\t\t\t\t\t\t\t\t\n\t\t\t\t\t\t\t\t\n\t\t\n\t\t\t\t\t\t<a class=\"fusion-link-wrapper\" href=\"https:\/\/www.paisajesverticales.com\/es\/novedades-sobre-fotografia-y-video-aereo-con-drones\/informe-tecnologico-los-drones-en-catalunya\/\" aria-label=\"Paisajes Verticales en el informe \u00abLos drones en Catalunya\u00bb\"><\/a>\n\t<\/div>\n<\/div>\n<\/div>\n<\/li>\n\t\t\t\n\t\t\t\n\t\t\t\t\t\t\t\t\t\t\t\n\t\t\t\t\t\n\t\t\t\t\t\t\t\t\t\t\t<li>\n\t\t\t\t\t\t\t<div class=\"fusion-image-wrapper\">\n\t\t\t\t\t\t\t\t<a href=\"https:\/\/www.paisajesverticales.com\/es\/novedades-sobre-fotografia-y-video-aereo-con-drones\/informe-tecnologico-los-drones-en-catalunya\/\" aria-label=\"Paisajes Verticales en el informe \u00abLos drones en Catalunya\u00bb\">\n\t\t\t\t\t\t\t\t\t<img decoding=\"async\" width=\"1200\" height=\"800\" src=\"https:\/\/www.paisajesverticales.com\/WP\/wp-content\/uploads\/infografia-drons.jpg\" data-orig-src=\"https:\/\/www.paisajesverticales.com\/WP\/wp-content\/uploads\/infografia-drons.jpg\" alt=\"\" class=\"lazyload wp-image-8643\" role=\"presentation\" srcset=\"data:image\/svg+xml,%3Csvg%20xmlns%3D%27http%3A%2F%2Fwww.w3.org%2F2000%2Fsvg%27%20width%3D%271200%27%20height%3D%27800%27%20viewBox%3D%270%200%201200%20800%27%3E%3Crect%20width%3D%271200%27%20height%3D%27800%27%20fill-opacity%3D%220%22%2F%3E%3C%2Fsvg%3E\" data-srcset=\"https:\/\/www.paisajesverticales.com\/WP\/wp-content\/uploads\/infografia-drons-200x133.jpg 200w, https:\/\/www.paisajesverticales.com\/WP\/wp-content\/uploads\/infografia-drons-400x267.jpg 400w, https:\/\/www.paisajesverticales.com\/WP\/wp-content\/uploads\/infografia-drons-600x400.jpg 600w, https:\/\/www.paisajesverticales.com\/WP\/wp-content\/uploads\/infografia-drons-800x533.jpg 800w, https:\/\/www.paisajesverticales.com\/WP\/wp-content\/uploads\/infografia-drons.jpg 1200w\" data-sizes=\"auto\" data-orig-sizes=\"(min-width: 2200px) 100vw, (min-width: 704px) 377px, (min-width: 672px) 565px, (min-width: 640px) 672px, \" \/>\t\t\t\t\t\t\t\t<\/a>\n\t\t\t\t\t\t\t\t<a style=\"display:none;\" href=\"https:\/\/www.paisajesverticales.com\/WP\/wp-content\/uploads\/infografia-drons.jpg\" data-rel=\"iLightbox[gallery8629]\"  title=\"\" data-title=\"infografia-drons\" data-caption=\"\">\n\t\t\t\t\t\t\t\t\t\t\t\t\t\t\t\t\t<\/a>\n\t\t\t\t\t\t\t<\/div>\n\t\t\t\t\t\t<\/li>\n\t\t\t\t\t\t\t\t\t\t\t\t\t\t\t\t\t\t\t\t\t\t\t\t\t\t\t\t\t\t\t\t\t\t\t\t<\/ul>\n\t<\/div>\n\t<div class=\"fusion-post-content-wrapper\" style=\"padding:14px 14px 6px 16px;\"><div class=\"fusion-post-content post-content\"><h2 class=\"blog-shortcode-post-title\"><a href=\"https:\/\/www.paisajesverticales.com\/es\/novedades-sobre-fotografia-y-video-aereo-con-drones\/informe-tecnologico-los-drones-en-catalunya\/\">Paisajes Verticales en el informe \u00abLos drones en Catalunya\u00bb<\/a><\/h2><p class=\"fusion-single-line-meta\"><span class=\"updated\" style=\"display:none;\">2020-07-07T16:03:46+02:00<\/span><span>15 noviembre 2019<\/span><span class=\"fusion-inline-sep\">|<\/span><\/p><div class=\"fusion-content-sep sep-single sep-dashed\"><\/div><div class=\"fusion-post-content-container\"><p>La Agencia para la Competitividad de la empresa \u2013 ACCI\u00d3, de la Generalitat de Catalunya, publicaba a principios de a\u00f1o<a href=\"https:\/\/www.paisajesverticales.com\/es\/novedades-sobre-fotografia-y-video-aereo-con-drones\/informe-tecnologico-los-drones-en-catalunya\/\">\u2026<\/a><\/p>\n<\/div><\/div><div class=\"fusion-meta-info\"><div class=\"fusion-alignleft\"><a class=\"fusion-read-more\" href=\"https:\/\/www.paisajesverticales.com\/es\/novedades-sobre-fotografia-y-video-aereo-con-drones\/informe-tecnologico-los-drones-en-catalunya\/\" aria-label=\"More on Paisajes Verticales en el informe \u00abLos drones en Catalunya\u00bb\">Read More<\/a><\/div><\/div><\/div><div class=\"fusion-clearfix\"><\/div><\/div>\n<\/article>\n<article id=\"blog-1-post-8653\" class=\"fusion-post-grid post-8653 post type-post status-publish format-standard has-post-thumbnail category-novedades-sobre-fotografia-y-video-aereo-con-drones tag-arquitectura-es tag-barcelona-es tag-fotografia-aerea tag-fotografias-con-drones-es tag-girona-es tag-hotel-es tag-industria-es tag-inmobiliaria tag-urbanismo tag-video-aereo tag-videos-drones\">\n<div class=\"fusion-post-wrapper\" style=\"background-color:rgba(255,235,59,0.03);border:1px solid #009eba;border-bottom-width:3px;\">\n\n\t\t\t<div class=\"fusion-flexslider flexslider fusion-flexslider-loading fusion-post-slideshow\" style=\"border-color:#009eba;\">\n\t\t<ul class=\"slides\">\n\t\t\t\n\t\t\t\t\t\t\t\t\t\t\t\t\t\t<li><div  class=\"fusion-image-wrapper\" aria-haspopup=\"true\">\n\t\t\t\t<img decoding=\"async\" width=\"1200\" height=\"800\" src=\"https:\/\/www.paisajesverticales.com\/WP\/wp-content\/uploads\/20191005-152419-WEB.jpg\" class=\"attachment-full size-full lazyload wp-post-image\" alt=\"\" srcset=\"data:image\/svg+xml,%3Csvg%20xmlns%3D%27http%3A%2F%2Fwww.w3.org%2F2000%2Fsvg%27%20width%3D%271200%27%20height%3D%27800%27%20viewBox%3D%270%200%201200%20800%27%3E%3Crect%20width%3D%271200%27%20height%3D%27800%27%20fill-opacity%3D%220%22%2F%3E%3C%2Fsvg%3E\" data-orig-src=\"https:\/\/www.paisajesverticales.com\/WP\/wp-content\/uploads\/20191005-152419-WEB.jpg\" data-srcset=\"https:\/\/www.paisajesverticales.com\/WP\/wp-content\/uploads\/20191005-152419-WEB-200x133.jpg 200w, https:\/\/www.paisajesverticales.com\/WP\/wp-content\/uploads\/20191005-152419-WEB-400x267.jpg 400w, https:\/\/www.paisajesverticales.com\/WP\/wp-content\/uploads\/20191005-152419-WEB-600x400.jpg 600w, https:\/\/www.paisajesverticales.com\/WP\/wp-content\/uploads\/20191005-152419-WEB-800x533.jpg 800w, https:\/\/www.paisajesverticales.com\/WP\/wp-content\/uploads\/20191005-152419-WEB.jpg 1200w\" data-sizes=\"auto\" \/><div class=\"fusion-rollover\">\n\t<div class=\"fusion-rollover-content\">\n\n\t\t\t\t\t\t\t\t\t\t\n\t\t\t\t\t\t\t\t\t\t\t\t\t\t\n\t\t\t\t\t\t\t\t\n\t\t\t\t\t\t\t\t\n\t\t\t\t\t\t\t\t\t\t\t\t\t\t\t\t\t\t<a class=\"fusion-rollover-gallery\" href=\"https:\/\/www.paisajesverticales.com\/WP\/wp-content\/uploads\/20191005-152419-WEB.jpg\" data-options=\"\" data-id=\"8653\" data-rel=\"iLightbox[gallery8653]\" data-title=\"20191005-152419-WEB\" data-caption=\"\">\n\t\t\t\t\t\tGaler\u00eda\t\t\t\t\t<\/a>\n\t\t\t\t\t<div class=\"fusion-portfolio-gallery-hidden\"><\/div>\t\t\t\t\t\t\t\t\t\n\t\t\n\t\t\t\t\t\t\t\t\n\t\t\t\t\t\t\t\t\n\t\t\n\t\t\t\t\t\t<a class=\"fusion-link-wrapper\" href=\"https:\/\/www.paisajesverticales.com\/es\/novedades-sobre-fotografia-y-video-aereo-con-drones\/nos-preparamos-para-poder-volar-con-dron-en-entorno-urbano\/\" aria-label=\"Nos preparamos para poder volar con dron en entorno urbano\"><\/a>\n\t<\/div>\n<\/div>\n<\/div>\n<\/li>\n\t\t\t\n\t\t\t\n\t\t\t\t\t\t\t\t\t\t\t\t\t\t\t\t\t\t\t\t\t\t\t\t\t\t\t\t\t\t\t\t\t\t\t\t\t\t<\/ul>\n\t<\/div>\n\t<div class=\"fusion-post-content-wrapper\" style=\"padding:14px 14px 6px 16px;\"><div class=\"fusion-post-content post-content\"><h2 class=\"blog-shortcode-post-title\"><a href=\"https:\/\/www.paisajesverticales.com\/es\/novedades-sobre-fotografia-y-video-aereo-con-drones\/nos-preparamos-para-poder-volar-con-dron-en-entorno-urbano\/\">Nos preparamos para poder volar con dron en entorno urbano<\/a><\/h2><p class=\"fusion-single-line-meta\"><span class=\"updated\" style=\"display:none;\">2020-07-07T16:03:30+02:00<\/span><span>5 octubre 2019<\/span><span class=\"fusion-inline-sep\">|<\/span><\/p><div class=\"fusion-content-sep sep-single sep-dashed\"><\/div><div class=\"fusion-post-content-container\"><p>Paisajes Verticales<span style=\"font-size: 8pt;\"><sup>\u00ae<\/sup><\/span> se prepara desde hace meses para poder operar en entornos que est\u00e1n prohibidos a aficionados e<a href=\"https:\/\/www.paisajesverticales.com\/es\/novedades-sobre-fotografia-y-video-aereo-con-drones\/nos-preparamos-para-poder-volar-con-dron-en-entorno-urbano\/\">\u2026<\/a><\/p>\n<\/div><\/div><div class=\"fusion-meta-info\"><div class=\"fusion-alignleft\"><a class=\"fusion-read-more\" href=\"https:\/\/www.paisajesverticales.com\/es\/novedades-sobre-fotografia-y-video-aereo-con-drones\/nos-preparamos-para-poder-volar-con-dron-en-entorno-urbano\/\" aria-label=\"More on Nos preparamos para poder volar con dron en entorno urbano\">Read More<\/a><\/div><\/div><\/div><div class=\"fusion-clearfix\"><\/div><\/div>\n<\/article>\n<article id=\"blog-1-post-3651\" class=\"fusion-post-grid post-3651 post type-post status-publish format-standard has-post-thumbnail category-fotografia-aerea-con-drones tag-arquitectura-es tag-baix-emporda-es tag-calella-es tag-calella-de-palafrugell-es tag-costa-brava-es tag-emporda-es tag-fotografia-aerea tag-fotografias-con-drones-es tag-girona-es tag-inmobiliaria tag-litoral-es tag-mediterraneo tag-provincia-de-girona tag-turismo tag-urbanismo\">\n<div class=\"fusion-post-wrapper\" style=\"background-color:rgba(255,235,59,0.03);border:1px solid #009eba;border-bottom-width:3px;\">\n\n\t\t\t<div class=\"fusion-flexslider flexslider fusion-flexslider-loading fusion-post-slideshow\" style=\"border-color:#009eba;\">\n\t\t<ul class=\"slides\">\n\t\t\t\n\t\t\t\t\t\t\t\t\t\t\t\t\t\t<li><div  class=\"fusion-image-wrapper\" aria-haspopup=\"true\">\n\t\t\t\t<img decoding=\"async\" width=\"1200\" height=\"800\" src=\"https:\/\/www.paisajesverticales.com\/WP\/wp-content\/uploads\/20190702-145314-WEB.jpg\" class=\"attachment-full size-full lazyload wp-post-image\" alt=\"\" srcset=\"data:image\/svg+xml,%3Csvg%20xmlns%3D%27http%3A%2F%2Fwww.w3.org%2F2000%2Fsvg%27%20width%3D%271200%27%20height%3D%27800%27%20viewBox%3D%270%200%201200%20800%27%3E%3Crect%20width%3D%271200%27%20height%3D%27800%27%20fill-opacity%3D%220%22%2F%3E%3C%2Fsvg%3E\" data-orig-src=\"https:\/\/www.paisajesverticales.com\/WP\/wp-content\/uploads\/20190702-145314-WEB.jpg\" data-srcset=\"https:\/\/www.paisajesverticales.com\/WP\/wp-content\/uploads\/20190702-145314-WEB-200x133.jpg 200w, https:\/\/www.paisajesverticales.com\/WP\/wp-content\/uploads\/20190702-145314-WEB-400x267.jpg 400w, https:\/\/www.paisajesverticales.com\/WP\/wp-content\/uploads\/20190702-145314-WEB-600x400.jpg 600w, https:\/\/www.paisajesverticales.com\/WP\/wp-content\/uploads\/20190702-145314-WEB-800x533.jpg 800w, https:\/\/www.paisajesverticales.com\/WP\/wp-content\/uploads\/20190702-145314-WEB.jpg 1200w\" data-sizes=\"auto\" \/><div class=\"fusion-rollover\">\n\t<div class=\"fusion-rollover-content\">\n\n\t\t\t\t\t\t\t\t\t\t\n\t\t\t\t\t\t\t\t\t\t\t\t\t\t\n\t\t\t\t\t\t\t\t\n\t\t\t\t\t\t\t\t\n\t\t\t\t\t\t\t\t\t\t\t\t\t\t\t\t\t\t<a class=\"fusion-rollover-gallery\" href=\"https:\/\/www.paisajesverticales.com\/WP\/wp-content\/uploads\/20190702-145314-WEB.jpg\" data-options=\"\" data-id=\"3651\" data-rel=\"iLightbox[gallery3651]\" data-title=\"20190702-145314-WEB\" data-caption=\"\">\n\t\t\t\t\t\tGaler\u00eda\t\t\t\t\t<\/a>\n\t\t\t\t\t<div class=\"fusion-portfolio-gallery-hidden\"><a href=\"https:\/\/www.paisajesverticales.com\/WP\/wp-content\/uploads\/20190702-145523-WEB.jpg\" data-rel=\"iLightbox[gallery3651]\" title=\"20190702-145523-WEB\" data-title=\"20190702-145523-WEB\" data-caption=\"\"><\/a><\/div>\t\t\t\t\t\t\t\t\t\n\t\t\n\t\t\t\t\t\t\t\t\n\t\t\t\t\t\t\t\t\n\t\t\n\t\t\t\t\t\t<a class=\"fusion-link-wrapper\" href=\"https:\/\/www.paisajesverticales.com\/es\/fotografia-aerea-con-drones\/apartamentos-turisticos-en-calella-de-palafrugell\/\" aria-label=\"Apartamentos tur\u00edsticos en Calella de Palafrugell\"><\/a>\n\t<\/div>\n<\/div>\n<\/div>\n<\/li>\n\t\t\t\n\t\t\t\n\t\t\t\t\t\t\t\t\t\t\t\n\t\t\t\t\t\n\t\t\t\t\t\t\t\t\t\t\t<li>\n\t\t\t\t\t\t\t<div class=\"fusion-image-wrapper\">\n\t\t\t\t\t\t\t\t<a href=\"https:\/\/www.paisajesverticales.com\/es\/fotografia-aerea-con-drones\/apartamentos-turisticos-en-calella-de-palafrugell\/\" aria-label=\"Apartamentos tur\u00edsticos en Calella de Palafrugell\">\n\t\t\t\t\t\t\t\t\t<img decoding=\"async\" width=\"1200\" height=\"800\" src=\"https:\/\/www.paisajesverticales.com\/WP\/wp-content\/uploads\/20190702-145523-WEB.jpg\" data-orig-src=\"https:\/\/www.paisajesverticales.com\/WP\/wp-content\/uploads\/20190702-145523-WEB.jpg\" alt=\"\" class=\"lazyload wp-image-8601\" role=\"presentation\" srcset=\"data:image\/svg+xml,%3Csvg%20xmlns%3D%27http%3A%2F%2Fwww.w3.org%2F2000%2Fsvg%27%20width%3D%271200%27%20height%3D%27800%27%20viewBox%3D%270%200%201200%20800%27%3E%3Crect%20width%3D%271200%27%20height%3D%27800%27%20fill-opacity%3D%220%22%2F%3E%3C%2Fsvg%3E\" data-srcset=\"https:\/\/www.paisajesverticales.com\/WP\/wp-content\/uploads\/20190702-145523-WEB-200x133.jpg 200w, https:\/\/www.paisajesverticales.com\/WP\/wp-content\/uploads\/20190702-145523-WEB-400x267.jpg 400w, https:\/\/www.paisajesverticales.com\/WP\/wp-content\/uploads\/20190702-145523-WEB-600x400.jpg 600w, https:\/\/www.paisajesverticales.com\/WP\/wp-content\/uploads\/20190702-145523-WEB-800x533.jpg 800w, https:\/\/www.paisajesverticales.com\/WP\/wp-content\/uploads\/20190702-145523-WEB.jpg 1200w\" data-sizes=\"auto\" data-orig-sizes=\"(min-width: 2200px) 100vw, (min-width: 704px) 377px, (min-width: 672px) 565px, (min-width: 640px) 672px, \" \/>\t\t\t\t\t\t\t\t<\/a>\n\t\t\t\t\t\t\t\t<a style=\"display:none;\" href=\"https:\/\/www.paisajesverticales.com\/WP\/wp-content\/uploads\/20190702-145523-WEB.jpg\" data-rel=\"iLightbox[gallery3651]\"  title=\"\" data-title=\"20190702-145523-WEB\" data-caption=\"\">\n\t\t\t\t\t\t\t\t\t\t\t\t\t\t\t\t\t<\/a>\n\t\t\t\t\t\t\t<\/div>\n\t\t\t\t\t\t<\/li>\n\t\t\t\t\t\t\t\t\t\t\t\t\t\t\t\t\t\t\t\t\t\t\t\t\t\t\t\t\t\t\t\t\t\t\t\t<\/ul>\n\t<\/div>\n\t<div class=\"fusion-post-content-wrapper\" style=\"padding:14px 14px 6px 16px;\"><div class=\"fusion-post-content post-content\"><h2 class=\"blog-shortcode-post-title\"><a href=\"https:\/\/www.paisajesverticales.com\/es\/fotografia-aerea-con-drones\/apartamentos-turisticos-en-calella-de-palafrugell\/\">Apartamentos tur\u00edsticos en Calella de Palafrugell<\/a><\/h2><p class=\"fusion-single-line-meta\"><span class=\"updated\" style=\"display:none;\">2020-07-13T11:58:12+02:00<\/span><span>3 julio 2019<\/span><span class=\"fusion-inline-sep\">|<\/span><\/p><div class=\"fusion-content-sep sep-single sep-dashed\"><\/div><div class=\"fusion-post-content-container\">\n<p>Ayer volvimos a Calella de Palafrugell, en la Costa Brava, para realizar algunas fotograf\u00edas de los apartamentos tur\u00edsticos Rocmar a<a href=\"https:\/\/www.paisajesverticales.com\/es\/fotografia-aerea-con-drones\/apartamentos-turisticos-en-calella-de-palafrugell\/\">\u2026<\/a><\/p>\n<\/div><\/div><div class=\"fusion-meta-info\"><div class=\"fusion-alignleft\"><a class=\"fusion-read-more\" href=\"https:\/\/www.paisajesverticales.com\/es\/fotografia-aerea-con-drones\/apartamentos-turisticos-en-calella-de-palafrugell\/\" aria-label=\"More on Apartamentos tur\u00edsticos en Calella de Palafrugell\">Read More<\/a><\/div><\/div><\/div><div class=\"fusion-clearfix\"><\/div><\/div>\n<\/article>\n<article id=\"blog-1-post-6748\" class=\"fusion-post-grid post-6748 post type-post status-publish format-standard has-post-thumbnail category-novetats-sobre-fotografia-i-video-aeri-amb-drons tag-fotografia-aeria tag-fotografies-drons tag-observacio-amb-drons tag-video-aeri tag-videos-drons\">\n<div class=\"fusion-post-wrapper\" style=\"background-color:rgba(255,235,59,0.03);border:1px solid #009eba;border-bottom-width:3px;\">\n\n\t\t\t<div class=\"fusion-flexslider flexslider fusion-flexslider-loading fusion-post-slideshow\" style=\"border-color:#009eba;\">\n\t\t<ul class=\"slides\">\n\t\t\t\n\t\t\t\t\t\t\t\t\t\t\t\t\t\t<li><div  class=\"fusion-image-wrapper\" aria-haspopup=\"true\">\n\t\t\t\t<img decoding=\"async\" width=\"1200\" height=\"625\" src=\"https:\/\/www.paisajesverticales.com\/WP\/wp-content\/uploads\/grup-facebook-scaled.jpg\" class=\"attachment-full size-full lazyload wp-post-image\" alt=\"Grup Facebook\" srcset=\"data:image\/svg+xml,%3Csvg%20xmlns%3D%27http%3A%2F%2Fwww.w3.org%2F2000%2Fsvg%27%20width%3D%271200%27%20height%3D%27625%27%20viewBox%3D%270%200%201200%20625%27%3E%3Crect%20width%3D%271200%27%20height%3D%27625%27%20fill-opacity%3D%220%22%2F%3E%3C%2Fsvg%3E\" data-orig-src=\"https:\/\/www.paisajesverticales.com\/WP\/wp-content\/uploads\/grup-facebook-scaled.jpg\" data-srcset=\"https:\/\/www.paisajesverticales.com\/WP\/wp-content\/uploads\/grup-facebook-200x104.jpg 200w, https:\/\/www.paisajesverticales.com\/WP\/wp-content\/uploads\/grup-facebook-400x208.jpg 400w, https:\/\/www.paisajesverticales.com\/WP\/wp-content\/uploads\/grup-facebook-600x312.jpg 600w, https:\/\/www.paisajesverticales.com\/WP\/wp-content\/uploads\/grup-facebook-800x416.jpg 800w, https:\/\/www.paisajesverticales.com\/WP\/wp-content\/uploads\/grup-facebook-scaled.jpg 1200w\" data-sizes=\"auto\" \/><div class=\"fusion-rollover\">\n\t<div class=\"fusion-rollover-content\">\n\n\t\t\t\t\t\t\t\t\t\t\n\t\t\t\t\t\t\t\t\t\t\t\t\t\t\n\t\t\t\t\t\t\t\t\n\t\t\t\t\t\t\t\t\n\t\t\t\t\t\t\t\t\t\t\t\t\t\t\t\t\t\t<a class=\"fusion-rollover-gallery\" href=\"https:\/\/www.paisajesverticales.com\/WP\/wp-content\/uploads\/grup-facebook-scaled.jpg\" data-options=\"\" data-id=\"6748\" data-rel=\"iLightbox[gallery6748]\" data-title=\"Grup Facebook\" data-caption=\"Captura de pantalla del grupo de Facebook &quot;Operadores i pilotos profesionales de drones de Catalunya&quot;\">\n\t\t\t\t\t\tGaler\u00eda\t\t\t\t\t<\/a>\n\t\t\t\t\t<div class=\"fusion-portfolio-gallery-hidden\"><\/div>\t\t\t\t\t\t\t\t\t\n\t\t\n\t\t\t\t\t\t\t\t\n\t\t\t\t\t\t\t\t\n\t\t\n\t\t\t\t\t\t<a class=\"fusion-link-wrapper\" href=\"https:\/\/www.paisajesverticales.com\/es\/novetats-sobre-fotografia-i-video-aeri-amb-drons\/nou-grup-de-facebook-per-a-operadors-i-pilots-de-catalunya\/\" aria-label=\"Nou grup de Facebook per a operadors i pilots de Catalunya\"><\/a>\n\t<\/div>\n<\/div>\n<\/div>\n<\/li>\n\t\t\t\n\t\t\t\n\t\t\t\t\t\t\t\t\t\t\t\t\t\t\t\t\t\t\t\t\t\t\t\t\t\t\t\t\t\t\t\t\t\t\t\t\t\t<\/ul>\n\t<\/div>\n\t<div class=\"fusion-post-content-wrapper\" style=\"padding:14px 14px 6px 16px;\"><div class=\"fusion-post-content post-content\"><h2 class=\"blog-shortcode-post-title\"><a href=\"https:\/\/www.paisajesverticales.com\/es\/novetats-sobre-fotografia-i-video-aeri-amb-drons\/nou-grup-de-facebook-per-a-operadors-i-pilots-de-catalunya\/\">Nou grup de Facebook per a operadors i pilots de Catalunya<\/a><\/h2><p class=\"fusion-single-line-meta\"><span class=\"updated\" style=\"display:none;\">2020-12-07T14:22:51+01:00<\/span><span>19 febrero 2019<\/span><span class=\"fusion-inline-sep\">|<\/span><\/p><div class=\"fusion-content-sep sep-single sep-dashed\"><\/div><div class=\"fusion-post-content-container\">\n<p>En algun moment o altre d\u2019un futur no gaire lluny\u00e0, l\u2019espai aeri d\u2019Europa Occidental estar\u00e0 regit per una autoritat \u00fanica<a href=\"https:\/\/www.paisajesverticales.com\/es\/novetats-sobre-fotografia-i-video-aeri-amb-drons\/nou-grup-de-facebook-per-a-operadors-i-pilots-de-catalunya\/\">\u2026<\/a><\/p>\n<\/div><\/div><div class=\"fusion-meta-info\"><div class=\"fusion-alignleft\"><a class=\"fusion-read-more\" href=\"https:\/\/www.paisajesverticales.com\/es\/novetats-sobre-fotografia-i-video-aeri-amb-drons\/nou-grup-de-facebook-per-a-operadors-i-pilots-de-catalunya\/\" aria-label=\"More on Nou grup de Facebook per a operadors i pilots de Catalunya\">Read More<\/a><\/div><\/div><\/div><div class=\"fusion-clearfix\"><\/div><\/div>\n<\/article>\n<article id=\"blog-1-post-5206\" class=\"fusion-post-grid post-5206 post type-post status-publish format-standard has-post-thumbnail category-fotografia-aerea-con-drones tag-alt-emporda-es tag-bages-es tag-baix-emporda-es tag-barcelona-es tag-begur-es tag-blanes-es tag-calella-de-palafrugell-es tag-costa-brava-es tag-emporda-es tag-fotografia-aerea tag-fotografias-con-drones-es tag-garraf-es tag-garrotxa-es tag-girona-es tag-la-selva-es tag-litoral-es tag-maresme-es tag-mediterraneo tag-observacion-con-drones tag-osona-es tag-paisaje tag-patrimonio tag-pla-de-lestany-es tag-provincia-de-girona tag-valles-occidental-es tag-video-aereo tag-videos-drones\">\n<div class=\"fusion-post-wrapper\" style=\"background-color:rgba(255,235,59,0.03);border:1px solid #009eba;border-bottom-width:3px;\">\n\n\t\t\t<div class=\"fusion-flexslider flexslider fusion-flexslider-loading fusion-post-slideshow\" style=\"border-color:#009eba;\">\n\t\t<ul class=\"slides\">\n\t\t\t\n\t\t\t\t\t\t\t\t\t\t\t\t\t\t<li><div  class=\"fusion-image-wrapper\" aria-haspopup=\"true\">\n\t\t\t\t<img decoding=\"async\" width=\"1200\" height=\"800\" src=\"https:\/\/www.paisajesverticales.com\/WP\/wp-content\/uploads\/20181210-144401.jpg\" class=\"attachment-full size-full lazyload wp-post-image\" alt=\"\" srcset=\"data:image\/svg+xml,%3Csvg%20xmlns%3D%27http%3A%2F%2Fwww.w3.org%2F2000%2Fsvg%27%20width%3D%271200%27%20height%3D%27800%27%20viewBox%3D%270%200%201200%20800%27%3E%3Crect%20width%3D%271200%27%20height%3D%27800%27%20fill-opacity%3D%220%22%2F%3E%3C%2Fsvg%3E\" data-orig-src=\"https:\/\/www.paisajesverticales.com\/WP\/wp-content\/uploads\/20181210-144401.jpg\" data-srcset=\"https:\/\/www.paisajesverticales.com\/WP\/wp-content\/uploads\/20181210-144401-200x133.jpg 200w, https:\/\/www.paisajesverticales.com\/WP\/wp-content\/uploads\/20181210-144401-400x267.jpg 400w, https:\/\/www.paisajesverticales.com\/WP\/wp-content\/uploads\/20181210-144401-600x400.jpg 600w, https:\/\/www.paisajesverticales.com\/WP\/wp-content\/uploads\/20181210-144401-800x533.jpg 800w, https:\/\/www.paisajesverticales.com\/WP\/wp-content\/uploads\/20181210-144401.jpg 1200w\" data-sizes=\"auto\" \/><div class=\"fusion-rollover\">\n\t<div class=\"fusion-rollover-content\">\n\n\t\t\t\t\t\t\t\t\t\t\n\t\t\t\t\t\t\t\t\t\t\t\t\t\t\n\t\t\t\t\t\t\t\t\n\t\t\t\t\t\t\t\t\n\t\t\t\t\t\t\t\t\t\t\t\t\t\t\t\t\t\t<a class=\"fusion-rollover-gallery\" href=\"https:\/\/www.paisajesverticales.com\/WP\/wp-content\/uploads\/20181210-144401.jpg\" data-options=\"\" data-id=\"5206\" data-rel=\"iLightbox[gallery5206]\" data-title=\"flyer_pernosaltres_DEF.indd\" data-caption=\"\">\n\t\t\t\t\t\tGaler\u00eda\t\t\t\t\t<\/a>\n\t\t\t\t\t<div class=\"fusion-portfolio-gallery-hidden\"><a href=\"https:\/\/www.paisajesverticales.com\/WP\/wp-content\/uploads\/20170807-155706-WEB.jpg\" data-rel=\"iLightbox[gallery5206]\" title=\"20170807-155706-WEB\" data-title=\"20170807-155706-WEB\" data-caption=\"\"><\/a><a href=\"https:\/\/www.paisajesverticales.com\/WP\/wp-content\/uploads\/20180920-141140-WEB.jpg\" data-rel=\"iLightbox[gallery5206]\" title=\"20180920-141140-WEB\" data-title=\"20180920-141140-WEB\" data-caption=\"\"><\/a><\/div>\t\t\t\t\t\t\t\t\t\n\t\t\n\t\t\t\t\t\t\t\t\n\t\t\t\t\t\t\t\t\n\t\t\n\t\t\t\t\t\t<a class=\"fusion-link-wrapper\" href=\"https:\/\/www.paisajesverticales.com\/es\/fotografia-aerea-con-drones\/participacion-libro-paisatges-de-laigua\/\" aria-label=\"Participaci\u00f3n en el libro \u00abPaisatges de l&#8217;Aigua\u00bb\"><\/a>\n\t<\/div>\n<\/div>\n<\/div>\n<\/li>\n\t\t\t\n\t\t\t\n\t\t\t\t\t\t\t\t\t\t\t\n\t\t\t\t\t\n\t\t\t\t\t\t\t\t\t\t\t<li>\n\t\t\t\t\t\t\t<div class=\"fusion-image-wrapper\">\n\t\t\t\t\t\t\t\t<a href=\"https:\/\/www.paisajesverticales.com\/es\/fotografia-aerea-con-drones\/participacion-libro-paisatges-de-laigua\/\" aria-label=\"Participaci\u00f3n en el libro \u00abPaisatges de l&#8217;Aigua\u00bb\">\n\t\t\t\t\t\t\t\t\t<img decoding=\"async\" width=\"1200\" height=\"800\" src=\"https:\/\/www.paisajesverticales.com\/WP\/wp-content\/uploads\/20170807-155706-WEB.jpg\" data-orig-src=\"https:\/\/www.paisajesverticales.com\/WP\/wp-content\/uploads\/20170807-155706-WEB.jpg\" alt=\"\" class=\"lazyload wp-image-5213\" role=\"presentation\" srcset=\"data:image\/svg+xml,%3Csvg%20xmlns%3D%27http%3A%2F%2Fwww.w3.org%2F2000%2Fsvg%27%20width%3D%271200%27%20height%3D%27800%27%20viewBox%3D%270%200%201200%20800%27%3E%3Crect%20width%3D%271200%27%20height%3D%27800%27%20fill-opacity%3D%220%22%2F%3E%3C%2Fsvg%3E\" data-srcset=\"https:\/\/www.paisajesverticales.com\/WP\/wp-content\/uploads\/20170807-155706-WEB-200x133.jpg 200w, https:\/\/www.paisajesverticales.com\/WP\/wp-content\/uploads\/20170807-155706-WEB-400x267.jpg 400w, https:\/\/www.paisajesverticales.com\/WP\/wp-content\/uploads\/20170807-155706-WEB-600x400.jpg 600w, https:\/\/www.paisajesverticales.com\/WP\/wp-content\/uploads\/20170807-155706-WEB-800x533.jpg 800w, https:\/\/www.paisajesverticales.com\/WP\/wp-content\/uploads\/20170807-155706-WEB.jpg 1200w\" data-sizes=\"auto\" data-orig-sizes=\"(min-width: 2200px) 100vw, (min-width: 704px) 377px, (min-width: 672px) 565px, (min-width: 640px) 672px, \" \/>\t\t\t\t\t\t\t\t<\/a>\n\t\t\t\t\t\t\t\t<a style=\"display:none;\" href=\"https:\/\/www.paisajesverticales.com\/WP\/wp-content\/uploads\/20170807-155706-WEB.jpg\" data-rel=\"iLightbox[gallery5206]\"  title=\"\" data-title=\"20170807-155706-WEB\" data-caption=\"\">\n\t\t\t\t\t\t\t\t\t\t\t\t\t\t\t\t\t<\/a>\n\t\t\t\t\t\t\t<\/div>\n\t\t\t\t\t\t<\/li>\n\t\t\t\t\t\t\t\t\t\t\t\t\t\t\t\t\t\t\t\t\t\t\t\t\n\t\t\t\t\t\n\t\t\t\t\t\t\t\t\t\t\t<li>\n\t\t\t\t\t\t\t<div class=\"fusion-image-wrapper\">\n\t\t\t\t\t\t\t\t<a href=\"https:\/\/www.paisajesverticales.com\/es\/fotografia-aerea-con-drones\/participacion-libro-paisatges-de-laigua\/\" aria-label=\"Participaci\u00f3n en el libro \u00abPaisatges de l&#8217;Aigua\u00bb\">\n\t\t\t\t\t\t\t\t\t<img decoding=\"async\" width=\"1200\" height=\"799\" src=\"https:\/\/www.paisajesverticales.com\/WP\/wp-content\/uploads\/20180920-141140-WEB.jpg\" data-orig-src=\"https:\/\/www.paisajesverticales.com\/WP\/wp-content\/uploads\/20180920-141140-WEB.jpg\" alt=\"\" class=\"lazyload wp-image-5228\" role=\"presentation\" srcset=\"data:image\/svg+xml,%3Csvg%20xmlns%3D%27http%3A%2F%2Fwww.w3.org%2F2000%2Fsvg%27%20width%3D%271200%27%20height%3D%27799%27%20viewBox%3D%270%200%201200%20799%27%3E%3Crect%20width%3D%271200%27%20height%3D%27799%27%20fill-opacity%3D%220%22%2F%3E%3C%2Fsvg%3E\" data-srcset=\"https:\/\/www.paisajesverticales.com\/WP\/wp-content\/uploads\/20180920-141140-WEB-200x133.jpg 200w, https:\/\/www.paisajesverticales.com\/WP\/wp-content\/uploads\/20180920-141140-WEB-400x266.jpg 400w, https:\/\/www.paisajesverticales.com\/WP\/wp-content\/uploads\/20180920-141140-WEB-600x400.jpg 600w, https:\/\/www.paisajesverticales.com\/WP\/wp-content\/uploads\/20180920-141140-WEB-800x533.jpg 800w, https:\/\/www.paisajesverticales.com\/WP\/wp-content\/uploads\/20180920-141140-WEB.jpg 1200w\" data-sizes=\"auto\" data-orig-sizes=\"(min-width: 2200px) 100vw, (min-width: 704px) 377px, (min-width: 672px) 565px, (min-width: 640px) 672px, \" \/>\t\t\t\t\t\t\t\t<\/a>\n\t\t\t\t\t\t\t\t<a style=\"display:none;\" href=\"https:\/\/www.paisajesverticales.com\/WP\/wp-content\/uploads\/20180920-141140-WEB.jpg\" data-rel=\"iLightbox[gallery5206]\"  title=\"\" data-title=\"20180920-141140-WEB\" data-caption=\"\">\n\t\t\t\t\t\t\t\t\t\t\t\t\t\t\t\t\t<\/a>\n\t\t\t\t\t\t\t<\/div>\n\t\t\t\t\t\t<\/li>\n\t\t\t\t\t\t\t\t\t\t\t\t\t\t\t\t\t\t\t\t\t<\/ul>\n\t<\/div>\n\t<div class=\"fusion-post-content-wrapper\" style=\"padding:14px 14px 6px 16px;\"><div class=\"fusion-post-content post-content\"><h2 class=\"blog-shortcode-post-title\"><a href=\"https:\/\/www.paisajesverticales.com\/es\/fotografia-aerea-con-drones\/participacion-libro-paisatges-de-laigua\/\">Participaci\u00f3n en el libro \u00abPaisatges de l&#8217;Aigua\u00bb<\/a><\/h2><p class=\"fusion-single-line-meta\"><span class=\"updated\" style=\"display:none;\">2020-07-13T11:58:26+02:00<\/span><span>21 diciembre 2018<\/span><span class=\"fusion-inline-sep\">|<\/span><\/p><div class=\"fusion-content-sep sep-single sep-dashed\"><\/div><div class=\"fusion-post-content-container\">\n<p>Durante las \u00faltimas semanas hemos estado preparando una colaboraci\u00f3n de 12 im\u00e1genes a\u00e9reas para la edici\u00f3n del libro \u00abPaisatges de<a href=\"https:\/\/www.paisajesverticales.com\/es\/fotografia-aerea-con-drones\/participacion-libro-paisatges-de-laigua\/\">\u2026<\/a><\/p>\n<\/div><\/div><div class=\"fusion-meta-info\"><div class=\"fusion-alignleft\"><a class=\"fusion-read-more\" href=\"https:\/\/www.paisajesverticales.com\/es\/fotografia-aerea-con-drones\/participacion-libro-paisatges-de-laigua\/\" aria-label=\"More on Participaci\u00f3n en el libro \u00abPaisatges de l&#8217;Aigua\u00bb\">Read More<\/a><\/div><\/div><\/div><div class=\"fusion-clearfix\"><\/div><\/div>\n<\/article>\n<article id=\"blog-1-post-3640\" class=\"fusion-post-grid post-3640 post type-post status-publish format-standard has-post-thumbnail category-fotografia-aerea-con-drones category-novedades-sobre-fotografia-y-video-aereo-con-drones category-video-aereo-con-drones tag-arquitectura-es tag-camping-es tag-fotografia-aerea tag-fotografias-con-drones-es tag-hotel-es tag-industria-es tag-inmobiliaria tag-observacion-con-drones tag-paisaje tag-patrimonio tag-restaurante-es tag-turismo tag-turismo-rural tag-video-aereo tag-videos-drones\">\n<div class=\"fusion-post-wrapper\" style=\"background-color:rgba(255,235,59,0.03);border:1px solid #009eba;border-bottom-width:3px;\">\n\n\t\t\t<div class=\"fusion-flexslider flexslider fusion-flexslider-loading fusion-post-slideshow\" style=\"border-color:#009eba;\">\n\t\t<ul class=\"slides\">\n\t\t\t\n\t\t\t\t\t\t\t\t\t\t\t\t\t\t<li><div  class=\"fusion-image-wrapper\" aria-haspopup=\"true\">\n\t\t\t\t<img decoding=\"async\" width=\"1200\" height=\"800\" src=\"https:\/\/www.paisajesverticales.com\/WP\/wp-content\/uploads\/20180912-162558-WEB.jpg\" class=\"attachment-full size-full lazyload wp-post-image\" alt=\"\" srcset=\"data:image\/svg+xml,%3Csvg%20xmlns%3D%27http%3A%2F%2Fwww.w3.org%2F2000%2Fsvg%27%20width%3D%271200%27%20height%3D%27800%27%20viewBox%3D%270%200%201200%20800%27%3E%3Crect%20width%3D%271200%27%20height%3D%27800%27%20fill-opacity%3D%220%22%2F%3E%3C%2Fsvg%3E\" data-orig-src=\"https:\/\/www.paisajesverticales.com\/WP\/wp-content\/uploads\/20180912-162558-WEB.jpg\" data-srcset=\"https:\/\/www.paisajesverticales.com\/WP\/wp-content\/uploads\/20180912-162558-WEB-200x133.jpg 200w, https:\/\/www.paisajesverticales.com\/WP\/wp-content\/uploads\/20180912-162558-WEB-400x267.jpg 400w, https:\/\/www.paisajesverticales.com\/WP\/wp-content\/uploads\/20180912-162558-WEB-600x400.jpg 600w, https:\/\/www.paisajesverticales.com\/WP\/wp-content\/uploads\/20180912-162558-WEB-800x533.jpg 800w, https:\/\/www.paisajesverticales.com\/WP\/wp-content\/uploads\/20180912-162558-WEB.jpg 1200w\" data-sizes=\"auto\" \/><div class=\"fusion-rollover\">\n\t<div class=\"fusion-rollover-content\">\n\n\t\t\t\t\t\t\t\t\t\t\n\t\t\t\t\t\t\t\t\t\t\t\t\t\t\n\t\t\t\t\t\t\t\t\n\t\t\t\t\t\t\t\t\n\t\t\t\t\t\t\t\t\t\t\t\t\t\t\t\t\t\t<a class=\"fusion-rollover-gallery\" href=\"https:\/\/www.paisajesverticales.com\/WP\/wp-content\/uploads\/20180912-162558-WEB.jpg\" data-options=\"\" data-id=\"3640\" data-rel=\"iLightbox[gallery3640]\" data-title=\"20180912-162558-WEB\" data-caption=\"\">\n\t\t\t\t\t\tGaler\u00eda\t\t\t\t\t<\/a>\n\t\t\t\t\t<div class=\"fusion-portfolio-gallery-hidden\"><\/div>\t\t\t\t\t\t\t\t\t\n\t\t\n\t\t\t\t\t\t\t\t\n\t\t\t\t\t\t\t\t\n\t\t\n\t\t\t\t\t\t<a class=\"fusion-link-wrapper\" href=\"https:\/\/www.paisajesverticales.com\/es\/novedades-sobre-fotografia-y-video-aereo-con-drones\/4-factores-que-debe-comprobar-de-contratar-a-fotografo-aereo\/\" aria-label=\"4 factores que debe comprobar antes de contratar a un fot\u00f3grafo a\u00e9reo\"><\/a>\n\t<\/div>\n<\/div>\n<\/div>\n<\/li>\n\t\t\t\n\t\t\t\n\t\t\t\t\t\t\t\t\t\t\t\t\t\t\t\t\t\t\t\t\t\t\t\t\t\t\t\t\t\t\t\t\t\t\t\t\t\t<\/ul>\n\t<\/div>\n\t<div class=\"fusion-post-content-wrapper\" style=\"padding:14px 14px 6px 16px;\"><div class=\"fusion-post-content post-content\"><h2 class=\"blog-shortcode-post-title\"><a href=\"https:\/\/www.paisajesverticales.com\/es\/novedades-sobre-fotografia-y-video-aereo-con-drones\/4-factores-que-debe-comprobar-de-contratar-a-fotografo-aereo\/\">4 factores que debe comprobar antes de contratar a un fot\u00f3grafo a\u00e9reo<\/a><\/h2><p class=\"fusion-single-line-meta\"><span class=\"updated\" style=\"display:none;\">2020-12-07T15:55:19+01:00<\/span><span>16 diciembre 2018<\/span><span class=\"fusion-inline-sep\">|<\/span><\/p><div class=\"fusion-content-sep sep-single sep-dashed\"><\/div><div class=\"fusion-post-content-container\">\n<p>Cuando decida contratar los servicios de una empresa de drones deber\u00eda usted tener en cuenta algunos factores. Ante cualquier conflicto,<a href=\"https:\/\/www.paisajesverticales.com\/es\/novedades-sobre-fotografia-y-video-aereo-con-drones\/4-factores-que-debe-comprobar-de-contratar-a-fotografo-aereo\/\">\u2026<\/a><\/p>\n<\/div><\/div><div class=\"fusion-meta-info\"><div class=\"fusion-alignleft\"><a class=\"fusion-read-more\" href=\"https:\/\/www.paisajesverticales.com\/es\/novedades-sobre-fotografia-y-video-aereo-con-drones\/4-factores-que-debe-comprobar-de-contratar-a-fotografo-aereo\/\" aria-label=\"More on 4 factores que debe comprobar antes de contratar a un fot\u00f3grafo a\u00e9reo\">Read More<\/a><\/div><\/div><\/div><div class=\"fusion-clearfix\"><\/div><\/div>\n<\/article>\n<article id=\"blog-1-post-4876\" class=\"fusion-post-grid post-4876 post type-post status-publish format-standard has-post-thumbnail category-novedades-sobre-fotografia-y-video-aereo-con-drones category-video-aereo-con-drones tag-cine-es tag-cortometraje-es tag-costa-brava-es tag-fotografia-aerea tag-fotografias-con-drones-es tag-girona-es tag-litoral-es tag-mediterraneo tag-provincia-de-girona tag-video-aereo tag-videos-drones\">\n<div class=\"fusion-post-wrapper\" style=\"background-color:rgba(255,235,59,0.03);border:1px solid #009eba;border-bottom-width:3px;\">\n\n\t\t\t<div class=\"fusion-flexslider flexslider fusion-flexslider-loading fusion-post-slideshow\" style=\"border-color:#009eba;\">\n\t\t<ul class=\"slides\">\n\t\t\t\n\t\t\t\t\t\t\t\t\t\t\t\t\t\t<li><div  class=\"fusion-image-wrapper\" aria-haspopup=\"true\">\n\t\t\t\t<img decoding=\"async\" width=\"1200\" height=\"800\" src=\"https:\/\/www.paisajesverticales.com\/WP\/wp-content\/uploads\/20181128-234012-WEB.jpg\" class=\"attachment-full size-full lazyload wp-post-image\" alt=\"\" srcset=\"data:image\/svg+xml,%3Csvg%20xmlns%3D%27http%3A%2F%2Fwww.w3.org%2F2000%2Fsvg%27%20width%3D%271200%27%20height%3D%27800%27%20viewBox%3D%270%200%201200%20800%27%3E%3Crect%20width%3D%271200%27%20height%3D%27800%27%20fill-opacity%3D%220%22%2F%3E%3C%2Fsvg%3E\" data-orig-src=\"https:\/\/www.paisajesverticales.com\/WP\/wp-content\/uploads\/20181128-234012-WEB.jpg\" data-srcset=\"https:\/\/www.paisajesverticales.com\/WP\/wp-content\/uploads\/20181128-234012-WEB-200x133.jpg 200w, https:\/\/www.paisajesverticales.com\/WP\/wp-content\/uploads\/20181128-234012-WEB-400x267.jpg 400w, https:\/\/www.paisajesverticales.com\/WP\/wp-content\/uploads\/20181128-234012-WEB-600x400.jpg 600w, https:\/\/www.paisajesverticales.com\/WP\/wp-content\/uploads\/20181128-234012-WEB-800x533.jpg 800w, https:\/\/www.paisajesverticales.com\/WP\/wp-content\/uploads\/20181128-234012-WEB.jpg 1200w\" data-sizes=\"auto\" \/><div class=\"fusion-rollover\">\n\t<div class=\"fusion-rollover-content\">\n\n\t\t\t\t\t\t\t\t\t\t\n\t\t\t\t\t\t\t\t\t\t\t\t\t\t\n\t\t\t\t\t\t\t\t\n\t\t\t\t\t\t\t\t\n\t\t\t\t\t\t\t\t\t\t\t\t\t\t\t\t\t\t<a class=\"fusion-rollover-gallery\" href=\"https:\/\/www.paisajesverticales.com\/WP\/wp-content\/uploads\/20181128-234012-WEB.jpg\" data-options=\"\" data-id=\"4876\" data-rel=\"iLightbox[gallery4876]\" data-title=\"20181128-234012-WEB\" data-caption=\"\">\n\t\t\t\t\t\tGaler\u00eda\t\t\t\t\t<\/a>\n\t\t\t\t\t<div class=\"fusion-portfolio-gallery-hidden\"><a href=\"https:\/\/www.paisajesverticales.com\/WP\/wp-content\/uploads\/46977866_2243828732607477_5938100678256754688_o2.jpg\" data-rel=\"iLightbox[gallery4876]\" title=\"46977866_2243828732607477_5938100678256754688_o2\" data-title=\"46977866_2243828732607477_5938100678256754688_o2\" data-caption=\"\"><\/a><\/div>\t\t\t\t\t\t\t\t\t\n\t\t\n\t\t\t\t\t\t\t\t\n\t\t\t\t\t\t\t\t\n\t\t\n\t\t\t\t\t\t<a class=\"fusion-link-wrapper\" href=\"https:\/\/www.paisajesverticales.com\/es\/novedades-sobre-fotografia-y-video-aereo-con-drones\/preestreno-del-film-viaje-maletas-que-colaboramos\/\" aria-label=\"Preestreno del film \u00abViaje sin maletas\u00bb en el que colaboramos\"><\/a>\n\t<\/div>\n<\/div>\n<\/div>\n<\/li>\n\t\t\t\n\t\t\t\n\t\t\t\t\t\t\t\t\t\t\t\n\t\t\t\t\t\n\t\t\t\t\t\t\t\t\t\t\t<li>\n\t\t\t\t\t\t\t<div class=\"fusion-image-wrapper\">\n\t\t\t\t\t\t\t\t<a href=\"https:\/\/www.paisajesverticales.com\/es\/novedades-sobre-fotografia-y-video-aereo-con-drones\/preestreno-del-film-viaje-maletas-que-colaboramos\/\" aria-label=\"Preestreno del film \u00abViaje sin maletas\u00bb en el que colaboramos\">\n\t\t\t\t\t\t\t\t\t<img decoding=\"async\" width=\"1200\" height=\"800\" src=\"https:\/\/www.paisajesverticales.com\/WP\/wp-content\/uploads\/46977866_2243828732607477_5938100678256754688_o2.jpg\" data-orig-src=\"https:\/\/www.paisajesverticales.com\/WP\/wp-content\/uploads\/46977866_2243828732607477_5938100678256754688_o2.jpg\" alt=\"\" class=\"lazyload wp-image-4883\" role=\"presentation\" srcset=\"data:image\/svg+xml,%3Csvg%20xmlns%3D%27http%3A%2F%2Fwww.w3.org%2F2000%2Fsvg%27%20width%3D%271200%27%20height%3D%27800%27%20viewBox%3D%270%200%201200%20800%27%3E%3Crect%20width%3D%271200%27%20height%3D%27800%27%20fill-opacity%3D%220%22%2F%3E%3C%2Fsvg%3E\" data-srcset=\"https:\/\/www.paisajesverticales.com\/WP\/wp-content\/uploads\/46977866_2243828732607477_5938100678256754688_o2-200x133.jpg 200w, https:\/\/www.paisajesverticales.com\/WP\/wp-content\/uploads\/46977866_2243828732607477_5938100678256754688_o2-400x267.jpg 400w, https:\/\/www.paisajesverticales.com\/WP\/wp-content\/uploads\/46977866_2243828732607477_5938100678256754688_o2-600x400.jpg 600w, https:\/\/www.paisajesverticales.com\/WP\/wp-content\/uploads\/46977866_2243828732607477_5938100678256754688_o2-800x533.jpg 800w, https:\/\/www.paisajesverticales.com\/WP\/wp-content\/uploads\/46977866_2243828732607477_5938100678256754688_o2.jpg 1200w\" data-sizes=\"auto\" data-orig-sizes=\"(min-width: 2200px) 100vw, (min-width: 704px) 377px, (min-width: 672px) 565px, (min-width: 640px) 672px, \" \/>\t\t\t\t\t\t\t\t<\/a>\n\t\t\t\t\t\t\t\t<a style=\"display:none;\" href=\"https:\/\/www.paisajesverticales.com\/WP\/wp-content\/uploads\/46977866_2243828732607477_5938100678256754688_o2.jpg\" data-rel=\"iLightbox[gallery4876]\"  title=\"\" data-title=\"46977866_2243828732607477_5938100678256754688_o2\" data-caption=\"\">\n\t\t\t\t\t\t\t\t\t\t\t\t\t\t\t\t\t<\/a>\n\t\t\t\t\t\t\t<\/div>\n\t\t\t\t\t\t<\/li>\n\t\t\t\t\t\t\t\t\t\t\t\t\t\t\t\t\t\t\t\t\t\t\t\t\t\t\t\t\t\t\t\t\t\t\t\t<\/ul>\n\t<\/div>\n\t<div class=\"fusion-post-content-wrapper\" style=\"padding:14px 14px 6px 16px;\"><div class=\"fusion-post-content post-content\"><h2 class=\"blog-shortcode-post-title\"><a href=\"https:\/\/www.paisajesverticales.com\/es\/novedades-sobre-fotografia-y-video-aereo-con-drones\/preestreno-del-film-viaje-maletas-que-colaboramos\/\">Preestreno del film \u00abViaje sin maletas\u00bb en el que colaboramos<\/a><\/h2><p class=\"fusion-single-line-meta\"><span class=\"updated\" style=\"display:none;\">2020-12-07T14:06:40+01:00<\/span><span>29 noviembre 2018<\/span><span class=\"fusion-inline-sep\">|<\/span><\/p><div class=\"fusion-content-sep sep-single sep-dashed\"><\/div><div class=\"fusion-post-content-container\">\n<p>Como <a href=\"https:\/\/www.paisajesverticales.com\/ca\/fotografia-aeria-amb-drons\/participacio-en-el-curtmetratge-viaje-sin-maletas\/\">comentamos unos meses atr\u00e1s<\/a>, Paisajes Verticales particip\u00f3 en la realizaci\u00f3n del film \u00ab<a href=\"https:\/\/www.facebook.com\/viajesinmaletas\/\" target=\"_blank\" rel=\"noopener noreferrer\">Viaje sin<\/a><a href=\"https:\/\/www.paisajesverticales.com\/es\/novedades-sobre-fotografia-y-video-aereo-con-drones\/preestreno-del-film-viaje-maletas-que-colaboramos\/\">\u2026<\/a><\/p>\n<\/div><\/div><div class=\"fusion-meta-info\"><div class=\"fusion-alignleft\"><a class=\"fusion-read-more\" href=\"https:\/\/www.paisajesverticales.com\/es\/novedades-sobre-fotografia-y-video-aereo-con-drones\/preestreno-del-film-viaje-maletas-que-colaboramos\/\" aria-label=\"More on Preestreno del film \u00abViaje sin maletas\u00bb en el que colaboramos\">Read More<\/a><\/div><\/div><\/div><div class=\"fusion-clearfix\"><\/div><\/div>\n<\/article>\n<article id=\"blog-1-post-4903\" class=\"fusion-post-grid post-4903 post type-post status-publish format-standard has-post-thumbnail category-novedades-sobre-fotografia-y-video-aereo-con-drones tag-fotografia-aerea tag-fotografias-con-drones-es tag-observacion-con-drones tag-video-aereo tag-videos-drones\">\n<div class=\"fusion-post-wrapper\" style=\"background-color:rgba(255,235,59,0.03);border:1px solid #009eba;border-bottom-width:3px;\">\n\n\t\t\t<div class=\"fusion-flexslider flexslider fusion-flexslider-loading fusion-post-slideshow\" style=\"border-color:#009eba;\">\n\t\t<ul class=\"slides\">\n\t\t\t\n\t\t\t\t\t\t\t\t\t\t\t\t\t\t<li><div  class=\"fusion-image-wrapper\" aria-haspopup=\"true\">\n\t\t\t\t<img decoding=\"async\" width=\"1200\" height=\"800\" src=\"https:\/\/www.paisajesverticales.com\/WP\/wp-content\/uploads\/20080622-P1080475-WEB.jpg\" class=\"attachment-full size-full lazyload wp-post-image\" alt=\"\" srcset=\"data:image\/svg+xml,%3Csvg%20xmlns%3D%27http%3A%2F%2Fwww.w3.org%2F2000%2Fsvg%27%20width%3D%271200%27%20height%3D%27800%27%20viewBox%3D%270%200%201200%20800%27%3E%3Crect%20width%3D%271200%27%20height%3D%27800%27%20fill-opacity%3D%220%22%2F%3E%3C%2Fsvg%3E\" data-orig-src=\"https:\/\/www.paisajesverticales.com\/WP\/wp-content\/uploads\/20080622-P1080475-WEB.jpg\" data-srcset=\"https:\/\/www.paisajesverticales.com\/WP\/wp-content\/uploads\/20080622-P1080475-WEB-200x133.jpg 200w, https:\/\/www.paisajesverticales.com\/WP\/wp-content\/uploads\/20080622-P1080475-WEB-400x267.jpg 400w, https:\/\/www.paisajesverticales.com\/WP\/wp-content\/uploads\/20080622-P1080475-WEB-600x400.jpg 600w, https:\/\/www.paisajesverticales.com\/WP\/wp-content\/uploads\/20080622-P1080475-WEB-800x533.jpg 800w, https:\/\/www.paisajesverticales.com\/WP\/wp-content\/uploads\/20080622-P1080475-WEB.jpg 1200w\" data-sizes=\"auto\" \/><div class=\"fusion-rollover\">\n\t<div class=\"fusion-rollover-content\">\n\n\t\t\t\t\t\t\t\t\t\t\n\t\t\t\t\t\t\t\t\t\t\t\t\t\t\n\t\t\t\t\t\t\t\t\n\t\t\t\t\t\t\t\t\n\t\t\t\t\t\t\t\t\t\t\t\t\t\t\t\t\t\t<a class=\"fusion-rollover-gallery\" href=\"https:\/\/www.paisajesverticales.com\/WP\/wp-content\/uploads\/20080622-P1080475-WEB.jpg\" data-options=\"\" data-id=\"4903\" data-rel=\"iLightbox[gallery4903]\" data-title=\"20080622-P1080475-WEB\" data-caption=\"\">\n\t\t\t\t\t\tGaler\u00eda\t\t\t\t\t<\/a>\n\t\t\t\t\t<div class=\"fusion-portfolio-gallery-hidden\"><\/div>\t\t\t\t\t\t\t\t\t\n\t\t\n\t\t\t\t\t\t\t\t\n\t\t\t\t\t\t\t\t\n\t\t\n\t\t\t\t\t\t<a class=\"fusion-link-wrapper\" href=\"https:\/\/www.paisajesverticales.com\/es\/novedades-sobre-fotografia-y-video-aereo-con-drones\/adherimos-a-junta-arbitral-de-consumo\/\" aria-label=\"Nos adherimos a la Junta Arbitral de Consumo\"><\/a>\n\t<\/div>\n<\/div>\n<\/div>\n<\/li>\n\t\t\t\n\t\t\t\n\t\t\t\t\t\t\t\t\t\t\t\t\t\t\t\t\t\t\t\t\t\t\t\t\t\t\t\t\t\t\t\t\t\t\t\t\t\t<\/ul>\n\t<\/div>\n\t<div class=\"fusion-post-content-wrapper\" style=\"padding:14px 14px 6px 16px;\"><div class=\"fusion-post-content post-content\"><h2 class=\"blog-shortcode-post-title\"><a href=\"https:\/\/www.paisajesverticales.com\/es\/novedades-sobre-fotografia-y-video-aereo-con-drones\/adherimos-a-junta-arbitral-de-consumo\/\">Nos adherimos a la Junta Arbitral de Consumo<\/a><\/h2><p class=\"fusion-single-line-meta\"><span class=\"updated\" style=\"display:none;\">2020-07-13T11:58:37+02:00<\/span><span>7 noviembre 2018<\/span><span class=\"fusion-inline-sep\">|<\/span><\/p><div class=\"fusion-content-sep sep-single sep-dashed\"><\/div><div class=\"fusion-post-content-container\">\n<p>Paisajes Verticales <a href=\"http:\/\/consum.gencat.cat\/ca\/empreses\/aspectes-voluntaris\/adhesio-al-sistema-arbitral-de-consum\/empreses-adherides-al-sistema-arbitral-de-consum\/?pagina=1&amp;nif=77999336B\" target=\"_blank\" rel=\"noopener noreferrer\">se ha adherido a la Junta Arbitral de Consumo de Catalunya<\/a>, recibiendo la acreditaci\u00f3n<a href=\"https:\/\/www.paisajesverticales.com\/es\/novedades-sobre-fotografia-y-video-aereo-con-drones\/adherimos-a-junta-arbitral-de-consumo\/\">\u2026<\/a><\/p>\n<\/div><\/div><div class=\"fusion-meta-info\"><div class=\"fusion-alignleft\"><a class=\"fusion-read-more\" href=\"https:\/\/www.paisajesverticales.com\/es\/novedades-sobre-fotografia-y-video-aereo-con-drones\/adherimos-a-junta-arbitral-de-consumo\/\" aria-label=\"More on Nos adherimos a la Junta Arbitral de Consumo\">Read More<\/a><\/div><\/div><\/div><div class=\"fusion-clearfix\"><\/div><\/div>\n<\/article>\n<article id=\"blog-1-post-4997\" class=\"fusion-post-grid post-4997 post type-post status-publish format-standard has-post-thumbnail category-fotografia-aerea-con-drones tag-arquitectura-es tag-barcelona-es tag-fotografia-aerea tag-fotografias-con-drones-es tag-granollers-es tag-industria-es tag-observacion-con-drones tag-valles-occidental-es tag-video-aereo tag-videos-drones\">\n<div class=\"fusion-post-wrapper\" style=\"background-color:rgba(255,235,59,0.03);border:1px solid #009eba;border-bottom-width:3px;\">\n\n\t\t\t<div class=\"fusion-flexslider flexslider fusion-flexslider-loading fusion-post-slideshow\" style=\"border-color:#009eba;\">\n\t\t<ul class=\"slides\">\n\t\t\t\n\t\t\t\t\t\t\t\t\t\t\t\t\t\t<li><div  class=\"fusion-image-wrapper\" aria-haspopup=\"true\">\n\t\t\t\t<img decoding=\"async\" width=\"1200\" height=\"800\" src=\"https:\/\/www.paisajesverticales.com\/WP\/wp-content\/uploads\/20181022-151929-WEB.jpg\" class=\"attachment-full size-full lazyload wp-post-image\" alt=\"\" srcset=\"data:image\/svg+xml,%3Csvg%20xmlns%3D%27http%3A%2F%2Fwww.w3.org%2F2000%2Fsvg%27%20width%3D%271200%27%20height%3D%27800%27%20viewBox%3D%270%200%201200%20800%27%3E%3Crect%20width%3D%271200%27%20height%3D%27800%27%20fill-opacity%3D%220%22%2F%3E%3C%2Fsvg%3E\" data-orig-src=\"https:\/\/www.paisajesverticales.com\/WP\/wp-content\/uploads\/20181022-151929-WEB.jpg\" data-srcset=\"https:\/\/www.paisajesverticales.com\/WP\/wp-content\/uploads\/20181022-151929-WEB-200x133.jpg 200w, https:\/\/www.paisajesverticales.com\/WP\/wp-content\/uploads\/20181022-151929-WEB-400x267.jpg 400w, https:\/\/www.paisajesverticales.com\/WP\/wp-content\/uploads\/20181022-151929-WEB-600x400.jpg 600w, https:\/\/www.paisajesverticales.com\/WP\/wp-content\/uploads\/20181022-151929-WEB-800x533.jpg 800w, https:\/\/www.paisajesverticales.com\/WP\/wp-content\/uploads\/20181022-151929-WEB.jpg 1200w\" data-sizes=\"auto\" \/><div class=\"fusion-rollover\">\n\t<div class=\"fusion-rollover-content\">\n\n\t\t\t\t\t\t\t\t\t\t\n\t\t\t\t\t\t\t\t\t\t\t\t\t\t\n\t\t\t\t\t\t\t\t\n\t\t\t\t\t\t\t\t\n\t\t\t\t\t\t\t\t\t\t\t\t\t\t\t\t\t\t<a class=\"fusion-rollover-gallery\" href=\"https:\/\/www.paisajesverticales.com\/WP\/wp-content\/uploads\/20181022-151929-WEB.jpg\" data-options=\"\" data-id=\"4997\" data-rel=\"iLightbox[gallery4997]\" data-title=\"20181022-151929-WEB\" data-caption=\"\">\n\t\t\t\t\t\tGaler\u00eda\t\t\t\t\t<\/a>\n\t\t\t\t\t<div class=\"fusion-portfolio-gallery-hidden\"><a href=\"https:\/\/www.paisajesverticales.com\/WP\/wp-content\/uploads\/20181022-154155-WEB.jpg\" data-rel=\"iLightbox[gallery4997]\" title=\"20181022-154155-WEB\" data-title=\"20181022-154155-WEB\" data-caption=\"\"><\/a><\/div>\t\t\t\t\t\t\t\t\t\n\t\t\n\t\t\t\t\t\t\t\t\n\t\t\t\t\t\t\t\t\n\t\t\n\t\t\t\t\t\t<a class=\"fusion-link-wrapper\" href=\"https:\/\/www.paisajesverticales.com\/es\/fotografia-aerea-con-drones\/imagenes-aereas-de-nave-industrial-de-k-line\/\" aria-label=\"Im\u00e1genes a\u00e9reas de la nave industrial de K-Line\"><\/a>\n\t<\/div>\n<\/div>\n<\/div>\n<\/li>\n\t\t\t\n\t\t\t\n\t\t\t\t\t\t\t\t\t\t\t\n\t\t\t\t\t\n\t\t\t\t\t\t\t\t\t\t\t<li>\n\t\t\t\t\t\t\t<div class=\"fusion-image-wrapper\">\n\t\t\t\t\t\t\t\t<a href=\"https:\/\/www.paisajesverticales.com\/es\/fotografia-aerea-con-drones\/imagenes-aereas-de-nave-industrial-de-k-line\/\" aria-label=\"Im\u00e1genes a\u00e9reas de la nave industrial de K-Line\">\n\t\t\t\t\t\t\t\t\t<img decoding=\"async\" width=\"1200\" height=\"799\" src=\"https:\/\/www.paisajesverticales.com\/WP\/wp-content\/uploads\/20181022-154155-WEB.jpg\" data-orig-src=\"https:\/\/www.paisajesverticales.com\/WP\/wp-content\/uploads\/20181022-154155-WEB.jpg\" alt=\"\" class=\"lazyload wp-image-4941\" role=\"presentation\" srcset=\"data:image\/svg+xml,%3Csvg%20xmlns%3D%27http%3A%2F%2Fwww.w3.org%2F2000%2Fsvg%27%20width%3D%271200%27%20height%3D%27799%27%20viewBox%3D%270%200%201200%20799%27%3E%3Crect%20width%3D%271200%27%20height%3D%27799%27%20fill-opacity%3D%220%22%2F%3E%3C%2Fsvg%3E\" data-srcset=\"https:\/\/www.paisajesverticales.com\/WP\/wp-content\/uploads\/20181022-154155-WEB-200x133.jpg 200w, https:\/\/www.paisajesverticales.com\/WP\/wp-content\/uploads\/20181022-154155-WEB-400x266.jpg 400w, https:\/\/www.paisajesverticales.com\/WP\/wp-content\/uploads\/20181022-154155-WEB-600x400.jpg 600w, https:\/\/www.paisajesverticales.com\/WP\/wp-content\/uploads\/20181022-154155-WEB-800x533.jpg 800w, https:\/\/www.paisajesverticales.com\/WP\/wp-content\/uploads\/20181022-154155-WEB.jpg 1200w\" data-sizes=\"auto\" data-orig-sizes=\"(min-width: 2200px) 100vw, (min-width: 704px) 377px, (min-width: 672px) 565px, (min-width: 640px) 672px, \" \/>\t\t\t\t\t\t\t\t<\/a>\n\t\t\t\t\t\t\t\t<a style=\"display:none;\" href=\"https:\/\/www.paisajesverticales.com\/WP\/wp-content\/uploads\/20181022-154155-WEB.jpg\" data-rel=\"iLightbox[gallery4997]\"  title=\"\" data-title=\"20181022-154155-WEB\" data-caption=\"\">\n\t\t\t\t\t\t\t\t\t\t\t\t\t\t\t\t\t<\/a>\n\t\t\t\t\t\t\t<\/div>\n\t\t\t\t\t\t<\/li>\n\t\t\t\t\t\t\t\t\t\t\t\t\t\t\t\t\t\t\t\t\t\t\t\t\t\t\t\t\t\t\t\t\t\t\t\t<\/ul>\n\t<\/div>\n\t<div class=\"fusion-post-content-wrapper\" style=\"padding:14px 14px 6px 16px;\"><div class=\"fusion-post-content post-content\"><h2 class=\"blog-shortcode-post-title\"><a href=\"https:\/\/www.paisajesverticales.com\/es\/fotografia-aerea-con-drones\/imagenes-aereas-de-nave-industrial-de-k-line\/\">Im\u00e1genes a\u00e9reas de la nave industrial de K-Line<\/a><\/h2><p class=\"fusion-single-line-meta\"><span class=\"updated\" style=\"display:none;\">2020-07-13T11:58:43+02:00<\/span><span>22 octubre 2018<\/span><span class=\"fusion-inline-sep\">|<\/span><\/p><div class=\"fusion-content-sep sep-single sep-dashed\"><\/div><div class=\"fusion-post-content-container\">\n<p class=\"p1\">Contratados por la agencia de publicidad <a href=\"http:\/\/www.jordiborbon.com\" target=\"_blank\" rel=\"noopener noreferrer\">Jordi Borb\u00f3n<\/a>, nos encargamos de la realizaci\u00f3n de im\u00e1genes<a href=\"https:\/\/www.paisajesverticales.com\/es\/fotografia-aerea-con-drones\/imagenes-aereas-de-nave-industrial-de-k-line\/\">\u2026<\/a><\/p>\n<\/div><\/div><div class=\"fusion-meta-info\"><div class=\"fusion-alignleft\"><a class=\"fusion-read-more\" href=\"https:\/\/www.paisajesverticales.com\/es\/fotografia-aerea-con-drones\/imagenes-aereas-de-nave-industrial-de-k-line\/\" aria-label=\"More on Im\u00e1genes a\u00e9reas de la nave industrial de K-Line\">Read More<\/a><\/div><\/div><\/div><div class=\"fusion-clearfix\"><\/div><\/div>\n<\/article>\n<article id=\"blog-1-post-4769\" class=\"fusion-post-grid post-4769 post type-post status-publish format-standard has-post-thumbnail category-fotografia-aerea-con-drones category-novedades-sobre-fotografia-y-video-aereo-con-drones tag-alt-emporda-es tag-baix-emporda-es tag-begur-es tag-blanes-es tag-cadaques-es tag-calella-de-palafrugell-es tag-cap-de-creus-es tag-costa-brava-es tag-emporda-es tag-fotografia-aerea tag-fotografias-con-drones-es tag-girona-es tag-la-selva-es tag-litoral-es tag-llanca-es tag-lloret-de-mar-es tag-lescala-es tag-mediterraneo tag-observacion-con-drones tag-paisaje tag-palamos-es tag-patrimonio tag-platja-daro-es tag-port-de-la-selva-es tag-provincia-de-girona tag-roses-es tag-sant-pere-pescador-es tag-sagaro-es tag-salguer-es tag-tossa-de-mar-es tag-video-aereo tag-videos-drones\">\n<div class=\"fusion-post-wrapper\" style=\"background-color:rgba(255,235,59,0.03);border:1px solid #009eba;border-bottom-width:3px;\">\n\n\t\t\t<div class=\"fusion-flexslider flexslider fusion-flexslider-loading fusion-post-slideshow\" style=\"border-color:#009eba;\">\n\t\t<ul class=\"slides\">\n\t\t\t\n\t\t\t\t\t\t\t\t\t\t\t\t\t\t<li><div  class=\"fusion-image-wrapper\" aria-haspopup=\"true\">\n\t\t\t\t<img decoding=\"async\" width=\"1200\" height=\"800\" src=\"https:\/\/www.paisajesverticales.com\/WP\/wp-content\/uploads\/20160924-DJI_0018-WEB.jpg\" class=\"attachment-full size-full lazyload wp-post-image\" alt=\"\" srcset=\"data:image\/svg+xml,%3Csvg%20xmlns%3D%27http%3A%2F%2Fwww.w3.org%2F2000%2Fsvg%27%20width%3D%271200%27%20height%3D%27800%27%20viewBox%3D%270%200%201200%20800%27%3E%3Crect%20width%3D%271200%27%20height%3D%27800%27%20fill-opacity%3D%220%22%2F%3E%3C%2Fsvg%3E\" data-orig-src=\"https:\/\/www.paisajesverticales.com\/WP\/wp-content\/uploads\/20160924-DJI_0018-WEB.jpg\" data-srcset=\"https:\/\/www.paisajesverticales.com\/WP\/wp-content\/uploads\/20160924-DJI_0018-WEB-200x133.jpg 200w, https:\/\/www.paisajesverticales.com\/WP\/wp-content\/uploads\/20160924-DJI_0018-WEB-400x267.jpg 400w, https:\/\/www.paisajesverticales.com\/WP\/wp-content\/uploads\/20160924-DJI_0018-WEB-600x400.jpg 600w, https:\/\/www.paisajesverticales.com\/WP\/wp-content\/uploads\/20160924-DJI_0018-WEB-800x533.jpg 800w, https:\/\/www.paisajesverticales.com\/WP\/wp-content\/uploads\/20160924-DJI_0018-WEB.jpg 1200w\" data-sizes=\"auto\" \/><div class=\"fusion-rollover\">\n\t<div class=\"fusion-rollover-content\">\n\n\t\t\t\t\t\t\t\t\t\t\n\t\t\t\t\t\t\t\t\t\t\t\t\t\t\n\t\t\t\t\t\t\t\t\n\t\t\t\t\t\t\t\t\n\t\t\t\t\t\t\t\t\t\t\t\t\t\t\t\t\t\t<a class=\"fusion-rollover-gallery\" href=\"https:\/\/www.paisajesverticales.com\/WP\/wp-content\/uploads\/20160924-DJI_0018-WEB.jpg\" data-options=\"\" data-id=\"4769\" data-rel=\"iLightbox[gallery4769]\" data-title=\"20160924-DJI_0018-WEB\" data-caption=\"Panorama of the cave and bay of Cala S&#039;Alguer, in Palamos (Costa Brava, Spain), in view of drone\">\n\t\t\t\t\t\tGaler\u00eda\t\t\t\t\t<\/a>\n\t\t\t\t\t<div class=\"fusion-portfolio-gallery-hidden\"><a href=\"https:\/\/www.paisajesverticales.com\/WP\/wp-content\/uploads\/20160924-DJI_0042-WEB.jpg\" data-rel=\"iLightbox[gallery4769]\" title=\"20160924-DJI_0042-WEB\" data-title=\"20160924-DJI_0042-WEB\" data-caption=\"Panorama of the cave and bay of Cala S'Alguer, in Palamos (Costa Brava, Spain), in view of drone\"><\/a><a href=\"https:\/\/www.paisajesverticales.com\/WP\/wp-content\/uploads\/20160924-DJI_0010-WEB.jpg\" data-rel=\"iLightbox[gallery4769]\" title=\"20160924-DJI_0010-WEB\" data-title=\"20160924-DJI_0010-WEB\" data-caption=\"Panorama of the cave and bay of Cala S'Alguer, in Palamos (Costa Brava, Spain), in view of drone\"><\/a><\/div>\t\t\t\t\t\t\t\t\t\n\t\t\n\t\t\t\t\t\t\t\t\n\t\t\t\t\t\t\t\t\n\t\t\n\t\t\t\t\t\t<a class=\"fusion-link-wrapper\" href=\"https:\/\/www.paisajesverticales.com\/es\/novedades-sobre-fotografia-y-video-aereo-con-drones\/colaboracion-sos-costa-brava\/\" aria-label=\"Colaboraci\u00f3n con \u00abSOS Costa Brava\u00bb\"><\/a>\n\t<\/div>\n<\/div>\n<\/div>\n<\/li>\n\t\t\t\n\t\t\t\n\t\t\t\t\t\t\t\t\t\t\t\n\t\t\t\t\t\n\t\t\t\t\t\t\t\t\t\t\t<li>\n\t\t\t\t\t\t\t<div class=\"fusion-image-wrapper\">\n\t\t\t\t\t\t\t\t<a href=\"https:\/\/www.paisajesverticales.com\/es\/novedades-sobre-fotografia-y-video-aereo-con-drones\/colaboracion-sos-costa-brava\/\" aria-label=\"Colaboraci\u00f3n con \u00abSOS Costa Brava\u00bb\">\n\t\t\t\t\t\t\t\t\t<img decoding=\"async\" width=\"1200\" height=\"800\" src=\"https:\/\/www.paisajesverticales.com\/WP\/wp-content\/uploads\/20160924-DJI_0042-WEB.jpg\" data-orig-src=\"https:\/\/www.paisajesverticales.com\/WP\/wp-content\/uploads\/20160924-DJI_0042-WEB.jpg\" alt=\"\" class=\"lazyload wp-image-4772\" role=\"presentation\" srcset=\"data:image\/svg+xml,%3Csvg%20xmlns%3D%27http%3A%2F%2Fwww.w3.org%2F2000%2Fsvg%27%20width%3D%271200%27%20height%3D%27800%27%20viewBox%3D%270%200%201200%20800%27%3E%3Crect%20width%3D%271200%27%20height%3D%27800%27%20fill-opacity%3D%220%22%2F%3E%3C%2Fsvg%3E\" data-srcset=\"https:\/\/www.paisajesverticales.com\/WP\/wp-content\/uploads\/20160924-DJI_0042-WEB-200x133.jpg 200w, https:\/\/www.paisajesverticales.com\/WP\/wp-content\/uploads\/20160924-DJI_0042-WEB-400x267.jpg 400w, https:\/\/www.paisajesverticales.com\/WP\/wp-content\/uploads\/20160924-DJI_0042-WEB-600x400.jpg 600w, https:\/\/www.paisajesverticales.com\/WP\/wp-content\/uploads\/20160924-DJI_0042-WEB-800x533.jpg 800w, https:\/\/www.paisajesverticales.com\/WP\/wp-content\/uploads\/20160924-DJI_0042-WEB.jpg 1200w\" data-sizes=\"auto\" data-orig-sizes=\"(min-width: 2200px) 100vw, (min-width: 704px) 377px, (min-width: 672px) 565px, (min-width: 640px) 672px, \" \/>\t\t\t\t\t\t\t\t<\/a>\n\t\t\t\t\t\t\t\t<a style=\"display:none;\" href=\"https:\/\/www.paisajesverticales.com\/WP\/wp-content\/uploads\/20160924-DJI_0042-WEB.jpg\" data-rel=\"iLightbox[gallery4769]\"  title=\"Panorama of the cave and bay of Cala S&#039;Alguer, in Palamos (Costa Brava, Spain), in view of drone\" data-title=\"20160924-DJI_0042-WEB\" data-caption=\"Panorama of the cave and bay of Cala S&#039;Alguer, in Palamos (Costa Brava, Spain), in view of drone\">\n\t\t\t\t\t\t\t\t\t\t\t\t\t\t\t\t\t<\/a>\n\t\t\t\t\t\t\t<\/div>\n\t\t\t\t\t\t<\/li>\n\t\t\t\t\t\t\t\t\t\t\t\t\t\t\t\t\t\t\t\t\t\t\t\t\n\t\t\t\t\t\n\t\t\t\t\t\t\t\t\t\t\t<li>\n\t\t\t\t\t\t\t<div class=\"fusion-image-wrapper\">\n\t\t\t\t\t\t\t\t<a href=\"https:\/\/www.paisajesverticales.com\/es\/novedades-sobre-fotografia-y-video-aereo-con-drones\/colaboracion-sos-costa-brava\/\" aria-label=\"Colaboraci\u00f3n con \u00abSOS Costa Brava\u00bb\">\n\t\t\t\t\t\t\t\t\t<img decoding=\"async\" width=\"1200\" height=\"800\" src=\"https:\/\/www.paisajesverticales.com\/WP\/wp-content\/uploads\/20160924-DJI_0010-WEB.jpg\" data-orig-src=\"https:\/\/www.paisajesverticales.com\/WP\/wp-content\/uploads\/20160924-DJI_0010-WEB.jpg\" alt=\"\" class=\"lazyload wp-image-4774\" role=\"presentation\" srcset=\"data:image\/svg+xml,%3Csvg%20xmlns%3D%27http%3A%2F%2Fwww.w3.org%2F2000%2Fsvg%27%20width%3D%271200%27%20height%3D%27800%27%20viewBox%3D%270%200%201200%20800%27%3E%3Crect%20width%3D%271200%27%20height%3D%27800%27%20fill-opacity%3D%220%22%2F%3E%3C%2Fsvg%3E\" data-srcset=\"https:\/\/www.paisajesverticales.com\/WP\/wp-content\/uploads\/20160924-DJI_0010-WEB-200x133.jpg 200w, https:\/\/www.paisajesverticales.com\/WP\/wp-content\/uploads\/20160924-DJI_0010-WEB-400x267.jpg 400w, https:\/\/www.paisajesverticales.com\/WP\/wp-content\/uploads\/20160924-DJI_0010-WEB-600x400.jpg 600w, https:\/\/www.paisajesverticales.com\/WP\/wp-content\/uploads\/20160924-DJI_0010-WEB-800x533.jpg 800w, https:\/\/www.paisajesverticales.com\/WP\/wp-content\/uploads\/20160924-DJI_0010-WEB.jpg 1200w\" data-sizes=\"auto\" data-orig-sizes=\"(min-width: 2200px) 100vw, (min-width: 704px) 377px, (min-width: 672px) 565px, (min-width: 640px) 672px, \" \/>\t\t\t\t\t\t\t\t<\/a>\n\t\t\t\t\t\t\t\t<a style=\"display:none;\" href=\"https:\/\/www.paisajesverticales.com\/WP\/wp-content\/uploads\/20160924-DJI_0010-WEB.jpg\" data-rel=\"iLightbox[gallery4769]\"  title=\"Panorama of the cave and bay of Cala S&#039;Alguer, in Palamos (Costa Brava, Spain), in view of drone\" data-title=\"20160924-DJI_0010-WEB\" data-caption=\"Panorama of the cave and bay of Cala S&#039;Alguer, in Palamos (Costa Brava, Spain), in view of drone\">\n\t\t\t\t\t\t\t\t\t\t\t\t\t\t\t\t\t<\/a>\n\t\t\t\t\t\t\t<\/div>\n\t\t\t\t\t\t<\/li>\n\t\t\t\t\t\t\t\t\t\t\t\t\t\t\t\t\t\t\t\t\t<\/ul>\n\t<\/div>\n\t<div class=\"fusion-post-content-wrapper\" style=\"padding:14px 14px 6px 16px;\"><div class=\"fusion-post-content post-content\"><h2 class=\"blog-shortcode-post-title\"><a href=\"https:\/\/www.paisajesverticales.com\/es\/novedades-sobre-fotografia-y-video-aereo-con-drones\/colaboracion-sos-costa-brava\/\">Colaboraci\u00f3n con \u00abSOS Costa Brava\u00bb<\/a><\/h2><p class=\"fusion-single-line-meta\"><span class=\"updated\" style=\"display:none;\">2020-07-13T11:58:37+02:00<\/span><span>4 octubre 2018<\/span><span class=\"fusion-inline-sep\">|<\/span><\/p><div class=\"fusion-content-sep sep-single sep-dashed\"><\/div><div class=\"fusion-post-content-container\">\n<p>A partir de hoy iniciamos una colaboraci\u00f3n con la plataforma <a href=\"http:\/\/www.soscostabrava.cat\" target=\"_blank\" rel=\"noopener noreferrer\">SOS Costa Brava<\/a>, una agrupaci\u00f3n de<a href=\"https:\/\/www.paisajesverticales.com\/es\/novedades-sobre-fotografia-y-video-aereo-con-drones\/colaboracion-sos-costa-brava\/\">\u2026<\/a><\/p>\n<\/div><\/div><div class=\"fusion-meta-info\"><div class=\"fusion-alignleft\"><a class=\"fusion-read-more\" href=\"https:\/\/www.paisajesverticales.com\/es\/novedades-sobre-fotografia-y-video-aereo-con-drones\/colaboracion-sos-costa-brava\/\" aria-label=\"More on Colaboraci\u00f3n con \u00abSOS Costa Brava\u00bb\">Read More<\/a><\/div><\/div><\/div><div class=\"fusion-clearfix\"><\/div><\/div>\n<\/article>\n<article id=\"blog-1-post-3789\" class=\"fusion-post-grid post-3789 post type-post status-publish format-standard has-post-thumbnail category-fotografia-aerea-con-drones category-video-aereo-con-drones tag-fotografia-aerea tag-fotografias-con-drones-es tag-observacion-con-drones tag-timelapse-es tag-video-aereo tag-videos-drones\">\n<div class=\"fusion-post-wrapper\" style=\"background-color:rgba(255,235,59,0.03);border:1px solid #009eba;border-bottom-width:3px;\">\n\n\t\t\t<div class=\"fusion-flexslider flexslider fusion-flexslider-loading fusion-post-slideshow\" style=\"border-color:#009eba;\">\n\t\t<ul class=\"slides\">\n\t\t\t\n\t\t\t\t\t\t\t\t\t\t\t\t\t\t<li><div  class=\"fusion-image-wrapper\" aria-haspopup=\"true\">\n\t\t\t\t<img decoding=\"async\" width=\"1200\" height=\"800\" src=\"https:\/\/www.paisajesverticales.com\/WP\/wp-content\/uploads\/20180912-172548-WEB.jpg\" class=\"attachment-full size-full lazyload wp-post-image\" alt=\"\" srcset=\"data:image\/svg+xml,%3Csvg%20xmlns%3D%27http%3A%2F%2Fwww.w3.org%2F2000%2Fsvg%27%20width%3D%271200%27%20height%3D%27800%27%20viewBox%3D%270%200%201200%20800%27%3E%3Crect%20width%3D%271200%27%20height%3D%27800%27%20fill-opacity%3D%220%22%2F%3E%3C%2Fsvg%3E\" data-orig-src=\"https:\/\/www.paisajesverticales.com\/WP\/wp-content\/uploads\/20180912-172548-WEB.jpg\" data-srcset=\"https:\/\/www.paisajesverticales.com\/WP\/wp-content\/uploads\/20180912-172548-WEB-200x133.jpg 200w, https:\/\/www.paisajesverticales.com\/WP\/wp-content\/uploads\/20180912-172548-WEB-400x267.jpg 400w, https:\/\/www.paisajesverticales.com\/WP\/wp-content\/uploads\/20180912-172548-WEB-600x400.jpg 600w, https:\/\/www.paisajesverticales.com\/WP\/wp-content\/uploads\/20180912-172548-WEB-800x533.jpg 800w, https:\/\/www.paisajesverticales.com\/WP\/wp-content\/uploads\/20180912-172548-WEB.jpg 1200w\" data-sizes=\"auto\" \/><div class=\"fusion-rollover\">\n\t<div class=\"fusion-rollover-content\">\n\n\t\t\t\t\t\t\t\t\t\t\n\t\t\t\t\t\t\t\t\t\t\t\t\t\t\n\t\t\t\t\t\t\t\t\n\t\t\t\t\t\t\t\t\n\t\t\t\t\t\t\t\t\t\t\t\t\t\t\t\t\t\t<a class=\"fusion-rollover-gallery\" href=\"https:\/\/www.paisajesverticales.com\/WP\/wp-content\/uploads\/20180912-172548-WEB.jpg\" data-options=\"\" data-id=\"3789\" data-rel=\"iLightbox[gallery3789]\" data-title=\"20180912-172548-WEB\" data-caption=\"\">\n\t\t\t\t\t\tGaler\u00eda\t\t\t\t\t<\/a>\n\t\t\t\t\t<div class=\"fusion-portfolio-gallery-hidden\"><a href=\"https:\/\/www.paisajesverticales.com\/WP\/wp-content\/uploads\/20180912-172528-WEB.jpg\" data-rel=\"iLightbox[gallery3789]\" title=\"20180912-172528-WEB\" data-title=\"20180912-172528-WEB\" data-caption=\"\"><\/a><a href=\"https:\/\/www.paisajesverticales.com\/WP\/wp-content\/uploads\/20180912-171523-WEB.jpg\" data-rel=\"iLightbox[gallery3789]\" title=\"20180912-171523-WEB\" data-title=\"20180912-171523-WEB\" data-caption=\"\"><\/a><\/div>\t\t\t\t\t\t\t\t\t\n\t\t\n\t\t\t\t\t\t\t\t\n\t\t\t\t\t\t\t\t\n\t\t\n\t\t\t\t\t\t<a class=\"fusion-link-wrapper\" href=\"https:\/\/www.paisajesverticales.com\/es\/fotografia-aerea-con-drones\/rodaje-de-timelapse-international-sos-europe\/\" aria-label=\"Rodaje de &#8216;timelapse&#8217; para International SOS Europe\"><\/a>\n\t<\/div>\n<\/div>\n<\/div>\n<\/li>\n\t\t\t\n\t\t\t\n\t\t\t\t\t\t\t\t\t\t\t\n\t\t\t\t\t\n\t\t\t\t\t\t\t\t\t\t\t<li>\n\t\t\t\t\t\t\t<div class=\"fusion-image-wrapper\">\n\t\t\t\t\t\t\t\t<a href=\"https:\/\/www.paisajesverticales.com\/es\/fotografia-aerea-con-drones\/rodaje-de-timelapse-international-sos-europe\/\" aria-label=\"Rodaje de &#8216;timelapse&#8217; para International SOS Europe\">\n\t\t\t\t\t\t\t\t\t<img decoding=\"async\" width=\"1200\" height=\"800\" src=\"https:\/\/www.paisajesverticales.com\/WP\/wp-content\/uploads\/20180912-172528-WEB.jpg\" data-orig-src=\"https:\/\/www.paisajesverticales.com\/WP\/wp-content\/uploads\/20180912-172528-WEB.jpg\" alt=\"\" class=\"lazyload wp-image-4785\" role=\"presentation\" srcset=\"data:image\/svg+xml,%3Csvg%20xmlns%3D%27http%3A%2F%2Fwww.w3.org%2F2000%2Fsvg%27%20width%3D%271200%27%20height%3D%27800%27%20viewBox%3D%270%200%201200%20800%27%3E%3Crect%20width%3D%271200%27%20height%3D%27800%27%20fill-opacity%3D%220%22%2F%3E%3C%2Fsvg%3E\" data-srcset=\"https:\/\/www.paisajesverticales.com\/WP\/wp-content\/uploads\/20180912-172528-WEB-200x133.jpg 200w, https:\/\/www.paisajesverticales.com\/WP\/wp-content\/uploads\/20180912-172528-WEB-400x267.jpg 400w, https:\/\/www.paisajesverticales.com\/WP\/wp-content\/uploads\/20180912-172528-WEB-600x400.jpg 600w, https:\/\/www.paisajesverticales.com\/WP\/wp-content\/uploads\/20180912-172528-WEB-800x533.jpg 800w, https:\/\/www.paisajesverticales.com\/WP\/wp-content\/uploads\/20180912-172528-WEB.jpg 1200w\" data-sizes=\"auto\" data-orig-sizes=\"(min-width: 2200px) 100vw, (min-width: 704px) 377px, (min-width: 672px) 565px, (min-width: 640px) 672px, \" \/>\t\t\t\t\t\t\t\t<\/a>\n\t\t\t\t\t\t\t\t<a style=\"display:none;\" href=\"https:\/\/www.paisajesverticales.com\/WP\/wp-content\/uploads\/20180912-172528-WEB.jpg\" data-rel=\"iLightbox[gallery3789]\"  title=\"\" data-title=\"20180912-172528-WEB\" data-caption=\"\">\n\t\t\t\t\t\t\t\t\t\t\t\t\t\t\t\t\t<\/a>\n\t\t\t\t\t\t\t<\/div>\n\t\t\t\t\t\t<\/li>\n\t\t\t\t\t\t\t\t\t\t\t\t\t\t\t\t\t\t\t\t\t\t\t\t\n\t\t\t\t\t\n\t\t\t\t\t\t\t\t\t\t\t<li>\n\t\t\t\t\t\t\t<div class=\"fusion-image-wrapper\">\n\t\t\t\t\t\t\t\t<a href=\"https:\/\/www.paisajesverticales.com\/es\/fotografia-aerea-con-drones\/rodaje-de-timelapse-international-sos-europe\/\" aria-label=\"Rodaje de &#8216;timelapse&#8217; para International SOS Europe\">\n\t\t\t\t\t\t\t\t\t<img decoding=\"async\" width=\"1200\" height=\"800\" src=\"https:\/\/www.paisajesverticales.com\/WP\/wp-content\/uploads\/20180912-171523-WEB.jpg\" data-orig-src=\"https:\/\/www.paisajesverticales.com\/WP\/wp-content\/uploads\/20180912-171523-WEB.jpg\" alt=\"\" class=\"lazyload wp-image-4783\" role=\"presentation\" srcset=\"data:image\/svg+xml,%3Csvg%20xmlns%3D%27http%3A%2F%2Fwww.w3.org%2F2000%2Fsvg%27%20width%3D%271200%27%20height%3D%27800%27%20viewBox%3D%270%200%201200%20800%27%3E%3Crect%20width%3D%271200%27%20height%3D%27800%27%20fill-opacity%3D%220%22%2F%3E%3C%2Fsvg%3E\" data-srcset=\"https:\/\/www.paisajesverticales.com\/WP\/wp-content\/uploads\/20180912-171523-WEB-200x133.jpg 200w, https:\/\/www.paisajesverticales.com\/WP\/wp-content\/uploads\/20180912-171523-WEB-400x267.jpg 400w, https:\/\/www.paisajesverticales.com\/WP\/wp-content\/uploads\/20180912-171523-WEB-600x400.jpg 600w, https:\/\/www.paisajesverticales.com\/WP\/wp-content\/uploads\/20180912-171523-WEB-800x533.jpg 800w, https:\/\/www.paisajesverticales.com\/WP\/wp-content\/uploads\/20180912-171523-WEB.jpg 1200w\" data-sizes=\"auto\" data-orig-sizes=\"(min-width: 2200px) 100vw, (min-width: 704px) 377px, (min-width: 672px) 565px, (min-width: 640px) 672px, \" \/>\t\t\t\t\t\t\t\t<\/a>\n\t\t\t\t\t\t\t\t<a style=\"display:none;\" href=\"https:\/\/www.paisajesverticales.com\/WP\/wp-content\/uploads\/20180912-171523-WEB.jpg\" data-rel=\"iLightbox[gallery3789]\"  title=\"\" data-title=\"20180912-171523-WEB\" data-caption=\"\">\n\t\t\t\t\t\t\t\t\t\t\t\t\t\t\t\t\t<\/a>\n\t\t\t\t\t\t\t<\/div>\n\t\t\t\t\t\t<\/li>\n\t\t\t\t\t\t\t\t\t\t\t\t\t\t\t\t\t\t\t\t\t<\/ul>\n\t<\/div>\n\t<div class=\"fusion-post-content-wrapper\" style=\"padding:14px 14px 6px 16px;\"><div class=\"fusion-post-content post-content\"><h2 class=\"blog-shortcode-post-title\"><a href=\"https:\/\/www.paisajesverticales.com\/es\/fotografia-aerea-con-drones\/rodaje-de-timelapse-international-sos-europe\/\">Rodaje de &#8216;timelapse&#8217; para International SOS Europe<\/a><\/h2><p class=\"fusion-single-line-meta\"><span class=\"updated\" style=\"display:none;\">2020-07-13T11:58:39+02:00<\/span><span>12 septiembre 2018<\/span><span class=\"fusion-inline-sep\">|<\/span><\/p><div class=\"fusion-content-sep sep-single sep-dashed\"><\/div><div class=\"fusion-post-content-container\">\n<p>La empresa suiza <a href=\"https:\/\/www.internationalsos.com\">International SOS Europe<\/a>\u00a0ha organizado su seminario anual S&amp;M Conference 2018, encargando a Paisajes Verticales la documentaci\u00f3n<a href=\"https:\/\/www.paisajesverticales.com\/es\/fotografia-aerea-con-drones\/rodaje-de-timelapse-international-sos-europe\/\">\u2026<\/a><\/p>\n<\/div><\/div><div class=\"fusion-meta-info\"><div class=\"fusion-alignleft\"><a class=\"fusion-read-more\" href=\"https:\/\/www.paisajesverticales.com\/es\/fotografia-aerea-con-drones\/rodaje-de-timelapse-international-sos-europe\/\" aria-label=\"More on Rodaje de &#8216;timelapse&#8217; para International SOS Europe\">Read More<\/a><\/div><\/div><\/div><div class=\"fusion-clearfix\"><\/div><\/div>\n<\/article>\n<article id=\"blog-1-post-4645\" class=\"fusion-post-grid post-4645 post type-post status-publish format-standard has-post-thumbnail category-fotografia-aerea-con-drones category-novedades-sobre-fotografia-y-video-aereo-con-drones tag-alt-emporda-es tag-anoia-es tag-bages-es tag-baix-emporda-es tag-barcelona-es tag-begur-es tag-blanes-es tag-cadaques-es tag-calella-es tag-calella-de-palafrugell-es tag-cap-de-creus-es tag-costa-brava-es tag-emporda-es tag-empuries-es tag-fotografia-aerea tag-fotografias-con-drones-es tag-garraf-es tag-garrotxa-es tag-girona-es tag-la-selva-es tag-litoral-es tag-llanca-es tag-lloret-de-mar-es tag-lescala-es tag-maresme-es tag-mediterraneo tag-observacion-con-drones tag-osona-es tag-paisaje tag-palamos-es tag-patrimonio tag-penedes-es tag-peratallada-es tag-pla-de-lestany-es tag-platja-daro-es tag-port-de-la-selva-es tag-provincia-de-girona tag-roses-es tag-sant-marti-dempuries-es tag-sant-pere-pescador-es tag-sitges-es tag-sagaro-es tag-salguer-es tag-tossa-de-mar-es tag-turismo tag-valles-occidental-es tag-video-aereo tag-videos-drones tag-vilanova-i-la-geltru-es\">\n<div class=\"fusion-post-wrapper\" style=\"background-color:rgba(255,235,59,0.03);border:1px solid #009eba;border-bottom-width:3px;\">\n\n\t\t\t<div class=\"fusion-flexslider flexslider fusion-flexslider-loading fusion-post-slideshow\" style=\"border-color:#009eba;\">\n\t\t<ul class=\"slides\">\n\t\t\t\n\t\t\t\t\t\t\t\t\t\t\t\t\t\t<li><div  class=\"fusion-image-wrapper\" aria-haspopup=\"true\">\n\t\t\t\t<img decoding=\"async\" width=\"1200\" height=\"800\" src=\"https:\/\/www.paisajesverticales.com\/WP\/wp-content\/uploads\/20140727-02994-WEB.jpg\" class=\"attachment-full size-full lazyload wp-post-image\" alt=\"\" srcset=\"data:image\/svg+xml,%3Csvg%20xmlns%3D%27http%3A%2F%2Fwww.w3.org%2F2000%2Fsvg%27%20width%3D%271200%27%20height%3D%27800%27%20viewBox%3D%270%200%201200%20800%27%3E%3Crect%20width%3D%271200%27%20height%3D%27800%27%20fill-opacity%3D%220%22%2F%3E%3C%2Fsvg%3E\" data-orig-src=\"https:\/\/www.paisajesverticales.com\/WP\/wp-content\/uploads\/20140727-02994-WEB.jpg\" data-srcset=\"https:\/\/www.paisajesverticales.com\/WP\/wp-content\/uploads\/20140727-02994-WEB-200x133.jpg 200w, https:\/\/www.paisajesverticales.com\/WP\/wp-content\/uploads\/20140727-02994-WEB-400x267.jpg 400w, https:\/\/www.paisajesverticales.com\/WP\/wp-content\/uploads\/20140727-02994-WEB-600x400.jpg 600w, https:\/\/www.paisajesverticales.com\/WP\/wp-content\/uploads\/20140727-02994-WEB-800x533.jpg 800w, https:\/\/www.paisajesverticales.com\/WP\/wp-content\/uploads\/20140727-02994-WEB.jpg 1200w\" data-sizes=\"auto\" \/><div class=\"fusion-rollover\">\n\t<div class=\"fusion-rollover-content\">\n\n\t\t\t\t\t\t\t\t\t\t\n\t\t\t\t\t\t\t\t\t\t\t\t\t\t\n\t\t\t\t\t\t\t\t\n\t\t\t\t\t\t\t\t\n\t\t\t\t\t\t\t\t\t\t\t\t\t\t\t\t\t\t<a class=\"fusion-rollover-gallery\" href=\"https:\/\/www.paisajesverticales.com\/WP\/wp-content\/uploads\/20140727-02994-WEB.jpg\" data-options=\"\" data-id=\"4645\" data-rel=\"iLightbox[gallery4645]\" data-title=\"Metallic letters showing the words &quot;ON SALE&quot;\" data-caption=\"Metal lettering over a weathered wood background showing the words &quot;ON SALE&quot;\">\n\t\t\t\t\t\tGaler\u00eda\t\t\t\t\t<\/a>\n\t\t\t\t\t<div class=\"fusion-portfolio-gallery-hidden\"><\/div>\t\t\t\t\t\t\t\t\t\n\t\t\n\t\t\t\t\t\t\t\t\n\t\t\t\t\t\t\t\t\n\t\t\n\t\t\t\t\t\t<a class=\"fusion-link-wrapper\" href=\"https:\/\/www.paisajesverticales.com\/es\/novedades-sobre-fotografia-y-video-aereo-con-drones\/nueva-tienda-on-line-nuestras-fotografias-aereas\/\" aria-label=\"Nueva tienda on-line para nuestras fotograf\u00edas a\u00e9reas\"><\/a>\n\t<\/div>\n<\/div>\n<\/div>\n<\/li>\n\t\t\t\n\t\t\t\n\t\t\t\t\t\t\t\t\t\t\t\t\t\t\t\t\t\t\t\t\t\t\t\t\t\t\t\t\t\t\t\t\t\t\t\t\t\t<\/ul>\n\t<\/div>\n\t<div class=\"fusion-post-content-wrapper\" style=\"padding:14px 14px 6px 16px;\"><div class=\"fusion-post-content post-content\"><h2 class=\"blog-shortcode-post-title\"><a href=\"https:\/\/www.paisajesverticales.com\/es\/novedades-sobre-fotografia-y-video-aereo-con-drones\/nueva-tienda-on-line-nuestras-fotografias-aereas\/\">Nueva tienda on-line para nuestras fotograf\u00edas a\u00e9reas<\/a><\/h2><p class=\"fusion-single-line-meta\"><span class=\"updated\" style=\"display:none;\">2020-07-13T11:58:45+02:00<\/span><span>16 agosto 2018<\/span><span class=\"fusion-inline-sep\">|<\/span><\/p><div class=\"fusion-content-sep sep-single sep-dashed\"><\/div><div class=\"fusion-post-content-container\"><p> En algunas ocasiones nuestros clientes nos piden fotograf\u00edas de nuestro archivo, realizadas anteriormente, para as\u00ed poder acceder a alguna<a href=\"https:\/\/www.paisajesverticales.com\/es\/novedades-sobre-fotografia-y-video-aereo-con-drones\/nueva-tienda-on-line-nuestras-fotografias-aereas\/\">\u2026<\/a><\/p>\n<\/div><\/div><div class=\"fusion-meta-info\"><div class=\"fusion-alignleft\"><a class=\"fusion-read-more\" href=\"https:\/\/www.paisajesverticales.com\/es\/novedades-sobre-fotografia-y-video-aereo-con-drones\/nueva-tienda-on-line-nuestras-fotografias-aereas\/\" aria-label=\"More on Nueva tienda on-line para nuestras fotograf\u00edas a\u00e9reas\">Read More<\/a><\/div><\/div><\/div><div class=\"fusion-clearfix\"><\/div><\/div>\n<\/article>\n<article id=\"blog-1-post-4435\" class=\"fusion-post-grid post-4435 post type-post status-publish format-standard has-post-thumbnail category-fotografia-aerea-con-drones tag-arquitectura-es tag-barcelona-es tag-fotografia-aerea tag-fotografias-con-drones-es tag-granollers-es tag-industria-es tag-valles-occidental-es tag-video-aereo tag-videos-drones\">\n<div class=\"fusion-post-wrapper\" style=\"background-color:rgba(255,235,59,0.03);border:1px solid #009eba;border-bottom-width:3px;\">\n\n\t\t\t<div class=\"fusion-flexslider flexslider fusion-flexslider-loading fusion-post-slideshow\" style=\"border-color:#009eba;\">\n\t\t<ul class=\"slides\">\n\t\t\t\n\t\t\t\t\t\t\t\t\t\t\t\t\t\t<li><div  class=\"fusion-image-wrapper\" aria-haspopup=\"true\">\n\t\t\t\t<img decoding=\"async\" width=\"1200\" height=\"800\" src=\"https:\/\/www.paisajesverticales.com\/WP\/wp-content\/uploads\/20180731-133214-WEB.jpg\" class=\"attachment-full size-full lazyload wp-post-image\" alt=\"Paisajes Verticales \u2013 Fotograf\u00eda a\u00e9rea \u2013 Nave industrial Plasticband (Granollers, Barcelona)\" srcset=\"data:image\/svg+xml,%3Csvg%20xmlns%3D%27http%3A%2F%2Fwww.w3.org%2F2000%2Fsvg%27%20width%3D%271200%27%20height%3D%27800%27%20viewBox%3D%270%200%201200%20800%27%3E%3Crect%20width%3D%271200%27%20height%3D%27800%27%20fill-opacity%3D%220%22%2F%3E%3C%2Fsvg%3E\" data-orig-src=\"https:\/\/www.paisajesverticales.com\/WP\/wp-content\/uploads\/20180731-133214-WEB.jpg\" data-srcset=\"https:\/\/www.paisajesverticales.com\/WP\/wp-content\/uploads\/20180731-133214-WEB-200x133.jpg 200w, https:\/\/www.paisajesverticales.com\/WP\/wp-content\/uploads\/20180731-133214-WEB-400x267.jpg 400w, https:\/\/www.paisajesverticales.com\/WP\/wp-content\/uploads\/20180731-133214-WEB-600x400.jpg 600w, https:\/\/www.paisajesverticales.com\/WP\/wp-content\/uploads\/20180731-133214-WEB-800x533.jpg 800w, https:\/\/www.paisajesverticales.com\/WP\/wp-content\/uploads\/20180731-133214-WEB.jpg 1200w\" data-sizes=\"auto\" \/><div class=\"fusion-rollover\">\n\t<div class=\"fusion-rollover-content\">\n\n\t\t\t\t\t\t\t\t\t\t\n\t\t\t\t\t\t\t\t\t\t\t\t\t\t\n\t\t\t\t\t\t\t\t\n\t\t\t\t\t\t\t\t\n\t\t\t\t\t\t\t\t\t\t\t\t\t\t\t\t\t\t<a class=\"fusion-rollover-gallery\" href=\"https:\/\/www.paisajesverticales.com\/WP\/wp-content\/uploads\/20180731-133214-WEB.jpg\" data-options=\"\" data-id=\"4435\" data-rel=\"iLightbox[gallery4435]\" data-title=\"Paisajes Verticales \u2013 Fotograf\u00eda a\u00e9rea \u2013  Nave industrial Plasticband (Granollers, Barcelona)\" data-caption=\"Paisajes Verticales \u2013 Fotograf\u00eda a\u00e9rea \u2013  Nave industrial Plasticband (Granollers, Barcelona)\">\n\t\t\t\t\t\tGaler\u00eda\t\t\t\t\t<\/a>\n\t\t\t\t\t<div class=\"fusion-portfolio-gallery-hidden\"><\/div>\t\t\t\t\t\t\t\t\t\n\t\t\n\t\t\t\t\t\t\t\t\n\t\t\t\t\t\t\t\t\n\t\t\n\t\t\t\t\t\t<a class=\"fusion-link-wrapper\" href=\"https:\/\/www.paisajesverticales.com\/es\/fotografia-aerea-con-drones\/nueva-sesion-de-foto-aerea-plasticband\/\" aria-label=\"Nueva sesi\u00f3n de foto a\u00e9rea para Plasticband\"><\/a>\n\t<\/div>\n<\/div>\n<\/div>\n<\/li>\n\t\t\t\n\t\t\t\n\t\t\t\t\t\t\t\t\t\t\t\t\t\t\t\t\t\t\t\t\t\t\t\t\t\t\t\t\t\t\t\t\t\t\t\t\t\t<\/ul>\n\t<\/div>\n\t<div class=\"fusion-post-content-wrapper\" style=\"padding:14px 14px 6px 16px;\"><div class=\"fusion-post-content post-content\"><h2 class=\"blog-shortcode-post-title\"><a href=\"https:\/\/www.paisajesverticales.com\/es\/fotografia-aerea-con-drones\/nueva-sesion-de-foto-aerea-plasticband\/\">Nueva sesi\u00f3n de foto a\u00e9rea para Plasticband<\/a><\/h2><p class=\"fusion-single-line-meta\"><span class=\"updated\" style=\"display:none;\">2020-12-07T15:48:55+01:00<\/span><span>31 julio 2018<\/span><span class=\"fusion-inline-sep\">|<\/span><\/p><div class=\"fusion-content-sep sep-single sep-dashed\"><\/div><div class=\"fusion-post-content-container\">\n<p>Hace un a\u00f1o\u00a0<a href=\"https:\/\/www.paisajesverticales.com\/es\/fotografia-aerea-con-drones\/nave-industrial-plasticband\/\">realizamos un reportaje a\u00e9reo<\/a> para la empresa de packaging\u00a0<a href=\"https:\/\/www.plasticband.com\/\" target=\"_blank\" rel=\"noopener noreferrer\">Plasticband<\/a>, en el pol\u00edgono industrial<a href=\"https:\/\/www.paisajesverticales.com\/es\/fotografia-aerea-con-drones\/nueva-sesion-de-foto-aerea-plasticband\/\">\u2026<\/a><\/p>\n<\/div><\/div><div class=\"fusion-meta-info\"><div class=\"fusion-alignleft\"><a class=\"fusion-read-more\" href=\"https:\/\/www.paisajesverticales.com\/es\/fotografia-aerea-con-drones\/nueva-sesion-de-foto-aerea-plasticband\/\" aria-label=\"More on Nueva sesi\u00f3n de foto a\u00e9rea para Plasticband\">Read More<\/a><\/div><\/div><\/div><div class=\"fusion-clearfix\"><\/div><\/div>\n<\/article>\n<article id=\"blog-1-post-4430\" class=\"fusion-post-grid post-4430 post type-post status-publish format-standard has-post-thumbnail category-fotografia-aerea-con-drones category-video-aereo-con-drones tag-baix-emporda-es tag-camping-es tag-costa-brava-es tag-emporda-es tag-fotografia-aerea tag-fotografias-con-drones-es tag-girona-es tag-litoral-es tag-mediterraneo tag-observacion-con-drones tag-paisaje tag-provincia-de-girona tag-turismo tag-video-aereo tag-videos-drones\">\n<div class=\"fusion-post-wrapper\" style=\"background-color:rgba(255,235,59,0.03);border:1px solid #009eba;border-bottom-width:3px;\">\n\n\t\t\t<div class=\"fusion-flexslider flexslider fusion-flexslider-loading fusion-post-slideshow\" style=\"border-color:#009eba;\">\n\t\t<ul class=\"slides\">\n\t\t\t\n\t\t\t\t\t\t\t\t\t\t\t\t\t\t<li><div  class=\"fusion-image-wrapper\" aria-haspopup=\"true\">\n\t\t\t\t<img decoding=\"async\" width=\"1200\" height=\"799\" src=\"https:\/\/www.paisajesverticales.com\/WP\/wp-content\/uploads\/20180720-131936-WEB.jpg\" class=\"attachment-full size-full lazyload wp-post-image\" alt=\"Paisajes Verticales \u2013 Fotograf\u00eda a\u00e9rea \u2013 Camping Playa Brava (Pals, Costa Brava)\" srcset=\"data:image\/svg+xml,%3Csvg%20xmlns%3D%27http%3A%2F%2Fwww.w3.org%2F2000%2Fsvg%27%20width%3D%271200%27%20height%3D%27799%27%20viewBox%3D%270%200%201200%20799%27%3E%3Crect%20width%3D%271200%27%20height%3D%27799%27%20fill-opacity%3D%220%22%2F%3E%3C%2Fsvg%3E\" data-orig-src=\"https:\/\/www.paisajesverticales.com\/WP\/wp-content\/uploads\/20180720-131936-WEB.jpg\" data-srcset=\"https:\/\/www.paisajesverticales.com\/WP\/wp-content\/uploads\/20180720-131936-WEB-200x133.jpg 200w, https:\/\/www.paisajesverticales.com\/WP\/wp-content\/uploads\/20180720-131936-WEB-400x266.jpg 400w, https:\/\/www.paisajesverticales.com\/WP\/wp-content\/uploads\/20180720-131936-WEB-600x400.jpg 600w, https:\/\/www.paisajesverticales.com\/WP\/wp-content\/uploads\/20180720-131936-WEB-800x533.jpg 800w, https:\/\/www.paisajesverticales.com\/WP\/wp-content\/uploads\/20180720-131936-WEB.jpg 1200w\" data-sizes=\"auto\" \/><div class=\"fusion-rollover\">\n\t<div class=\"fusion-rollover-content\">\n\n\t\t\t\t\t\t\t\t\t\t\n\t\t\t\t\t\t\t\t\t\t\t\t\t\t\n\t\t\t\t\t\t\t\t\n\t\t\t\t\t\t\t\t\n\t\t\t\t\t\t\t\t\t\t\t\t\t\t\t\t\t\t<a class=\"fusion-rollover-gallery\" href=\"https:\/\/www.paisajesverticales.com\/WP\/wp-content\/uploads\/20180720-131936-WEB.jpg\" data-options=\"\" data-id=\"4430\" data-rel=\"iLightbox[gallery4430]\" data-title=\"Paisajes Verticales \u2013 Fotograf\u00eda a\u00e9rea \u2013  Camping Playa Brava (Pals, Costa Brava)\" data-caption=\"Paisajes Verticales \u2013 Fotograf\u00eda a\u00e9rea \u2013  Camping Playa Brava (Pals, Costa Brava)\">\n\t\t\t\t\t\tGaler\u00eda\t\t\t\t\t<\/a>\n\t\t\t\t\t<div class=\"fusion-portfolio-gallery-hidden\"><a href=\"https:\/\/www.paisajesverticales.com\/WP\/wp-content\/uploads\/20180720-132343-WEB.jpg\" data-rel=\"iLightbox[gallery4430]\" title=\"Paisajes Verticales \u2013 Fotograf\u00eda a\u00e9rea \u2013  Camping Playa Brava (Pals, Costa Brava)\" data-title=\"Paisajes Verticales \u2013 Fotograf\u00eda a\u00e9rea \u2013  Camping Playa Brava (Pals, Costa Brava)\" data-caption=\"Paisajes Verticales \u2013 Fotograf\u00eda a\u00e9rea \u2013  Camping Playa Brava (Pals, Costa Brava)\"><\/a><a href=\"https:\/\/www.paisajesverticales.com\/WP\/wp-content\/uploads\/20180720-132923-WEB.jpg\" data-rel=\"iLightbox[gallery4430]\" title=\"Paisajes Verticales \u2013 Fotograf\u00eda a\u00e9rea \u2013  Camping Playa Brava (Pals, Costa Brava)\" data-title=\"Paisajes Verticales \u2013 Fotograf\u00eda a\u00e9rea \u2013  Camping Playa Brava (Pals, Costa Brava)\" data-caption=\"Paisajes Verticales \u2013 Fotograf\u00eda a\u00e9rea \u2013  Camping Playa Brava (Pals, Costa Brava)\"><\/a><\/div>\t\t\t\t\t\t\t\t\t\n\t\t\n\t\t\t\t\t\t\t\t\n\t\t\t\t\t\t\t\t\n\t\t\n\t\t\t\t\t\t<a class=\"fusion-link-wrapper\" href=\"https:\/\/www.paisajesverticales.com\/es\/fotografia-aerea-con-drones\/fotografias-y-video-aereos-camping-caravaning-playa-brava\/\" aria-label=\"Fotograf\u00edas y v\u00eddeo a\u00e9reos para el Camping-Caravaning Playa Brava\"><\/a>\n\t<\/div>\n<\/div>\n<\/div>\n<\/li>\n\t\t\t\n\t\t\t\n\t\t\t\t\t\t\t\t\t\t\t\n\t\t\t\t\t\n\t\t\t\t\t\t\t\t\t\t\t<li>\n\t\t\t\t\t\t\t<div class=\"fusion-image-wrapper\">\n\t\t\t\t\t\t\t\t<a href=\"https:\/\/www.paisajesverticales.com\/es\/fotografia-aerea-con-drones\/fotografias-y-video-aereos-camping-caravaning-playa-brava\/\" aria-label=\"Fotograf\u00edas y v\u00eddeo a\u00e9reos para el Camping-Caravaning Playa Brava\">\n\t\t\t\t\t\t\t\t\t<img decoding=\"async\" width=\"1200\" height=\"799\" src=\"https:\/\/www.paisajesverticales.com\/WP\/wp-content\/uploads\/20180720-132343-WEB.jpg\" data-orig-src=\"https:\/\/www.paisajesverticales.com\/WP\/wp-content\/uploads\/20180720-132343-WEB.jpg\" alt=\"Paisajes Verticales \u2013 Fotograf\u00eda a\u00e9rea \u2013 Camping Playa Brava (Pals, Costa Brava)\" class=\"lazyload wp-image-4459\" role=\"presentation\" srcset=\"data:image\/svg+xml,%3Csvg%20xmlns%3D%27http%3A%2F%2Fwww.w3.org%2F2000%2Fsvg%27%20width%3D%271200%27%20height%3D%27799%27%20viewBox%3D%270%200%201200%20799%27%3E%3Crect%20width%3D%271200%27%20height%3D%27799%27%20fill-opacity%3D%220%22%2F%3E%3C%2Fsvg%3E\" data-srcset=\"https:\/\/www.paisajesverticales.com\/WP\/wp-content\/uploads\/20180720-132343-WEB-200x133.jpg 200w, https:\/\/www.paisajesverticales.com\/WP\/wp-content\/uploads\/20180720-132343-WEB-400x266.jpg 400w, https:\/\/www.paisajesverticales.com\/WP\/wp-content\/uploads\/20180720-132343-WEB-600x400.jpg 600w, https:\/\/www.paisajesverticales.com\/WP\/wp-content\/uploads\/20180720-132343-WEB-800x533.jpg 800w, https:\/\/www.paisajesverticales.com\/WP\/wp-content\/uploads\/20180720-132343-WEB.jpg 1200w\" data-sizes=\"auto\" data-orig-sizes=\"(min-width: 2200px) 100vw, (min-width: 704px) 377px, (min-width: 672px) 565px, (min-width: 640px) 672px, \" \/>\t\t\t\t\t\t\t\t<\/a>\n\t\t\t\t\t\t\t\t<a style=\"display:none;\" href=\"https:\/\/www.paisajesverticales.com\/WP\/wp-content\/uploads\/20180720-132343-WEB.jpg\" data-rel=\"iLightbox[gallery4430]\"  title=\"Paisajes Verticales \u2013 Fotograf\u00eda a\u00e9rea \u2013  Camping Playa Brava (Pals, Costa Brava)\" data-title=\"Paisajes Verticales \u2013 Fotograf\u00eda a\u00e9rea \u2013  Camping Playa Brava (Pals, Costa Brava)\" data-caption=\"Paisajes Verticales \u2013 Fotograf\u00eda a\u00e9rea \u2013  Camping Playa Brava (Pals, Costa Brava)\">\n\t\t\t\t\t\t\t\t\t\t\t\t\t\t\t\t\t\t\t<img style=\"display:none;\" alt=\"Paisajes Verticales \u2013 Fotograf\u00eda a\u00e9rea \u2013 Camping Playa Brava (Pals, Costa Brava)\" role=\"presentation\" \/>\n\t\t\t\t\t\t\t\t\t\t\t\t\t\t\t\t\t<\/a>\n\t\t\t\t\t\t\t<\/div>\n\t\t\t\t\t\t<\/li>\n\t\t\t\t\t\t\t\t\t\t\t\t\t\t\t\t\t\t\t\t\t\t\t\t\n\t\t\t\t\t\n\t\t\t\t\t\t\t\t\t\t\t<li>\n\t\t\t\t\t\t\t<div class=\"fusion-image-wrapper\">\n\t\t\t\t\t\t\t\t<a href=\"https:\/\/www.paisajesverticales.com\/es\/fotografia-aerea-con-drones\/fotografias-y-video-aereos-camping-caravaning-playa-brava\/\" aria-label=\"Fotograf\u00edas y v\u00eddeo a\u00e9reos para el Camping-Caravaning Playa Brava\">\n\t\t\t\t\t\t\t\t\t<img decoding=\"async\" width=\"1200\" height=\"799\" src=\"https:\/\/www.paisajesverticales.com\/WP\/wp-content\/uploads\/20180720-132923-WEB.jpg\" data-orig-src=\"https:\/\/www.paisajesverticales.com\/WP\/wp-content\/uploads\/20180720-132923-WEB.jpg\" alt=\"Paisajes Verticales \u2013 Fotograf\u00eda a\u00e9rea \u2013 Camping Playa Brava (Pals, Costa Brava)\" class=\"lazyload wp-image-4461\" role=\"presentation\" srcset=\"data:image\/svg+xml,%3Csvg%20xmlns%3D%27http%3A%2F%2Fwww.w3.org%2F2000%2Fsvg%27%20width%3D%271200%27%20height%3D%27799%27%20viewBox%3D%270%200%201200%20799%27%3E%3Crect%20width%3D%271200%27%20height%3D%27799%27%20fill-opacity%3D%220%22%2F%3E%3C%2Fsvg%3E\" data-srcset=\"https:\/\/www.paisajesverticales.com\/WP\/wp-content\/uploads\/20180720-132923-WEB-200x133.jpg 200w, https:\/\/www.paisajesverticales.com\/WP\/wp-content\/uploads\/20180720-132923-WEB-400x266.jpg 400w, https:\/\/www.paisajesverticales.com\/WP\/wp-content\/uploads\/20180720-132923-WEB-600x400.jpg 600w, https:\/\/www.paisajesverticales.com\/WP\/wp-content\/uploads\/20180720-132923-WEB-800x533.jpg 800w, https:\/\/www.paisajesverticales.com\/WP\/wp-content\/uploads\/20180720-132923-WEB.jpg 1200w\" data-sizes=\"auto\" data-orig-sizes=\"(min-width: 2200px) 100vw, (min-width: 704px) 377px, (min-width: 672px) 565px, (min-width: 640px) 672px, \" \/>\t\t\t\t\t\t\t\t<\/a>\n\t\t\t\t\t\t\t\t<a style=\"display:none;\" href=\"https:\/\/www.paisajesverticales.com\/WP\/wp-content\/uploads\/20180720-132923-WEB.jpg\" data-rel=\"iLightbox[gallery4430]\"  title=\"Paisajes Verticales \u2013 Fotograf\u00eda a\u00e9rea \u2013  Camping Playa Brava (Pals, Costa Brava)\" data-title=\"Paisajes Verticales \u2013 Fotograf\u00eda a\u00e9rea \u2013  Camping Playa Brava (Pals, Costa Brava)\" data-caption=\"Paisajes Verticales \u2013 Fotograf\u00eda a\u00e9rea \u2013  Camping Playa Brava (Pals, Costa Brava)\">\n\t\t\t\t\t\t\t\t\t\t\t\t\t\t\t\t\t\t\t<img style=\"display:none;\" alt=\"Paisajes Verticales \u2013 Fotograf\u00eda a\u00e9rea \u2013 Camping Playa Brava (Pals, Costa Brava)\" role=\"presentation\" \/>\n\t\t\t\t\t\t\t\t\t\t\t\t\t\t\t\t\t<\/a>\n\t\t\t\t\t\t\t<\/div>\n\t\t\t\t\t\t<\/li>\n\t\t\t\t\t\t\t\t\t\t\t\t\t\t\t\t\t\t\t\t\t<\/ul>\n\t<\/div>\n\t<div class=\"fusion-post-content-wrapper\" style=\"padding:14px 14px 6px 16px;\"><div class=\"fusion-post-content post-content\"><h2 class=\"blog-shortcode-post-title\"><a href=\"https:\/\/www.paisajesverticales.com\/es\/fotografia-aerea-con-drones\/fotografias-y-video-aereos-camping-caravaning-playa-brava\/\">Fotograf\u00edas y v\u00eddeo a\u00e9reos para el Camping-Caravaning Playa Brava<\/a><\/h2><p class=\"fusion-single-line-meta\"><span class=\"updated\" style=\"display:none;\">2020-07-13T12:01:48+02:00<\/span><span>25 julio 2018<\/span><span class=\"fusion-inline-sep\">|<\/span><\/p><div class=\"fusion-content-sep sep-single sep-dashed\"><\/div><div class=\"fusion-post-content-container\">\n<p>Realizaci\u00f3n de fotograf\u00eda y v\u00eddeo a\u00e9reos para promoci\u00f3n del <a href=\"http:\/\/www.playabrava.com\/\" target=\"_blank\" rel=\"noopener noreferrer\">Camping-Caravaning Playa Brava<\/a>, situado el la playa<a href=\"https:\/\/www.paisajesverticales.com\/es\/fotografia-aerea-con-drones\/fotografias-y-video-aereos-camping-caravaning-playa-brava\/\">\u2026<\/a><\/p>\n<\/div><\/div><div class=\"fusion-meta-info\"><div class=\"fusion-alignleft\"><a class=\"fusion-read-more\" href=\"https:\/\/www.paisajesverticales.com\/es\/fotografia-aerea-con-drones\/fotografias-y-video-aereos-camping-caravaning-playa-brava\/\" aria-label=\"More on Fotograf\u00edas y v\u00eddeo a\u00e9reos para el Camping-Caravaning Playa Brava\">Read More<\/a><\/div><\/div><\/div><div class=\"fusion-clearfix\"><\/div><\/div>\n<\/article>\n<article id=\"blog-1-post-3643\" class=\"fusion-post-grid post-3643 post type-post status-publish format-standard has-post-thumbnail category-novedades-sobre-fotografia-y-video-aereo-con-drones tag-fotografia-aerea tag-fotografias-con-drones-es tag-observacion-con-drones tag-paisaje tag-video-aereo tag-videos-drones\">\n<div class=\"fusion-post-wrapper\" style=\"background-color:rgba(255,235,59,0.03);border:1px solid #009eba;border-bottom-width:3px;\">\n\n\t\t\t<div class=\"fusion-flexslider flexslider fusion-flexslider-loading fusion-post-slideshow\" style=\"border-color:#009eba;\">\n\t\t<ul class=\"slides\">\n\t\t\t\n\t\t\t\t\t\t\t\t\t\t\t\t\t\t<li><div  class=\"fusion-image-wrapper\" aria-haspopup=\"true\">\n\t\t\t\t<img decoding=\"async\" width=\"1200\" height=\"900\" src=\"https:\/\/www.paisajesverticales.com\/WP\/wp-content\/uploads\/20170331-DJI_0082-WEB.jpg\" class=\"attachment-full size-full lazyload wp-post-image\" alt=\"Paisajes Verticales - Fotograf\u00eda a\u00e9rea - DEPORTES\" srcset=\"data:image\/svg+xml,%3Csvg%20xmlns%3D%27http%3A%2F%2Fwww.w3.org%2F2000%2Fsvg%27%20width%3D%271200%27%20height%3D%27900%27%20viewBox%3D%270%200%201200%20900%27%3E%3Crect%20width%3D%271200%27%20height%3D%27900%27%20fill-opacity%3D%220%22%2F%3E%3C%2Fsvg%3E\" data-orig-src=\"https:\/\/www.paisajesverticales.com\/WP\/wp-content\/uploads\/20170331-DJI_0082-WEB.jpg\" data-srcset=\"https:\/\/www.paisajesverticales.com\/WP\/wp-content\/uploads\/20170331-DJI_0082-WEB-200x150.jpg 200w, https:\/\/www.paisajesverticales.com\/WP\/wp-content\/uploads\/20170331-DJI_0082-WEB-400x300.jpg 400w, https:\/\/www.paisajesverticales.com\/WP\/wp-content\/uploads\/20170331-DJI_0082-WEB-600x450.jpg 600w, https:\/\/www.paisajesverticales.com\/WP\/wp-content\/uploads\/20170331-DJI_0082-WEB-800x600.jpg 800w, https:\/\/www.paisajesverticales.com\/WP\/wp-content\/uploads\/20170331-DJI_0082-WEB.jpg 1200w\" data-sizes=\"auto\" \/><div class=\"fusion-rollover\">\n\t<div class=\"fusion-rollover-content\">\n\n\t\t\t\t\t\t\t\t\t\t\n\t\t\t\t\t\t\t\t\t\t\t\t\t\t\n\t\t\t\t\t\t\t\t\n\t\t\t\t\t\t\t\t\n\t\t\t\t\t\t\t\t\t\t\t\t\t\t\t\t\t\t<a class=\"fusion-rollover-gallery\" href=\"https:\/\/www.paisajesverticales.com\/WP\/wp-content\/uploads\/20170331-DJI_0082-WEB.jpg\" data-options=\"\" data-id=\"3643\" data-rel=\"iLightbox[gallery3643]\" data-title=\"Paisajes Verticales - Fotograf\u00eda a\u00e9rea - DEPORTES\" data-caption=\"Paisajes Verticales - Fotograf\u00eda a\u00e9rea - DEPORTES\">\n\t\t\t\t\t\tGaler\u00eda\t\t\t\t\t<\/a>\n\t\t\t\t\t<div class=\"fusion-portfolio-gallery-hidden\"><\/div>\t\t\t\t\t\t\t\t\t\n\t\t\n\t\t\t\t\t\t\t\t\n\t\t\t\t\t\t\t\t\n\t\t\n\t\t\t\t\t\t<a class=\"fusion-link-wrapper\" href=\"https:\/\/www.paisajesverticales.com\/es\/novedades-sobre-fotografia-y-video-aereo-con-drones\/mejores-fotografias-aereas-de-2017\/\" aria-label=\"Las mejores fotograf\u00edas a\u00e9reas de 2017\"><\/a>\n\t<\/div>\n<\/div>\n<\/div>\n<\/li>\n\t\t\t\n\t\t\t\n\t\t\t\t\t\t\t\t\t\t\t\t\t\t\t\t\t\t\t\t\t\t\t\t\t\t\t\t\t\t\t\t\t\t\t\t\t\t<\/ul>\n\t<\/div>\n\t<div class=\"fusion-post-content-wrapper\" style=\"padding:14px 14px 6px 16px;\"><div class=\"fusion-post-content post-content\"><h2 class=\"blog-shortcode-post-title\"><a href=\"https:\/\/www.paisajesverticales.com\/es\/novedades-sobre-fotografia-y-video-aereo-con-drones\/mejores-fotografias-aereas-de-2017\/\">Las mejores fotograf\u00edas a\u00e9reas de 2017<\/a><\/h2><p class=\"fusion-single-line-meta\"><span class=\"updated\" style=\"display:none;\">2020-07-13T12:01:51+02:00<\/span><span>18 julio 2018<\/span><span class=\"fusion-inline-sep\">|<\/span><\/p><div class=\"fusion-content-sep sep-single sep-dashed\"><\/div><div class=\"fusion-post-content-container\">\n<p>Cada a\u00f1o, diversos sitios web i foros fotogr\u00e1ficos publican su selecci\u00f3n de \u00abLa mejor foto del a\u00f1o\u00bb. Y el entorno<a href=\"https:\/\/www.paisajesverticales.com\/es\/novedades-sobre-fotografia-y-video-aereo-con-drones\/mejores-fotografias-aereas-de-2017\/\">\u2026<\/a><\/p>\n<\/div><\/div><div class=\"fusion-meta-info\"><div class=\"fusion-alignleft\"><a class=\"fusion-read-more\" href=\"https:\/\/www.paisajesverticales.com\/es\/novedades-sobre-fotografia-y-video-aereo-con-drones\/mejores-fotografias-aereas-de-2017\/\" aria-label=\"More on Las mejores fotograf\u00edas a\u00e9reas de 2017\">Read More<\/a><\/div><\/div><\/div><div class=\"fusion-clearfix\"><\/div><\/div>\n<\/article>\n<article id=\"blog-1-post-4293\" class=\"fusion-post-grid post-4293 post type-post status-publish format-standard has-post-thumbnail category-video-aereo-con-drones tag-alt-emporda-es tag-camping-es tag-costa-brava-es tag-emporda-es tag-empuries-es tag-fotografia-aerea tag-fotografias-con-drones-es tag-girona-es tag-litoral-es tag-mediterraneo tag-observacion-con-drones tag-paisaje tag-provincia-de-girona tag-sant-pere-pescador-es tag-turismo tag-video-aereo tag-videos-drones\">\n<div class=\"fusion-post-wrapper\" style=\"background-color:rgba(255,235,59,0.03);border:1px solid #009eba;border-bottom-width:3px;\">\n\n\t\t\t<div class=\"fusion-flexslider flexslider fusion-flexslider-loading fusion-post-slideshow\" style=\"border-color:#009eba;\">\n\t\t<ul class=\"slides\">\n\t\t\t\n\t\t\t\t\t\t\t\t\t\t\t\t\t\t<li><div  class=\"fusion-image-wrapper\" aria-haspopup=\"true\">\n\t\t\t\t<img decoding=\"async\" width=\"1200\" height=\"800\" src=\"https:\/\/www.paisajesverticales.com\/WP\/wp-content\/uploads\/lasdunas2.jpg\" class=\"attachment-full size-full lazyload wp-post-image\" alt=\"\" srcset=\"data:image\/svg+xml,%3Csvg%20xmlns%3D%27http%3A%2F%2Fwww.w3.org%2F2000%2Fsvg%27%20width%3D%271200%27%20height%3D%27800%27%20viewBox%3D%270%200%201200%20800%27%3E%3Crect%20width%3D%271200%27%20height%3D%27800%27%20fill-opacity%3D%220%22%2F%3E%3C%2Fsvg%3E\" data-orig-src=\"https:\/\/www.paisajesverticales.com\/WP\/wp-content\/uploads\/lasdunas2.jpg\" data-srcset=\"https:\/\/www.paisajesverticales.com\/WP\/wp-content\/uploads\/lasdunas2-200x133.jpg 200w, https:\/\/www.paisajesverticales.com\/WP\/wp-content\/uploads\/lasdunas2-400x267.jpg 400w, https:\/\/www.paisajesverticales.com\/WP\/wp-content\/uploads\/lasdunas2-600x400.jpg 600w, https:\/\/www.paisajesverticales.com\/WP\/wp-content\/uploads\/lasdunas2-800x533.jpg 800w, https:\/\/www.paisajesverticales.com\/WP\/wp-content\/uploads\/lasdunas2.jpg 1200w\" data-sizes=\"auto\" \/><div class=\"fusion-rollover\">\n\t<div class=\"fusion-rollover-content\">\n\n\t\t\t\t\t\t\t\t\t\t\n\t\t\t\t\t\t\t\t\t\t\t\t\t\t\n\t\t\t\t\t\t\t\t\n\t\t\t\t\t\t\t\t\n\t\t\t\t\t\t\t\t\t\t\t\t\t\t\t\t\t\t<a class=\"fusion-rollover-gallery\" href=\"https:\/\/www.paisajesverticales.com\/WP\/wp-content\/uploads\/lasdunas2.jpg\" data-options=\"\" data-id=\"4293\" data-rel=\"iLightbox[gallery4293]\" data-title=\"lasdunas2\" data-caption=\"\">\n\t\t\t\t\t\tGaler\u00eda\t\t\t\t\t<\/a>\n\t\t\t\t\t<div class=\"fusion-portfolio-gallery-hidden\"><a href=\"https:\/\/www.paisajesverticales.com\/WP\/wp-content\/uploads\/lasdunas1.jpg\" data-rel=\"iLightbox[gallery4293]\" title=\"lasdunas1\" data-title=\"lasdunas1\" data-caption=\"\"><\/a><a href=\"https:\/\/www.paisajesverticales.com\/WP\/wp-content\/uploads\/lasdunas3.jpg\" data-rel=\"iLightbox[gallery4293]\" title=\"lasdunas3\" data-title=\"lasdunas3\" data-caption=\"\"><\/a><\/div>\t\t\t\t\t\t\t\t\t\n\t\t\n\t\t\t\t\t\t\t\t\n\t\t\t\t\t\t\t\t\n\t\t\n\t\t\t\t\t\t<a class=\"fusion-link-wrapper\" href=\"https:\/\/www.paisajesverticales.com\/es\/video-aereo-con-drones\/grabacion-video-aereo-camping-dunas\/\" aria-label=\"Grabaci\u00f3n en v\u00eddeo a\u00e9reo en el Camping Las Dunas\"><\/a>\n\t<\/div>\n<\/div>\n<\/div>\n<\/li>\n\t\t\t\n\t\t\t\n\t\t\t\t\t\t\t\t\t\t\t\n\t\t\t\t\t\n\t\t\t\t\t\t\t\t\t\t\t<li>\n\t\t\t\t\t\t\t<div class=\"fusion-image-wrapper\">\n\t\t\t\t\t\t\t\t<a href=\"https:\/\/www.paisajesverticales.com\/es\/video-aereo-con-drones\/grabacion-video-aereo-camping-dunas\/\" aria-label=\"Grabaci\u00f3n en v\u00eddeo a\u00e9reo en el Camping Las Dunas\">\n\t\t\t\t\t\t\t\t\t<img decoding=\"async\" width=\"1200\" height=\"800\" src=\"https:\/\/www.paisajesverticales.com\/WP\/wp-content\/uploads\/lasdunas1.jpg\" data-orig-src=\"https:\/\/www.paisajesverticales.com\/WP\/wp-content\/uploads\/lasdunas1.jpg\" alt=\"\" class=\"lazyload wp-image-4297\" role=\"presentation\" srcset=\"data:image\/svg+xml,%3Csvg%20xmlns%3D%27http%3A%2F%2Fwww.w3.org%2F2000%2Fsvg%27%20width%3D%271200%27%20height%3D%27800%27%20viewBox%3D%270%200%201200%20800%27%3E%3Crect%20width%3D%271200%27%20height%3D%27800%27%20fill-opacity%3D%220%22%2F%3E%3C%2Fsvg%3E\" data-srcset=\"https:\/\/www.paisajesverticales.com\/WP\/wp-content\/uploads\/lasdunas1-200x133.jpg 200w, https:\/\/www.paisajesverticales.com\/WP\/wp-content\/uploads\/lasdunas1-400x267.jpg 400w, https:\/\/www.paisajesverticales.com\/WP\/wp-content\/uploads\/lasdunas1-600x400.jpg 600w, https:\/\/www.paisajesverticales.com\/WP\/wp-content\/uploads\/lasdunas1-800x533.jpg 800w, https:\/\/www.paisajesverticales.com\/WP\/wp-content\/uploads\/lasdunas1.jpg 1200w\" data-sizes=\"auto\" data-orig-sizes=\"(min-width: 2200px) 100vw, (min-width: 704px) 377px, (min-width: 672px) 565px, (min-width: 640px) 672px, \" \/>\t\t\t\t\t\t\t\t<\/a>\n\t\t\t\t\t\t\t\t<a style=\"display:none;\" href=\"https:\/\/www.paisajesverticales.com\/WP\/wp-content\/uploads\/lasdunas1.jpg\" data-rel=\"iLightbox[gallery4293]\"  title=\"\" data-title=\"lasdunas1\" data-caption=\"\">\n\t\t\t\t\t\t\t\t\t\t\t\t\t\t\t\t\t<\/a>\n\t\t\t\t\t\t\t<\/div>\n\t\t\t\t\t\t<\/li>\n\t\t\t\t\t\t\t\t\t\t\t\t\t\t\t\t\t\t\t\t\t\t\t\t\n\t\t\t\t\t\n\t\t\t\t\t\t\t\t\t\t\t<li>\n\t\t\t\t\t\t\t<div class=\"fusion-image-wrapper\">\n\t\t\t\t\t\t\t\t<a href=\"https:\/\/www.paisajesverticales.com\/es\/video-aereo-con-drones\/grabacion-video-aereo-camping-dunas\/\" aria-label=\"Grabaci\u00f3n en v\u00eddeo a\u00e9reo en el Camping Las Dunas\">\n\t\t\t\t\t\t\t\t\t<img decoding=\"async\" width=\"1200\" height=\"800\" src=\"https:\/\/www.paisajesverticales.com\/WP\/wp-content\/uploads\/lasdunas3.jpg\" data-orig-src=\"https:\/\/www.paisajesverticales.com\/WP\/wp-content\/uploads\/lasdunas3.jpg\" alt=\"\" class=\"lazyload wp-image-4296\" role=\"presentation\" srcset=\"data:image\/svg+xml,%3Csvg%20xmlns%3D%27http%3A%2F%2Fwww.w3.org%2F2000%2Fsvg%27%20width%3D%271200%27%20height%3D%27800%27%20viewBox%3D%270%200%201200%20800%27%3E%3Crect%20width%3D%271200%27%20height%3D%27800%27%20fill-opacity%3D%220%22%2F%3E%3C%2Fsvg%3E\" data-srcset=\"https:\/\/www.paisajesverticales.com\/WP\/wp-content\/uploads\/lasdunas3-200x133.jpg 200w, https:\/\/www.paisajesverticales.com\/WP\/wp-content\/uploads\/lasdunas3-400x267.jpg 400w, https:\/\/www.paisajesverticales.com\/WP\/wp-content\/uploads\/lasdunas3-600x400.jpg 600w, https:\/\/www.paisajesverticales.com\/WP\/wp-content\/uploads\/lasdunas3-800x533.jpg 800w, https:\/\/www.paisajesverticales.com\/WP\/wp-content\/uploads\/lasdunas3.jpg 1200w\" data-sizes=\"auto\" data-orig-sizes=\"(min-width: 2200px) 100vw, (min-width: 704px) 377px, (min-width: 672px) 565px, (min-width: 640px) 672px, \" \/>\t\t\t\t\t\t\t\t<\/a>\n\t\t\t\t\t\t\t\t<a style=\"display:none;\" href=\"https:\/\/www.paisajesverticales.com\/WP\/wp-content\/uploads\/lasdunas3.jpg\" data-rel=\"iLightbox[gallery4293]\"  title=\"\" data-title=\"lasdunas3\" data-caption=\"\">\n\t\t\t\t\t\t\t\t\t\t\t\t\t\t\t\t\t<\/a>\n\t\t\t\t\t\t\t<\/div>\n\t\t\t\t\t\t<\/li>\n\t\t\t\t\t\t\t\t\t\t\t\t\t\t\t\t\t\t\t\t\t<\/ul>\n\t<\/div>\n\t<div class=\"fusion-post-content-wrapper\" style=\"padding:14px 14px 6px 16px;\"><div class=\"fusion-post-content post-content\"><h2 class=\"blog-shortcode-post-title\"><a href=\"https:\/\/www.paisajesverticales.com\/es\/video-aereo-con-drones\/grabacion-video-aereo-camping-dunas\/\">Grabaci\u00f3n en v\u00eddeo a\u00e9reo en el Camping Las Dunas<\/a><\/h2><p class=\"fusion-single-line-meta\"><span class=\"updated\" style=\"display:none;\">2020-07-13T12:01:59+02:00<\/span><span>13 julio 2018<\/span><span class=\"fusion-inline-sep\">|<\/span><\/p><div class=\"fusion-content-sep sep-single sep-dashed\"><\/div><div class=\"fusion-post-content-container\">\n<p>Ayer estuvimos grabando en v\u00eddeo con nuestros drones los actos conmemorativos del 50\u00ba aniversario del <a href=\"http:\/\/www.campinglasdunas.com\" target=\"_blank\" rel=\"noopener noreferrer\">Camping<\/a><a href=\"https:\/\/www.paisajesverticales.com\/es\/video-aereo-con-drones\/grabacion-video-aereo-camping-dunas\/\">\u2026<\/a><\/p>\n<\/div><\/div><div class=\"fusion-meta-info\"><div class=\"fusion-alignleft\"><a class=\"fusion-read-more\" href=\"https:\/\/www.paisajesverticales.com\/es\/video-aereo-con-drones\/grabacion-video-aereo-camping-dunas\/\" aria-label=\"More on Grabaci\u00f3n en v\u00eddeo a\u00e9reo en el Camping Las Dunas\">Read More<\/a><\/div><\/div><\/div><div class=\"fusion-clearfix\"><\/div><\/div>\n<\/article>\n<article id=\"blog-1-post-4126\" class=\"fusion-post-grid post-4126 post type-post status-publish format-standard has-post-thumbnail category-fotografia-aerea-con-drones tag-arquitectura-es tag-bages-es tag-barcelona-es tag-fotografia-aerea tag-fotografias-con-drones-es tag-inmobiliaria tag-paisaje tag-patrimonio tag-video-aereo tag-videos-drones\">\n<div class=\"fusion-post-wrapper\" style=\"background-color:rgba(255,235,59,0.03);border:1px solid #009eba;border-bottom-width:3px;\">\n\n\t\t\t<div class=\"fusion-flexslider flexslider fusion-flexslider-loading fusion-post-slideshow\" style=\"border-color:#009eba;\">\n\t\t<ul class=\"slides\">\n\t\t\t\n\t\t\t\t\t\t\t\t\t\t\t\t\t\t<li><div  class=\"fusion-image-wrapper\" aria-haspopup=\"true\">\n\t\t\t\t<img decoding=\"async\" width=\"1200\" height=\"800\" src=\"https:\/\/www.paisajesverticales.com\/WP\/wp-content\/uploads\/20180525-131000-WEB.jpg\" class=\"attachment-full size-full lazyload wp-post-image\" alt=\"Paisajes Verticales \u2013 Fotografia a\u00e8ria \u2013 INMOBILIARIA (Bages)\" srcset=\"data:image\/svg+xml,%3Csvg%20xmlns%3D%27http%3A%2F%2Fwww.w3.org%2F2000%2Fsvg%27%20width%3D%271200%27%20height%3D%27800%27%20viewBox%3D%270%200%201200%20800%27%3E%3Crect%20width%3D%271200%27%20height%3D%27800%27%20fill-opacity%3D%220%22%2F%3E%3C%2Fsvg%3E\" data-orig-src=\"https:\/\/www.paisajesverticales.com\/WP\/wp-content\/uploads\/20180525-131000-WEB.jpg\" data-srcset=\"https:\/\/www.paisajesverticales.com\/WP\/wp-content\/uploads\/20180525-131000-WEB-200x133.jpg 200w, https:\/\/www.paisajesverticales.com\/WP\/wp-content\/uploads\/20180525-131000-WEB-400x267.jpg 400w, https:\/\/www.paisajesverticales.com\/WP\/wp-content\/uploads\/20180525-131000-WEB-600x400.jpg 600w, https:\/\/www.paisajesverticales.com\/WP\/wp-content\/uploads\/20180525-131000-WEB-800x533.jpg 800w, https:\/\/www.paisajesverticales.com\/WP\/wp-content\/uploads\/20180525-131000-WEB.jpg 1200w\" data-sizes=\"auto\" \/><div class=\"fusion-rollover\">\n\t<div class=\"fusion-rollover-content\">\n\n\t\t\t\t\t\t\t\t\t\t\n\t\t\t\t\t\t\t\t\t\t\t\t\t\t\n\t\t\t\t\t\t\t\t\n\t\t\t\t\t\t\t\t\n\t\t\t\t\t\t\t\t\t\t\t\t\t\t\t\t\t\t<a class=\"fusion-rollover-gallery\" href=\"https:\/\/www.paisajesverticales.com\/WP\/wp-content\/uploads\/20180525-131000-WEB.jpg\" data-options=\"\" data-id=\"4126\" data-rel=\"iLightbox[gallery4126]\" data-title=\"Paisajes Verticales \u2013 Fotografia a\u00e8ria \u2013 INMOBILIARIA (Bages)\" data-caption=\"Paisajes Verticales \u2013 Fotograf\u00eda a\u00e9rea \u2013 INMOBILIARIA (Bages)\">\n\t\t\t\t\t\tGaler\u00eda\t\t\t\t\t<\/a>\n\t\t\t\t\t<div class=\"fusion-portfolio-gallery-hidden\"><\/div>\t\t\t\t\t\t\t\t\t\n\t\t\n\t\t\t\t\t\t\t\t\n\t\t\t\t\t\t\t\t\n\t\t\n\t\t\t\t\t\t<a class=\"fusion-link-wrapper\" href=\"https:\/\/www.paisajesverticales.com\/es\/fotografia-aerea-con-drones\/fotografias-aereas-de-gran-finca-rural-venta-bages\/\" aria-label=\"Fotograf\u00edas a\u00e9reas de una gran finca rural en venta en el Bages\"><\/a>\n\t<\/div>\n<\/div>\n<\/div>\n<\/li>\n\t\t\t\n\t\t\t\n\t\t\t\t\t\t\t\t\t\t\t\t\t\t\t\t\t\t\t\t\t\t\t\t\t\t\t\t\t\t\t\t\t\t\t\t\t\t<\/ul>\n\t<\/div>\n\t<div class=\"fusion-post-content-wrapper\" style=\"padding:14px 14px 6px 16px;\"><div class=\"fusion-post-content post-content\"><h2 class=\"blog-shortcode-post-title\"><a href=\"https:\/\/www.paisajesverticales.com\/es\/fotografia-aerea-con-drones\/fotografias-aereas-de-gran-finca-rural-venta-bages\/\">Fotograf\u00edas a\u00e9reas de una gran finca rural en venta en el Bages<\/a><\/h2><p class=\"fusion-single-line-meta\"><span class=\"updated\" style=\"display:none;\">2020-07-13T12:02:01+02:00<\/span><span>25 mayo 2018<\/span><span class=\"fusion-inline-sep\">|<\/span><\/p><div class=\"fusion-content-sep sep-single sep-dashed\"><\/div><div class=\"fusion-post-content-container\">\n<p>Por encargo del gabinete de abogados especializados en urbanismo\u00a0<a href=\"http:\/\/www.radresa.cat\" target=\"_blank\" rel=\"noopener noreferrer\">Radresa Advocats<\/a>, hemos estado realizando en la comarca<a href=\"https:\/\/www.paisajesverticales.com\/es\/fotografia-aerea-con-drones\/fotografias-aereas-de-gran-finca-rural-venta-bages\/\">\u2026<\/a><\/p>\n<\/div><\/div><div class=\"fusion-meta-info\"><div class=\"fusion-alignleft\"><a class=\"fusion-read-more\" href=\"https:\/\/www.paisajesverticales.com\/es\/fotografia-aerea-con-drones\/fotografias-aereas-de-gran-finca-rural-venta-bages\/\" aria-label=\"More on Fotograf\u00edas a\u00e9reas de una gran finca rural en venta en el Bages\">Read More<\/a><\/div><\/div><\/div><div class=\"fusion-clearfix\"><\/div><\/div>\n<\/article>\n<article id=\"blog-1-post-3785\" class=\"fusion-post-grid post-3785 post type-post status-publish format-standard has-post-thumbnail category-novedades-sobre-fotografia-y-video-aereo-con-drones category-video-aereo-con-drones tag-baix-emporda-es tag-cine-es tag-cortometraje-es tag-costa-brava-es tag-fotografia-aerea tag-fotografias-con-drones-es tag-girona-es tag-litoral-es tag-mediterraneo tag-observacion-con-drones tag-provincia-de-girona tag-video-aereo tag-videos-drones\">\n<div class=\"fusion-post-wrapper\" style=\"background-color:rgba(255,235,59,0.03);border:1px solid #009eba;border-bottom-width:3px;\">\n\n\t\t\t<div class=\"fusion-flexslider flexslider fusion-flexslider-loading fusion-post-slideshow\" style=\"border-color:#009eba;\">\n\t\t<ul class=\"slides\">\n\t\t\t\n\t\t\t\t\t\t\t\t\t\t\t\t\t\t<li><div  class=\"fusion-image-wrapper\" aria-haspopup=\"true\">\n\t\t\t\t<img decoding=\"async\" width=\"1200\" height=\"800\" src=\"https:\/\/www.paisajesverticales.com\/WP\/wp-content\/uploads\/viaje-sin-maletas-scaled.jpg\" class=\"attachment-full size-full lazyload wp-post-image\" alt=\"Equipo del cortometraje &quot;Viaje sin maletas&quot;\" srcset=\"data:image\/svg+xml,%3Csvg%20xmlns%3D%27http%3A%2F%2Fwww.w3.org%2F2000%2Fsvg%27%20width%3D%271200%27%20height%3D%27800%27%20viewBox%3D%270%200%201200%20800%27%3E%3Crect%20width%3D%271200%27%20height%3D%27800%27%20fill-opacity%3D%220%22%2F%3E%3C%2Fsvg%3E\" data-orig-src=\"https:\/\/www.paisajesverticales.com\/WP\/wp-content\/uploads\/viaje-sin-maletas-scaled.jpg\" data-srcset=\"https:\/\/www.paisajesverticales.com\/WP\/wp-content\/uploads\/viaje-sin-maletas-200x133.jpg 200w, https:\/\/www.paisajesverticales.com\/WP\/wp-content\/uploads\/viaje-sin-maletas-400x267.jpg 400w, https:\/\/www.paisajesverticales.com\/WP\/wp-content\/uploads\/viaje-sin-maletas-600x400.jpg 600w, https:\/\/www.paisajesverticales.com\/WP\/wp-content\/uploads\/viaje-sin-maletas-800x534.jpg 800w, https:\/\/www.paisajesverticales.com\/WP\/wp-content\/uploads\/viaje-sin-maletas-scaled.jpg 1200w\" data-sizes=\"auto\" \/><div class=\"fusion-rollover\">\n\t<div class=\"fusion-rollover-content\">\n\n\t\t\t\t\t\t\t\t\t\t\n\t\t\t\t\t\t\t\t\t\t\t\t\t\t\n\t\t\t\t\t\t\t\t\n\t\t\t\t\t\t\t\t\n\t\t\t\t\t\t\t\t\t\t\t\t\t\t\t\t\t\t<a class=\"fusion-rollover-gallery\" href=\"https:\/\/www.paisajesverticales.com\/WP\/wp-content\/uploads\/viaje-sin-maletas-scaled.jpg\" data-options=\"\" data-id=\"3785\" data-rel=\"iLightbox[gallery3785]\" data-title=\"Equipo del cortometraje &quot;Viaje sin maletas&quot;\" data-caption=\"Cortometraje &quot;Viaje sin maletas&quot;\nDirecci\u00f3n y gui\u00f3n: Jaime Khelout\nProducci\u00f3n: Tr\u00edo de Doses - Catal\u00e0 Productions\nFilmaci\u00f3n planos a\u00e9reos: Paisajes Verticales\">\n\t\t\t\t\t\tGaler\u00eda\t\t\t\t\t<\/a>\n\t\t\t\t\t<div class=\"fusion-portfolio-gallery-hidden\"><\/div>\t\t\t\t\t\t\t\t\t\n\t\t\n\t\t\t\t\t\t\t\t\n\t\t\t\t\t\t\t\t\n\t\t\n\t\t\t\t\t\t<a class=\"fusion-link-wrapper\" href=\"https:\/\/www.paisajesverticales.com\/es\/novedades-sobre-fotografia-y-video-aereo-con-drones\/participacion-cortometraje-viaje-maletas\/\" aria-label=\"Participaci\u00f3n en el cortometraje \u00abViaje sin maletas\u00bb\"><\/a>\n\t<\/div>\n<\/div>\n<\/div>\n<\/li>\n\t\t\t\n\t\t\t\n\t\t\t\t\t\t\t\t\t\t\t\t\t\t\t\t\t\t\t\t\t\t\t\t\t\t\t\t\t\t\t\t\t\t\t\t\t\t<\/ul>\n\t<\/div>\n\t<div class=\"fusion-post-content-wrapper\" style=\"padding:14px 14px 6px 16px;\"><div class=\"fusion-post-content post-content\"><h2 class=\"blog-shortcode-post-title\"><a href=\"https:\/\/www.paisajesverticales.com\/es\/novedades-sobre-fotografia-y-video-aereo-con-drones\/participacion-cortometraje-viaje-maletas\/\">Participaci\u00f3n en el cortometraje \u00abViaje sin maletas\u00bb<\/a><\/h2><p class=\"fusion-single-line-meta\"><span class=\"updated\" style=\"display:none;\">2020-07-13T12:02:04+02:00<\/span><span>12 mayo 2018<\/span><span class=\"fusion-inline-sep\">|<\/span><\/p><div class=\"fusion-content-sep sep-single sep-dashed\"><\/div><div class=\"fusion-post-content-container\">\n<p>Paisajes Verticales ha participado en la realizaci\u00f3n del cortometraje \u00ab<a href=\"https:\/\/www.facebook.com\/viajesinmaletas\/\" target=\"_blank\" rel=\"noopener noreferrer\">Viaje sin maletas<\/a>\u00bb con la filmaci\u00f3n de<a href=\"https:\/\/www.paisajesverticales.com\/es\/novedades-sobre-fotografia-y-video-aereo-con-drones\/participacion-cortometraje-viaje-maletas\/\">\u2026<\/a><\/p>\n<\/div><\/div><div class=\"fusion-meta-info\"><div class=\"fusion-alignleft\"><a class=\"fusion-read-more\" href=\"https:\/\/www.paisajesverticales.com\/es\/novedades-sobre-fotografia-y-video-aereo-con-drones\/participacion-cortometraje-viaje-maletas\/\" aria-label=\"More on Participaci\u00f3n en el cortometraje \u00abViaje sin maletas\u00bb\">Read More<\/a><\/div><\/div><\/div><div class=\"fusion-clearfix\"><\/div><\/div>\n<\/article>\n<article id=\"blog-1-post-3783\" class=\"fusion-post-grid post-3783 post type-post status-publish format-standard has-post-thumbnail category-fotografia-aerea-con-drones tag-alt-emporda-es tag-baix-emporda-es tag-calella-de-palafrugell-es tag-costa-brava-es tag-emporda-es tag-fotografia-aerea tag-fotografias-con-drones-es tag-girona-es tag-inmobiliaria tag-la-selva-es tag-litoral-es tag-mediterraneo tag-observacion-con-drones tag-platja-daro-es tag-port-daro-es tag-provincia-de-girona tag-sant-pol-es tag-sagaro-es tag-video-aereo tag-videos-drones\">\n<div class=\"fusion-post-wrapper\" style=\"background-color:rgba(255,235,59,0.03);border:1px solid #009eba;border-bottom-width:3px;\">\n\n\t\t\t<div class=\"fusion-flexslider flexslider fusion-flexslider-loading fusion-post-slideshow\" style=\"border-color:#009eba;\">\n\t\t<ul class=\"slides\">\n\t\t\t\n\t\t\t\t\t\t\t\t\t\t\t\t\t\t<li><div  class=\"fusion-image-wrapper\" aria-haspopup=\"true\">\n\t\t\t\t<img decoding=\"async\" width=\"1200\" height=\"800\" src=\"https:\/\/www.paisajesverticales.com\/WP\/wp-content\/uploads\/20151111-DJI_0041-WEB.jpg\" class=\"attachment-full size-full lazyload wp-post-image\" alt=\"\" srcset=\"data:image\/svg+xml,%3Csvg%20xmlns%3D%27http%3A%2F%2Fwww.w3.org%2F2000%2Fsvg%27%20width%3D%271200%27%20height%3D%27800%27%20viewBox%3D%270%200%201200%20800%27%3E%3Crect%20width%3D%271200%27%20height%3D%27800%27%20fill-opacity%3D%220%22%2F%3E%3C%2Fsvg%3E\" data-orig-src=\"https:\/\/www.paisajesverticales.com\/WP\/wp-content\/uploads\/20151111-DJI_0041-WEB.jpg\" data-srcset=\"https:\/\/www.paisajesverticales.com\/WP\/wp-content\/uploads\/20151111-DJI_0041-WEB-200x133.jpg 200w, https:\/\/www.paisajesverticales.com\/WP\/wp-content\/uploads\/20151111-DJI_0041-WEB-400x267.jpg 400w, https:\/\/www.paisajesverticales.com\/WP\/wp-content\/uploads\/20151111-DJI_0041-WEB-600x400.jpg 600w, https:\/\/www.paisajesverticales.com\/WP\/wp-content\/uploads\/20151111-DJI_0041-WEB-800x533.jpg 800w, https:\/\/www.paisajesverticales.com\/WP\/wp-content\/uploads\/20151111-DJI_0041-WEB.jpg 1200w\" data-sizes=\"auto\" \/><div class=\"fusion-rollover\">\n\t<div class=\"fusion-rollover-content\">\n\n\t\t\t\t\t\t\t\t\t\t\n\t\t\t\t\t\t\t\t\t\t\t\t\t\t\n\t\t\t\t\t\t\t\t\n\t\t\t\t\t\t\t\t\n\t\t\t\t\t\t\t\t\t\t\t\t\t\t\t\t\t\t<a class=\"fusion-rollover-gallery\" href=\"https:\/\/www.paisajesverticales.com\/WP\/wp-content\/uploads\/20151111-DJI_0041-WEB.jpg\" data-options=\"\" data-id=\"3783\" data-rel=\"iLightbox[gallery3783]\" data-title=\"20151111-DJI_0041-WEB\" data-caption=\"\">\n\t\t\t\t\t\tGaler\u00eda\t\t\t\t\t<\/a>\n\t\t\t\t\t<div class=\"fusion-portfolio-gallery-hidden\"><\/div>\t\t\t\t\t\t\t\t\t\n\t\t\n\t\t\t\t\t\t\t\t\n\t\t\t\t\t\t\t\t\n\t\t\n\t\t\t\t\t\t<a class=\"fusion-link-wrapper\" href=\"https:\/\/www.paisajesverticales.com\/es\/fotografia-aerea-con-drones\/impresiones-gran-formato-feria-inmobiliaria-moscu\/\" aria-label=\"Impresiones en gran formato para feria inmobiliaria en Mosc\u00fa\"><\/a>\n\t<\/div>\n<\/div>\n<\/div>\n<\/li>\n\t\t\t\n\t\t\t\n\t\t\t\t\t\t\t\t\t\t\t\t\t\t\t\t\t\t\t\t\t\t\t\t\t\t\t\t\t\t\t\t\t\t\t\t\t\t<\/ul>\n\t<\/div>\n\t<div class=\"fusion-post-content-wrapper\" style=\"padding:14px 14px 6px 16px;\"><div class=\"fusion-post-content post-content\"><h2 class=\"blog-shortcode-post-title\"><a href=\"https:\/\/www.paisajesverticales.com\/es\/fotografia-aerea-con-drones\/impresiones-gran-formato-feria-inmobiliaria-moscu\/\">Impresiones en gran formato para feria inmobiliaria en Mosc\u00fa<\/a><\/h2><p class=\"fusion-single-line-meta\"><span class=\"updated\" style=\"display:none;\">2020-07-13T12:02:09+02:00<\/span><span>12 abril 2018<\/span><span class=\"fusion-inline-sep\">|<\/span><\/p><div class=\"fusion-content-sep sep-single sep-dashed\"><\/div><div class=\"fusion-post-content-container\">\n<p>Nuestro cliente <a href=\"http:\/\/www.housingcostabrava.com\/\" target=\"_blank\" rel=\"noopener noreferrer\">Housing Costa Brava<\/a>, para quien ya hemos realizado varios trabajos fotogr\u00e1ficos con dron, acudi\u00f3<a href=\"https:\/\/www.paisajesverticales.com\/es\/fotografia-aerea-con-drones\/impresiones-gran-formato-feria-inmobiliaria-moscu\/\">\u2026<\/a><\/p>\n<\/div><\/div><div class=\"fusion-meta-info\"><div class=\"fusion-alignleft\"><a class=\"fusion-read-more\" href=\"https:\/\/www.paisajesverticales.com\/es\/fotografia-aerea-con-drones\/impresiones-gran-formato-feria-inmobiliaria-moscu\/\" aria-label=\"More on Impresiones en gran formato para feria inmobiliaria en Mosc\u00fa\">Read More<\/a><\/div><\/div><\/div><div class=\"fusion-clearfix\"><\/div><\/div>\n<\/article>\n<article id=\"blog-1-post-3760\" class=\"fusion-post-grid post-3760 post type-post status-publish format-standard has-post-thumbnail category-novedades-sobre-fotografia-y-video-aereo-con-drones tag-alt-emporda-es tag-arquitectura-es tag-baix-emporda-es tag-costa-brava-es tag-emporda-es tag-fotografia-aerea tag-fotografias-con-drones-es tag-girona-es tag-inmobiliaria tag-la-selva-es tag-litoral-es tag-mediterraneo tag-paisaje tag-patrimonio tag-provincia-de-girona tag-turismo tag-turismo-rural\">\n<div class=\"fusion-post-wrapper\" style=\"background-color:rgba(255,235,59,0.03);border:1px solid #009eba;border-bottom-width:3px;\">\n\n\t\t\t<div class=\"fusion-flexslider flexslider fusion-flexslider-loading fusion-post-slideshow\" style=\"border-color:#009eba;\">\n\t\t<ul class=\"slides\">\n\t\t\t\n\t\t\t\t\t\t\t\t\t\t\t\t\t\t<li><div  class=\"fusion-image-wrapper\" aria-haspopup=\"true\">\n\t\t\t\t<img decoding=\"async\" width=\"1200\" height=\"799\" src=\"https:\/\/www.paisajesverticales.com\/WP\/wp-content\/uploads\/20180404-182354-WEB.jpg\" class=\"attachment-full size-full lazyload wp-post-image\" alt=\"Paisajes Verticales \u2013 La Bisbal d&#039;Empord\u00e0\" srcset=\"data:image\/svg+xml,%3Csvg%20xmlns%3D%27http%3A%2F%2Fwww.w3.org%2F2000%2Fsvg%27%20width%3D%271200%27%20height%3D%27799%27%20viewBox%3D%270%200%201200%20799%27%3E%3Crect%20width%3D%271200%27%20height%3D%27799%27%20fill-opacity%3D%220%22%2F%3E%3C%2Fsvg%3E\" data-orig-src=\"https:\/\/www.paisajesverticales.com\/WP\/wp-content\/uploads\/20180404-182354-WEB.jpg\" data-srcset=\"https:\/\/www.paisajesverticales.com\/WP\/wp-content\/uploads\/20180404-182354-WEB-200x133.jpg 200w, https:\/\/www.paisajesverticales.com\/WP\/wp-content\/uploads\/20180404-182354-WEB-400x266.jpg 400w, https:\/\/www.paisajesverticales.com\/WP\/wp-content\/uploads\/20180404-182354-WEB-600x400.jpg 600w, https:\/\/www.paisajesverticales.com\/WP\/wp-content\/uploads\/20180404-182354-WEB-800x533.jpg 800w, https:\/\/www.paisajesverticales.com\/WP\/wp-content\/uploads\/20180404-182354-WEB.jpg 1200w\" data-sizes=\"auto\" \/><div class=\"fusion-rollover\">\n\t<div class=\"fusion-rollover-content\">\n\n\t\t\t\t\t\t\t\t\t\t\n\t\t\t\t\t\t\t\t\t\t\t\t\t\t\n\t\t\t\t\t\t\t\t\n\t\t\t\t\t\t\t\t\n\t\t\t\t\t\t\t\t\t\t\t\t\t\t\t\t\t\t<a class=\"fusion-rollover-gallery\" href=\"https:\/\/www.paisajesverticales.com\/WP\/wp-content\/uploads\/20180404-182354-WEB.jpg\" data-options=\"\" data-id=\"3760\" data-rel=\"iLightbox[gallery3760]\" data-title=\"Paisajes Verticales \u2013 La Bisbal d&#039;Empord\u00e0\" data-caption=\"Paisajes Verticales \u2013 Imagen a\u00e9rea de La Bisbal d&#039;Empord\u00e0 (Baix Empord\u00e0, Girona)\">\n\t\t\t\t\t\tGaler\u00eda\t\t\t\t\t<\/a>\n\t\t\t\t\t<div class=\"fusion-portfolio-gallery-hidden\"><\/div>\t\t\t\t\t\t\t\t\t\n\t\t\n\t\t\t\t\t\t\t\t\n\t\t\t\t\t\t\t\t\n\t\t\n\t\t\t\t\t\t<a class=\"fusion-link-wrapper\" href=\"https:\/\/www.paisajesverticales.com\/es\/novedades-sobre-fotografia-y-video-aereo-con-drones\/colaboramos-banco-de-imagenes-del-patronat-de-turisme-costa-brava\/\" aria-label=\"Colaboramos con el banco de im\u00e1genes del Patronat de Turisme Costa Brava\"><\/a>\n\t<\/div>\n<\/div>\n<\/div>\n<\/li>\n\t\t\t\n\t\t\t\n\t\t\t\t\t\t\t\t\t\t\t\t\t\t\t\t\t\t\t\t\t\t\t\t\t\t\t\t\t\t\t\t\t\t\t\t\t\t<\/ul>\n\t<\/div>\n\t<div class=\"fusion-post-content-wrapper\" style=\"padding:14px 14px 6px 16px;\"><div class=\"fusion-post-content post-content\"><h2 class=\"blog-shortcode-post-title\"><a href=\"https:\/\/www.paisajesverticales.com\/es\/novedades-sobre-fotografia-y-video-aereo-con-drones\/colaboramos-banco-de-imagenes-del-patronat-de-turisme-costa-brava\/\">Colaboramos con el banco de im\u00e1genes del Patronat de Turisme Costa Brava<\/a><\/h2><p class=\"fusion-single-line-meta\"><span class=\"updated\" style=\"display:none;\">2020-07-13T12:02:20+02:00<\/span><span>5 febrero 2018<\/span><span class=\"fusion-inline-sep\">|<\/span><\/p><div class=\"fusion-content-sep sep-single sep-dashed\"><\/div><div class=\"fusion-post-content-container\">\n<p>Nos hace mucha ilusi\u00f3n poder anunciar que algunas de las im\u00e1genes que nos encarg\u00f3 anteriormente el Ayuntamiento de La Bisbal<a href=\"https:\/\/www.paisajesverticales.com\/es\/novedades-sobre-fotografia-y-video-aereo-con-drones\/colaboramos-banco-de-imagenes-del-patronat-de-turisme-costa-brava\/\">\u2026<\/a><\/p>\n<\/div><\/div><div class=\"fusion-meta-info\"><div class=\"fusion-alignleft\"><a class=\"fusion-read-more\" href=\"https:\/\/www.paisajesverticales.com\/es\/novedades-sobre-fotografia-y-video-aereo-con-drones\/colaboramos-banco-de-imagenes-del-patronat-de-turisme-costa-brava\/\" aria-label=\"More on Colaboramos con el banco de im\u00e1genes del Patronat de Turisme Costa Brava\">Read More<\/a><\/div><\/div><\/div><div class=\"fusion-clearfix\"><\/div><\/div>\n<\/article>\n<article id=\"blog-1-post-2612\" class=\"fusion-post-grid post-2612 post type-post status-publish format-standard has-post-thumbnail category-fotografia-aerea-con-drones category-video-aereo-con-drones tag-arquitectura-es tag-fotografia-aerea tag-fotografias-con-drones-es tag-girona-es tag-inmobiliaria tag-observacion-con-drones tag-paisaje tag-patrimonio tag-pla-de-lestany-es tag-provincia-de-girona tag-video-aereo tag-videos-drones\">\n<div class=\"fusion-post-wrapper\" style=\"background-color:rgba(255,235,59,0.03);border:1px solid #009eba;border-bottom-width:3px;\">\n\n\t\t\t<div class=\"fusion-flexslider flexslider fusion-flexslider-loading fusion-post-slideshow\" style=\"border-color:#009eba;\">\n\t\t<ul class=\"slides\">\n\t\t\t\n\t\t\t\t\t\t\t\t\t\t\t\t\t\t<li><div  class=\"fusion-image-wrapper\" aria-haspopup=\"true\">\n\t\t\t\t<img decoding=\"async\" width=\"1200\" height=\"800\" src=\"https:\/\/www.paisajesverticales.com\/WP\/wp-content\/uploads\/20180123-135202-WEB.jpg\" class=\"attachment-full size-full lazyload wp-post-image\" alt=\"Paisajes Verticales \u2013 Fotograf\u00eda a\u00e9rea \u2013 INMOBILIARIA (Pla de l\u2019Estany)\" srcset=\"data:image\/svg+xml,%3Csvg%20xmlns%3D%27http%3A%2F%2Fwww.w3.org%2F2000%2Fsvg%27%20width%3D%271200%27%20height%3D%27800%27%20viewBox%3D%270%200%201200%20800%27%3E%3Crect%20width%3D%271200%27%20height%3D%27800%27%20fill-opacity%3D%220%22%2F%3E%3C%2Fsvg%3E\" data-orig-src=\"https:\/\/www.paisajesverticales.com\/WP\/wp-content\/uploads\/20180123-135202-WEB.jpg\" data-srcset=\"https:\/\/www.paisajesverticales.com\/WP\/wp-content\/uploads\/20180123-135202-WEB-200x133.jpg 200w, https:\/\/www.paisajesverticales.com\/WP\/wp-content\/uploads\/20180123-135202-WEB-400x267.jpg 400w, https:\/\/www.paisajesverticales.com\/WP\/wp-content\/uploads\/20180123-135202-WEB-600x400.jpg 600w, https:\/\/www.paisajesverticales.com\/WP\/wp-content\/uploads\/20180123-135202-WEB-800x533.jpg 800w, https:\/\/www.paisajesverticales.com\/WP\/wp-content\/uploads\/20180123-135202-WEB.jpg 1200w\" data-sizes=\"auto\" \/><div class=\"fusion-rollover\">\n\t<div class=\"fusion-rollover-content\">\n\n\t\t\t\t\t\t\t\t\t\t\n\t\t\t\t\t\t\t\t\t\t\t\t\t\t\n\t\t\t\t\t\t\t\t\n\t\t\t\t\t\t\t\t\n\t\t\t\t\t\t\t\t\t\t\t\t\t\t\t\t\t\t<a class=\"fusion-rollover-gallery\" href=\"https:\/\/www.paisajesverticales.com\/WP\/wp-content\/uploads\/20180123-135202-WEB.jpg\" data-options=\"\" data-id=\"2612\" data-rel=\"iLightbox[gallery2612]\" data-title=\"Paisajes Verticales \u2013 Fotograf\u00eda a\u00e9rea \u2013 INMOBILIARIA (Pla de l\u2019Estany)\" data-caption=\"Paisajes Verticales \u2013 Fotograf\u00eda a\u00e9rea \u2013 INMOBILIARIA (Pla de l\u2019Estany)\">\n\t\t\t\t\t\tGaler\u00eda\t\t\t\t\t<\/a>\n\t\t\t\t\t<div class=\"fusion-portfolio-gallery-hidden\"><a href=\"https:\/\/www.paisajesverticales.com\/WP\/wp-content\/uploads\/20180123-135114-WEB.jpg\" data-rel=\"iLightbox[gallery2612]\" title=\"Paisatges Verticals \u2013 Fotografia a\u00e8ria \u2013 IMMOBILI\u00c0RIA (Pla de l\u2019Estany)\" data-title=\"Paisatges Verticals \u2013 Fotografia a\u00e8ria \u2013 IMMOBILI\u00c0RIA (Pla de l\u2019Estany)\" data-caption=\"Paisatges Verticals \u2013 Fotografia a\u00e8ria \u2013 IMMOBILI\u00c0RIA (Pla de l\u2019Estany)\"><\/a><\/div>\t\t\t\t\t\t\t\t\t\n\t\t\n\t\t\t\t\t\t\t\t\n\t\t\t\t\t\t\t\t\n\t\t\n\t\t\t\t\t\t<a class=\"fusion-link-wrapper\" href=\"https:\/\/www.paisajesverticales.com\/es\/fotografia-aerea-con-drones\/fotografias-y-video-de-preciosa-finca-pla-de-lestany\/\" aria-label=\"Fotograf\u00edas y v\u00eddeo de una preciosa finca en el Pla de l&#8217;Estany\"><\/a>\n\t<\/div>\n<\/div>\n<\/div>\n<\/li>\n\t\t\t\n\t\t\t\n\t\t\t\t\t\t\t\t\t\t\t\n\t\t\t\t\t\n\t\t\t\t\t\t\t\t\t\t\t<li>\n\t\t\t\t\t\t\t<div class=\"fusion-image-wrapper\">\n\t\t\t\t\t\t\t\t<a href=\"https:\/\/www.paisajesverticales.com\/es\/fotografia-aerea-con-drones\/fotografias-y-video-de-preciosa-finca-pla-de-lestany\/\" aria-label=\"Fotograf\u00edas y v\u00eddeo de una preciosa finca en el Pla de l&#8217;Estany\">\n\t\t\t\t\t\t\t\t\t<img decoding=\"async\" width=\"1200\" height=\"800\" src=\"https:\/\/www.paisajesverticales.com\/WP\/wp-content\/uploads\/20180123-135114-WEB.jpg\" data-orig-src=\"https:\/\/www.paisajesverticales.com\/WP\/wp-content\/uploads\/20180123-135114-WEB.jpg\" alt=\"Paisatges Verticals \u2013 Fotografia a\u00e8ria \u2013 IMMOBILI\u00c0RIA (Pla de l\u2019Estany)\" class=\"lazyload wp-image-3476\" role=\"presentation\" srcset=\"data:image\/svg+xml,%3Csvg%20xmlns%3D%27http%3A%2F%2Fwww.w3.org%2F2000%2Fsvg%27%20width%3D%271200%27%20height%3D%27800%27%20viewBox%3D%270%200%201200%20800%27%3E%3Crect%20width%3D%271200%27%20height%3D%27800%27%20fill-opacity%3D%220%22%2F%3E%3C%2Fsvg%3E\" data-srcset=\"https:\/\/www.paisajesverticales.com\/WP\/wp-content\/uploads\/20180123-135114-WEB-200x133.jpg 200w, https:\/\/www.paisajesverticales.com\/WP\/wp-content\/uploads\/20180123-135114-WEB-400x267.jpg 400w, https:\/\/www.paisajesverticales.com\/WP\/wp-content\/uploads\/20180123-135114-WEB-600x400.jpg 600w, https:\/\/www.paisajesverticales.com\/WP\/wp-content\/uploads\/20180123-135114-WEB-800x533.jpg 800w, https:\/\/www.paisajesverticales.com\/WP\/wp-content\/uploads\/20180123-135114-WEB.jpg 1200w\" data-sizes=\"auto\" data-orig-sizes=\"(min-width: 2200px) 100vw, (min-width: 704px) 377px, (min-width: 672px) 565px, (min-width: 640px) 672px, \" \/>\t\t\t\t\t\t\t\t<\/a>\n\t\t\t\t\t\t\t\t<a style=\"display:none;\" href=\"https:\/\/www.paisajesverticales.com\/WP\/wp-content\/uploads\/20180123-135114-WEB.jpg\" data-rel=\"iLightbox[gallery2612]\"  title=\"Paisatges Verticals \u2013 Fotografia a\u00e8ria \u2013 IMMOBILI\u00c0RIA (Pla de l\u2019Estany)\" data-title=\"Paisatges Verticals \u2013 Fotografia a\u00e8ria \u2013 IMMOBILI\u00c0RIA (Pla de l\u2019Estany)\" data-caption=\"Paisatges Verticals \u2013 Fotografia a\u00e8ria \u2013 IMMOBILI\u00c0RIA (Pla de l\u2019Estany)\">\n\t\t\t\t\t\t\t\t\t\t\t\t\t\t\t\t\t\t\t<img style=\"display:none;\" alt=\"Paisatges Verticals \u2013 Fotografia a\u00e8ria \u2013 IMMOBILI\u00c0RIA (Pla de l\u2019Estany)\" role=\"presentation\" \/>\n\t\t\t\t\t\t\t\t\t\t\t\t\t\t\t\t\t<\/a>\n\t\t\t\t\t\t\t<\/div>\n\t\t\t\t\t\t<\/li>\n\t\t\t\t\t\t\t\t\t\t\t\t\t\t\t\t\t\t\t\t\t\t\t\t\t\t\t\t\t\t\t\t\t\t\t\t<\/ul>\n\t<\/div>\n\t<div class=\"fusion-post-content-wrapper\" style=\"padding:14px 14px 6px 16px;\"><div class=\"fusion-post-content post-content\"><h2 class=\"blog-shortcode-post-title\"><a href=\"https:\/\/www.paisajesverticales.com\/es\/fotografia-aerea-con-drones\/fotografias-y-video-de-preciosa-finca-pla-de-lestany\/\">Fotograf\u00edas y v\u00eddeo de una preciosa finca en el Pla de l&#8217;Estany<\/a><\/h2><p class=\"fusion-single-line-meta\"><span class=\"updated\" style=\"display:none;\">2020-07-13T12:02:19+02:00<\/span><span>24 enero 2018<\/span><span class=\"fusion-inline-sep\">|<\/span><\/p><div class=\"fusion-content-sep sep-single sep-dashed\"><\/div><div class=\"fusion-post-content-container\"><p>Realizaci\u00f3n de fotograf\u00edas a\u00e9reas y v\u00eddeo para promocionar la venta de Can Sistrach, una preciosa finca en Cornell\u00e0 de Terri<a href=\"https:\/\/www.paisajesverticales.com\/es\/fotografia-aerea-con-drones\/fotografias-y-video-de-preciosa-finca-pla-de-lestany\/\">\u2026<\/a><\/p>\n<\/div><\/div><div class=\"fusion-meta-info\"><div class=\"fusion-alignleft\"><a class=\"fusion-read-more\" href=\"https:\/\/www.paisajesverticales.com\/es\/fotografia-aerea-con-drones\/fotografias-y-video-de-preciosa-finca-pla-de-lestany\/\" aria-label=\"More on Fotograf\u00edas y v\u00eddeo de una preciosa finca en el Pla de l&#8217;Estany\">Read More<\/a><\/div><\/div><\/div><div class=\"fusion-clearfix\"><\/div><\/div>\n<\/article>\n<article id=\"blog-1-post-2304\" class=\"fusion-post-grid post-2304 post type-post status-publish format-standard has-post-thumbnail category-novedades-sobre-fotografia-y-video-aereo-con-drones tag-arquitectura-es tag-fotografia-aerea tag-fotografias-con-drones-es tag-girona-es tag-la-selva-es tag-montsoriu-es tag-patrimonio tag-provincia-de-girona\">\n<div class=\"fusion-post-wrapper\" style=\"background-color:rgba(255,235,59,0.03);border:1px solid #009eba;border-bottom-width:3px;\">\n\n\t\t\t<div class=\"fusion-flexslider flexslider fusion-flexslider-loading fusion-post-slideshow\" style=\"border-color:#009eba;\">\n\t\t<ul class=\"slides\">\n\t\t\t\n\t\t\t\t\t\t\t\t\t\t\t\t\t\t<li><div  class=\"fusion-image-wrapper\" aria-haspopup=\"true\">\n\t\t\t\t<img decoding=\"async\" width=\"911\" height=\"595\" src=\"https:\/\/www.paisajesverticales.com\/WP\/wp-content\/uploads\/blog-patrimoni.gencat.jpg\" class=\"attachment-full size-full lazyload wp-post-image\" alt=\"\" srcset=\"data:image\/svg+xml,%3Csvg%20xmlns%3D%27http%3A%2F%2Fwww.w3.org%2F2000%2Fsvg%27%20width%3D%27911%27%20height%3D%27595%27%20viewBox%3D%270%200%20911%20595%27%3E%3Crect%20width%3D%27911%27%20height%3D%27595%27%20fill-opacity%3D%220%22%2F%3E%3C%2Fsvg%3E\" data-orig-src=\"https:\/\/www.paisajesverticales.com\/WP\/wp-content\/uploads\/blog-patrimoni.gencat.jpg\" data-srcset=\"https:\/\/www.paisajesverticales.com\/WP\/wp-content\/uploads\/blog-patrimoni.gencat-200x131.jpg 200w, https:\/\/www.paisajesverticales.com\/WP\/wp-content\/uploads\/blog-patrimoni.gencat-400x261.jpg 400w, https:\/\/www.paisajesverticales.com\/WP\/wp-content\/uploads\/blog-patrimoni.gencat-600x392.jpg 600w, https:\/\/www.paisajesverticales.com\/WP\/wp-content\/uploads\/blog-patrimoni.gencat-800x523.jpg 800w, https:\/\/www.paisajesverticales.com\/WP\/wp-content\/uploads\/blog-patrimoni.gencat.jpg 911w\" data-sizes=\"auto\" \/><div class=\"fusion-rollover\">\n\t<div class=\"fusion-rollover-content\">\n\n\t\t\t\t\t\t\t\t\t\t\n\t\t\t\t\t\t\t\t\t\t\t\t\t\t\n\t\t\t\t\t\t\t\t\n\t\t\t\t\t\t\t\t\n\t\t\t\t\t\t\t\t\t\t\t\t\t\t\t\t\t\t<a class=\"fusion-rollover-gallery\" href=\"https:\/\/www.paisajesverticales.com\/WP\/wp-content\/uploads\/blog-patrimoni.gencat.jpg\" data-options=\"\" data-id=\"2304\" data-rel=\"iLightbox[gallery2304]\" data-title=\"blog-patrimoni.gencat\" data-caption=\"\">\n\t\t\t\t\t\tGaler\u00eda\t\t\t\t\t<\/a>\n\t\t\t\t\t<div class=\"fusion-portfolio-gallery-hidden\"><\/div>\t\t\t\t\t\t\t\t\t\n\t\t\n\t\t\t\t\t\t\t\t\n\t\t\t\t\t\t\t\t\n\t\t\n\t\t\t\t\t\t<a class=\"fusion-link-wrapper\" href=\"https:\/\/www.paisajesverticales.com\/es\/novedades-sobre-fotografia-y-video-aereo-con-drones\/de-nuestras-fotografias-preferida-instagram-de-patrimoni-gencat\/\" aria-label=\"Una de nuestras fotograf\u00edas, preferida en Instagram de Patrimoni-Gencat\"><\/a>\n\t<\/div>\n<\/div>\n<\/div>\n<\/li>\n\t\t\t\n\t\t\t\n\t\t\t\t\t\t\t\t\t\t\t\t\t\t\t\t\t\t\t\t\t\t\t\t\t\t\t\t\t\t\t\t\t\t\t\t\t\t<\/ul>\n\t<\/div>\n\t<div class=\"fusion-post-content-wrapper\" style=\"padding:14px 14px 6px 16px;\"><div class=\"fusion-post-content post-content\"><h2 class=\"blog-shortcode-post-title\"><a href=\"https:\/\/www.paisajesverticales.com\/es\/novedades-sobre-fotografia-y-video-aereo-con-drones\/de-nuestras-fotografias-preferida-instagram-de-patrimoni-gencat\/\">Una de nuestras fotograf\u00edas, preferida en Instagram de Patrimoni-Gencat<\/a><\/h2><p class=\"fusion-single-line-meta\"><span class=\"updated\" style=\"display:none;\">2020-07-13T12:02:18+02:00<\/span><span>2 enero 2018<\/span><span class=\"fusion-inline-sep\">|<\/span><\/p><div class=\"fusion-content-sep sep-single sep-dashed\"><\/div><div class=\"fusion-post-content-container\"><p>El trabajo que realizamos hace 3 a\u00f1os en el Castillo de Montsoriu sigue d\u00e1ndonos bonitas sorpresas: una de las fotograf\u00edas<a href=\"https:\/\/www.paisajesverticales.com\/es\/novedades-sobre-fotografia-y-video-aereo-con-drones\/de-nuestras-fotografias-preferida-instagram-de-patrimoni-gencat\/\">\u2026<\/a><\/p>\n<\/div><\/div><div class=\"fusion-meta-info\"><div class=\"fusion-alignleft\"><a class=\"fusion-read-more\" href=\"https:\/\/www.paisajesverticales.com\/es\/novedades-sobre-fotografia-y-video-aereo-con-drones\/de-nuestras-fotografias-preferida-instagram-de-patrimoni-gencat\/\" aria-label=\"More on Una de nuestras fotograf\u00edas, preferida en Instagram de Patrimoni-Gencat\">Read More<\/a><\/div><\/div><\/div><div class=\"fusion-clearfix\"><\/div><\/div>\n<\/article>\n<article id=\"blog-1-post-2780\" class=\"fusion-post-grid post-2780 post type-post status-publish format-standard has-post-thumbnail category-fotografia-aerea-con-drones tag-arquitectura-es tag-baix-emporda-es tag-emporda-es tag-fotografia-aerea tag-fotografias-con-drones-es tag-girona-es tag-hotel-es tag-inmobiliaria tag-peratallada-es tag-provincia-de-girona tag-turismo tag-turismo-rural tag-video-aereo tag-videos-drones\">\n<div class=\"fusion-post-wrapper\" style=\"background-color:rgba(255,235,59,0.03);border:1px solid #009eba;border-bottom-width:3px;\">\n\n\t\t\t<div class=\"fusion-flexslider flexslider fusion-flexslider-loading fusion-post-slideshow\" style=\"border-color:#009eba;\">\n\t\t<ul class=\"slides\">\n\t\t\t\n\t\t\t\t\t\t\t\t\t\t\t\t\t\t<li><div  class=\"fusion-image-wrapper\" aria-haspopup=\"true\">\n\t\t\t\t<img decoding=\"async\" width=\"1200\" height=\"800\" src=\"https:\/\/www.paisajesverticales.com\/WP\/wp-content\/uploads\/20171025-124758-WEB.jpg\" class=\"attachment-full size-full lazyload wp-post-image\" alt=\"Paisajes Verticales \u2013 Fotograf\u00eda a\u00e9rea \u2013 INMOBILARIA\" srcset=\"data:image\/svg+xml,%3Csvg%20xmlns%3D%27http%3A%2F%2Fwww.w3.org%2F2000%2Fsvg%27%20width%3D%271200%27%20height%3D%27800%27%20viewBox%3D%270%200%201200%20800%27%3E%3Crect%20width%3D%271200%27%20height%3D%27800%27%20fill-opacity%3D%220%22%2F%3E%3C%2Fsvg%3E\" data-orig-src=\"https:\/\/www.paisajesverticales.com\/WP\/wp-content\/uploads\/20171025-124758-WEB.jpg\" data-srcset=\"https:\/\/www.paisajesverticales.com\/WP\/wp-content\/uploads\/20171025-124758-WEB-200x133.jpg 200w, https:\/\/www.paisajesverticales.com\/WP\/wp-content\/uploads\/20171025-124758-WEB-400x267.jpg 400w, https:\/\/www.paisajesverticales.com\/WP\/wp-content\/uploads\/20171025-124758-WEB-600x400.jpg 600w, https:\/\/www.paisajesverticales.com\/WP\/wp-content\/uploads\/20171025-124758-WEB-800x533.jpg 800w, https:\/\/www.paisajesverticales.com\/WP\/wp-content\/uploads\/20171025-124758-WEB.jpg 1200w\" data-sizes=\"auto\" \/><div class=\"fusion-rollover\">\n\t<div class=\"fusion-rollover-content\">\n\n\t\t\t\t\t\t\t\t\t\t\n\t\t\t\t\t\t\t\t\t\t\t\t\t\t\n\t\t\t\t\t\t\t\t\n\t\t\t\t\t\t\t\t\n\t\t\t\t\t\t\t\t\t\t\t\t\t\t\t\t\t\t<a class=\"fusion-rollover-gallery\" href=\"https:\/\/www.paisajesverticales.com\/WP\/wp-content\/uploads\/20171025-124758-WEB.jpg\" data-options=\"\" data-id=\"2780\" data-rel=\"iLightbox[gallery2780]\" data-title=\"Paisajes Verticales \u2013 Fotograf\u00eda a\u00e9rea \u2013 INMOBILARIA\" data-caption=\"Paisajes Verticales \u2013 Fotograf\u00eda a\u00e9rea \u2013 INMOBILARIA\">\n\t\t\t\t\t\tGaler\u00eda\t\t\t\t\t<\/a>\n\t\t\t\t\t<div class=\"fusion-portfolio-gallery-hidden\"><a href=\"https:\/\/www.paisajesverticales.com\/WP\/wp-content\/uploads\/20171025-124406-WEB.jpg\" data-rel=\"iLightbox[gallery2780]\" title=\"Paisajes Verticales \u2013 Fotograf\u00eda a\u00e9rea \u2013 INMOBILARIA\" data-title=\"Paisajes Verticales \u2013 Fotograf\u00eda a\u00e9rea \u2013 INMOBILARIA\" data-caption=\"Paisajes Verticales \u2013 Fotograf\u00eda a\u00e9rea \u2013 INMOBILARIA\"><\/a><a href=\"https:\/\/www.paisajesverticales.com\/WP\/wp-content\/uploads\/20171025-124514-WEB.jpg\" data-rel=\"iLightbox[gallery2780]\" title=\"Paisajes Verticales \u2013 Fotograf\u00eda a\u00e9rea \u2013 INMOBILARIA\" data-title=\"Paisajes Verticales \u2013 Fotograf\u00eda a\u00e9rea \u2013 INMOBILARIA\" data-caption=\"Paisajes Verticales \u2013 Fotograf\u00eda a\u00e9rea \u2013 INMOBILARIA\"><\/a><\/div>\t\t\t\t\t\t\t\t\t\n\t\t\n\t\t\t\t\t\t\t\t\n\t\t\t\t\t\t\t\t\n\t\t\n\t\t\t\t\t\t<a class=\"fusion-link-wrapper\" href=\"https:\/\/www.paisajesverticales.com\/es\/fotografia-aerea-con-drones\/turismo-rural-les-carolines\/\" aria-label=\"Turismo rural Les Carolines\"><\/a>\n\t<\/div>\n<\/div>\n<\/div>\n<\/li>\n\t\t\t\n\t\t\t\n\t\t\t\t\t\t\t\t\t\t\t\n\t\t\t\t\t\n\t\t\t\t\t\t\t\t\t\t\t<li>\n\t\t\t\t\t\t\t<div class=\"fusion-image-wrapper\">\n\t\t\t\t\t\t\t\t<a href=\"https:\/\/www.paisajesverticales.com\/es\/fotografia-aerea-con-drones\/turismo-rural-les-carolines\/\" aria-label=\"Turismo rural Les Carolines\">\n\t\t\t\t\t\t\t\t\t<img decoding=\"async\" width=\"1200\" height=\"800\" src=\"https:\/\/www.paisajesverticales.com\/WP\/wp-content\/uploads\/20171025-124406-WEB.jpg\" data-orig-src=\"https:\/\/www.paisajesverticales.com\/WP\/wp-content\/uploads\/20171025-124406-WEB.jpg\" alt=\"Paisajes Verticales \u2013 Fotograf\u00eda a\u00e9rea \u2013 INMOBILARIA\" class=\"lazyload wp-image-2783\" role=\"presentation\" srcset=\"data:image\/svg+xml,%3Csvg%20xmlns%3D%27http%3A%2F%2Fwww.w3.org%2F2000%2Fsvg%27%20width%3D%271200%27%20height%3D%27800%27%20viewBox%3D%270%200%201200%20800%27%3E%3Crect%20width%3D%271200%27%20height%3D%27800%27%20fill-opacity%3D%220%22%2F%3E%3C%2Fsvg%3E\" data-srcset=\"https:\/\/www.paisajesverticales.com\/WP\/wp-content\/uploads\/20171025-124406-WEB-200x133.jpg 200w, https:\/\/www.paisajesverticales.com\/WP\/wp-content\/uploads\/20171025-124406-WEB-400x267.jpg 400w, https:\/\/www.paisajesverticales.com\/WP\/wp-content\/uploads\/20171025-124406-WEB-600x400.jpg 600w, https:\/\/www.paisajesverticales.com\/WP\/wp-content\/uploads\/20171025-124406-WEB-800x533.jpg 800w, https:\/\/www.paisajesverticales.com\/WP\/wp-content\/uploads\/20171025-124406-WEB.jpg 1200w\" data-sizes=\"auto\" data-orig-sizes=\"(min-width: 2200px) 100vw, (min-width: 704px) 377px, (min-width: 672px) 565px, (min-width: 640px) 672px, \" \/>\t\t\t\t\t\t\t\t<\/a>\n\t\t\t\t\t\t\t\t<a style=\"display:none;\" href=\"https:\/\/www.paisajesverticales.com\/WP\/wp-content\/uploads\/20171025-124406-WEB.jpg\" data-rel=\"iLightbox[gallery2780]\"  title=\"Paisajes Verticales \u2013 Fotograf\u00eda a\u00e9rea \u2013 INMOBILARIA\" data-title=\"Paisajes Verticales \u2013 Fotograf\u00eda a\u00e9rea \u2013 INMOBILARIA\" data-caption=\"Paisajes Verticales \u2013 Fotograf\u00eda a\u00e9rea \u2013 INMOBILARIA\">\n\t\t\t\t\t\t\t\t\t\t\t\t\t\t\t\t\t\t\t<img style=\"display:none;\" alt=\"Paisajes Verticales \u2013 Fotograf\u00eda a\u00e9rea \u2013 INMOBILARIA\" role=\"presentation\" \/>\n\t\t\t\t\t\t\t\t\t\t\t\t\t\t\t\t\t<\/a>\n\t\t\t\t\t\t\t<\/div>\n\t\t\t\t\t\t<\/li>\n\t\t\t\t\t\t\t\t\t\t\t\t\t\t\t\t\t\t\t\t\t\t\t\t\n\t\t\t\t\t\n\t\t\t\t\t\t\t\t\t\t\t<li>\n\t\t\t\t\t\t\t<div class=\"fusion-image-wrapper\">\n\t\t\t\t\t\t\t\t<a href=\"https:\/\/www.paisajesverticales.com\/es\/fotografia-aerea-con-drones\/turismo-rural-les-carolines\/\" aria-label=\"Turismo rural Les Carolines\">\n\t\t\t\t\t\t\t\t\t<img decoding=\"async\" width=\"1200\" height=\"800\" src=\"https:\/\/www.paisajesverticales.com\/WP\/wp-content\/uploads\/20171025-124514-WEB.jpg\" data-orig-src=\"https:\/\/www.paisajesverticales.com\/WP\/wp-content\/uploads\/20171025-124514-WEB.jpg\" alt=\"Paisajes Verticales \u2013 Fotograf\u00eda a\u00e9rea \u2013 INMOBILARIA\" class=\"lazyload wp-image-2786\" role=\"presentation\" srcset=\"data:image\/svg+xml,%3Csvg%20xmlns%3D%27http%3A%2F%2Fwww.w3.org%2F2000%2Fsvg%27%20width%3D%271200%27%20height%3D%27800%27%20viewBox%3D%270%200%201200%20800%27%3E%3Crect%20width%3D%271200%27%20height%3D%27800%27%20fill-opacity%3D%220%22%2F%3E%3C%2Fsvg%3E\" data-srcset=\"https:\/\/www.paisajesverticales.com\/WP\/wp-content\/uploads\/20171025-124514-WEB-200x133.jpg 200w, https:\/\/www.paisajesverticales.com\/WP\/wp-content\/uploads\/20171025-124514-WEB-400x267.jpg 400w, https:\/\/www.paisajesverticales.com\/WP\/wp-content\/uploads\/20171025-124514-WEB-600x400.jpg 600w, https:\/\/www.paisajesverticales.com\/WP\/wp-content\/uploads\/20171025-124514-WEB-800x533.jpg 800w, https:\/\/www.paisajesverticales.com\/WP\/wp-content\/uploads\/20171025-124514-WEB.jpg 1200w\" data-sizes=\"auto\" data-orig-sizes=\"(min-width: 2200px) 100vw, (min-width: 704px) 377px, (min-width: 672px) 565px, (min-width: 640px) 672px, \" \/>\t\t\t\t\t\t\t\t<\/a>\n\t\t\t\t\t\t\t\t<a style=\"display:none;\" href=\"https:\/\/www.paisajesverticales.com\/WP\/wp-content\/uploads\/20171025-124514-WEB.jpg\" data-rel=\"iLightbox[gallery2780]\"  title=\"Paisajes Verticales \u2013 Fotograf\u00eda a\u00e9rea \u2013 INMOBILARIA\" data-title=\"Paisajes Verticales \u2013 Fotograf\u00eda a\u00e9rea \u2013 INMOBILARIA\" data-caption=\"Paisajes Verticales \u2013 Fotograf\u00eda a\u00e9rea \u2013 INMOBILARIA\">\n\t\t\t\t\t\t\t\t\t\t\t\t\t\t\t\t\t\t\t<img style=\"display:none;\" alt=\"Paisajes Verticales \u2013 Fotograf\u00eda a\u00e9rea \u2013 INMOBILARIA\" role=\"presentation\" \/>\n\t\t\t\t\t\t\t\t\t\t\t\t\t\t\t\t\t<\/a>\n\t\t\t\t\t\t\t<\/div>\n\t\t\t\t\t\t<\/li>\n\t\t\t\t\t\t\t\t\t\t\t\t\t\t\t\t\t\t\t\t\t<\/ul>\n\t<\/div>\n\t<div class=\"fusion-post-content-wrapper\" style=\"padding:14px 14px 6px 16px;\"><div class=\"fusion-post-content post-content\"><h2 class=\"blog-shortcode-post-title\"><a href=\"https:\/\/www.paisajesverticales.com\/es\/fotografia-aerea-con-drones\/turismo-rural-les-carolines\/\">Turismo rural Les Carolines<\/a><\/h2><p class=\"fusion-single-line-meta\"><span class=\"updated\" style=\"display:none;\">2020-12-07T14:05:33+01:00<\/span><span>22 diciembre 2017<\/span><span class=\"fusion-inline-sep\">|<\/span><\/p><div class=\"fusion-content-sep sep-single sep-dashed\"><\/div><div class=\"fusion-post-content-container\">\n<p>Hace dos a\u00f1os <a href=\"https:\/\/www.paisajesverticales.com\/ca\/fotografia-aeria-amb-drons\/casa-de-turisme-rural-les-carolines\/\">realizamos un reportaje a\u00e9reo<\/a> en las casas de turismo rural Les Carolines, en Peratallada (Baix Empord\u00e0,<a href=\"https:\/\/www.paisajesverticales.com\/es\/fotografia-aerea-con-drones\/turismo-rural-les-carolines\/\">\u2026<\/a><\/p>\n<\/div><\/div><div class=\"fusion-meta-info\"><div class=\"fusion-alignleft\"><a class=\"fusion-read-more\" href=\"https:\/\/www.paisajesverticales.com\/es\/fotografia-aerea-con-drones\/turismo-rural-les-carolines\/\" aria-label=\"More on Turismo rural Les Carolines\">Read More<\/a><\/div><\/div><\/div><div class=\"fusion-clearfix\"><\/div><\/div>\n<\/article>\n<article id=\"blog-1-post-2279\" class=\"fusion-post-grid post-2279 post type-post status-publish format-standard has-post-thumbnail category-fotografia-aerea-con-drones tag-barcelona-es tag-fotografia-aerea tag-fotografias-con-drones-es tag-garraf-es tag-litoral-es tag-mediterraneo tag-paisaje tag-sitges-es tag-turismo tag-video-aereo tag-videos-drones tag-vilanova-i-la-geltru-es\">\n<div class=\"fusion-post-wrapper\" style=\"background-color:rgba(255,235,59,0.03);border:1px solid #009eba;border-bottom-width:3px;\">\n\n\t\t\t<div class=\"fusion-flexslider flexslider fusion-flexslider-loading fusion-post-slideshow\" style=\"border-color:#009eba;\">\n\t\t<ul class=\"slides\">\n\t\t\t\n\t\t\t\t\t\t\t\t\t\t\t\t\t\t<li><div  class=\"fusion-image-wrapper\" aria-haspopup=\"true\">\n\t\t\t\t<img decoding=\"async\" width=\"1200\" height=\"799\" src=\"https:\/\/www.paisajesverticales.com\/WP\/wp-content\/uploads\/20171120-151326-WEB.jpg\" class=\"attachment-full size-full lazyload wp-post-image\" alt=\"Puerto de Vilanova i la Geltr\u00fa (Barcelona)\" srcset=\"data:image\/svg+xml,%3Csvg%20xmlns%3D%27http%3A%2F%2Fwww.w3.org%2F2000%2Fsvg%27%20width%3D%271200%27%20height%3D%27799%27%20viewBox%3D%270%200%201200%20799%27%3E%3Crect%20width%3D%271200%27%20height%3D%27799%27%20fill-opacity%3D%220%22%2F%3E%3C%2Fsvg%3E\" data-orig-src=\"https:\/\/www.paisajesverticales.com\/WP\/wp-content\/uploads\/20171120-151326-WEB.jpg\" data-srcset=\"https:\/\/www.paisajesverticales.com\/WP\/wp-content\/uploads\/20171120-151326-WEB-200x133.jpg 200w, https:\/\/www.paisajesverticales.com\/WP\/wp-content\/uploads\/20171120-151326-WEB-400x266.jpg 400w, https:\/\/www.paisajesverticales.com\/WP\/wp-content\/uploads\/20171120-151326-WEB-600x400.jpg 600w, https:\/\/www.paisajesverticales.com\/WP\/wp-content\/uploads\/20171120-151326-WEB-800x533.jpg 800w, https:\/\/www.paisajesverticales.com\/WP\/wp-content\/uploads\/20171120-151326-WEB.jpg 1200w\" data-sizes=\"auto\" \/><div class=\"fusion-rollover\">\n\t<div class=\"fusion-rollover-content\">\n\n\t\t\t\t\t\t\t\t\t\t\n\t\t\t\t\t\t\t\t\t\t\t\t\t\t\n\t\t\t\t\t\t\t\t\n\t\t\t\t\t\t\t\t\n\t\t\t\t\t\t\t\t\t\t\t\t\t\t\t\t\t\t<a class=\"fusion-rollover-gallery\" href=\"https:\/\/www.paisajesverticales.com\/WP\/wp-content\/uploads\/20171120-151326-WEB.jpg\" data-options=\"\" data-id=\"2279\" data-rel=\"iLightbox[gallery2279]\" data-title=\"Puerto de Vilanova i la Geltr\u00fa (Barcelona)\" data-caption=\"Puerto de Vilanova i la Geltr\u00fa (Barcelona)\">\n\t\t\t\t\t\tGaler\u00eda\t\t\t\t\t<\/a>\n\t\t\t\t\t<div class=\"fusion-portfolio-gallery-hidden\"><\/div>\t\t\t\t\t\t\t\t\t\n\t\t\n\t\t\t\t\t\t\t\t\n\t\t\t\t\t\t\t\t\n\t\t\n\t\t\t\t\t\t<a class=\"fusion-link-wrapper\" href=\"https:\/\/www.paisajesverticales.com\/es\/fotografia-aerea-con-drones\/imagenes-aereas-de-comarca-del-garraf\/\" aria-label=\"Im\u00e1genes a\u00e9reas de la comarca del Garraf\"><\/a>\n\t<\/div>\n<\/div>\n<\/div>\n<\/li>\n\t\t\t\n\t\t\t\n\t\t\t\t\t\t\t\t\t\t\t\t\t\t\t\t\t\t\t\t\t\t\t\t\t\t\t\t\t\t\t\t\t\t\t\t\t\t<\/ul>\n\t<\/div>\n\t<div class=\"fusion-post-content-wrapper\" style=\"padding:14px 14px 6px 16px;\"><div class=\"fusion-post-content post-content\"><h2 class=\"blog-shortcode-post-title\"><a href=\"https:\/\/www.paisajesverticales.com\/es\/fotografia-aerea-con-drones\/imagenes-aereas-de-comarca-del-garraf\/\">Im\u00e1genes a\u00e9reas de la comarca del Garraf<\/a><\/h2><p class=\"fusion-single-line-meta\"><span class=\"updated\" style=\"display:none;\">2020-07-13T12:02:24+02:00<\/span><span>20 diciembre 2017<\/span><span class=\"fusion-inline-sep\">|<\/span><\/p><div class=\"fusion-content-sep sep-single sep-dashed\"><\/div><div class=\"fusion-post-content-container\">\n<p>Reportaje a\u00e9reo en distintas localizaciones de la comarca del Garraf (Barcelona) para\u00a0Node Garraf, Ag\u00e8ncia de desenvolupament.<\/p>\n<p>Durante 4 dias hemos estado<a href=\"https:\/\/www.paisajesverticales.com\/es\/fotografia-aerea-con-drones\/imagenes-aereas-de-comarca-del-garraf\/\">\u2026<\/a><\/p>\n<\/div><\/div><div class=\"fusion-meta-info\"><div class=\"fusion-alignleft\"><a class=\"fusion-read-more\" href=\"https:\/\/www.paisajesverticales.com\/es\/fotografia-aerea-con-drones\/imagenes-aereas-de-comarca-del-garraf\/\" aria-label=\"More on Im\u00e1genes a\u00e9reas de la comarca del Garraf\">Read More<\/a><\/div><\/div><\/div><div class=\"fusion-clearfix\"><\/div><\/div>\n<\/article>\n<article id=\"blog-1-post-2276\" class=\"fusion-post-grid post-2276 post type-post status-publish format-standard has-post-thumbnail category-fotografia-aerea-con-drones category-video-aereo-con-drones tag-agricultura-es tag-bages-es tag-barcelona-es tag-fotografia-aerea tag-fotografias-con-drones-es tag-industria-es tag-paisaje tag-video-aereo tag-videos-drones\">\n<div class=\"fusion-post-wrapper\" style=\"background-color:rgba(255,235,59,0.03);border:1px solid #009eba;border-bottom-width:3px;\">\n\n\t\t\t<div class=\"fusion-flexslider flexslider fusion-flexslider-loading fusion-post-slideshow\" style=\"border-color:#009eba;\">\n\t\t<ul class=\"slides\">\n\t\t\t\n\t\t\t\t\t\t\t\t\t\t\t\t\t\t<li><div  class=\"fusion-image-wrapper\" aria-haspopup=\"true\">\n\t\t\t\t<img decoding=\"async\" width=\"1200\" height=\"800\" src=\"https:\/\/www.paisajesverticales.com\/WP\/wp-content\/uploads\/20170924-150234-WEB.jpg\" class=\"attachment-full size-full lazyload wp-post-image\" alt=\"Bodegas Abadal (Bages, Barcelona)\" srcset=\"data:image\/svg+xml,%3Csvg%20xmlns%3D%27http%3A%2F%2Fwww.w3.org%2F2000%2Fsvg%27%20width%3D%271200%27%20height%3D%27800%27%20viewBox%3D%270%200%201200%20800%27%3E%3Crect%20width%3D%271200%27%20height%3D%27800%27%20fill-opacity%3D%220%22%2F%3E%3C%2Fsvg%3E\" data-orig-src=\"https:\/\/www.paisajesverticales.com\/WP\/wp-content\/uploads\/20170924-150234-WEB.jpg\" data-srcset=\"https:\/\/www.paisajesverticales.com\/WP\/wp-content\/uploads\/20170924-150234-WEB-200x133.jpg 200w, https:\/\/www.paisajesverticales.com\/WP\/wp-content\/uploads\/20170924-150234-WEB-400x267.jpg 400w, https:\/\/www.paisajesverticales.com\/WP\/wp-content\/uploads\/20170924-150234-WEB-600x400.jpg 600w, https:\/\/www.paisajesverticales.com\/WP\/wp-content\/uploads\/20170924-150234-WEB-800x533.jpg 800w, https:\/\/www.paisajesverticales.com\/WP\/wp-content\/uploads\/20170924-150234-WEB.jpg 1200w\" data-sizes=\"auto\" \/><div class=\"fusion-rollover\">\n\t<div class=\"fusion-rollover-content\">\n\n\t\t\t\t\t\t\t\t\t\t\n\t\t\t\t\t\t\t\t\t\t\t\t\t\t\n\t\t\t\t\t\t\t\t\n\t\t\t\t\t\t\t\t\n\t\t\t\t\t\t\t\t\t\t\t\t\t\t\t\t\t\t<a class=\"fusion-rollover-gallery\" href=\"https:\/\/www.paisajesverticales.com\/WP\/wp-content\/uploads\/20170924-150234-WEB.jpg\" data-options=\"\" data-id=\"2276\" data-rel=\"iLightbox[gallery2276]\" data-title=\"Bodegas Abadal (Bages, Barcelona)\" data-caption=\"Filmaci\u00f3n a\u00e9rea del vallado perimetral  de 7 km. realizado por Fitor Forestal para las Bodegas Abadal (Bages, Barcelona)\">\n\t\t\t\t\t\tGaler\u00eda\t\t\t\t\t<\/a>\n\t\t\t\t\t<div class=\"fusion-portfolio-gallery-hidden\"><a href=\"https:\/\/www.paisajesverticales.com\/WP\/wp-content\/uploads\/20170924-150004-WEB.jpg\" data-rel=\"iLightbox[gallery2276]\" title=\"Bodegas Abadal (Bages, Barcelona)\" data-title=\"Bodegas Abadal (Bages, Barcelona)\" data-caption=\"Vallado perimetral  de 7 km. realizado por Fitor Forestal para las Bodegas Abadal (Bages, Barcelona)\"><\/a><a href=\"https:\/\/www.paisajesverticales.com\/WP\/wp-content\/uploads\/20170924-150026-WEB.jpg\" data-rel=\"iLightbox[gallery2276]\" title=\"Bodegas Abadal (Bages, Barcelona)\" data-title=\"Bodegas Abadal (Bages, Barcelona)\" data-caption=\"Vallado perimetral  de 7 km. realizado por Fitor Forestal para las Bodegas Abadal (Bages, Barcelona)\"><\/a><\/div>\t\t\t\t\t\t\t\t\t\n\t\t\n\t\t\t\t\t\t\t\t\n\t\t\t\t\t\t\t\t\n\t\t\n\t\t\t\t\t\t<a class=\"fusion-link-wrapper\" href=\"https:\/\/www.paisajesverticales.com\/es\/fotografia-aerea-con-drones\/video-aereo-fitor-forestal\/\" aria-label=\"V\u00eddeo a\u00e9reo para Fitor Forestal\"><\/a>\n\t<\/div>\n<\/div>\n<\/div>\n<\/li>\n\t\t\t\n\t\t\t\n\t\t\t\t\t\t\t\t\t\t\t\n\t\t\t\t\t\n\t\t\t\t\t\t\t\t\t\t\t<li>\n\t\t\t\t\t\t\t<div class=\"fusion-image-wrapper\">\n\t\t\t\t\t\t\t\t<a href=\"https:\/\/www.paisajesverticales.com\/es\/fotografia-aerea-con-drones\/video-aereo-fitor-forestal\/\" aria-label=\"V\u00eddeo a\u00e9reo para Fitor Forestal\">\n\t\t\t\t\t\t\t\t\t<img decoding=\"async\" width=\"1200\" height=\"800\" src=\"https:\/\/www.paisajesverticales.com\/WP\/wp-content\/uploads\/20170924-150004-WEB.jpg\" data-orig-src=\"https:\/\/www.paisajesverticales.com\/WP\/wp-content\/uploads\/20170924-150004-WEB.jpg\" alt=\"Bodegas Abadal (Bages, Barcelona)\" class=\"lazyload wp-image-3379\" role=\"presentation\" srcset=\"data:image\/svg+xml,%3Csvg%20xmlns%3D%27http%3A%2F%2Fwww.w3.org%2F2000%2Fsvg%27%20width%3D%271200%27%20height%3D%27800%27%20viewBox%3D%270%200%201200%20800%27%3E%3Crect%20width%3D%271200%27%20height%3D%27800%27%20fill-opacity%3D%220%22%2F%3E%3C%2Fsvg%3E\" data-srcset=\"https:\/\/www.paisajesverticales.com\/WP\/wp-content\/uploads\/20170924-150004-WEB-200x133.jpg 200w, https:\/\/www.paisajesverticales.com\/WP\/wp-content\/uploads\/20170924-150004-WEB-400x267.jpg 400w, https:\/\/www.paisajesverticales.com\/WP\/wp-content\/uploads\/20170924-150004-WEB-600x400.jpg 600w, https:\/\/www.paisajesverticales.com\/WP\/wp-content\/uploads\/20170924-150004-WEB-800x533.jpg 800w, https:\/\/www.paisajesverticales.com\/WP\/wp-content\/uploads\/20170924-150004-WEB.jpg 1200w\" data-sizes=\"auto\" data-orig-sizes=\"(min-width: 2200px) 100vw, (min-width: 704px) 377px, (min-width: 672px) 565px, (min-width: 640px) 672px, \" \/>\t\t\t\t\t\t\t\t<\/a>\n\t\t\t\t\t\t\t\t<a style=\"display:none;\" href=\"https:\/\/www.paisajesverticales.com\/WP\/wp-content\/uploads\/20170924-150004-WEB.jpg\" data-rel=\"iLightbox[gallery2276]\"  title=\"Vallado perimetral  de 7 km. realizado por Fitor Forestal para las Bodegas Abadal (Bages, Barcelona)\" data-title=\"Bodegas Abadal (Bages, Barcelona)\" data-caption=\"Vallado perimetral  de 7 km. realizado por Fitor Forestal para las Bodegas Abadal (Bages, Barcelona)\">\n\t\t\t\t\t\t\t\t\t\t\t\t\t\t\t\t\t\t\t<img style=\"display:none;\" alt=\"Bodegas Abadal (Bages, Barcelona)\" role=\"presentation\" \/>\n\t\t\t\t\t\t\t\t\t\t\t\t\t\t\t\t\t<\/a>\n\t\t\t\t\t\t\t<\/div>\n\t\t\t\t\t\t<\/li>\n\t\t\t\t\t\t\t\t\t\t\t\t\t\t\t\t\t\t\t\t\t\t\t\t\n\t\t\t\t\t\n\t\t\t\t\t\t\t\t\t\t\t<li>\n\t\t\t\t\t\t\t<div class=\"fusion-image-wrapper\">\n\t\t\t\t\t\t\t\t<a href=\"https:\/\/www.paisajesverticales.com\/es\/fotografia-aerea-con-drones\/video-aereo-fitor-forestal\/\" aria-label=\"V\u00eddeo a\u00e9reo para Fitor Forestal\">\n\t\t\t\t\t\t\t\t\t<img decoding=\"async\" width=\"1200\" height=\"800\" src=\"https:\/\/www.paisajesverticales.com\/WP\/wp-content\/uploads\/20170924-150026-WEB.jpg\" data-orig-src=\"https:\/\/www.paisajesverticales.com\/WP\/wp-content\/uploads\/20170924-150026-WEB.jpg\" alt=\"Bodegas Abadal (Bages, Barcelona)\" class=\"lazyload wp-image-3373\" role=\"presentation\" srcset=\"data:image\/svg+xml,%3Csvg%20xmlns%3D%27http%3A%2F%2Fwww.w3.org%2F2000%2Fsvg%27%20width%3D%271200%27%20height%3D%27800%27%20viewBox%3D%270%200%201200%20800%27%3E%3Crect%20width%3D%271200%27%20height%3D%27800%27%20fill-opacity%3D%220%22%2F%3E%3C%2Fsvg%3E\" data-srcset=\"https:\/\/www.paisajesverticales.com\/WP\/wp-content\/uploads\/20170924-150026-WEB-200x133.jpg 200w, https:\/\/www.paisajesverticales.com\/WP\/wp-content\/uploads\/20170924-150026-WEB-400x267.jpg 400w, https:\/\/www.paisajesverticales.com\/WP\/wp-content\/uploads\/20170924-150026-WEB-600x400.jpg 600w, https:\/\/www.paisajesverticales.com\/WP\/wp-content\/uploads\/20170924-150026-WEB-800x533.jpg 800w, https:\/\/www.paisajesverticales.com\/WP\/wp-content\/uploads\/20170924-150026-WEB.jpg 1200w\" data-sizes=\"auto\" data-orig-sizes=\"(min-width: 2200px) 100vw, (min-width: 704px) 377px, (min-width: 672px) 565px, (min-width: 640px) 672px, \" \/>\t\t\t\t\t\t\t\t<\/a>\n\t\t\t\t\t\t\t\t<a style=\"display:none;\" href=\"https:\/\/www.paisajesverticales.com\/WP\/wp-content\/uploads\/20170924-150026-WEB.jpg\" data-rel=\"iLightbox[gallery2276]\"  title=\"Vallado perimetral  de 7 km. realizado por Fitor Forestal para las Bodegas Abadal (Bages, Barcelona)\" data-title=\"Bodegas Abadal (Bages, Barcelona)\" data-caption=\"Vallado perimetral  de 7 km. realizado por Fitor Forestal para las Bodegas Abadal (Bages, Barcelona)\">\n\t\t\t\t\t\t\t\t\t\t\t\t\t\t\t\t\t\t\t<img style=\"display:none;\" alt=\"Bodegas Abadal (Bages, Barcelona)\" role=\"presentation\" \/>\n\t\t\t\t\t\t\t\t\t\t\t\t\t\t\t\t\t<\/a>\n\t\t\t\t\t\t\t<\/div>\n\t\t\t\t\t\t<\/li>\n\t\t\t\t\t\t\t\t\t\t\t\t\t\t\t\t\t\t\t\t\t<\/ul>\n\t<\/div>\n\t<div class=\"fusion-post-content-wrapper\" style=\"padding:14px 14px 6px 16px;\"><div class=\"fusion-post-content post-content\"><h2 class=\"blog-shortcode-post-title\"><a href=\"https:\/\/www.paisajesverticales.com\/es\/fotografia-aerea-con-drones\/video-aereo-fitor-forestal\/\">V\u00eddeo a\u00e9reo para Fitor Forestal<\/a><\/h2><p class=\"fusion-single-line-meta\"><span class=\"updated\" style=\"display:none;\">2020-07-13T14:01:13+02:00<\/span><span>28 noviembre 2017<\/span><span class=\"fusion-inline-sep\">|<\/span><\/p><div class=\"fusion-content-sep sep-single sep-dashed\"><\/div><div class=\"fusion-post-content-container\">\n<p>Realizaci\u00f3n de un v\u00eddeo sobre los recientes trabajos de <a href=\"https:\/\/www.fitorforestal.com\/\" target=\"_blank\" rel=\"noopener noreferrer\">Fitor Forestal<\/a> en las <a href=\"http:\/\/abadal.net\/es\" target=\"_blank\">\u2026<\/a><\/p>\n<\/div><\/div><div class=\"fusion-meta-info\"><div class=\"fusion-alignleft\"><a class=\"fusion-read-more\" href=\"https:\/\/www.paisajesverticales.com\/es\/fotografia-aerea-con-drones\/video-aereo-fitor-forestal\/\" aria-label=\"More on V\u00eddeo a\u00e9reo para Fitor Forestal\">Read More<\/a><\/div><\/div><\/div><div class=\"fusion-clearfix\"><\/div><\/div>\n<\/article>\n<article id=\"blog-1-post-2266\" class=\"fusion-post-grid post-2266 post type-post status-publish format-standard has-post-thumbnail category-fotografia-aerea-con-drones tag-arquitectura-es tag-baix-emporda-es tag-emporda-es tag-fotografia-aerea tag-fotografias-con-drones-es tag-girona-es tag-inmobiliaria tag-patrimonio tag-peratallada-es tag-provincia-de-girona tag-urbanismo tag-video-aereo tag-videos-drones\">\n<div class=\"fusion-post-wrapper\" style=\"background-color:rgba(255,235,59,0.03);border:1px solid #009eba;border-bottom-width:3px;\">\n\n\t\t\t<div class=\"fusion-flexslider flexslider fusion-flexslider-loading fusion-post-slideshow\" style=\"border-color:#009eba;\">\n\t\t<ul class=\"slides\">\n\t\t\t\n\t\t\t\t\t\t\t\t\t\t\t\t\t\t<li><div  class=\"fusion-image-wrapper\" aria-haspopup=\"true\">\n\t\t\t\t<img decoding=\"async\" width=\"1200\" height=\"800\" src=\"https:\/\/www.paisajesverticales.com\/WP\/wp-content\/uploads\/20171025-122036-WEB.jpg\" class=\"attachment-full size-full lazyload wp-post-image\" alt=\"Paisajes Verticales \u2013 Fotograf\u00eda a\u00e9rea \u2013 INMOBILIARIA (Peratallada)\" srcset=\"data:image\/svg+xml,%3Csvg%20xmlns%3D%27http%3A%2F%2Fwww.w3.org%2F2000%2Fsvg%27%20width%3D%271200%27%20height%3D%27800%27%20viewBox%3D%270%200%201200%20800%27%3E%3Crect%20width%3D%271200%27%20height%3D%27800%27%20fill-opacity%3D%220%22%2F%3E%3C%2Fsvg%3E\" data-orig-src=\"https:\/\/www.paisajesverticales.com\/WP\/wp-content\/uploads\/20171025-122036-WEB.jpg\" data-srcset=\"https:\/\/www.paisajesverticales.com\/WP\/wp-content\/uploads\/20171025-122036-WEB-200x133.jpg 200w, https:\/\/www.paisajesverticales.com\/WP\/wp-content\/uploads\/20171025-122036-WEB-400x267.jpg 400w, https:\/\/www.paisajesverticales.com\/WP\/wp-content\/uploads\/20171025-122036-WEB-600x400.jpg 600w, https:\/\/www.paisajesverticales.com\/WP\/wp-content\/uploads\/20171025-122036-WEB-800x533.jpg 800w, https:\/\/www.paisajesverticales.com\/WP\/wp-content\/uploads\/20171025-122036-WEB.jpg 1200w\" data-sizes=\"auto\" \/><div class=\"fusion-rollover\">\n\t<div class=\"fusion-rollover-content\">\n\n\t\t\t\t\t\t\t\t\t\t\n\t\t\t\t\t\t\t\t\t\t\t\t\t\t\n\t\t\t\t\t\t\t\t\n\t\t\t\t\t\t\t\t\n\t\t\t\t\t\t\t\t\t\t\t\t\t\t\t\t\t\t<a class=\"fusion-rollover-gallery\" href=\"https:\/\/www.paisajesverticales.com\/WP\/wp-content\/uploads\/20171025-122036-WEB.jpg\" data-options=\"\" data-id=\"2266\" data-rel=\"iLightbox[gallery2266]\" data-title=\"Paisajes Verticales \u2013 Fotograf\u00eda a\u00e9rea \u2013 INMOBILIARIA (Peratallada)\" data-caption=\"Paisajes Verticales \u2013 Fotograf\u00eda a\u00e9rea \u2013 INMOBILIARIA (Peratallada)\">\n\t\t\t\t\t\tGaler\u00eda\t\t\t\t\t<\/a>\n\t\t\t\t\t<div class=\"fusion-portfolio-gallery-hidden\"><a href=\"https:\/\/www.paisajesverticales.com\/WP\/wp-content\/uploads\/20171025-121754-WEB.jpg\" data-rel=\"iLightbox[gallery2266]\" title=\"Paisajes Verticales \u2013 Fotograf\u00eda a\u00e9rea \u2013 INMOBILIARIA (Peratallada)\" data-title=\"Paisajes Verticales \u2013 Fotograf\u00eda a\u00e9rea \u2013 INMOBILIARIA (Peratallada)\" data-caption=\"Paisajes Verticales \u2013 Fotograf\u00eda a\u00e9rea \u2013 INMOBILIARIA (Peratallada)\"><\/a><a href=\"https:\/\/www.paisajesverticales.com\/WP\/wp-content\/uploads\/20171025-122736-WEB.jpg\" data-rel=\"iLightbox[gallery2266]\" title=\"Paisajes Verticales \u2013 Fotograf\u00eda a\u00e9rea \u2013 INMOBILIARIA (Peratallada)\" data-title=\"Paisajes Verticales \u2013 Fotograf\u00eda a\u00e9rea \u2013 INMOBILIARIA (Peratallada)\" data-caption=\"Paisajes Verticales \u2013 Fotograf\u00eda a\u00e9rea \u2013 INMOBILIARIA (Peratallada)\"><\/a><\/div>\t\t\t\t\t\t\t\t\t\n\t\t\n\t\t\t\t\t\t\t\t\n\t\t\t\t\t\t\t\t\n\t\t\n\t\t\t\t\t\t<a class=\"fusion-link-wrapper\" href=\"https:\/\/www.paisajesverticales.com\/es\/fotografia-aerea-con-drones\/promocion-inmobiliaria-peratallada\/\" aria-label=\"Promoci\u00f3n inmobiliaria en Peratallada\"><\/a>\n\t<\/div>\n<\/div>\n<\/div>\n<\/li>\n\t\t\t\n\t\t\t\n\t\t\t\t\t\t\t\t\t\t\t\n\t\t\t\t\t\n\t\t\t\t\t\t\t\t\t\t\t<li>\n\t\t\t\t\t\t\t<div class=\"fusion-image-wrapper\">\n\t\t\t\t\t\t\t\t<a href=\"https:\/\/www.paisajesverticales.com\/es\/fotografia-aerea-con-drones\/promocion-inmobiliaria-peratallada\/\" aria-label=\"Promoci\u00f3n inmobiliaria en Peratallada\">\n\t\t\t\t\t\t\t\t\t<img decoding=\"async\" width=\"1200\" height=\"800\" src=\"https:\/\/www.paisajesverticales.com\/WP\/wp-content\/uploads\/20171025-121754-WEB.jpg\" data-orig-src=\"https:\/\/www.paisajesverticales.com\/WP\/wp-content\/uploads\/20171025-121754-WEB.jpg\" alt=\"Paisajes Verticales \u2013 Fotograf\u00eda a\u00e9rea \u2013 INMOBILIARIA (Peratallada)\" class=\"lazyload wp-image-2773\" role=\"presentation\" srcset=\"data:image\/svg+xml,%3Csvg%20xmlns%3D%27http%3A%2F%2Fwww.w3.org%2F2000%2Fsvg%27%20width%3D%271200%27%20height%3D%27800%27%20viewBox%3D%270%200%201200%20800%27%3E%3Crect%20width%3D%271200%27%20height%3D%27800%27%20fill-opacity%3D%220%22%2F%3E%3C%2Fsvg%3E\" data-srcset=\"https:\/\/www.paisajesverticales.com\/WP\/wp-content\/uploads\/20171025-121754-WEB-200x133.jpg 200w, https:\/\/www.paisajesverticales.com\/WP\/wp-content\/uploads\/20171025-121754-WEB-400x267.jpg 400w, https:\/\/www.paisajesverticales.com\/WP\/wp-content\/uploads\/20171025-121754-WEB-600x400.jpg 600w, https:\/\/www.paisajesverticales.com\/WP\/wp-content\/uploads\/20171025-121754-WEB-800x533.jpg 800w, https:\/\/www.paisajesverticales.com\/WP\/wp-content\/uploads\/20171025-121754-WEB.jpg 1200w\" data-sizes=\"auto\" data-orig-sizes=\"(min-width: 2200px) 100vw, (min-width: 704px) 377px, (min-width: 672px) 565px, (min-width: 640px) 672px, \" \/>\t\t\t\t\t\t\t\t<\/a>\n\t\t\t\t\t\t\t\t<a style=\"display:none;\" href=\"https:\/\/www.paisajesverticales.com\/WP\/wp-content\/uploads\/20171025-121754-WEB.jpg\" data-rel=\"iLightbox[gallery2266]\"  title=\"Paisajes Verticales \u2013 Fotograf\u00eda a\u00e9rea \u2013 INMOBILIARIA (Peratallada)\" data-title=\"Paisajes Verticales \u2013 Fotograf\u00eda a\u00e9rea \u2013 INMOBILIARIA (Peratallada)\" data-caption=\"Paisajes Verticales \u2013 Fotograf\u00eda a\u00e9rea \u2013 INMOBILIARIA (Peratallada)\">\n\t\t\t\t\t\t\t\t\t\t\t\t\t\t\t\t\t\t\t<img style=\"display:none;\" alt=\"Paisajes Verticales \u2013 Fotograf\u00eda a\u00e9rea \u2013 INMOBILIARIA (Peratallada)\" role=\"presentation\" \/>\n\t\t\t\t\t\t\t\t\t\t\t\t\t\t\t\t\t<\/a>\n\t\t\t\t\t\t\t<\/div>\n\t\t\t\t\t\t<\/li>\n\t\t\t\t\t\t\t\t\t\t\t\t\t\t\t\t\t\t\t\t\t\t\t\t\n\t\t\t\t\t\n\t\t\t\t\t\t\t\t\t\t\t<li>\n\t\t\t\t\t\t\t<div class=\"fusion-image-wrapper\">\n\t\t\t\t\t\t\t\t<a href=\"https:\/\/www.paisajesverticales.com\/es\/fotografia-aerea-con-drones\/promocion-inmobiliaria-peratallada\/\" aria-label=\"Promoci\u00f3n inmobiliaria en Peratallada\">\n\t\t\t\t\t\t\t\t\t<img decoding=\"async\" width=\"1200\" height=\"800\" src=\"https:\/\/www.paisajesverticales.com\/WP\/wp-content\/uploads\/20171025-122736-WEB.jpg\" data-orig-src=\"https:\/\/www.paisajesverticales.com\/WP\/wp-content\/uploads\/20171025-122736-WEB.jpg\" alt=\"Paisajes Verticales \u2013 Fotograf\u00eda a\u00e9rea \u2013 INMOBILIARIA (Peratallada)\" class=\"lazyload wp-image-2776\" role=\"presentation\" srcset=\"data:image\/svg+xml,%3Csvg%20xmlns%3D%27http%3A%2F%2Fwww.w3.org%2F2000%2Fsvg%27%20width%3D%271200%27%20height%3D%27800%27%20viewBox%3D%270%200%201200%20800%27%3E%3Crect%20width%3D%271200%27%20height%3D%27800%27%20fill-opacity%3D%220%22%2F%3E%3C%2Fsvg%3E\" data-srcset=\"https:\/\/www.paisajesverticales.com\/WP\/wp-content\/uploads\/20171025-122736-WEB-200x133.jpg 200w, https:\/\/www.paisajesverticales.com\/WP\/wp-content\/uploads\/20171025-122736-WEB-400x267.jpg 400w, https:\/\/www.paisajesverticales.com\/WP\/wp-content\/uploads\/20171025-122736-WEB-600x400.jpg 600w, https:\/\/www.paisajesverticales.com\/WP\/wp-content\/uploads\/20171025-122736-WEB-800x533.jpg 800w, https:\/\/www.paisajesverticales.com\/WP\/wp-content\/uploads\/20171025-122736-WEB.jpg 1200w\" data-sizes=\"auto\" data-orig-sizes=\"(min-width: 2200px) 100vw, (min-width: 704px) 377px, (min-width: 672px) 565px, (min-width: 640px) 672px, \" \/>\t\t\t\t\t\t\t\t<\/a>\n\t\t\t\t\t\t\t\t<a style=\"display:none;\" href=\"https:\/\/www.paisajesverticales.com\/WP\/wp-content\/uploads\/20171025-122736-WEB.jpg\" data-rel=\"iLightbox[gallery2266]\"  title=\"Paisajes Verticales \u2013 Fotograf\u00eda a\u00e9rea \u2013 INMOBILIARIA (Peratallada)\" data-title=\"Paisajes Verticales \u2013 Fotograf\u00eda a\u00e9rea \u2013 INMOBILIARIA (Peratallada)\" data-caption=\"Paisajes Verticales \u2013 Fotograf\u00eda a\u00e9rea \u2013 INMOBILIARIA (Peratallada)\">\n\t\t\t\t\t\t\t\t\t\t\t\t\t\t\t\t\t\t\t<img style=\"display:none;\" alt=\"Paisajes Verticales \u2013 Fotograf\u00eda a\u00e9rea \u2013 INMOBILIARIA (Peratallada)\" role=\"presentation\" \/>\n\t\t\t\t\t\t\t\t\t\t\t\t\t\t\t\t\t<\/a>\n\t\t\t\t\t\t\t<\/div>\n\t\t\t\t\t\t<\/li>\n\t\t\t\t\t\t\t\t\t\t\t\t\t\t\t\t\t\t\t\t\t<\/ul>\n\t<\/div>\n\t<div class=\"fusion-post-content-wrapper\" style=\"padding:14px 14px 6px 16px;\"><div class=\"fusion-post-content post-content\"><h2 class=\"blog-shortcode-post-title\"><a href=\"https:\/\/www.paisajesverticales.com\/es\/fotografia-aerea-con-drones\/promocion-inmobiliaria-peratallada\/\">Promoci\u00f3n inmobiliaria en Peratallada<\/a><\/h2><p class=\"fusion-single-line-meta\"><span class=\"updated\" style=\"display:none;\">2020-07-13T12:04:44+02:00<\/span><span>25 octubre 2017<\/span><span class=\"fusion-inline-sep\">|<\/span><\/p><div class=\"fusion-content-sep sep-single sep-dashed\"><\/div><div class=\"fusion-post-content-container\"><p>Fotograf\u00edas a\u00e9reas para la promoci\u00f3n de una finca recientemente parcelada y urbanizada por Residencial Peratallada en este municipio del Baix<a href=\"https:\/\/www.paisajesverticales.com\/es\/fotografia-aerea-con-drones\/promocion-inmobiliaria-peratallada\/\">\u2026<\/a><\/p>\n<\/div><\/div><div class=\"fusion-meta-info\"><div class=\"fusion-alignleft\"><a class=\"fusion-read-more\" href=\"https:\/\/www.paisajesverticales.com\/es\/fotografia-aerea-con-drones\/promocion-inmobiliaria-peratallada\/\" aria-label=\"More on Promoci\u00f3n inmobiliaria en Peratallada\">Read More<\/a><\/div><\/div><\/div><div class=\"fusion-clearfix\"><\/div><\/div>\n<\/article>\n<article id=\"blog-1-post-2265\" class=\"fusion-post-grid post-2265 post type-post status-publish format-standard has-post-thumbnail category-fotografia-aerea-con-drones tag-costa-brava-es tag-emporda-es tag-fotografia-aerea tag-fotografias-con-drones-es tag-girona-es tag-hotel-es tag-provincia-de-girona tag-restaurante-es tag-turismo tag-video-aereo tag-videos-drones\">\n<div class=\"fusion-post-wrapper\" style=\"background-color:rgba(255,235,59,0.03);border:1px solid #009eba;border-bottom-width:3px;\">\n\n\t\t\t<div class=\"fusion-flexslider flexslider fusion-flexslider-loading fusion-post-slideshow\" style=\"border-color:#009eba;\">\n\t\t<ul class=\"slides\">\n\t\t\t\n\t\t\t\t\t\t\t\t\t\t\t\t\t\t<li><div  class=\"fusion-image-wrapper\" aria-haspopup=\"true\">\n\t\t\t\t<img decoding=\"async\" width=\"1200\" height=\"800\" src=\"https:\/\/www.paisajesverticales.com\/WP\/wp-content\/uploads\/20170917-145632-WEB.jpg\" class=\"attachment-full size-full lazyload wp-post-image\" alt=\"Braser\u00eda Chicken-King (Torrent, Baix Empord\u00e0)\" srcset=\"data:image\/svg+xml,%3Csvg%20xmlns%3D%27http%3A%2F%2Fwww.w3.org%2F2000%2Fsvg%27%20width%3D%271200%27%20height%3D%27800%27%20viewBox%3D%270%200%201200%20800%27%3E%3Crect%20width%3D%271200%27%20height%3D%27800%27%20fill-opacity%3D%220%22%2F%3E%3C%2Fsvg%3E\" data-orig-src=\"https:\/\/www.paisajesverticales.com\/WP\/wp-content\/uploads\/20170917-145632-WEB.jpg\" data-srcset=\"https:\/\/www.paisajesverticales.com\/WP\/wp-content\/uploads\/20170917-145632-WEB-200x133.jpg 200w, https:\/\/www.paisajesverticales.com\/WP\/wp-content\/uploads\/20170917-145632-WEB-400x267.jpg 400w, https:\/\/www.paisajesverticales.com\/WP\/wp-content\/uploads\/20170917-145632-WEB-600x400.jpg 600w, https:\/\/www.paisajesverticales.com\/WP\/wp-content\/uploads\/20170917-145632-WEB-800x533.jpg 800w, https:\/\/www.paisajesverticales.com\/WP\/wp-content\/uploads\/20170917-145632-WEB.jpg 1200w\" data-sizes=\"auto\" \/><div class=\"fusion-rollover\">\n\t<div class=\"fusion-rollover-content\">\n\n\t\t\t\t\t\t\t\t\t\t\n\t\t\t\t\t\t\t\t\t\t\t\t\t\t\n\t\t\t\t\t\t\t\t\n\t\t\t\t\t\t\t\t\n\t\t\t\t\t\t\t\t\t\t\t\t\t\t\t\t\t\t<a class=\"fusion-rollover-gallery\" href=\"https:\/\/www.paisajesverticales.com\/WP\/wp-content\/uploads\/20170917-145632-WEB.jpg\" data-options=\"\" data-id=\"2265\" data-rel=\"iLightbox[gallery2265]\" data-title=\"Braser\u00eda Chicken-King (Torrent, Baix Empord\u00e0)\" data-caption=\"Braser\u00eda Chicken-King (Torrent, Baix Empord\u00e0)\">\n\t\t\t\t\t\tGaler\u00eda\t\t\t\t\t<\/a>\n\t\t\t\t\t<div class=\"fusion-portfolio-gallery-hidden\"><a href=\"https:\/\/www.paisajesverticales.com\/WP\/wp-content\/uploads\/20170917-143044-WEB.jpg\" data-rel=\"iLightbox[gallery2265]\" title=\"Braser\u00eda Chicken-King (Torrent, Baix Empord\u00e0)\" data-title=\"Braser\u00eda Chicken-King (Torrent, Baix Empord\u00e0)\" data-caption=\"Braser\u00eda Chicken-King (Torrent, Baix Empord\u00e0)\"><\/a><a href=\"https:\/\/www.paisajesverticales.com\/WP\/wp-content\/uploads\/20170917-143842-WEB.jpg\" data-rel=\"iLightbox[gallery2265]\" title=\"Braser\u00eda Chicken-King (Torrent, Baix Empord\u00e0)\" data-title=\"Braser\u00eda Chicken-King (Torrent, Baix Empord\u00e0)\" data-caption=\"Braser\u00eda Chicken-King (Torrent, Baix Empord\u00e0)\"><\/a><\/div>\t\t\t\t\t\t\t\t\t\n\t\t\n\t\t\t\t\t\t\t\t\n\t\t\t\t\t\t\t\t\n\t\t\n\t\t\t\t\t\t<a class=\"fusion-link-wrapper\" href=\"https:\/\/www.paisajesverticales.com\/es\/fotografia-aerea-con-drones\/restaurante-chicken-king\/\" aria-label=\"Restaurante Chicken King\"><\/a>\n\t<\/div>\n<\/div>\n<\/div>\n<\/li>\n\t\t\t\n\t\t\t\n\t\t\t\t\t\t\t\t\t\t\t\n\t\t\t\t\t\n\t\t\t\t\t\t\t\t\t\t\t<li>\n\t\t\t\t\t\t\t<div class=\"fusion-image-wrapper\">\n\t\t\t\t\t\t\t\t<a href=\"https:\/\/www.paisajesverticales.com\/es\/fotografia-aerea-con-drones\/restaurante-chicken-king\/\" aria-label=\"Restaurante Chicken King\">\n\t\t\t\t\t\t\t\t\t<img decoding=\"async\" width=\"1200\" height=\"800\" src=\"https:\/\/www.paisajesverticales.com\/WP\/wp-content\/uploads\/20170917-143044-WEB.jpg\" data-orig-src=\"https:\/\/www.paisajesverticales.com\/WP\/wp-content\/uploads\/20170917-143044-WEB.jpg\" alt=\"Braser\u00eda Chicken-King (Torrent, Baix Empord\u00e0)\" class=\"lazyload wp-image-3397\" role=\"presentation\" srcset=\"data:image\/svg+xml,%3Csvg%20xmlns%3D%27http%3A%2F%2Fwww.w3.org%2F2000%2Fsvg%27%20width%3D%271200%27%20height%3D%27800%27%20viewBox%3D%270%200%201200%20800%27%3E%3Crect%20width%3D%271200%27%20height%3D%27800%27%20fill-opacity%3D%220%22%2F%3E%3C%2Fsvg%3E\" data-srcset=\"https:\/\/www.paisajesverticales.com\/WP\/wp-content\/uploads\/20170917-143044-WEB-200x133.jpg 200w, https:\/\/www.paisajesverticales.com\/WP\/wp-content\/uploads\/20170917-143044-WEB-400x267.jpg 400w, https:\/\/www.paisajesverticales.com\/WP\/wp-content\/uploads\/20170917-143044-WEB-600x400.jpg 600w, https:\/\/www.paisajesverticales.com\/WP\/wp-content\/uploads\/20170917-143044-WEB-800x533.jpg 800w, https:\/\/www.paisajesverticales.com\/WP\/wp-content\/uploads\/20170917-143044-WEB.jpg 1200w\" data-sizes=\"auto\" data-orig-sizes=\"(min-width: 2200px) 100vw, (min-width: 704px) 377px, (min-width: 672px) 565px, (min-width: 640px) 672px, \" \/>\t\t\t\t\t\t\t\t<\/a>\n\t\t\t\t\t\t\t\t<a style=\"display:none;\" href=\"https:\/\/www.paisajesverticales.com\/WP\/wp-content\/uploads\/20170917-143044-WEB.jpg\" data-rel=\"iLightbox[gallery2265]\"  title=\"Braser\u00eda Chicken-King (Torrent, Baix Empord\u00e0)\" data-title=\"Braser\u00eda Chicken-King (Torrent, Baix Empord\u00e0)\" data-caption=\"Braser\u00eda Chicken-King (Torrent, Baix Empord\u00e0)\">\n\t\t\t\t\t\t\t\t\t\t\t\t\t\t\t\t\t\t\t<img style=\"display:none;\" alt=\"Braser\u00eda Chicken-King (Torrent, Baix Empord\u00e0)\" role=\"presentation\" \/>\n\t\t\t\t\t\t\t\t\t\t\t\t\t\t\t\t\t<\/a>\n\t\t\t\t\t\t\t<\/div>\n\t\t\t\t\t\t<\/li>\n\t\t\t\t\t\t\t\t\t\t\t\t\t\t\t\t\t\t\t\t\t\t\t\t\n\t\t\t\t\t\n\t\t\t\t\t\t\t\t\t\t\t<li>\n\t\t\t\t\t\t\t<div class=\"fusion-image-wrapper\">\n\t\t\t\t\t\t\t\t<a href=\"https:\/\/www.paisajesverticales.com\/es\/fotografia-aerea-con-drones\/restaurante-chicken-king\/\" aria-label=\"Restaurante Chicken King\">\n\t\t\t\t\t\t\t\t\t<img decoding=\"async\" width=\"1200\" height=\"800\" src=\"https:\/\/www.paisajesverticales.com\/WP\/wp-content\/uploads\/20170917-143842-WEB.jpg\" data-orig-src=\"https:\/\/www.paisajesverticales.com\/WP\/wp-content\/uploads\/20170917-143842-WEB.jpg\" alt=\"Braser\u00eda Chicken-King (Torrent, Baix Empord\u00e0)\" class=\"lazyload wp-image-3403\" role=\"presentation\" srcset=\"data:image\/svg+xml,%3Csvg%20xmlns%3D%27http%3A%2F%2Fwww.w3.org%2F2000%2Fsvg%27%20width%3D%271200%27%20height%3D%27800%27%20viewBox%3D%270%200%201200%20800%27%3E%3Crect%20width%3D%271200%27%20height%3D%27800%27%20fill-opacity%3D%220%22%2F%3E%3C%2Fsvg%3E\" data-srcset=\"https:\/\/www.paisajesverticales.com\/WP\/wp-content\/uploads\/20170917-143842-WEB-200x133.jpg 200w, https:\/\/www.paisajesverticales.com\/WP\/wp-content\/uploads\/20170917-143842-WEB-400x267.jpg 400w, https:\/\/www.paisajesverticales.com\/WP\/wp-content\/uploads\/20170917-143842-WEB-600x400.jpg 600w, https:\/\/www.paisajesverticales.com\/WP\/wp-content\/uploads\/20170917-143842-WEB-800x533.jpg 800w, https:\/\/www.paisajesverticales.com\/WP\/wp-content\/uploads\/20170917-143842-WEB.jpg 1200w\" data-sizes=\"auto\" data-orig-sizes=\"(min-width: 2200px) 100vw, (min-width: 704px) 377px, (min-width: 672px) 565px, (min-width: 640px) 672px, \" \/>\t\t\t\t\t\t\t\t<\/a>\n\t\t\t\t\t\t\t\t<a style=\"display:none;\" href=\"https:\/\/www.paisajesverticales.com\/WP\/wp-content\/uploads\/20170917-143842-WEB.jpg\" data-rel=\"iLightbox[gallery2265]\"  title=\"Braser\u00eda Chicken-King (Torrent, Baix Empord\u00e0)\" data-title=\"Braser\u00eda Chicken-King (Torrent, Baix Empord\u00e0)\" data-caption=\"Braser\u00eda Chicken-King (Torrent, Baix Empord\u00e0)\">\n\t\t\t\t\t\t\t\t\t\t\t\t\t\t\t\t\t\t\t<img style=\"display:none;\" alt=\"Braser\u00eda Chicken-King (Torrent, Baix Empord\u00e0)\" role=\"presentation\" \/>\n\t\t\t\t\t\t\t\t\t\t\t\t\t\t\t\t\t<\/a>\n\t\t\t\t\t\t\t<\/div>\n\t\t\t\t\t\t<\/li>\n\t\t\t\t\t\t\t\t\t\t\t\t\t\t\t\t\t\t\t\t\t<\/ul>\n\t<\/div>\n\t<div class=\"fusion-post-content-wrapper\" style=\"padding:14px 14px 6px 16px;\"><div class=\"fusion-post-content post-content\"><h2 class=\"blog-shortcode-post-title\"><a href=\"https:\/\/www.paisajesverticales.com\/es\/fotografia-aerea-con-drones\/restaurante-chicken-king\/\">Restaurante Chicken King<\/a><\/h2><p class=\"fusion-single-line-meta\"><span class=\"updated\" style=\"display:none;\">2020-07-13T12:09:13+02:00<\/span><span>17 septiembre 2017<\/span><span class=\"fusion-inline-sep\">|<\/span><\/p><div class=\"fusion-content-sep sep-single sep-dashed\"><\/div><div class=\"fusion-post-content-container\"><p>Fotograf\u00edas a\u00e9reas del restaurante y exteriores del grill-restaurante Chicken King en Torrent (Baix Empord\u00e0, Girona).    <\/p>\n<\/div><\/div><div class=\"fusion-meta-info\"><div class=\"fusion-alignleft\"><a class=\"fusion-read-more\" href=\"https:\/\/www.paisajesverticales.com\/es\/fotografia-aerea-con-drones\/restaurante-chicken-king\/\" aria-label=\"More on Restaurante Chicken King\">Read More<\/a><\/div><\/div><\/div><div class=\"fusion-clearfix\"><\/div><\/div>\n<\/article>\n<article id=\"blog-1-post-2260\" class=\"fusion-post-grid post-2260 post type-post status-publish format-standard has-post-thumbnail category-fotografia-aerea-con-drones tag-arquitectura-es tag-barcelona-es tag-fotografia-aerea tag-fotografias-con-drones-es tag-granollers-es tag-industria-es tag-valles-occidental-es tag-video-aereo tag-videos-drones\">\n<div class=\"fusion-post-wrapper\" style=\"background-color:rgba(255,235,59,0.03);border:1px solid #009eba;border-bottom-width:3px;\">\n\n\t\t\t<div class=\"fusion-flexslider flexslider fusion-flexslider-loading fusion-post-slideshow\" style=\"border-color:#009eba;\">\n\t\t<ul class=\"slides\">\n\t\t\t\n\t\t\t\t\t\t\t\t\t\t\t\t\t\t<li><div  class=\"fusion-image-wrapper\" aria-haspopup=\"true\">\n\t\t\t\t<img decoding=\"async\" width=\"1200\" height=\"800\" src=\"https:\/\/www.paisajesverticales.com\/WP\/wp-content\/uploads\/20170914-130746-WEB.jpg\" class=\"attachment-full size-full lazyload wp-post-image\" alt=\"Nave industrial Plasticband (Granollers, Barcelona)\" srcset=\"data:image\/svg+xml,%3Csvg%20xmlns%3D%27http%3A%2F%2Fwww.w3.org%2F2000%2Fsvg%27%20width%3D%271200%27%20height%3D%27800%27%20viewBox%3D%270%200%201200%20800%27%3E%3Crect%20width%3D%271200%27%20height%3D%27800%27%20fill-opacity%3D%220%22%2F%3E%3C%2Fsvg%3E\" data-orig-src=\"https:\/\/www.paisajesverticales.com\/WP\/wp-content\/uploads\/20170914-130746-WEB.jpg\" data-srcset=\"https:\/\/www.paisajesverticales.com\/WP\/wp-content\/uploads\/20170914-130746-WEB-200x133.jpg 200w, https:\/\/www.paisajesverticales.com\/WP\/wp-content\/uploads\/20170914-130746-WEB-400x267.jpg 400w, https:\/\/www.paisajesverticales.com\/WP\/wp-content\/uploads\/20170914-130746-WEB-600x400.jpg 600w, https:\/\/www.paisajesverticales.com\/WP\/wp-content\/uploads\/20170914-130746-WEB-800x533.jpg 800w, https:\/\/www.paisajesverticales.com\/WP\/wp-content\/uploads\/20170914-130746-WEB.jpg 1200w\" data-sizes=\"auto\" \/><div class=\"fusion-rollover\">\n\t<div class=\"fusion-rollover-content\">\n\n\t\t\t\t\t\t\t\t\t\t\n\t\t\t\t\t\t\t\t\t\t\t\t\t\t\n\t\t\t\t\t\t\t\t\n\t\t\t\t\t\t\t\t\n\t\t\t\t\t\t\t\t\t\t\t\t\t\t\t\t\t\t<a class=\"fusion-rollover-gallery\" href=\"https:\/\/www.paisajesverticales.com\/WP\/wp-content\/uploads\/20170914-130746-WEB.jpg\" data-options=\"\" data-id=\"2260\" data-rel=\"iLightbox[gallery2260]\" data-title=\"Nave industrial Plasticband (Granollers, Barcelona)\" data-caption=\"Nave industrial Plasticband (Granollers, Barcelona)\">\n\t\t\t\t\t\tGaler\u00eda\t\t\t\t\t<\/a>\n\t\t\t\t\t<div class=\"fusion-portfolio-gallery-hidden\"><a href=\"https:\/\/www.paisajesverticales.com\/WP\/wp-content\/uploads\/20170914-131946-WEB.jpg\" data-rel=\"iLightbox[gallery2260]\" title=\"Nave industrial Plasticband (Granollers, Barcelona)\" data-title=\"Nave industrial Plasticband (Granollers, Barcelona)\" data-caption=\"Nave industrial Plasticband (Granollers, Barcelona)\"><\/a><\/div>\t\t\t\t\t\t\t\t\t\n\t\t\n\t\t\t\t\t\t\t\t\n\t\t\t\t\t\t\t\t\n\t\t\n\t\t\t\t\t\t<a class=\"fusion-link-wrapper\" href=\"https:\/\/www.paisajesverticales.com\/es\/fotografia-aerea-con-drones\/nave-industrial-plasticband\/\" aria-label=\"Fotograf\u00edas de la nave industrial de Plasticband\"><\/a>\n\t<\/div>\n<\/div>\n<\/div>\n<\/li>\n\t\t\t\n\t\t\t\n\t\t\t\t\t\t\t\t\t\t\t\n\t\t\t\t\t\n\t\t\t\t\t\t\t\t\t\t\t<li>\n\t\t\t\t\t\t\t<div class=\"fusion-image-wrapper\">\n\t\t\t\t\t\t\t\t<a href=\"https:\/\/www.paisajesverticales.com\/es\/fotografia-aerea-con-drones\/nave-industrial-plasticband\/\" aria-label=\"Fotograf\u00edas de la nave industrial de Plasticband\">\n\t\t\t\t\t\t\t\t\t<img decoding=\"async\" width=\"1200\" height=\"800\" src=\"https:\/\/www.paisajesverticales.com\/WP\/wp-content\/uploads\/20170914-131946-WEB.jpg\" data-orig-src=\"https:\/\/www.paisajesverticales.com\/WP\/wp-content\/uploads\/20170914-131946-WEB.jpg\" alt=\"Nave industrial Plasticband (Granollers, Barcelona)\" class=\"lazyload wp-image-3388\" role=\"presentation\" srcset=\"data:image\/svg+xml,%3Csvg%20xmlns%3D%27http%3A%2F%2Fwww.w3.org%2F2000%2Fsvg%27%20width%3D%271200%27%20height%3D%27800%27%20viewBox%3D%270%200%201200%20800%27%3E%3Crect%20width%3D%271200%27%20height%3D%27800%27%20fill-opacity%3D%220%22%2F%3E%3C%2Fsvg%3E\" data-srcset=\"https:\/\/www.paisajesverticales.com\/WP\/wp-content\/uploads\/20170914-131946-WEB-200x133.jpg 200w, https:\/\/www.paisajesverticales.com\/WP\/wp-content\/uploads\/20170914-131946-WEB-400x267.jpg 400w, https:\/\/www.paisajesverticales.com\/WP\/wp-content\/uploads\/20170914-131946-WEB-600x400.jpg 600w, https:\/\/www.paisajesverticales.com\/WP\/wp-content\/uploads\/20170914-131946-WEB-800x533.jpg 800w, https:\/\/www.paisajesverticales.com\/WP\/wp-content\/uploads\/20170914-131946-WEB.jpg 1200w\" data-sizes=\"auto\" data-orig-sizes=\"(min-width: 2200px) 100vw, (min-width: 704px) 377px, (min-width: 672px) 565px, (min-width: 640px) 672px, \" \/>\t\t\t\t\t\t\t\t<\/a>\n\t\t\t\t\t\t\t\t<a style=\"display:none;\" href=\"https:\/\/www.paisajesverticales.com\/WP\/wp-content\/uploads\/20170914-131946-WEB.jpg\" data-rel=\"iLightbox[gallery2260]\"  title=\"Nave industrial Plasticband (Granollers, Barcelona)\" data-title=\"Nave industrial Plasticband (Granollers, Barcelona)\" data-caption=\"Nave industrial Plasticband (Granollers, Barcelona)\">\n\t\t\t\t\t\t\t\t\t\t\t\t\t\t\t\t\t\t\t<img style=\"display:none;\" alt=\"Nave industrial Plasticband (Granollers, Barcelona)\" role=\"presentation\" \/>\n\t\t\t\t\t\t\t\t\t\t\t\t\t\t\t\t\t<\/a>\n\t\t\t\t\t\t\t<\/div>\n\t\t\t\t\t\t<\/li>\n\t\t\t\t\t\t\t\t\t\t\t\t\t\t\t\t\t\t\t\t\t\t\t\t\t\t\t\t\t\t\t\t\t\t\t\t<\/ul>\n\t<\/div>\n\t<div class=\"fusion-post-content-wrapper\" style=\"padding:14px 14px 6px 16px;\"><div class=\"fusion-post-content post-content\"><h2 class=\"blog-shortcode-post-title\"><a href=\"https:\/\/www.paisajesverticales.com\/es\/fotografia-aerea-con-drones\/nave-industrial-plasticband\/\">Fotograf\u00edas de la nave industrial de Plasticband<\/a><\/h2><p class=\"fusion-single-line-meta\"><span class=\"updated\" style=\"display:none;\">2020-07-13T12:09:13+02:00<\/span><span>14 septiembre 2017<\/span><span class=\"fusion-inline-sep\">|<\/span><\/p><div class=\"fusion-content-sep sep-single sep-dashed\"><\/div><div class=\"fusion-post-content-container\"><p> Realizaci\u00f3n de fotograf\u00edas a\u00e9reas de las instalaciones de la empresa <a href=\"https:\/\/www.plasticband.com\/\" target=\"_blank\" rel=\"noopener noreferrer\">Plasticband<\/a>\u00a0en el pol\u00edgono industrial Font<a href=\"https:\/\/www.paisajesverticales.com\/es\/fotografia-aerea-con-drones\/nave-industrial-plasticband\/\">\u2026<\/a><\/p>\n<\/div><\/div><div class=\"fusion-meta-info\"><div class=\"fusion-alignleft\"><a class=\"fusion-read-more\" href=\"https:\/\/www.paisajesverticales.com\/es\/fotografia-aerea-con-drones\/nave-industrial-plasticband\/\" aria-label=\"More on Fotograf\u00edas de la nave industrial de Plasticband\">Read More<\/a><\/div><\/div><\/div><div class=\"fusion-clearfix\"><\/div><\/div>\n<\/article>\n<article id=\"blog-1-post-2273\" class=\"fusion-post-grid post-2273 post type-post status-publish format-standard has-post-thumbnail category-novedades-sobre-fotografia-y-video-aereo-con-drones tag-alt-emporda-es tag-arquitectura-es tag-costa-brava-es tag-emporda-es tag-empuries-es tag-fotografia-aerea tag-fotografias-con-drones-es tag-girona-es tag-litoral-es tag-lescala-es tag-mediterraneo tag-observacion-con-drones tag-patrimonio tag-provincia-de-girona tag-sant-marti-dempuries-es tag-video-aereo tag-videos-drones\">\n<div class=\"fusion-post-wrapper\" style=\"background-color:rgba(255,235,59,0.03);border:1px solid #009eba;border-bottom-width:3px;\">\n\n\t\t\t<div class=\"fusion-flexslider flexslider fusion-flexslider-loading fusion-post-slideshow\" style=\"border-color:#009eba;\">\n\t\t<ul class=\"slides\">\n\t\t\t\n\t\t\t\t\t\t\t\t\t\t\t\t\t\t<li><div  class=\"fusion-image-wrapper\" aria-haspopup=\"true\">\n\t\t\t\t<img decoding=\"async\" width=\"1200\" height=\"900\" src=\"https:\/\/www.paisajesverticales.com\/WP\/wp-content\/uploads\/20151105-DJI_0103-WEB.jpg\" class=\"attachment-full size-full lazyload wp-post-image\" alt=\"Paisajes Verticales - Fotograf\u00eda a\u00e9rea - PATRIMONIO HIST\u00d3RICO (Emp\u00faries)\" srcset=\"data:image\/svg+xml,%3Csvg%20xmlns%3D%27http%3A%2F%2Fwww.w3.org%2F2000%2Fsvg%27%20width%3D%271200%27%20height%3D%27900%27%20viewBox%3D%270%200%201200%20900%27%3E%3Crect%20width%3D%271200%27%20height%3D%27900%27%20fill-opacity%3D%220%22%2F%3E%3C%2Fsvg%3E\" data-orig-src=\"https:\/\/www.paisajesverticales.com\/WP\/wp-content\/uploads\/20151105-DJI_0103-WEB.jpg\" data-srcset=\"https:\/\/www.paisajesverticales.com\/WP\/wp-content\/uploads\/20151105-DJI_0103-WEB-200x150.jpg 200w, https:\/\/www.paisajesverticales.com\/WP\/wp-content\/uploads\/20151105-DJI_0103-WEB-400x300.jpg 400w, https:\/\/www.paisajesverticales.com\/WP\/wp-content\/uploads\/20151105-DJI_0103-WEB-600x450.jpg 600w, https:\/\/www.paisajesverticales.com\/WP\/wp-content\/uploads\/20151105-DJI_0103-WEB-800x600.jpg 800w, https:\/\/www.paisajesverticales.com\/WP\/wp-content\/uploads\/20151105-DJI_0103-WEB.jpg 1200w\" data-sizes=\"auto\" \/><div class=\"fusion-rollover\">\n\t<div class=\"fusion-rollover-content\">\n\n\t\t\t\t\t\t\t\t\t\t\n\t\t\t\t\t\t\t\t\t\t\t\t\t\t\n\t\t\t\t\t\t\t\t\n\t\t\t\t\t\t\t\t\n\t\t\t\t\t\t\t\t\t\t\t\t\t\t\t\t\t\t<a class=\"fusion-rollover-gallery\" href=\"https:\/\/www.paisajesverticales.com\/WP\/wp-content\/uploads\/20151105-DJI_0103-WEB.jpg\" data-options=\"\" data-id=\"2273\" data-rel=\"iLightbox[gallery2273]\" data-title=\"Paisajes Verticales - Fotograf\u00eda a\u00e9rea - PATRIMONIO HIST\u00d3RICO (Emp\u00faries)\" data-caption=\"Paisajes Verticales - Fotograf\u00eda a\u00e9rea - PATRIMONIO HIST\u00d3RICO (Emp\u00faries)\">\n\t\t\t\t\t\tGaler\u00eda\t\t\t\t\t<\/a>\n\t\t\t\t\t<div class=\"fusion-portfolio-gallery-hidden\"><\/div>\t\t\t\t\t\t\t\t\t\n\t\t\n\t\t\t\t\t\t\t\t\n\t\t\t\t\t\t\t\t\n\t\t\n\t\t\t\t\t\t<a class=\"fusion-link-wrapper\" href=\"https:\/\/www.paisajesverticales.com\/es\/novedades-sobre-fotografia-y-video-aereo-con-drones\/reportaje-nuestro-punt-avui\/\" aria-label=\"Reportaje sobre nuestro trabajo en el peri\u00f3dico El Punt Avui\"><\/a>\n\t<\/div>\n<\/div>\n<\/div>\n<\/li>\n\t\t\t\n\t\t\t\n\t\t\t\t\t\t\t\t\t\t\t\t\t\t\t\t\t\t\t\t\t\t\t\t\t\t\t\t\t\t\t\t\t\t\t\t\t\t<\/ul>\n\t<\/div>\n\t<div class=\"fusion-post-content-wrapper\" style=\"padding:14px 14px 6px 16px;\"><div class=\"fusion-post-content post-content\"><h2 class=\"blog-shortcode-post-title\"><a href=\"https:\/\/www.paisajesverticales.com\/es\/novedades-sobre-fotografia-y-video-aereo-con-drones\/reportaje-nuestro-punt-avui\/\">Reportaje sobre nuestro trabajo en el peri\u00f3dico El Punt Avui<\/a><\/h2><p class=\"fusion-single-line-meta\"><span class=\"updated\" style=\"display:none;\">2020-07-13T12:09:06+02:00<\/span><span>25 agosto 2017<\/span><span class=\"fusion-inline-sep\">|<\/span><\/p><div class=\"fusion-content-sep sep-single sep-dashed\"><\/div><div class=\"fusion-post-content-container\"><p>Hoy, el peri\u00f3dico El Punt Avui <a href=\"http:\/\/www.elpuntavui.cat\/economia\/article\/18-economia\/1223899-un-dron-observa-els-turistes-a-empuries.html\" target=\"_blank\" rel=\"noopener noreferrer\"><strong>publica un reportaje<\/strong><\/a> sobre nuestro reciente trabajo en la ciudad<a href=\"https:\/\/www.paisajesverticales.com\/es\/novedades-sobre-fotografia-y-video-aereo-con-drones\/reportaje-nuestro-punt-avui\/\">\u2026<\/a><\/p>\n<\/div><\/div><div class=\"fusion-meta-info\"><div class=\"fusion-alignleft\"><a class=\"fusion-read-more\" href=\"https:\/\/www.paisajesverticales.com\/es\/novedades-sobre-fotografia-y-video-aereo-con-drones\/reportaje-nuestro-punt-avui\/\" aria-label=\"More on Reportaje sobre nuestro trabajo en el peri\u00f3dico El Punt Avui\">Read More<\/a><\/div><\/div><\/div><div class=\"fusion-clearfix\"><\/div><\/div>\n<\/article>\n<article id=\"blog-1-post-2277\" class=\"fusion-post-grid post-2277 post type-post status-publish format-standard has-post-thumbnail category-fotografia-aerea-con-drones tag-alt-emporda-es tag-arquitectura-es tag-costa-brava-es tag-emporda-es tag-empuries-es tag-fotografia-aerea tag-fotografias-con-drones-es tag-girona-es tag-litoral-es tag-lescala-es tag-mediterraneo tag-observacion-con-drones tag-paisaje tag-patrimonio tag-provincia-de-girona tag-sant-marti-dempuries-es tag-turismo tag-video-aereo tag-videos-drones\">\n<div class=\"fusion-post-wrapper\" style=\"background-color:rgba(255,235,59,0.03);border:1px solid #009eba;border-bottom-width:3px;\">\n\n\t\t\t<div class=\"fusion-flexslider flexslider fusion-flexslider-loading fusion-post-slideshow\" style=\"border-color:#009eba;\">\n\t\t<ul class=\"slides\">\n\t\t\t\n\t\t\t\t\t\t\t\t\t\t\t\t\t\t<li><div  class=\"fusion-image-wrapper\" aria-haspopup=\"true\">\n\t\t\t\t<img decoding=\"async\" width=\"1200\" height=\"900\" src=\"https:\/\/www.paisajesverticales.com\/WP\/wp-content\/uploads\/20151105-DJI_0094-WEB.jpg\" class=\"attachment-full size-full lazyload wp-post-image\" alt=\"Paisajes Verticales \u2013 Fotograf\u00eda a\u00e9rea \u2013 PATRIMONIO HIST\u00d3RICO (Emp\u00faries)\" srcset=\"data:image\/svg+xml,%3Csvg%20xmlns%3D%27http%3A%2F%2Fwww.w3.org%2F2000%2Fsvg%27%20width%3D%271200%27%20height%3D%27900%27%20viewBox%3D%270%200%201200%20900%27%3E%3Crect%20width%3D%271200%27%20height%3D%27900%27%20fill-opacity%3D%220%22%2F%3E%3C%2Fsvg%3E\" data-orig-src=\"https:\/\/www.paisajesverticales.com\/WP\/wp-content\/uploads\/20151105-DJI_0094-WEB.jpg\" data-srcset=\"https:\/\/www.paisajesverticales.com\/WP\/wp-content\/uploads\/20151105-DJI_0094-WEB-200x150.jpg 200w, https:\/\/www.paisajesverticales.com\/WP\/wp-content\/uploads\/20151105-DJI_0094-WEB-400x300.jpg 400w, https:\/\/www.paisajesverticales.com\/WP\/wp-content\/uploads\/20151105-DJI_0094-WEB-600x450.jpg 600w, https:\/\/www.paisajesverticales.com\/WP\/wp-content\/uploads\/20151105-DJI_0094-WEB-800x600.jpg 800w, https:\/\/www.paisajesverticales.com\/WP\/wp-content\/uploads\/20151105-DJI_0094-WEB.jpg 1200w\" data-sizes=\"auto\" \/><div class=\"fusion-rollover\">\n\t<div class=\"fusion-rollover-content\">\n\n\t\t\t\t\t\t\t\t\t\t\n\t\t\t\t\t\t\t\t\t\t\t\t\t\t\n\t\t\t\t\t\t\t\t\n\t\t\t\t\t\t\t\t\n\t\t\t\t\t\t\t\t\t\t\t\t\t\t\t\t\t\t<a class=\"fusion-rollover-gallery\" href=\"https:\/\/www.paisajesverticales.com\/WP\/wp-content\/uploads\/20151105-DJI_0094-WEB.jpg\" data-options=\"\" data-id=\"2277\" data-rel=\"iLightbox[gallery2277]\" data-title=\"Paisajes Verticales \u2013 Fotograf\u00eda a\u00e9rea \u2013 PATRIMONIO HIST\u00d3RICO (Emp\u00faries)\" data-caption=\"Paisajes Verticales \u2013 Fotograf\u00eda a\u00e9rea \u2013 PATRIMONIO HIST\u00d3RICO (Emp\u00faries)\">\n\t\t\t\t\t\tGaler\u00eda\t\t\t\t\t<\/a>\n\t\t\t\t\t<div class=\"fusion-portfolio-gallery-hidden\"><a href=\"https:\/\/www.paisajesverticales.com\/WP\/wp-content\/uploads\/20151105-DJI_0106-WEB.jpg\" data-rel=\"iLightbox[gallery2277]\" title=\"Paisajes Verticales \u2013 Fotograf\u00eda a\u00e9rea \u2013 PATRIMONIO HIST\u00d3RICO (Emp\u00faries)\" data-title=\"Paisajes Verticales \u2013 Fotograf\u00eda a\u00e9rea \u2013 PATRIMONIO HIST\u00d3RICO (Emp\u00faries)\" data-caption=\"Paisajes Verticales \u2013 Fotograf\u00eda a\u00e9rea \u2013 PATRIMONIO HIST\u00d3RICO (Emp\u00faries)\"><\/a><a href=\"https:\/\/www.paisajesverticales.com\/WP\/wp-content\/uploads\/20151105-DJI_0103-WEB.jpg\" data-rel=\"iLightbox[gallery2277]\" title=\"Paisajes Verticales - Fotograf\u00eda a\u00e9rea - PATRIMONIO HIST\u00d3RICO (Emp\u00faries)\" data-title=\"Paisajes Verticales - Fotograf\u00eda a\u00e9rea - PATRIMONIO HIST\u00d3RICO (Emp\u00faries)\" data-caption=\"Paisajes Verticales - Fotograf\u00eda a\u00e9rea - PATRIMONIO HIST\u00d3RICO (Emp\u00faries)\"><\/a><\/div>\t\t\t\t\t\t\t\t\t\n\t\t\n\t\t\t\t\t\t\t\t\n\t\t\t\t\t\t\t\t\n\t\t\n\t\t\t\t\t\t<a class=\"fusion-link-wrapper\" href=\"https:\/\/www.paisajesverticales.com\/es\/fotografia-aerea-con-drones\/trabajo-de-observacion-aerea-facultad-de-turismo-de-udg\/\" aria-label=\"Trabajo de observaci\u00f3n a\u00e9rea para la Facultad de Turismo de la UdG\"><\/a>\n\t<\/div>\n<\/div>\n<\/div>\n<\/li>\n\t\t\t\n\t\t\t\n\t\t\t\t\t\t\t\t\t\t\t\n\t\t\t\t\t\n\t\t\t\t\t\t\t\t\t\t\t<li>\n\t\t\t\t\t\t\t<div class=\"fusion-image-wrapper\">\n\t\t\t\t\t\t\t\t<a href=\"https:\/\/www.paisajesverticales.com\/es\/fotografia-aerea-con-drones\/trabajo-de-observacion-aerea-facultad-de-turismo-de-udg\/\" aria-label=\"Trabajo de observaci\u00f3n a\u00e9rea para la Facultad de Turismo de la UdG\">\n\t\t\t\t\t\t\t\t\t<img decoding=\"async\" width=\"1200\" height=\"900\" src=\"https:\/\/www.paisajesverticales.com\/WP\/wp-content\/uploads\/20151105-DJI_0106-WEB.jpg\" data-orig-src=\"https:\/\/www.paisajesverticales.com\/WP\/wp-content\/uploads\/20151105-DJI_0106-WEB.jpg\" alt=\"Paisajes Verticales \u2013 Fotograf\u00eda a\u00e9rea \u2013 PATRIMONIO HIST\u00d3RICO (Emp\u00faries)\" class=\"lazyload wp-image-1970\" role=\"presentation\" srcset=\"data:image\/svg+xml,%3Csvg%20xmlns%3D%27http%3A%2F%2Fwww.w3.org%2F2000%2Fsvg%27%20width%3D%271200%27%20height%3D%27900%27%20viewBox%3D%270%200%201200%20900%27%3E%3Crect%20width%3D%271200%27%20height%3D%27900%27%20fill-opacity%3D%220%22%2F%3E%3C%2Fsvg%3E\" data-srcset=\"https:\/\/www.paisajesverticales.com\/WP\/wp-content\/uploads\/20151105-DJI_0106-WEB-200x150.jpg 200w, https:\/\/www.paisajesverticales.com\/WP\/wp-content\/uploads\/20151105-DJI_0106-WEB-400x300.jpg 400w, https:\/\/www.paisajesverticales.com\/WP\/wp-content\/uploads\/20151105-DJI_0106-WEB-600x450.jpg 600w, https:\/\/www.paisajesverticales.com\/WP\/wp-content\/uploads\/20151105-DJI_0106-WEB-800x600.jpg 800w, https:\/\/www.paisajesverticales.com\/WP\/wp-content\/uploads\/20151105-DJI_0106-WEB.jpg 1200w\" data-sizes=\"auto\" data-orig-sizes=\"(min-width: 2200px) 100vw, (min-width: 704px) 377px, (min-width: 672px) 565px, (min-width: 640px) 672px, \" \/>\t\t\t\t\t\t\t\t<\/a>\n\t\t\t\t\t\t\t\t<a style=\"display:none;\" href=\"https:\/\/www.paisajesverticales.com\/WP\/wp-content\/uploads\/20151105-DJI_0106-WEB.jpg\" data-rel=\"iLightbox[gallery2277]\"  title=\"Paisajes Verticales \u2013 Fotograf\u00eda a\u00e9rea \u2013 PATRIMONIO HIST\u00d3RICO (Emp\u00faries)\" data-title=\"Paisajes Verticales \u2013 Fotograf\u00eda a\u00e9rea \u2013 PATRIMONIO HIST\u00d3RICO (Emp\u00faries)\" data-caption=\"Paisajes Verticales \u2013 Fotograf\u00eda a\u00e9rea \u2013 PATRIMONIO HIST\u00d3RICO (Emp\u00faries)\">\n\t\t\t\t\t\t\t\t\t\t\t\t\t\t\t\t\t\t\t<img style=\"display:none;\" alt=\"Paisajes Verticales \u2013 Fotograf\u00eda a\u00e9rea \u2013 PATRIMONIO HIST\u00d3RICO (Emp\u00faries)\" role=\"presentation\" \/>\n\t\t\t\t\t\t\t\t\t\t\t\t\t\t\t\t\t<\/a>\n\t\t\t\t\t\t\t<\/div>\n\t\t\t\t\t\t<\/li>\n\t\t\t\t\t\t\t\t\t\t\t\t\t\t\t\t\t\t\t\t\t\t\t\t\n\t\t\t\t\t\n\t\t\t\t\t\t\t\t\t\t\t<li>\n\t\t\t\t\t\t\t<div class=\"fusion-image-wrapper\">\n\t\t\t\t\t\t\t\t<a href=\"https:\/\/www.paisajesverticales.com\/es\/fotografia-aerea-con-drones\/trabajo-de-observacion-aerea-facultad-de-turismo-de-udg\/\" aria-label=\"Trabajo de observaci\u00f3n a\u00e9rea para la Facultad de Turismo de la UdG\">\n\t\t\t\t\t\t\t\t\t<img decoding=\"async\" width=\"1200\" height=\"900\" src=\"https:\/\/www.paisajesverticales.com\/WP\/wp-content\/uploads\/20151105-DJI_0103-WEB.jpg\" data-orig-src=\"https:\/\/www.paisajesverticales.com\/WP\/wp-content\/uploads\/20151105-DJI_0103-WEB.jpg\" alt=\"Paisajes Verticales - Fotograf\u00eda a\u00e9rea - PATRIMONIO HIST\u00d3RICO (Emp\u00faries)\" class=\"lazyload wp-image-1194\" role=\"presentation\" srcset=\"data:image\/svg+xml,%3Csvg%20xmlns%3D%27http%3A%2F%2Fwww.w3.org%2F2000%2Fsvg%27%20width%3D%271200%27%20height%3D%27900%27%20viewBox%3D%270%200%201200%20900%27%3E%3Crect%20width%3D%271200%27%20height%3D%27900%27%20fill-opacity%3D%220%22%2F%3E%3C%2Fsvg%3E\" data-srcset=\"https:\/\/www.paisajesverticales.com\/WP\/wp-content\/uploads\/20151105-DJI_0103-WEB-200x150.jpg 200w, https:\/\/www.paisajesverticales.com\/WP\/wp-content\/uploads\/20151105-DJI_0103-WEB-400x300.jpg 400w, https:\/\/www.paisajesverticales.com\/WP\/wp-content\/uploads\/20151105-DJI_0103-WEB-600x450.jpg 600w, https:\/\/www.paisajesverticales.com\/WP\/wp-content\/uploads\/20151105-DJI_0103-WEB-800x600.jpg 800w, https:\/\/www.paisajesverticales.com\/WP\/wp-content\/uploads\/20151105-DJI_0103-WEB.jpg 1200w\" data-sizes=\"auto\" data-orig-sizes=\"(min-width: 2200px) 100vw, (min-width: 704px) 377px, (min-width: 672px) 565px, (min-width: 640px) 672px, \" \/>\t\t\t\t\t\t\t\t<\/a>\n\t\t\t\t\t\t\t\t<a style=\"display:none;\" href=\"https:\/\/www.paisajesverticales.com\/WP\/wp-content\/uploads\/20151105-DJI_0103-WEB.jpg\" data-rel=\"iLightbox[gallery2277]\"  title=\"Paisajes Verticales - Fotograf\u00eda a\u00e9rea - PATRIMONIO HIST\u00d3RICO (Emp\u00faries)\" data-title=\"Paisajes Verticales &#8211; Fotograf\u00eda a\u00e9rea &#8211; PATRIMONIO HIST\u00d3RICO (Emp\u00faries)\" data-caption=\"Paisajes Verticales - Fotograf\u00eda a\u00e9rea - PATRIMONIO HIST\u00d3RICO (Emp\u00faries)\">\n\t\t\t\t\t\t\t\t\t\t\t\t\t\t\t\t\t\t\t<img style=\"display:none;\" alt=\"Paisajes Verticales - Fotograf\u00eda a\u00e9rea - PATRIMONIO HIST\u00d3RICO (Emp\u00faries)\" role=\"presentation\" \/>\n\t\t\t\t\t\t\t\t\t\t\t\t\t\t\t\t\t<\/a>\n\t\t\t\t\t\t\t<\/div>\n\t\t\t\t\t\t<\/li>\n\t\t\t\t\t\t\t\t\t\t\t\t\t\t\t\t\t\t\t\t\t<\/ul>\n\t<\/div>\n\t<div class=\"fusion-post-content-wrapper\" style=\"padding:14px 14px 6px 16px;\"><div class=\"fusion-post-content post-content\"><h2 class=\"blog-shortcode-post-title\"><a href=\"https:\/\/www.paisajesverticales.com\/es\/fotografia-aerea-con-drones\/trabajo-de-observacion-aerea-facultad-de-turismo-de-udg\/\">Trabajo de observaci\u00f3n a\u00e9rea para la Facultad de Turismo de la UdG<\/a><\/h2><p class=\"fusion-single-line-meta\"><span class=\"updated\" style=\"display:none;\">2020-07-13T12:09:06+02:00<\/span><span>18 agosto 2017<\/span><span class=\"fusion-inline-sep\">|<\/span><\/p><div class=\"fusion-content-sep sep-single sep-dashed\"><\/div><div class=\"fusion-post-content-container\">\n<p>Tres dias de colaboraci\u00f3n con la <a href=\"https:\/\/www.udg.edu\/ca\/ft\" target=\"_blank\" rel=\"noopener noreferrer\">Facultad de Turismo de la Universidad de Girona<\/a> e <a href=\"https:\/\/www.paisajesverticales.com\/es\/fotografia-aerea-con-drones\/trabajo-de-observacion-aerea-facultad-de-turismo-de-udg\/\">\u2026<\/a><\/p>\n<\/div><\/div><div class=\"fusion-meta-info\"><div class=\"fusion-alignleft\"><a class=\"fusion-read-more\" href=\"https:\/\/www.paisajesverticales.com\/es\/fotografia-aerea-con-drones\/trabajo-de-observacion-aerea-facultad-de-turismo-de-udg\/\" aria-label=\"More on Trabajo de observaci\u00f3n a\u00e9rea para la Facultad de Turismo de la UdG\">Read More<\/a><\/div><\/div><\/div><div class=\"fusion-clearfix\"><\/div><\/div>\n<\/article>\n<article id=\"blog-1-post-2445\" class=\"fusion-post-grid post-2445 post type-post status-publish format-standard has-post-thumbnail category-novedades-sobre-fotografia-y-video-aereo-con-drones tag-fotografia-aerea tag-fotografias-con-drones-es tag-observacion-con-drones tag-video-aereo tag-videos-drones\">\n<div class=\"fusion-post-wrapper\" style=\"background-color:rgba(255,235,59,0.03);border:1px solid #009eba;border-bottom-width:3px;\">\n\n\t\t\t<div class=\"fusion-flexslider flexslider fusion-flexslider-loading fusion-post-slideshow\" style=\"border-color:#009eba;\">\n\t\t<ul class=\"slides\">\n\t\t\t\n\t\t\t\t\t\t\t\t\t\t\t\t\t\t<li><div  class=\"fusion-image-wrapper\" aria-haspopup=\"true\">\n\t\t\t\t<img decoding=\"async\" width=\"1200\" height=\"900\" src=\"https:\/\/www.paisajesverticales.com\/WP\/wp-content\/uploads\/20170817-124754-WEB.jpg\" class=\"attachment-full size-full lazyload wp-post-image\" alt=\"\" srcset=\"data:image\/svg+xml,%3Csvg%20xmlns%3D%27http%3A%2F%2Fwww.w3.org%2F2000%2Fsvg%27%20width%3D%271200%27%20height%3D%27900%27%20viewBox%3D%270%200%201200%20900%27%3E%3Crect%20width%3D%271200%27%20height%3D%27900%27%20fill-opacity%3D%220%22%2F%3E%3C%2Fsvg%3E\" data-orig-src=\"https:\/\/www.paisajesverticales.com\/WP\/wp-content\/uploads\/20170817-124754-WEB.jpg\" data-srcset=\"https:\/\/www.paisajesverticales.com\/WP\/wp-content\/uploads\/20170817-124754-WEB-200x150.jpg 200w, https:\/\/www.paisajesverticales.com\/WP\/wp-content\/uploads\/20170817-124754-WEB-400x300.jpg 400w, https:\/\/www.paisajesverticales.com\/WP\/wp-content\/uploads\/20170817-124754-WEB-600x450.jpg 600w, https:\/\/www.paisajesverticales.com\/WP\/wp-content\/uploads\/20170817-124754-WEB-800x600.jpg 800w, https:\/\/www.paisajesverticales.com\/WP\/wp-content\/uploads\/20170817-124754-WEB.jpg 1200w\" data-sizes=\"auto\" \/><div class=\"fusion-rollover\">\n\t<div class=\"fusion-rollover-content\">\n\n\t\t\t\t\t\t\t\t\t\t\n\t\t\t\t\t\t\t\t\t\t\t\t\t\t\n\t\t\t\t\t\t\t\t\n\t\t\t\t\t\t\t\t\n\t\t\t\t\t\t\t\t\t\t\t\t\t\t\t\t\t\t<a class=\"fusion-rollover-gallery\" href=\"https:\/\/www.paisajesverticales.com\/WP\/wp-content\/uploads\/20170817-124754-WEB.jpg\" data-options=\"\" data-id=\"2445\" data-rel=\"iLightbox[gallery2445]\" data-title=\"20170817-124754-WEB\" data-caption=\"\">\n\t\t\t\t\t\tGaler\u00eda\t\t\t\t\t<\/a>\n\t\t\t\t\t<div class=\"fusion-portfolio-gallery-hidden\"><\/div>\t\t\t\t\t\t\t\t\t\n\t\t\n\t\t\t\t\t\t\t\t\n\t\t\t\t\t\t\t\t\n\t\t\n\t\t\t\t\t\t<a class=\"fusion-link-wrapper\" href=\"https:\/\/www.paisajesverticales.com\/es\/novedades-sobre-fotografia-y-video-aereo-con-drones\/ya-miembros-de-catalonia-smart-drones\/\" aria-label=\"Ya somos miembros de Catalonia Smart Drones\"><\/a>\n\t<\/div>\n<\/div>\n<\/div>\n<\/li>\n\t\t\t\n\t\t\t\n\t\t\t\t\t\t\t\t\t\t\t\t\t\t\t\t\t\t\t\t\t\t\t\t\t\t\t\t\t\t\t\t\t\t\t\t\t\t<\/ul>\n\t<\/div>\n\t<div class=\"fusion-post-content-wrapper\" style=\"padding:14px 14px 6px 16px;\"><div class=\"fusion-post-content post-content\"><h2 class=\"blog-shortcode-post-title\"><a href=\"https:\/\/www.paisajesverticales.com\/es\/novedades-sobre-fotografia-y-video-aereo-con-drones\/ya-miembros-de-catalonia-smart-drones\/\">Ya somos miembros de Catalonia Smart Drones<\/a><\/h2><p class=\"fusion-single-line-meta\"><span class=\"updated\" style=\"display:none;\">2020-07-13T12:09:04+02:00<\/span><span>9 agosto 2017<\/span><span class=\"fusion-inline-sep\">|<\/span><\/p><div class=\"fusion-content-sep sep-single sep-dashed\"><\/div><div class=\"fusion-post-content-container\"><p>Ya somos miembros de <a href=\"http:\/\/cataloniadrones.cat\/?page_id=8006\" target=\"_blank\" rel=\"noopener noreferrer\"><strong>Catalonia Smart Drones<\/strong><\/a>, el cl\u00faster impulsado por la Generalitat de Catalunya y<a href=\"https:\/\/www.paisajesverticales.com\/es\/novedades-sobre-fotografia-y-video-aereo-con-drones\/ya-miembros-de-catalonia-smart-drones\/\">\u2026<\/a><\/p>\n<\/div><\/div><div class=\"fusion-meta-info\"><div class=\"fusion-alignleft\"><a class=\"fusion-read-more\" href=\"https:\/\/www.paisajesverticales.com\/es\/novedades-sobre-fotografia-y-video-aereo-con-drones\/ya-miembros-de-catalonia-smart-drones\/\" aria-label=\"More on Ya somos miembros de Catalonia Smart Drones\">Read More<\/a><\/div><\/div><\/div><div class=\"fusion-clearfix\"><\/div><\/div>\n<\/article>\n<article id=\"blog-1-post-2280\" class=\"fusion-post-grid post-2280 post type-post status-publish format-standard has-post-thumbnail category-fotografia-aerea-con-drones tag-barcelona-es tag-calella-es tag-fotografia-aerea tag-fotografias-con-drones-es tag-litoral-es tag-maresme-es tag-mediterraneo tag-paisaje\">\n<div class=\"fusion-post-wrapper\" style=\"background-color:rgba(255,235,59,0.03);border:1px solid #009eba;border-bottom-width:3px;\">\n\n\t\t\t<div class=\"fusion-flexslider flexslider fusion-flexslider-loading fusion-post-slideshow\" style=\"border-color:#009eba;\">\n\t\t<ul class=\"slides\">\n\t\t\t\n\t\t\t\t\t\t\t\t\t\t\t\t\t\t<li><div  class=\"fusion-image-wrapper\" aria-haspopup=\"true\">\n\t\t\t\t<img decoding=\"async\" width=\"1200\" height=\"800\" src=\"https:\/\/www.paisajesverticales.com\/WP\/wp-content\/uploads\/20170807-192516-WEB.jpg\" class=\"attachment-full size-full lazyload wp-post-image\" alt=\"Paisajes Verticales \u2013 Fotograf\u00eda a\u00e9rea \u2013 PAISAJE Y NATURALEZA\" srcset=\"data:image\/svg+xml,%3Csvg%20xmlns%3D%27http%3A%2F%2Fwww.w3.org%2F2000%2Fsvg%27%20width%3D%271200%27%20height%3D%27800%27%20viewBox%3D%270%200%201200%20800%27%3E%3Crect%20width%3D%271200%27%20height%3D%27800%27%20fill-opacity%3D%220%22%2F%3E%3C%2Fsvg%3E\" data-orig-src=\"https:\/\/www.paisajesverticales.com\/WP\/wp-content\/uploads\/20170807-192516-WEB.jpg\" data-srcset=\"https:\/\/www.paisajesverticales.com\/WP\/wp-content\/uploads\/20170807-192516-WEB-200x133.jpg 200w, https:\/\/www.paisajesverticales.com\/WP\/wp-content\/uploads\/20170807-192516-WEB-400x267.jpg 400w, https:\/\/www.paisajesverticales.com\/WP\/wp-content\/uploads\/20170807-192516-WEB-600x400.jpg 600w, https:\/\/www.paisajesverticales.com\/WP\/wp-content\/uploads\/20170807-192516-WEB-800x533.jpg 800w, https:\/\/www.paisajesverticales.com\/WP\/wp-content\/uploads\/20170807-192516-WEB.jpg 1200w\" data-sizes=\"auto\" \/><div class=\"fusion-rollover\">\n\t<div class=\"fusion-rollover-content\">\n\n\t\t\t\t\t\t\t\t\t\t\n\t\t\t\t\t\t\t\t\t\t\t\t\t\t\n\t\t\t\t\t\t\t\t\n\t\t\t\t\t\t\t\t\n\t\t\t\t\t\t\t\t\t\t\t\t\t\t\t\t\t\t<a class=\"fusion-rollover-gallery\" href=\"https:\/\/www.paisajesverticales.com\/WP\/wp-content\/uploads\/20170807-192516-WEB.jpg\" data-options=\"\" data-id=\"2280\" data-rel=\"iLightbox[gallery2280]\" data-title=\"Paisajes Verticales \u2013 Fotograf\u00eda a\u00e9rea \u2013 PAISAJE Y NATURALEZA\" data-caption=\"Paisajes Verticales \u2013 Fotograf\u00eda a\u00e9rea \u2013 PAISAJE Y NATURALEZA\">\n\t\t\t\t\t\tGaler\u00eda\t\t\t\t\t<\/a>\n\t\t\t\t\t<div class=\"fusion-portfolio-gallery-hidden\"><a href=\"https:\/\/www.paisajesverticales.com\/WP\/wp-content\/uploads\/20170807-192714-WEB.jpg\" data-rel=\"iLightbox[gallery2280]\" title=\"Paisajes Verticales \u2013 Fotograf\u00eda a\u00e9rea \u2013 PAISAJE Y NATURALEZA\" data-title=\"Paisajes Verticales \u2013 Fotograf\u00eda a\u00e9rea \u2013 PAISAJE Y NATURALEZA\" data-caption=\"Paisajes Verticales \u2013 Fotograf\u00eda a\u00e9rea \u2013 PAISAJE Y NATURALEZA\"><\/a><\/div>\t\t\t\t\t\t\t\t\t\n\t\t\n\t\t\t\t\t\t\t\t\n\t\t\t\t\t\t\t\t\n\t\t\n\t\t\t\t\t\t<a class=\"fusion-link-wrapper\" href=\"https:\/\/www.paisajesverticales.com\/es\/fotografia-aerea-con-drones\/imagenes-observatori-del-paisatge\/\" aria-label=\"Im\u00e1genes a\u00e9reas para el Observatorio del Paisaje\"><\/a>\n\t<\/div>\n<\/div>\n<\/div>\n<\/li>\n\t\t\t\n\t\t\t\n\t\t\t\t\t\t\t\t\t\t\t\n\t\t\t\t\t\n\t\t\t\t\t\t\t\t\t\t\t<li>\n\t\t\t\t\t\t\t<div class=\"fusion-image-wrapper\">\n\t\t\t\t\t\t\t\t<a href=\"https:\/\/www.paisajesverticales.com\/es\/fotografia-aerea-con-drones\/imagenes-observatori-del-paisatge\/\" aria-label=\"Im\u00e1genes a\u00e9reas para el Observatorio del Paisaje\">\n\t\t\t\t\t\t\t\t\t<img decoding=\"async\" width=\"1200\" height=\"800\" src=\"https:\/\/www.paisajesverticales.com\/WP\/wp-content\/uploads\/20170807-192714-WEB.jpg\" data-orig-src=\"https:\/\/www.paisajesverticales.com\/WP\/wp-content\/uploads\/20170807-192714-WEB.jpg\" alt=\"Paisajes Verticales \u2013 Fotograf\u00eda a\u00e9rea \u2013 PAISAJE Y NATURALEZA\" class=\"lazyload wp-image-2806\" role=\"presentation\" srcset=\"data:image\/svg+xml,%3Csvg%20xmlns%3D%27http%3A%2F%2Fwww.w3.org%2F2000%2Fsvg%27%20width%3D%271200%27%20height%3D%27800%27%20viewBox%3D%270%200%201200%20800%27%3E%3Crect%20width%3D%271200%27%20height%3D%27800%27%20fill-opacity%3D%220%22%2F%3E%3C%2Fsvg%3E\" data-srcset=\"https:\/\/www.paisajesverticales.com\/WP\/wp-content\/uploads\/20170807-192714-WEB-200x133.jpg 200w, https:\/\/www.paisajesverticales.com\/WP\/wp-content\/uploads\/20170807-192714-WEB-400x267.jpg 400w, https:\/\/www.paisajesverticales.com\/WP\/wp-content\/uploads\/20170807-192714-WEB-600x400.jpg 600w, https:\/\/www.paisajesverticales.com\/WP\/wp-content\/uploads\/20170807-192714-WEB-800x533.jpg 800w, https:\/\/www.paisajesverticales.com\/WP\/wp-content\/uploads\/20170807-192714-WEB.jpg 1200w\" data-sizes=\"auto\" data-orig-sizes=\"(min-width: 2200px) 100vw, (min-width: 704px) 377px, (min-width: 672px) 565px, (min-width: 640px) 672px, \" \/>\t\t\t\t\t\t\t\t<\/a>\n\t\t\t\t\t\t\t\t<a style=\"display:none;\" href=\"https:\/\/www.paisajesverticales.com\/WP\/wp-content\/uploads\/20170807-192714-WEB.jpg\" data-rel=\"iLightbox[gallery2280]\"  title=\"Paisajes Verticales \u2013 Fotograf\u00eda a\u00e9rea \u2013 PAISAJE Y NATURALEZA\" data-title=\"Paisajes Verticales \u2013 Fotograf\u00eda a\u00e9rea \u2013 PAISAJE Y NATURALEZA\" data-caption=\"Paisajes Verticales \u2013 Fotograf\u00eda a\u00e9rea \u2013 PAISAJE Y NATURALEZA\">\n\t\t\t\t\t\t\t\t\t\t\t\t\t\t\t\t\t\t\t<img style=\"display:none;\" alt=\"Paisajes Verticales \u2013 Fotograf\u00eda a\u00e9rea \u2013 PAISAJE Y NATURALEZA\" role=\"presentation\" \/>\n\t\t\t\t\t\t\t\t\t\t\t\t\t\t\t\t\t<\/a>\n\t\t\t\t\t\t\t<\/div>\n\t\t\t\t\t\t<\/li>\n\t\t\t\t\t\t\t\t\t\t\t\t\t\t\t\t\t\t\t\t\t\t\t\t\t\t\t\t\t\t\t\t\t\t\t\t<\/ul>\n\t<\/div>\n\t<div class=\"fusion-post-content-wrapper\" style=\"padding:14px 14px 6px 16px;\"><div class=\"fusion-post-content post-content\"><h2 class=\"blog-shortcode-post-title\"><a href=\"https:\/\/www.paisajesverticales.com\/es\/fotografia-aerea-con-drones\/imagenes-observatori-del-paisatge\/\">Im\u00e1genes a\u00e9reas para el Observatorio del Paisaje<\/a><\/h2><p class=\"fusion-single-line-meta\"><span class=\"updated\" style=\"display:none;\">2020-07-13T12:09:02+02:00<\/span><span>7 agosto 2017<\/span><span class=\"fusion-inline-sep\">|<\/span><\/p><div class=\"fusion-content-sep sep-single sep-dashed\"><\/div><div class=\"fusion-post-content-container\">\n<p>Realizaci\u00f3n de fotograf\u00edas a\u00e9reas de la desembocadura del rio Tordera y del faro de Calella de la Costa (Maresme, Barcelona)<a href=\"https:\/\/www.paisajesverticales.com\/es\/fotografia-aerea-con-drones\/imagenes-observatori-del-paisatge\/\">\u2026<\/a><\/p>\n<\/div><\/div><div class=\"fusion-meta-info\"><div class=\"fusion-alignleft\"><a class=\"fusion-read-more\" href=\"https:\/\/www.paisajesverticales.com\/es\/fotografia-aerea-con-drones\/imagenes-observatori-del-paisatge\/\" aria-label=\"More on Im\u00e1genes a\u00e9reas para el Observatorio del Paisaje\">Read More<\/a><\/div><\/div><\/div><div class=\"fusion-clearfix\"><\/div><\/div>\n<\/article>\n<article id=\"blog-1-post-2295\" class=\"fusion-post-grid post-2295 post type-post status-publish format-standard has-post-thumbnail category-fotografia-aerea-con-drones tag-arquitectura-es tag-fotografia-aerea tag-fotografias-con-drones-es tag-girona-es tag-inmobiliaria tag-la-selva-es tag-patrimonio tag-provincia-de-girona tag-video-aereo tag-videos-drones\">\n<div class=\"fusion-post-wrapper\" style=\"background-color:rgba(255,235,59,0.03);border:1px solid #009eba;border-bottom-width:3px;\">\n\n\t\t\t<div class=\"fusion-flexslider flexslider fusion-flexslider-loading fusion-post-slideshow\" style=\"border-color:#009eba;\">\n\t\t<ul class=\"slides\">\n\t\t\t\n\t\t\t\t\t\t\t\t\t\t\t\t\t\t<li><div  class=\"fusion-image-wrapper\" aria-haspopup=\"true\">\n\t\t\t\t<img decoding=\"async\" width=\"1200\" height=\"900\" src=\"https:\/\/www.paisajesverticales.com\/WP\/wp-content\/uploads\/20150702-18-DJI00069-WEB.jpg\" class=\"attachment-full size-full lazyload wp-post-image\" alt=\"Paisajes Verticales - Fotograf\u00eda a\u00e9rea - INMOBILIARIA\" srcset=\"data:image\/svg+xml,%3Csvg%20xmlns%3D%27http%3A%2F%2Fwww.w3.org%2F2000%2Fsvg%27%20width%3D%271200%27%20height%3D%27900%27%20viewBox%3D%270%200%201200%20900%27%3E%3Crect%20width%3D%271200%27%20height%3D%27900%27%20fill-opacity%3D%220%22%2F%3E%3C%2Fsvg%3E\" data-orig-src=\"https:\/\/www.paisajesverticales.com\/WP\/wp-content\/uploads\/20150702-18-DJI00069-WEB.jpg\" data-srcset=\"https:\/\/www.paisajesverticales.com\/WP\/wp-content\/uploads\/20150702-18-DJI00069-WEB-200x150.jpg 200w, https:\/\/www.paisajesverticales.com\/WP\/wp-content\/uploads\/20150702-18-DJI00069-WEB-400x300.jpg 400w, https:\/\/www.paisajesverticales.com\/WP\/wp-content\/uploads\/20150702-18-DJI00069-WEB-600x450.jpg 600w, https:\/\/www.paisajesverticales.com\/WP\/wp-content\/uploads\/20150702-18-DJI00069-WEB-800x600.jpg 800w, https:\/\/www.paisajesverticales.com\/WP\/wp-content\/uploads\/20150702-18-DJI00069-WEB.jpg 1200w\" data-sizes=\"auto\" \/><div class=\"fusion-rollover\">\n\t<div class=\"fusion-rollover-content\">\n\n\t\t\t\t\t\t\t\t\t\t\n\t\t\t\t\t\t\t\t\t\t\t\t\t\t\n\t\t\t\t\t\t\t\t\n\t\t\t\t\t\t\t\t\n\t\t\t\t\t\t\t\t\t\t\t\t\t\t\t\t\t\t<a class=\"fusion-rollover-gallery\" href=\"https:\/\/www.paisajesverticales.com\/WP\/wp-content\/uploads\/20150702-18-DJI00069-WEB.jpg\" data-options=\"\" data-id=\"2295\" data-rel=\"iLightbox[gallery2295]\" data-title=\"Paisajes Verticales - Fotograf\u00eda a\u00e9rea - INMOBILIARIA\" data-caption=\"Paisajes Verticales - Fotograf\u00eda a\u00e9rea - INMOBILIARIA\">\n\t\t\t\t\t\tGaler\u00eda\t\t\t\t\t<\/a>\n\t\t\t\t\t<div class=\"fusion-portfolio-gallery-hidden\"><\/div>\t\t\t\t\t\t\t\t\t\n\t\t\n\t\t\t\t\t\t\t\t\n\t\t\t\t\t\t\t\t\n\t\t\n\t\t\t\t\t\t<a class=\"fusion-link-wrapper\" href=\"https:\/\/www.paisajesverticales.com\/es\/fotografia-aerea-con-drones\/fotografias-de-casa-venta-vidreres\/\" aria-label=\"Fotograf\u00edas de una casa en venta en Vidreres\"><\/a>\n\t<\/div>\n<\/div>\n<\/div>\n<\/li>\n\t\t\t\n\t\t\t\n\t\t\t\t\t\t\t\t\t\t\t\t\t\t\t\t\t\t\t\t\t\t\t\t\t\t\t\t\t\t\t\t\t\t\t\t\t\t<\/ul>\n\t<\/div>\n\t<div class=\"fusion-post-content-wrapper\" style=\"padding:14px 14px 6px 16px;\"><div class=\"fusion-post-content post-content\"><h2 class=\"blog-shortcode-post-title\"><a href=\"https:\/\/www.paisajesverticales.com\/es\/fotografia-aerea-con-drones\/fotografias-de-casa-venta-vidreres\/\">Fotograf\u00edas de una casa en venta en Vidreres<\/a><\/h2><p class=\"fusion-single-line-meta\"><span class=\"updated\" style=\"display:none;\">2020-07-13T12:08:56+02:00<\/span><span>2 julio 2017<\/span><span class=\"fusion-inline-sep\">|<\/span><\/p><div class=\"fusion-content-sep sep-single sep-dashed\"><\/div><div class=\"fusion-post-content-container\">\n<p>Fotograf\u00eda a\u00e9rea de una casa en venta en Vidreres (La Selva, Girona) para la inmobiliaria <a href=\"http:\/\/www.formesmodernes.com\/\" target=\"_blank\" rel=\"noopener noreferrer\">Formes<\/a><a href=\"https:\/\/www.paisajesverticales.com\/es\/fotografia-aerea-con-drones\/fotografias-de-casa-venta-vidreres\/\">\u2026<\/a><\/p>\n<\/div><\/div><div class=\"fusion-meta-info\"><div class=\"fusion-alignleft\"><a class=\"fusion-read-more\" href=\"https:\/\/www.paisajesverticales.com\/es\/fotografia-aerea-con-drones\/fotografias-de-casa-venta-vidreres\/\" aria-label=\"More on Fotograf\u00edas de una casa en venta en Vidreres\">Read More<\/a><\/div><\/div><\/div><div class=\"fusion-clearfix\"><\/div><\/div>\n<\/article>\n<article id=\"blog-1-post-2269\" class=\"fusion-post-grid post-2269 post type-post status-publish format-standard has-post-thumbnail category-novedades-sobre-fotografia-y-video-aereo-con-drones tag-arquitectura-es tag-fotografia-aerea tag-fotografias-con-drones-es tag-girona-es tag-la-selva-es tag-montsoriu-es tag-patrimonio tag-provincia-de-girona\">\n<div class=\"fusion-post-wrapper\" style=\"background-color:rgba(255,235,59,0.03);border:1px solid #009eba;border-bottom-width:3px;\">\n\n\t\t\t<div class=\"fusion-flexslider flexslider fusion-flexslider-loading fusion-post-slideshow\" style=\"border-color:#009eba;\">\n\t\t<ul class=\"slides\">\n\t\t\t\n\t\t\t\t\t\t\t\t\t\t\t\t\t\t<li><div  class=\"fusion-image-wrapper\" aria-haspopup=\"true\">\n\t\t\t\t<img decoding=\"async\" width=\"1200\" height=\"800\" src=\"https:\/\/www.paisajesverticales.com\/WP\/wp-content\/uploads\/muntatge-llibre-Montsoriu.jpg\" class=\"attachment-full size-full lazyload wp-post-image\" alt=\"Libro &quot;Montsoriu, el castell g\u00f2tic de Catalunya&quot;\" srcset=\"data:image\/svg+xml,%3Csvg%20xmlns%3D%27http%3A%2F%2Fwww.w3.org%2F2000%2Fsvg%27%20width%3D%271200%27%20height%3D%27800%27%20viewBox%3D%270%200%201200%20800%27%3E%3Crect%20width%3D%271200%27%20height%3D%27800%27%20fill-opacity%3D%220%22%2F%3E%3C%2Fsvg%3E\" data-orig-src=\"https:\/\/www.paisajesverticales.com\/WP\/wp-content\/uploads\/muntatge-llibre-Montsoriu.jpg\" data-srcset=\"https:\/\/www.paisajesverticales.com\/WP\/wp-content\/uploads\/muntatge-llibre-Montsoriu-200x133.jpg 200w, https:\/\/www.paisajesverticales.com\/WP\/wp-content\/uploads\/muntatge-llibre-Montsoriu-400x267.jpg 400w, https:\/\/www.paisajesverticales.com\/WP\/wp-content\/uploads\/muntatge-llibre-Montsoriu-600x400.jpg 600w, https:\/\/www.paisajesverticales.com\/WP\/wp-content\/uploads\/muntatge-llibre-Montsoriu-800x533.jpg 800w, https:\/\/www.paisajesverticales.com\/WP\/wp-content\/uploads\/muntatge-llibre-Montsoriu.jpg 1200w\" data-sizes=\"auto\" \/><div class=\"fusion-rollover\">\n\t<div class=\"fusion-rollover-content\">\n\n\t\t\t\t\t\t\t\t\t\t\n\t\t\t\t\t\t\t\t\t\t\t\t\t\t\n\t\t\t\t\t\t\t\t\n\t\t\t\t\t\t\t\t\n\t\t\t\t\t\t\t\t\t\t\t\t\t\t\t\t\t\t<a class=\"fusion-rollover-gallery\" href=\"https:\/\/www.paisajesverticales.com\/WP\/wp-content\/uploads\/muntatge-llibre-Montsoriu.jpg\" data-options=\"\" data-id=\"2269\" data-rel=\"iLightbox[gallery2269]\" data-title=\"Libro &quot;Montsoriu, el castell g\u00f2tic de Catalunya&quot;\" data-caption=\"Libro &quot;Montsoriu, el castell g\u00f2tic de Catalunya&quot;, con fotograf\u00edas realizadas por Paisajes Verticales\">\n\t\t\t\t\t\tGaler\u00eda\t\t\t\t\t<\/a>\n\t\t\t\t\t<div class=\"fusion-portfolio-gallery-hidden\"><\/div>\t\t\t\t\t\t\t\t\t\n\t\t\n\t\t\t\t\t\t\t\t\n\t\t\t\t\t\t\t\t\n\t\t\n\t\t\t\t\t\t<a class=\"fusion-link-wrapper\" href=\"https:\/\/www.paisajesverticales.com\/es\/novedades-sobre-fotografia-y-video-aereo-con-drones\/fotografias-publicadas-libro-montsoriu\/\" aria-label=\"Fotograf\u00edas publicadas en el libro \u00abMontsoriu\u00bb\"><\/a>\n\t<\/div>\n<\/div>\n<\/div>\n<\/li>\n\t\t\t\n\t\t\t\n\t\t\t\t\t\t\t\t\t\t\t\t\t\t\t\t\t\t\t\t\t\t\t\t\t\t\t\t\t\t\t\t\t\t\t\t\t\t<\/ul>\n\t<\/div>\n\t<div class=\"fusion-post-content-wrapper\" style=\"padding:14px 14px 6px 16px;\"><div class=\"fusion-post-content post-content\"><h2 class=\"blog-shortcode-post-title\"><a href=\"https:\/\/www.paisajesverticales.com\/es\/novedades-sobre-fotografia-y-video-aereo-con-drones\/fotografias-publicadas-libro-montsoriu\/\">Fotograf\u00edas publicadas en el libro \u00abMontsoriu\u00bb<\/a><\/h2><p class=\"fusion-single-line-meta\"><span class=\"updated\" style=\"display:none;\">2020-07-13T12:08:54+02:00<\/span><span>23 diciembre 2016<\/span><span class=\"fusion-inline-sep\">|<\/span><\/p><div class=\"fusion-content-sep sep-single sep-dashed\"><\/div><div class=\"fusion-post-content-container\">\n<p>Acaba de salir a la luz el libro \u00ab<a href=\"http:\/\/www.montsoriu.cat\" target=\"_blank\" rel=\"noopener noreferrer\">Monsoriu, el castell g\u00f2tic de Catalunya<\/a>\u00bb que incluye<a href=\"https:\/\/www.paisajesverticales.com\/es\/novedades-sobre-fotografia-y-video-aereo-con-drones\/fotografias-publicadas-libro-montsoriu\/\">\u2026<\/a><\/p>\n<\/div><\/div><div class=\"fusion-meta-info\"><div class=\"fusion-alignleft\"><a class=\"fusion-read-more\" href=\"https:\/\/www.paisajesverticales.com\/es\/novedades-sobre-fotografia-y-video-aereo-con-drones\/fotografias-publicadas-libro-montsoriu\/\" aria-label=\"More on Fotograf\u00edas publicadas en el libro \u00abMontsoriu\u00bb\">Read More<\/a><\/div><\/div><\/div><div class=\"fusion-clearfix\"><\/div><\/div>\n<\/article>\n<article id=\"blog-1-post-3701\" class=\"fusion-post-grid post-3701 post type-post status-publish format-standard has-post-thumbnail category-novedades-sobre-fotografia-y-video-aereo-con-drones tag-formacion tag-fotografia-aerea tag-fotografias-con-drones-es tag-girona-es tag-observacion-con-drones tag-provincia-de-girona tag-video-aereo tag-videos-drones\">\n<div class=\"fusion-post-wrapper\" style=\"background-color:rgba(255,235,59,0.03);border:1px solid #009eba;border-bottom-width:3px;\">\n\n\t\t\t<div class=\"fusion-flexslider flexslider fusion-flexslider-loading fusion-post-slideshow\" style=\"border-color:#009eba;\">\n\t\t<ul class=\"slides\">\n\t\t\t\n\t\t\t\t\t\t\t\t\t\t\t\t\t\t<li><div  class=\"fusion-image-wrapper\" aria-haspopup=\"true\">\n\t\t\t\t<img decoding=\"async\" width=\"900\" height=\"600\" src=\"https:\/\/www.paisajesverticales.com\/WP\/wp-content\/uploads\/20160516-001-WEB.jpg\" class=\"attachment-full size-full lazyload wp-post-image\" alt=\"Jornadas GiTech 2016\" srcset=\"data:image\/svg+xml,%3Csvg%20xmlns%3D%27http%3A%2F%2Fwww.w3.org%2F2000%2Fsvg%27%20width%3D%27900%27%20height%3D%27600%27%20viewBox%3D%270%200%20900%20600%27%3E%3Crect%20width%3D%27900%27%20height%3D%27600%27%20fill-opacity%3D%220%22%2F%3E%3C%2Fsvg%3E\" data-orig-src=\"https:\/\/www.paisajesverticales.com\/WP\/wp-content\/uploads\/20160516-001-WEB.jpg\" data-srcset=\"https:\/\/www.paisajesverticales.com\/WP\/wp-content\/uploads\/20160516-001-WEB-200x133.jpg 200w, https:\/\/www.paisajesverticales.com\/WP\/wp-content\/uploads\/20160516-001-WEB-400x267.jpg 400w, https:\/\/www.paisajesverticales.com\/WP\/wp-content\/uploads\/20160516-001-WEB-600x400.jpg 600w, https:\/\/www.paisajesverticales.com\/WP\/wp-content\/uploads\/20160516-001-WEB-800x533.jpg 800w, https:\/\/www.paisajesverticales.com\/WP\/wp-content\/uploads\/20160516-001-WEB.jpg 900w\" data-sizes=\"auto\" \/><div class=\"fusion-rollover\">\n\t<div class=\"fusion-rollover-content\">\n\n\t\t\t\t\t\t\t\t\t\t\n\t\t\t\t\t\t\t\t\t\t\t\t\t\t\n\t\t\t\t\t\t\t\t\n\t\t\t\t\t\t\t\t\n\t\t\t\t\t\t\t\t\t\t\t\t\t\t\t\t\t\t<a class=\"fusion-rollover-gallery\" href=\"https:\/\/www.paisajesverticales.com\/WP\/wp-content\/uploads\/20160516-001-WEB.jpg\" data-options=\"\" data-id=\"3701\" data-rel=\"iLightbox[gallery3701]\" data-title=\"Jornadas GiTech 2016\" data-caption=\"Charla informativa en las jornadas GiTech 2016\">\n\t\t\t\t\t\tGaler\u00eda\t\t\t\t\t<\/a>\n\t\t\t\t\t<div class=\"fusion-portfolio-gallery-hidden\"><\/div>\t\t\t\t\t\t\t\t\t\n\t\t\n\t\t\t\t\t\t\t\t\n\t\t\t\t\t\t\t\t\n\t\t\n\t\t\t\t\t\t<a class=\"fusion-link-wrapper\" href=\"https:\/\/www.paisajesverticales.com\/es\/novedades-sobre-fotografia-y-video-aereo-con-drones\/charla-informativa-tecnoateneu-de-vilablareix\/\" aria-label=\"Charla informativa en las jornadas GiTech 2016\"><\/a>\n\t<\/div>\n<\/div>\n<\/div>\n<\/li>\n\t\t\t\n\t\t\t\n\t\t\t\t\t\t\t\t\t\t\t\t\t\t\t\t\t\t\t\t\t\t\t\t\t\t\t\t\t\t\t\t\t\t\t\t\t\t<\/ul>\n\t<\/div>\n\t<div class=\"fusion-post-content-wrapper\" style=\"padding:14px 14px 6px 16px;\"><div class=\"fusion-post-content post-content\"><h2 class=\"blog-shortcode-post-title\"><a href=\"https:\/\/www.paisajesverticales.com\/es\/novedades-sobre-fotografia-y-video-aereo-con-drones\/charla-informativa-tecnoateneu-de-vilablareix\/\">Charla informativa en las jornadas GiTech 2016<\/a><\/h2><p class=\"fusion-single-line-meta\"><span class=\"updated\" style=\"display:none;\">2020-07-13T12:08:49+02:00<\/span><span>16 mayo 2016<\/span><span class=\"fusion-inline-sep\">|<\/span><\/p><div class=\"fusion-content-sep sep-single sep-dashed\"><\/div><div class=\"fusion-post-content-container\">\n<p>La asociaci\u00f3n\u00a0<a href=\"https:\/\/www.tecnoateneu.cat\" target=\"_blank\" rel=\"noopener noreferrer\">Tecnoateneu<\/a>, de Vilablareix (Girona), promueve y difunde la rob\u00f3tica educativa, la impresi\u00f3n 3D y, en<a href=\"https:\/\/www.paisajesverticales.com\/es\/novedades-sobre-fotografia-y-video-aereo-con-drones\/charla-informativa-tecnoateneu-de-vilablareix\/\">\u2026<\/a><\/p>\n<\/div><\/div><div class=\"fusion-meta-info\"><div class=\"fusion-alignleft\"><a class=\"fusion-read-more\" href=\"https:\/\/www.paisajesverticales.com\/es\/novedades-sobre-fotografia-y-video-aereo-con-drones\/charla-informativa-tecnoateneu-de-vilablareix\/\" aria-label=\"More on Charla informativa en las jornadas GiTech 2016\">Read More<\/a><\/div><\/div><\/div><div class=\"fusion-clearfix\"><\/div><\/div>\n<\/article>\n<article id=\"blog-1-post-2274\" class=\"fusion-post-grid post-2274 post type-post status-publish format-standard has-post-thumbnail category-fotografia-aerea-con-drones tag-baix-emporda-es tag-costa-brava-es tag-emporda-es tag-fotografia-aerea tag-fotografias-con-drones-es tag-girona-es tag-inmobiliaria tag-litoral-es tag-mediterraneo tag-observacion-con-drones tag-paisaje tag-platja-daro-es tag-provincia-de-girona tag-sant-pol-es tag-sagaro-es tag-turismo tag-video-aereo tag-videos-drones\">\n<div class=\"fusion-post-wrapper\" style=\"background-color:rgba(255,235,59,0.03);border:1px solid #009eba;border-bottom-width:3px;\">\n\n\t\t\t<div class=\"fusion-flexslider flexslider fusion-flexslider-loading fusion-post-slideshow\" style=\"border-color:#009eba;\">\n\t\t<ul class=\"slides\">\n\t\t\t\n\t\t\t\t\t\t\t\t\t\t\t\t\t\t<li><div  class=\"fusion-image-wrapper\" aria-haspopup=\"true\">\n\t\t\t\t<img decoding=\"async\" width=\"1200\" height=\"900\" src=\"https:\/\/www.paisajesverticales.com\/WP\/wp-content\/uploads\/20151111-DJI_0052-WEB.jpg\" class=\"attachment-full size-full lazyload wp-post-image\" alt=\"Paisajes Verticales \u2013 Fotograf\u00eda a\u00e9rea \u2013 PAISAJE Y NATURALEZA (Sa Conca)\" srcset=\"data:image\/svg+xml,%3Csvg%20xmlns%3D%27http%3A%2F%2Fwww.w3.org%2F2000%2Fsvg%27%20width%3D%271200%27%20height%3D%27900%27%20viewBox%3D%270%200%201200%20900%27%3E%3Crect%20width%3D%271200%27%20height%3D%27900%27%20fill-opacity%3D%220%22%2F%3E%3C%2Fsvg%3E\" data-orig-src=\"https:\/\/www.paisajesverticales.com\/WP\/wp-content\/uploads\/20151111-DJI_0052-WEB.jpg\" data-srcset=\"https:\/\/www.paisajesverticales.com\/WP\/wp-content\/uploads\/20151111-DJI_0052-WEB-200x150.jpg 200w, https:\/\/www.paisajesverticales.com\/WP\/wp-content\/uploads\/20151111-DJI_0052-WEB-400x300.jpg 400w, https:\/\/www.paisajesverticales.com\/WP\/wp-content\/uploads\/20151111-DJI_0052-WEB-600x450.jpg 600w, https:\/\/www.paisajesverticales.com\/WP\/wp-content\/uploads\/20151111-DJI_0052-WEB-800x600.jpg 800w, https:\/\/www.paisajesverticales.com\/WP\/wp-content\/uploads\/20151111-DJI_0052-WEB.jpg 1200w\" data-sizes=\"auto\" \/><div class=\"fusion-rollover\">\n\t<div class=\"fusion-rollover-content\">\n\n\t\t\t\t\t\t\t\t\t\t\n\t\t\t\t\t\t\t\t\t\t\t\t\t\t\n\t\t\t\t\t\t\t\t\n\t\t\t\t\t\t\t\t\n\t\t\t\t\t\t\t\t\t\t\t\t\t\t\t\t\t\t<a class=\"fusion-rollover-gallery\" href=\"https:\/\/www.paisajesverticales.com\/WP\/wp-content\/uploads\/20151111-DJI_0052-WEB.jpg\" data-options=\"\" data-id=\"2274\" data-rel=\"iLightbox[gallery2274]\" data-title=\"Paisajes Verticales \u2013 Fotograf\u00eda a\u00e9rea \u2013 PAISAJE Y NATURALEZA (Sa Conca)\" data-caption=\"Paisajes Verticales \u2013 Fotograf\u00eda a\u00e9rea \u2013 PAISAJE Y NATURALEZA (Sa Conca)\">\n\t\t\t\t\t\tGaler\u00eda\t\t\t\t\t<\/a>\n\t\t\t\t\t<div class=\"fusion-portfolio-gallery-hidden\"><a href=\"https:\/\/www.paisajesverticales.com\/WP\/wp-content\/uploads\/20151111-DJI_0013-WEB.jpg\" data-rel=\"iLightbox[gallery2274]\" title=\"Paisajes Verticales - Fotograf\u00eda a\u00e9rea - INMOBILIARIA\" data-title=\"Paisajes Verticales - Fotograf\u00eda a\u00e9rea - INMOBILIARIA\" data-caption=\"Paisajes Verticales - Fotograf\u00eda a\u00e9rea - INMOBILIARIA\"><\/a><a href=\"https:\/\/www.paisajesverticales.com\/WP\/wp-content\/uploads\/20151111-DJI_0027-WEB.jpg\" data-rel=\"iLightbox[gallery2274]\" title=\"Paisajes Verticales \u2013 Fotograf\u00eda a\u00e9rea \u2013 PROMOCI\u00d3N TUR\u00cdSTICA (Hotel en S'Agar\u00f3)\" data-title=\"Paisajes Verticales \u2013 Fotograf\u00eda a\u00e9rea \u2013 PROMOCI\u00d3N TUR\u00cdSTICA (Hotel en S'Agar\u00f3)\" data-caption=\"Paisajes Verticales \u2013 Fotograf\u00eda a\u00e9rea \u2013 PROMOCI\u00d3N TUR\u00cdSTICA (Hotel en S'Agar\u00f3)\"><\/a><\/div>\t\t\t\t\t\t\t\t\t\n\t\t\n\t\t\t\t\t\t\t\t\n\t\t\t\t\t\t\t\t\n\t\t\n\t\t\t\t\t\t<a class=\"fusion-link-wrapper\" href=\"https:\/\/www.paisajesverticales.com\/es\/fotografia-aerea-con-drones\/reportaje-aereo-sagaro-y-sa-conca\/\" aria-label=\"Reportajes fotogr\u00e1ficos a\u00e9reos en S&#8217;Agar\u00f3 y Sa Conca\"><\/a>\n\t<\/div>\n<\/div>\n<\/div>\n<\/li>\n\t\t\t\n\t\t\t\n\t\t\t\t\t\t\t\t\t\t\t\n\t\t\t\t\t\n\t\t\t\t\t\t\t\t\t\t\t<li>\n\t\t\t\t\t\t\t<div class=\"fusion-image-wrapper\">\n\t\t\t\t\t\t\t\t<a href=\"https:\/\/www.paisajesverticales.com\/es\/fotografia-aerea-con-drones\/reportaje-aereo-sagaro-y-sa-conca\/\" aria-label=\"Reportajes fotogr\u00e1ficos a\u00e9reos en S&#8217;Agar\u00f3 y Sa Conca\">\n\t\t\t\t\t\t\t\t\t<img decoding=\"async\" width=\"1200\" height=\"900\" src=\"https:\/\/www.paisajesverticales.com\/WP\/wp-content\/uploads\/20151111-DJI_0013-WEB.jpg\" data-orig-src=\"https:\/\/www.paisajesverticales.com\/WP\/wp-content\/uploads\/20151111-DJI_0013-WEB.jpg\" alt=\"Paisajes Verticales - Fotograf\u00eda a\u00e9rea - INMOBILIARIA\" class=\"lazyload wp-image-1201\" role=\"presentation\" srcset=\"data:image\/svg+xml,%3Csvg%20xmlns%3D%27http%3A%2F%2Fwww.w3.org%2F2000%2Fsvg%27%20width%3D%271200%27%20height%3D%27900%27%20viewBox%3D%270%200%201200%20900%27%3E%3Crect%20width%3D%271200%27%20height%3D%27900%27%20fill-opacity%3D%220%22%2F%3E%3C%2Fsvg%3E\" data-srcset=\"https:\/\/www.paisajesverticales.com\/WP\/wp-content\/uploads\/20151111-DJI_0013-WEB-200x150.jpg 200w, https:\/\/www.paisajesverticales.com\/WP\/wp-content\/uploads\/20151111-DJI_0013-WEB-400x300.jpg 400w, https:\/\/www.paisajesverticales.com\/WP\/wp-content\/uploads\/20151111-DJI_0013-WEB-600x450.jpg 600w, https:\/\/www.paisajesverticales.com\/WP\/wp-content\/uploads\/20151111-DJI_0013-WEB-800x600.jpg 800w, https:\/\/www.paisajesverticales.com\/WP\/wp-content\/uploads\/20151111-DJI_0013-WEB.jpg 1200w\" data-sizes=\"auto\" data-orig-sizes=\"(min-width: 2200px) 100vw, (min-width: 704px) 377px, (min-width: 672px) 565px, (min-width: 640px) 672px, \" \/>\t\t\t\t\t\t\t\t<\/a>\n\t\t\t\t\t\t\t\t<a style=\"display:none;\" href=\"https:\/\/www.paisajesverticales.com\/WP\/wp-content\/uploads\/20151111-DJI_0013-WEB.jpg\" data-rel=\"iLightbox[gallery2274]\"  title=\"Paisajes Verticales - Fotograf\u00eda a\u00e9rea - INMOBILIARIA\" data-title=\"Paisajes Verticales &#8211; Fotograf\u00eda a\u00e9rea &#8211; INMOBILIARIA\" data-caption=\"Paisajes Verticales - Fotograf\u00eda a\u00e9rea - INMOBILIARIA\">\n\t\t\t\t\t\t\t\t\t\t\t\t\t\t\t\t\t\t\t<img style=\"display:none;\" alt=\"Paisajes Verticales - Fotograf\u00eda a\u00e9rea - INMOBILIARIA\" role=\"presentation\" \/>\n\t\t\t\t\t\t\t\t\t\t\t\t\t\t\t\t\t<\/a>\n\t\t\t\t\t\t\t<\/div>\n\t\t\t\t\t\t<\/li>\n\t\t\t\t\t\t\t\t\t\t\t\t\t\t\t\t\t\t\t\t\t\t\t\t\n\t\t\t\t\t\n\t\t\t\t\t\t\t\t\t\t\t<li>\n\t\t\t\t\t\t\t<div class=\"fusion-image-wrapper\">\n\t\t\t\t\t\t\t\t<a href=\"https:\/\/www.paisajesverticales.com\/es\/fotografia-aerea-con-drones\/reportaje-aereo-sagaro-y-sa-conca\/\" aria-label=\"Reportajes fotogr\u00e1ficos a\u00e9reos en S&#8217;Agar\u00f3 y Sa Conca\">\n\t\t\t\t\t\t\t\t\t<img decoding=\"async\" width=\"1200\" height=\"900\" src=\"https:\/\/www.paisajesverticales.com\/WP\/wp-content\/uploads\/20151111-DJI_0027-WEB.jpg\" data-orig-src=\"https:\/\/www.paisajesverticales.com\/WP\/wp-content\/uploads\/20151111-DJI_0027-WEB.jpg\" alt=\"Paisajes Verticales \u2013 Fotograf\u00eda a\u00e9rea \u2013 PROMOCI\u00d3N TUR\u00cdSTICA (Hotel en S&#039;Agar\u00f3)\" class=\"lazyload wp-image-1920\" role=\"presentation\" srcset=\"data:image\/svg+xml,%3Csvg%20xmlns%3D%27http%3A%2F%2Fwww.w3.org%2F2000%2Fsvg%27%20width%3D%271200%27%20height%3D%27900%27%20viewBox%3D%270%200%201200%20900%27%3E%3Crect%20width%3D%271200%27%20height%3D%27900%27%20fill-opacity%3D%220%22%2F%3E%3C%2Fsvg%3E\" data-srcset=\"https:\/\/www.paisajesverticales.com\/WP\/wp-content\/uploads\/20151111-DJI_0027-WEB-200x150.jpg 200w, https:\/\/www.paisajesverticales.com\/WP\/wp-content\/uploads\/20151111-DJI_0027-WEB-400x300.jpg 400w, https:\/\/www.paisajesverticales.com\/WP\/wp-content\/uploads\/20151111-DJI_0027-WEB-600x450.jpg 600w, https:\/\/www.paisajesverticales.com\/WP\/wp-content\/uploads\/20151111-DJI_0027-WEB-800x600.jpg 800w, https:\/\/www.paisajesverticales.com\/WP\/wp-content\/uploads\/20151111-DJI_0027-WEB.jpg 1200w\" data-sizes=\"auto\" data-orig-sizes=\"(min-width: 2200px) 100vw, (min-width: 704px) 377px, (min-width: 672px) 565px, (min-width: 640px) 672px, \" \/>\t\t\t\t\t\t\t\t<\/a>\n\t\t\t\t\t\t\t\t<a style=\"display:none;\" href=\"https:\/\/www.paisajesverticales.com\/WP\/wp-content\/uploads\/20151111-DJI_0027-WEB.jpg\" data-rel=\"iLightbox[gallery2274]\"  title=\"Paisajes Verticales \u2013 Fotograf\u00eda a\u00e9rea \u2013 PROMOCI\u00d3N TUR\u00cdSTICA (Hotel en S&#039;Agar\u00f3)\" data-title=\"Paisajes Verticales \u2013 Fotograf\u00eda a\u00e9rea \u2013 PROMOCI\u00d3N TUR\u00cdSTICA (Hotel en S&#8217;Agar\u00f3)\" data-caption=\"Paisajes Verticales \u2013 Fotograf\u00eda a\u00e9rea \u2013 PROMOCI\u00d3N TUR\u00cdSTICA (Hotel en S&#039;Agar\u00f3)\">\n\t\t\t\t\t\t\t\t\t\t\t\t\t\t\t\t\t\t\t<img style=\"display:none;\" alt=\"Paisajes Verticales \u2013 Fotograf\u00eda a\u00e9rea \u2013 PROMOCI\u00d3N TUR\u00cdSTICA (Hotel en S&#039;Agar\u00f3)\" role=\"presentation\" \/>\n\t\t\t\t\t\t\t\t\t\t\t\t\t\t\t\t\t<\/a>\n\t\t\t\t\t\t\t<\/div>\n\t\t\t\t\t\t<\/li>\n\t\t\t\t\t\t\t\t\t\t\t\t\t\t\t\t\t\t\t\t\t<\/ul>\n\t<\/div>\n\t<div class=\"fusion-post-content-wrapper\" style=\"padding:14px 14px 6px 16px;\"><div class=\"fusion-post-content post-content\"><h2 class=\"blog-shortcode-post-title\"><a href=\"https:\/\/www.paisajesverticales.com\/es\/fotografia-aerea-con-drones\/reportaje-aereo-sagaro-y-sa-conca\/\">Reportajes fotogr\u00e1ficos a\u00e9reos en S&#8217;Agar\u00f3 y Sa Conca<\/a><\/h2><p class=\"fusion-single-line-meta\"><span class=\"updated\" style=\"display:none;\">2020-07-13T12:08:49+02:00<\/span><span>11 noviembre 2015<\/span><span class=\"fusion-inline-sep\">|<\/span><\/p><div class=\"fusion-content-sep sep-single sep-dashed\"><\/div><div class=\"fusion-post-content-container\">\n<p>Reportajes fotogr\u00e1ficos a\u00e9reos de las playas y urbanizaciones de S\u2019Agar\u00f3 y Sa Conca (Costa Brava) para la empresa inmobiliaria <a href=\"https:\/\/www.paisajesverticales.com\/es\/fotografia-aerea-con-drones\/reportaje-aereo-sagaro-y-sa-conca\/\">\u2026<\/a><\/p>\n<\/div><\/div><div class=\"fusion-meta-info\"><div class=\"fusion-alignleft\"><a class=\"fusion-read-more\" href=\"https:\/\/www.paisajesverticales.com\/es\/fotografia-aerea-con-drones\/reportaje-aereo-sagaro-y-sa-conca\/\" aria-label=\"More on Reportajes fotogr\u00e1ficos a\u00e9reos en S&#8217;Agar\u00f3 y Sa Conca\">Read More<\/a><\/div><\/div><\/div><div class=\"fusion-clearfix\"><\/div><\/div>\n<\/article>\n<article id=\"blog-1-post-2450\" class=\"fusion-post-grid post-2450 post type-post status-publish format-standard has-post-thumbnail category-fotografia-aerea-con-drones tag-arquitectura-es tag-costa-brava-es tag-fotografia-aerea tag-fotografias-con-drones-es tag-inmobiliaria tag-observacion-con-drones tag-patrimonio tag-provincia-de-girona tag-turismo tag-video-aereo tag-videos-drones\">\n<div class=\"fusion-post-wrapper\" style=\"background-color:rgba(255,235,59,0.03);border:1px solid #009eba;border-bottom-width:3px;\">\n\n\t\t\t<div class=\"fusion-flexslider flexslider fusion-flexslider-loading fusion-post-slideshow\" style=\"border-color:#009eba;\">\n\t\t<ul class=\"slides\">\n\t\t\t\n\t\t\t\t\t\t\t\t\t\t\t\t\t\t<li><div  class=\"fusion-image-wrapper\" aria-haspopup=\"true\">\n\t\t\t\t<img decoding=\"async\" width=\"1200\" height=\"900\" src=\"https:\/\/www.paisajesverticales.com\/WP\/wp-content\/uploads\/20151009-DJI_0071-WEB.jpg\" class=\"attachment-full size-full lazyload wp-post-image\" alt=\"Paisajes Verticales - Fotograf\u00eda a\u00e9rea - INMOBILIARIA\" srcset=\"data:image\/svg+xml,%3Csvg%20xmlns%3D%27http%3A%2F%2Fwww.w3.org%2F2000%2Fsvg%27%20width%3D%271200%27%20height%3D%27900%27%20viewBox%3D%270%200%201200%20900%27%3E%3Crect%20width%3D%271200%27%20height%3D%27900%27%20fill-opacity%3D%220%22%2F%3E%3C%2Fsvg%3E\" data-orig-src=\"https:\/\/www.paisajesverticales.com\/WP\/wp-content\/uploads\/20151009-DJI_0071-WEB.jpg\" data-srcset=\"https:\/\/www.paisajesverticales.com\/WP\/wp-content\/uploads\/20151009-DJI_0071-WEB-200x150.jpg 200w, https:\/\/www.paisajesverticales.com\/WP\/wp-content\/uploads\/20151009-DJI_0071-WEB-400x300.jpg 400w, https:\/\/www.paisajesverticales.com\/WP\/wp-content\/uploads\/20151009-DJI_0071-WEB-600x450.jpg 600w, https:\/\/www.paisajesverticales.com\/WP\/wp-content\/uploads\/20151009-DJI_0071-WEB-800x600.jpg 800w, https:\/\/www.paisajesverticales.com\/WP\/wp-content\/uploads\/20151009-DJI_0071-WEB.jpg 1200w\" data-sizes=\"auto\" \/><div class=\"fusion-rollover\">\n\t<div class=\"fusion-rollover-content\">\n\n\t\t\t\t\t\t\t\t\t\t\n\t\t\t\t\t\t\t\t\t\t\t\t\t\t\n\t\t\t\t\t\t\t\t\n\t\t\t\t\t\t\t\t\n\t\t\t\t\t\t\t\t\t\t\t\t\t\t\t\t\t\t<a class=\"fusion-rollover-gallery\" href=\"https:\/\/www.paisajesverticales.com\/WP\/wp-content\/uploads\/20151009-DJI_0071-WEB.jpg\" data-options=\"\" data-id=\"2450\" data-rel=\"iLightbox[gallery2450]\" data-title=\"Paisajes Verticales - Fotograf\u00eda a\u00e9rea - INMOBILIARIA\" data-caption=\"Paisajes Verticales - Fotograf\u00eda a\u00e9rea - INMOBILIARIA\">\n\t\t\t\t\t\tGaler\u00eda\t\t\t\t\t<\/a>\n\t\t\t\t\t<div class=\"fusion-portfolio-gallery-hidden\"><a href=\"https:\/\/www.paisajesverticales.com\/WP\/wp-content\/uploads\/20160324-DJI_0057-WEB.jpg\" data-rel=\"iLightbox[gallery2450]\" title=\"Paisajes Verticales \u2013 Fotograf\u00eda a\u00e9rea \u2013 INMOBILIARIA (Empuriabrava)\" data-title=\"Paisajes Verticales \u2013 Fotograf\u00eda a\u00e9rea \u2013 INMOBILIARIA (Empuriabrava)\" data-caption=\"Paisajes Verticales \u2013 Fotograf\u00eda a\u00e9rea \u2013 INMOBILIARIA (Empuriabrava)\"><\/a><a href=\"https:\/\/www.paisajesverticales.com\/WP\/wp-content\/uploads\/20161209-DJI_0020-WEB.jpg\" data-rel=\"iLightbox[gallery2450]\" title=\"Paisajes Verticales \u2013 Fotograf\u00eda a\u00e9rea \u2013 INMOBILIARIA\" data-title=\"Paisajes Verticales \u2013 Fotograf\u00eda a\u00e9rea \u2013 INMOBILIARIA\" data-caption=\"Paisajes Verticales \u2013 Fotograf\u00eda a\u00e9rea \u2013 INMOBILIARIA\"><\/a><\/div>\t\t\t\t\t\t\t\t\t\n\t\t\n\t\t\t\t\t\t\t\t\n\t\t\t\t\t\t\t\t\n\t\t\n\t\t\t\t\t\t<a class=\"fusion-link-wrapper\" href=\"https:\/\/www.paisajesverticales.com\/es\/fotografia-aerea-con-drones\/fotografia-inmobiliaria-interhome\/\" aria-label=\"Fotograf\u00eda inmobiliaria para Interhome\"><\/a>\n\t<\/div>\n<\/div>\n<\/div>\n<\/li>\n\t\t\t\n\t\t\t\n\t\t\t\t\t\t\t\t\t\t\t\n\t\t\t\t\t\n\t\t\t\t\t\t\t\t\t\t\t<li>\n\t\t\t\t\t\t\t<div class=\"fusion-image-wrapper\">\n\t\t\t\t\t\t\t\t<a href=\"https:\/\/www.paisajesverticales.com\/es\/fotografia-aerea-con-drones\/fotografia-inmobiliaria-interhome\/\" aria-label=\"Fotograf\u00eda inmobiliaria para Interhome\">\n\t\t\t\t\t\t\t\t\t<img decoding=\"async\" width=\"1200\" height=\"900\" src=\"https:\/\/www.paisajesverticales.com\/WP\/wp-content\/uploads\/20160324-DJI_0057-WEB.jpg\" data-orig-src=\"https:\/\/www.paisajesverticales.com\/WP\/wp-content\/uploads\/20160324-DJI_0057-WEB.jpg\" alt=\"Paisajes Verticales \u2013 Fotograf\u00eda a\u00e9rea \u2013 INMOBILIARIA (Empuriabrava)\" class=\"lazyload wp-image-1986\" role=\"presentation\" srcset=\"data:image\/svg+xml,%3Csvg%20xmlns%3D%27http%3A%2F%2Fwww.w3.org%2F2000%2Fsvg%27%20width%3D%271200%27%20height%3D%27900%27%20viewBox%3D%270%200%201200%20900%27%3E%3Crect%20width%3D%271200%27%20height%3D%27900%27%20fill-opacity%3D%220%22%2F%3E%3C%2Fsvg%3E\" data-srcset=\"https:\/\/www.paisajesverticales.com\/WP\/wp-content\/uploads\/20160324-DJI_0057-WEB-200x150.jpg 200w, https:\/\/www.paisajesverticales.com\/WP\/wp-content\/uploads\/20160324-DJI_0057-WEB-400x300.jpg 400w, https:\/\/www.paisajesverticales.com\/WP\/wp-content\/uploads\/20160324-DJI_0057-WEB-600x450.jpg 600w, https:\/\/www.paisajesverticales.com\/WP\/wp-content\/uploads\/20160324-DJI_0057-WEB-800x600.jpg 800w, https:\/\/www.paisajesverticales.com\/WP\/wp-content\/uploads\/20160324-DJI_0057-WEB.jpg 1200w\" data-sizes=\"auto\" data-orig-sizes=\"(min-width: 2200px) 100vw, (min-width: 704px) 377px, (min-width: 672px) 565px, (min-width: 640px) 672px, \" \/>\t\t\t\t\t\t\t\t<\/a>\n\t\t\t\t\t\t\t\t<a style=\"display:none;\" href=\"https:\/\/www.paisajesverticales.com\/WP\/wp-content\/uploads\/20160324-DJI_0057-WEB.jpg\" data-rel=\"iLightbox[gallery2450]\"  title=\"Paisajes Verticales \u2013 Fotograf\u00eda a\u00e9rea \u2013 INMOBILIARIA (Empuriabrava)\" data-title=\"Paisajes Verticales \u2013 Fotograf\u00eda a\u00e9rea \u2013 INMOBILIARIA (Empuriabrava)\" data-caption=\"Paisajes Verticales \u2013 Fotograf\u00eda a\u00e9rea \u2013 INMOBILIARIA (Empuriabrava)\">\n\t\t\t\t\t\t\t\t\t\t\t\t\t\t\t\t\t\t\t<img style=\"display:none;\" alt=\"Paisajes Verticales \u2013 Fotograf\u00eda a\u00e9rea \u2013 INMOBILIARIA (Empuriabrava)\" role=\"presentation\" \/>\n\t\t\t\t\t\t\t\t\t\t\t\t\t\t\t\t\t<\/a>\n\t\t\t\t\t\t\t<\/div>\n\t\t\t\t\t\t<\/li>\n\t\t\t\t\t\t\t\t\t\t\t\t\t\t\t\t\t\t\t\t\t\t\t\t\n\t\t\t\t\t\n\t\t\t\t\t\t\t\t\t\t\t<li>\n\t\t\t\t\t\t\t<div class=\"fusion-image-wrapper\">\n\t\t\t\t\t\t\t\t<a href=\"https:\/\/www.paisajesverticales.com\/es\/fotografia-aerea-con-drones\/fotografia-inmobiliaria-interhome\/\" aria-label=\"Fotograf\u00eda inmobiliaria para Interhome\">\n\t\t\t\t\t\t\t\t\t<img decoding=\"async\" width=\"1200\" height=\"900\" src=\"https:\/\/www.paisajesverticales.com\/WP\/wp-content\/uploads\/20161209-DJI_0020-WEB.jpg\" data-orig-src=\"https:\/\/www.paisajesverticales.com\/WP\/wp-content\/uploads\/20161209-DJI_0020-WEB.jpg\" alt=\"Paisajes Verticales \u2013 Fotograf\u00eda a\u00e9rea \u2013 INMOBILIARIA\" class=\"lazyload wp-image-1733\" role=\"presentation\" srcset=\"data:image\/svg+xml,%3Csvg%20xmlns%3D%27http%3A%2F%2Fwww.w3.org%2F2000%2Fsvg%27%20width%3D%271200%27%20height%3D%27900%27%20viewBox%3D%270%200%201200%20900%27%3E%3Crect%20width%3D%271200%27%20height%3D%27900%27%20fill-opacity%3D%220%22%2F%3E%3C%2Fsvg%3E\" data-srcset=\"https:\/\/www.paisajesverticales.com\/WP\/wp-content\/uploads\/20161209-DJI_0020-WEB-200x150.jpg 200w, https:\/\/www.paisajesverticales.com\/WP\/wp-content\/uploads\/20161209-DJI_0020-WEB-400x300.jpg 400w, https:\/\/www.paisajesverticales.com\/WP\/wp-content\/uploads\/20161209-DJI_0020-WEB-600x450.jpg 600w, https:\/\/www.paisajesverticales.com\/WP\/wp-content\/uploads\/20161209-DJI_0020-WEB-800x600.jpg 800w, https:\/\/www.paisajesverticales.com\/WP\/wp-content\/uploads\/20161209-DJI_0020-WEB.jpg 1200w\" data-sizes=\"auto\" data-orig-sizes=\"(min-width: 2200px) 100vw, (min-width: 704px) 377px, (min-width: 672px) 565px, (min-width: 640px) 672px, \" \/>\t\t\t\t\t\t\t\t<\/a>\n\t\t\t\t\t\t\t\t<a style=\"display:none;\" href=\"https:\/\/www.paisajesverticales.com\/WP\/wp-content\/uploads\/20161209-DJI_0020-WEB.jpg\" data-rel=\"iLightbox[gallery2450]\"  title=\"Paisajes Verticales \u2013 Fotograf\u00eda a\u00e9rea \u2013 INMOBILIARIA\" data-title=\"Paisajes Verticales \u2013 Fotograf\u00eda a\u00e9rea \u2013 INMOBILIARIA\" data-caption=\"Paisajes Verticales \u2013 Fotograf\u00eda a\u00e9rea \u2013 INMOBILIARIA\">\n\t\t\t\t\t\t\t\t\t\t\t\t\t\t\t\t\t\t\t<img style=\"display:none;\" alt=\"Paisajes Verticales \u2013 Fotograf\u00eda a\u00e9rea \u2013 INMOBILIARIA\" role=\"presentation\" \/>\n\t\t\t\t\t\t\t\t\t\t\t\t\t\t\t\t\t<\/a>\n\t\t\t\t\t\t\t<\/div>\n\t\t\t\t\t\t<\/li>\n\t\t\t\t\t\t\t\t\t\t\t\t\t\t\t\t\t\t\t\t\t<\/ul>\n\t<\/div>\n\t<div class=\"fusion-post-content-wrapper\" style=\"padding:14px 14px 6px 16px;\"><div class=\"fusion-post-content post-content\"><h2 class=\"blog-shortcode-post-title\"><a href=\"https:\/\/www.paisajesverticales.com\/es\/fotografia-aerea-con-drones\/fotografia-inmobiliaria-interhome\/\">Fotograf\u00eda inmobiliaria para Interhome<\/a><\/h2><p class=\"fusion-single-line-meta\"><span class=\"updated\" style=\"display:none;\">2020-07-13T12:08:44+02:00<\/span><span>9 octubre 2015<\/span><span class=\"fusion-inline-sep\">|<\/span><\/p><div class=\"fusion-content-sep sep-single sep-dashed\"><\/div><div class=\"fusion-post-content-container\"><p>Fotograf\u00edas a\u00e9reas de diversas fincas en el Alt Empord\u00e0 para la multinacional inmobiliaria Interhome.    <\/p>\n<\/div><\/div><div class=\"fusion-meta-info\"><div class=\"fusion-alignleft\"><a class=\"fusion-read-more\" href=\"https:\/\/www.paisajesverticales.com\/es\/fotografia-aerea-con-drones\/fotografia-inmobiliaria-interhome\/\" aria-label=\"More on Fotograf\u00eda inmobiliaria para Interhome\">Read More<\/a><\/div><\/div><\/div><div class=\"fusion-clearfix\"><\/div><\/div>\n<\/article>\n<article id=\"blog-1-post-2271\" class=\"fusion-post-grid post-2271 post type-post status-publish format-standard has-post-thumbnail category-fotografia-aerea-con-drones tag-arquitectura-es tag-baix-emporda-es tag-calella-de-palafrugell-es tag-costa-brava-es tag-emporda-es tag-fotografia-aerea tag-fotografias-con-drones-es tag-girona-es tag-hotel-es tag-litoral-es tag-mediterraneo tag-paisaje tag-provincia-de-girona tag-restaurante-es tag-turismo tag-video-aereo tag-videos-drones\">\n<div class=\"fusion-post-wrapper\" style=\"background-color:rgba(255,235,59,0.03);border:1px solid #009eba;border-bottom-width:3px;\">\n\n\t\t\t<div class=\"fusion-flexslider flexslider fusion-flexslider-loading fusion-post-slideshow\" style=\"border-color:#009eba;\">\n\t\t<ul class=\"slides\">\n\t\t\t\n\t\t\t\t\t\t\t\t\t\t\t\t\t\t<li><div  class=\"fusion-image-wrapper\" aria-haspopup=\"true\">\n\t\t\t\t<img decoding=\"async\" width=\"1200\" height=\"900\" src=\"https:\/\/www.paisajesverticales.com\/WP\/wp-content\/uploads\/20150924-DJI_0029-WEB.jpg\" class=\"attachment-full size-full lazyload wp-post-image\" alt=\"Paisajes Verticales - Fotograf\u00eda a\u00e9rea - PROMOCI\u00d3N TUR\u00cdSTICA (Hotel en Calella de Palafrugell)\" srcset=\"data:image\/svg+xml,%3Csvg%20xmlns%3D%27http%3A%2F%2Fwww.w3.org%2F2000%2Fsvg%27%20width%3D%271200%27%20height%3D%27900%27%20viewBox%3D%270%200%201200%20900%27%3E%3Crect%20width%3D%271200%27%20height%3D%27900%27%20fill-opacity%3D%220%22%2F%3E%3C%2Fsvg%3E\" data-orig-src=\"https:\/\/www.paisajesverticales.com\/WP\/wp-content\/uploads\/20150924-DJI_0029-WEB.jpg\" data-srcset=\"https:\/\/www.paisajesverticales.com\/WP\/wp-content\/uploads\/20150924-DJI_0029-WEB-200x150.jpg 200w, https:\/\/www.paisajesverticales.com\/WP\/wp-content\/uploads\/20150924-DJI_0029-WEB-400x300.jpg 400w, https:\/\/www.paisajesverticales.com\/WP\/wp-content\/uploads\/20150924-DJI_0029-WEB-600x450.jpg 600w, https:\/\/www.paisajesverticales.com\/WP\/wp-content\/uploads\/20150924-DJI_0029-WEB-800x600.jpg 800w, https:\/\/www.paisajesverticales.com\/WP\/wp-content\/uploads\/20150924-DJI_0029-WEB.jpg 1200w\" data-sizes=\"auto\" \/><div class=\"fusion-rollover\">\n\t<div class=\"fusion-rollover-content\">\n\n\t\t\t\t\t\t\t\t\t\t\n\t\t\t\t\t\t\t\t\t\t\t\t\t\t\n\t\t\t\t\t\t\t\t\n\t\t\t\t\t\t\t\t\n\t\t\t\t\t\t\t\t\t\t\t\t\t\t\t\t\t\t<a class=\"fusion-rollover-gallery\" href=\"https:\/\/www.paisajesverticales.com\/WP\/wp-content\/uploads\/20150924-DJI_0029-WEB.jpg\" data-options=\"\" data-id=\"2271\" data-rel=\"iLightbox[gallery2271]\" data-title=\"Paisajes Verticales - Fotograf\u00eda a\u00e9rea - PROMOCI\u00d3N TUR\u00cdSTICA (Hotel en Calella de Palafrugell)\" data-caption=\"Paisajes Verticales - Fotograf\u00eda a\u00e9rea - PROMOCI\u00d3N TUR\u00cdSTICA (Hotel en Calella de Palafrugell)\">\n\t\t\t\t\t\tGaler\u00eda\t\t\t\t\t<\/a>\n\t\t\t\t\t<div class=\"fusion-portfolio-gallery-hidden\"><a href=\"https:\/\/www.paisajesverticales.com\/WP\/wp-content\/uploads\/20140524-DJI00036-WEB.jpg\" data-rel=\"iLightbox[gallery2271]\" title=\"Paisajes Verticales \u2013 Fotograf\u00eda a\u00e9rea \u2013 PROMOCI\u00d3N TUR\u00cdSTICA (Calella de Palafrugell)\" data-title=\"Paisajes Verticales \u2013 Fotograf\u00eda a\u00e9rea \u2013 PROMOCI\u00d3N TUR\u00cdSTICA (Calella de Palafrugell)\" data-caption=\"Paisajes Verticales \u2013 Fotograf\u00eda a\u00e9rea \u2013 PROMOCI\u00d3N TUR\u00cdSTICA (Calella de Palafrugell)\"><\/a><a href=\"https:\/\/www.paisajesverticales.com\/WP\/wp-content\/uploads\/20150924-DJI_0033-WEB.jpg\" data-rel=\"iLightbox[gallery2271]\" title=\"Paisajes Verticales - Fotograf\u00eda a\u00e9rea - PROMOCI\u00d3N TUR\u00cdSTICA (Hotel en Calella de Palafrugell)\" data-title=\"Paisajes Verticales - Fotograf\u00eda a\u00e9rea - PROMOCI\u00d3N TUR\u00cdSTICA (Hotel en Calella de Palafrugell)\" data-caption=\"Paisajes Verticales - Fotograf\u00eda a\u00e9rea - PROMOCI\u00d3N TUR\u00cdSTICA (Hotel en Calella de Palafrugell)\"><\/a><\/div>\t\t\t\t\t\t\t\t\t\n\t\t\n\t\t\t\t\t\t\t\t\n\t\t\t\t\t\t\t\t\n\t\t\n\t\t\t\t\t\t<a class=\"fusion-link-wrapper\" href=\"https:\/\/www.paisajesverticales.com\/es\/fotografia-aerea-con-drones\/hotel-torre-de-calella-de-palafrugell\/\" aria-label=\"Hotel La Torre de Calella de Palafrugell a vista de p\u00e1jaro\"><\/a>\n\t<\/div>\n<\/div>\n<\/div>\n<\/li>\n\t\t\t\n\t\t\t\n\t\t\t\t\t\t\t\t\t\t\t\n\t\t\t\t\t\n\t\t\t\t\t\t\t\t\t\t\t<li>\n\t\t\t\t\t\t\t<div class=\"fusion-image-wrapper\">\n\t\t\t\t\t\t\t\t<a href=\"https:\/\/www.paisajesverticales.com\/es\/fotografia-aerea-con-drones\/hotel-torre-de-calella-de-palafrugell\/\" aria-label=\"Hotel La Torre de Calella de Palafrugell a vista de p\u00e1jaro\">\n\t\t\t\t\t\t\t\t\t<img decoding=\"async\" width=\"1200\" height=\"900\" src=\"https:\/\/www.paisajesverticales.com\/WP\/wp-content\/uploads\/20140524-DJI00036-WEB.jpg\" data-orig-src=\"https:\/\/www.paisajesverticales.com\/WP\/wp-content\/uploads\/20140524-DJI00036-WEB.jpg\" alt=\"Paisajes Verticales \u2013 Fotograf\u00eda a\u00e9rea \u2013 PROMOCI\u00d3N TUR\u00cdSTICA (Calella de Palafrugell)\" class=\"lazyload wp-image-1996\" role=\"presentation\" srcset=\"data:image\/svg+xml,%3Csvg%20xmlns%3D%27http%3A%2F%2Fwww.w3.org%2F2000%2Fsvg%27%20width%3D%271200%27%20height%3D%27900%27%20viewBox%3D%270%200%201200%20900%27%3E%3Crect%20width%3D%271200%27%20height%3D%27900%27%20fill-opacity%3D%220%22%2F%3E%3C%2Fsvg%3E\" data-srcset=\"https:\/\/www.paisajesverticales.com\/WP\/wp-content\/uploads\/20140524-DJI00036-WEB-200x150.jpg 200w, https:\/\/www.paisajesverticales.com\/WP\/wp-content\/uploads\/20140524-DJI00036-WEB-400x300.jpg 400w, https:\/\/www.paisajesverticales.com\/WP\/wp-content\/uploads\/20140524-DJI00036-WEB-600x450.jpg 600w, https:\/\/www.paisajesverticales.com\/WP\/wp-content\/uploads\/20140524-DJI00036-WEB-800x600.jpg 800w, https:\/\/www.paisajesverticales.com\/WP\/wp-content\/uploads\/20140524-DJI00036-WEB.jpg 1200w\" data-sizes=\"auto\" data-orig-sizes=\"(min-width: 2200px) 100vw, (min-width: 704px) 377px, (min-width: 672px) 565px, (min-width: 640px) 672px, \" \/>\t\t\t\t\t\t\t\t<\/a>\n\t\t\t\t\t\t\t\t<a style=\"display:none;\" href=\"https:\/\/www.paisajesverticales.com\/WP\/wp-content\/uploads\/20140524-DJI00036-WEB.jpg\" data-rel=\"iLightbox[gallery2271]\"  title=\"Paisajes Verticales \u2013 Fotograf\u00eda a\u00e9rea \u2013 PROMOCI\u00d3N TUR\u00cdSTICA (Calella de Palafrugell)\" data-title=\"Paisajes Verticales \u2013 Fotograf\u00eda a\u00e9rea \u2013 PROMOCI\u00d3N TUR\u00cdSTICA (Calella de Palafrugell)\" data-caption=\"Paisajes Verticales \u2013 Fotograf\u00eda a\u00e9rea \u2013 PROMOCI\u00d3N TUR\u00cdSTICA (Calella de Palafrugell)\">\n\t\t\t\t\t\t\t\t\t\t\t\t\t\t\t\t\t\t\t<img style=\"display:none;\" alt=\"Paisajes Verticales \u2013 Fotograf\u00eda a\u00e9rea \u2013 PROMOCI\u00d3N TUR\u00cdSTICA (Calella de Palafrugell)\" role=\"presentation\" \/>\n\t\t\t\t\t\t\t\t\t\t\t\t\t\t\t\t\t<\/a>\n\t\t\t\t\t\t\t<\/div>\n\t\t\t\t\t\t<\/li>\n\t\t\t\t\t\t\t\t\t\t\t\t\t\t\t\t\t\t\t\t\t\t\t\t\n\t\t\t\t\t\n\t\t\t\t\t\t\t\t\t\t\t<li>\n\t\t\t\t\t\t\t<div class=\"fusion-image-wrapper\">\n\t\t\t\t\t\t\t\t<a href=\"https:\/\/www.paisajesverticales.com\/es\/fotografia-aerea-con-drones\/hotel-torre-de-calella-de-palafrugell\/\" aria-label=\"Hotel La Torre de Calella de Palafrugell a vista de p\u00e1jaro\">\n\t\t\t\t\t\t\t\t\t<img decoding=\"async\" width=\"1200\" height=\"900\" src=\"https:\/\/www.paisajesverticales.com\/WP\/wp-content\/uploads\/20150924-DJI_0033-WEB.jpg\" data-orig-src=\"https:\/\/www.paisajesverticales.com\/WP\/wp-content\/uploads\/20150924-DJI_0033-WEB.jpg\" alt=\"Paisajes Verticales - Fotograf\u00eda a\u00e9rea - PROMOCI\u00d3N TUR\u00cdSTICA (Hotel en Calella de Palafrugell)\" class=\"lazyload wp-image-1253\" role=\"presentation\" srcset=\"data:image\/svg+xml,%3Csvg%20xmlns%3D%27http%3A%2F%2Fwww.w3.org%2F2000%2Fsvg%27%20width%3D%271200%27%20height%3D%27900%27%20viewBox%3D%270%200%201200%20900%27%3E%3Crect%20width%3D%271200%27%20height%3D%27900%27%20fill-opacity%3D%220%22%2F%3E%3C%2Fsvg%3E\" data-srcset=\"https:\/\/www.paisajesverticales.com\/WP\/wp-content\/uploads\/20150924-DJI_0033-WEB-200x150.jpg 200w, https:\/\/www.paisajesverticales.com\/WP\/wp-content\/uploads\/20150924-DJI_0033-WEB-400x300.jpg 400w, https:\/\/www.paisajesverticales.com\/WP\/wp-content\/uploads\/20150924-DJI_0033-WEB-600x450.jpg 600w, https:\/\/www.paisajesverticales.com\/WP\/wp-content\/uploads\/20150924-DJI_0033-WEB-800x600.jpg 800w, https:\/\/www.paisajesverticales.com\/WP\/wp-content\/uploads\/20150924-DJI_0033-WEB.jpg 1200w\" data-sizes=\"auto\" data-orig-sizes=\"(min-width: 2200px) 100vw, (min-width: 704px) 377px, (min-width: 672px) 565px, (min-width: 640px) 672px, \" \/>\t\t\t\t\t\t\t\t<\/a>\n\t\t\t\t\t\t\t\t<a style=\"display:none;\" href=\"https:\/\/www.paisajesverticales.com\/WP\/wp-content\/uploads\/20150924-DJI_0033-WEB.jpg\" data-rel=\"iLightbox[gallery2271]\"  title=\"Paisajes Verticales - Fotograf\u00eda a\u00e9rea - PROMOCI\u00d3N TUR\u00cdSTICA (Hotel en Calella de Palafrugell)\" data-title=\"Paisajes Verticales &#8211; Fotograf\u00eda a\u00e9rea &#8211; PROMOCI\u00d3N TUR\u00cdSTICA (Hotel en Calella de Palafrugell)\" data-caption=\"Paisajes Verticales - Fotograf\u00eda a\u00e9rea - PROMOCI\u00d3N TUR\u00cdSTICA (Hotel en Calella de Palafrugell)\">\n\t\t\t\t\t\t\t\t\t\t\t\t\t\t\t\t\t\t\t<img style=\"display:none;\" alt=\"Paisajes Verticales - Fotograf\u00eda a\u00e9rea - PROMOCI\u00d3N TUR\u00cdSTICA (Hotel en Calella de Palafrugell)\" role=\"presentation\" \/>\n\t\t\t\t\t\t\t\t\t\t\t\t\t\t\t\t\t<\/a>\n\t\t\t\t\t\t\t<\/div>\n\t\t\t\t\t\t<\/li>\n\t\t\t\t\t\t\t\t\t\t\t\t\t\t\t\t\t\t\t\t\t<\/ul>\n\t<\/div>\n\t<div class=\"fusion-post-content-wrapper\" style=\"padding:14px 14px 6px 16px;\"><div class=\"fusion-post-content post-content\"><h2 class=\"blog-shortcode-post-title\"><a href=\"https:\/\/www.paisajesverticales.com\/es\/fotografia-aerea-con-drones\/hotel-torre-de-calella-de-palafrugell\/\">Hotel La Torre de Calella de Palafrugell a vista de p\u00e1jaro<\/a><\/h2><p class=\"fusion-single-line-meta\"><span class=\"updated\" style=\"display:none;\">2020-07-13T12:08:43+02:00<\/span><span>24 septiembre 2015<\/span><span class=\"fusion-inline-sep\">|<\/span><\/p><div class=\"fusion-content-sep sep-single sep-dashed\"><\/div><div class=\"fusion-post-content-container\">\n<p>Fotograf\u00edas a\u00e9reas con dron del Hotel La Torre y su entorno, en Calella de Palafrugell (Costa Brava), para <a href=\"https:\/\/www.latorre.cat\/es\">\u2026<\/a><\/p>\n<\/div><\/div><div class=\"fusion-meta-info\"><div class=\"fusion-alignleft\"><a class=\"fusion-read-more\" href=\"https:\/\/www.paisajesverticales.com\/es\/fotografia-aerea-con-drones\/hotel-torre-de-calella-de-palafrugell\/\" aria-label=\"More on Hotel La Torre de Calella de Palafrugell a vista de p\u00e1jaro\">Read More<\/a><\/div><\/div><\/div><div class=\"fusion-clearfix\"><\/div><\/div>\n<\/article>\n<article id=\"blog-1-post-2272\" class=\"fusion-post-grid post-2272 post type-post status-publish format-standard has-post-thumbnail category-fotografia-aerea-con-drones tag-arquitectura-es tag-fotografia-aerea tag-fotografias-con-drones-es tag-girona-es tag-la-selva-es tag-montsoriu-es tag-patrimonio tag-provincia-de-girona\">\n<div class=\"fusion-post-wrapper\" style=\"background-color:rgba(255,235,59,0.03);border:1px solid #009eba;border-bottom-width:3px;\">\n\n\t\t\t<div class=\"fusion-flexslider flexslider fusion-flexslider-loading fusion-post-slideshow\" style=\"border-color:#009eba;\">\n\t\t<ul class=\"slides\">\n\t\t\t\n\t\t\t\t\t\t\t\t\t\t\t\t\t\t<li><div  class=\"fusion-image-wrapper\" aria-haspopup=\"true\">\n\t\t\t\t<img decoding=\"async\" width=\"1200\" height=\"900\" src=\"https:\/\/www.paisajesverticales.com\/WP\/wp-content\/uploads\/20140925-DJI00084-WEB.jpg\" class=\"attachment-full size-full lazyload wp-post-image\" alt=\"Paisajes Verticales - Fotograf\u00eda a\u00e9rea - PATRIMONIO HIST\u00d3RICO (Castell de Montsoriu)\" srcset=\"data:image\/svg+xml,%3Csvg%20xmlns%3D%27http%3A%2F%2Fwww.w3.org%2F2000%2Fsvg%27%20width%3D%271200%27%20height%3D%27900%27%20viewBox%3D%270%200%201200%20900%27%3E%3Crect%20width%3D%271200%27%20height%3D%27900%27%20fill-opacity%3D%220%22%2F%3E%3C%2Fsvg%3E\" data-orig-src=\"https:\/\/www.paisajesverticales.com\/WP\/wp-content\/uploads\/20140925-DJI00084-WEB.jpg\" data-srcset=\"https:\/\/www.paisajesverticales.com\/WP\/wp-content\/uploads\/20140925-DJI00084-WEB-200x150.jpg 200w, https:\/\/www.paisajesverticales.com\/WP\/wp-content\/uploads\/20140925-DJI00084-WEB-400x300.jpg 400w, https:\/\/www.paisajesverticales.com\/WP\/wp-content\/uploads\/20140925-DJI00084-WEB-600x450.jpg 600w, https:\/\/www.paisajesverticales.com\/WP\/wp-content\/uploads\/20140925-DJI00084-WEB-800x600.jpg 800w, https:\/\/www.paisajesverticales.com\/WP\/wp-content\/uploads\/20140925-DJI00084-WEB.jpg 1200w\" data-sizes=\"auto\" \/><div class=\"fusion-rollover\">\n\t<div class=\"fusion-rollover-content\">\n\n\t\t\t\t\t\t\t\t\t\t\n\t\t\t\t\t\t\t\t\t\t\t\t\t\t\n\t\t\t\t\t\t\t\t\n\t\t\t\t\t\t\t\t\n\t\t\t\t\t\t\t\t\t\t\t\t\t\t\t\t\t\t<a class=\"fusion-rollover-gallery\" href=\"https:\/\/www.paisajesverticales.com\/WP\/wp-content\/uploads\/20140925-DJI00084-WEB.jpg\" data-options=\"\" data-id=\"2272\" data-rel=\"iLightbox[gallery2272]\" data-title=\"Paisajes Verticales - Fotograf\u00eda a\u00e9rea - PATRIMONIO HIST\u00d3RICO (Castell de Montsoriu)\" data-caption=\"Paisajes Verticales - Fotograf\u00eda a\u00e9rea - PATRIMONIO HIST\u00d3RICO (Castell de Montsoriu)\">\n\t\t\t\t\t\tGaler\u00eda\t\t\t\t\t<\/a>\n\t\t\t\t\t<div class=\"fusion-portfolio-gallery-hidden\"><a href=\"https:\/\/www.paisajesverticales.com\/WP\/wp-content\/uploads\/20140925-DJI00058-WEB.jpg\" data-rel=\"iLightbox[gallery2272]\" title=\"Paisajes Verticales - Fotograf\u00eda a\u00e9rea - PATRIMONIO HIST\u00d3RICO (Castell de Montsoriu)\" data-title=\"Paisajes Verticales - Fotograf\u00eda a\u00e9rea - PATRIMONIO HIST\u00d3RICO (Castell de Montsoriu)\" data-caption=\"Paisajes Verticales - Fotograf\u00eda a\u00e9rea - PATRIMONIO HIST\u00d3RICO (Castell de Montsoriu)\"><\/a><\/div>\t\t\t\t\t\t\t\t\t\n\t\t\n\t\t\t\t\t\t\t\t\n\t\t\t\t\t\t\t\t\n\t\t\n\t\t\t\t\t\t<a class=\"fusion-link-wrapper\" href=\"https:\/\/www.paisajesverticales.com\/es\/fotografia-aerea-con-drones\/fotografias-aereas-del-castillo-de-montsoriu\/\" aria-label=\"Fotograf\u00edas a\u00e9reas del Castillo de Montsoriu\"><\/a>\n\t<\/div>\n<\/div>\n<\/div>\n<\/li>\n\t\t\t\n\t\t\t\n\t\t\t\t\t\t\t\t\t\t\t\n\t\t\t\t\t\n\t\t\t\t\t\t\t\t\t\t\t<li>\n\t\t\t\t\t\t\t<div class=\"fusion-image-wrapper\">\n\t\t\t\t\t\t\t\t<a href=\"https:\/\/www.paisajesverticales.com\/es\/fotografia-aerea-con-drones\/fotografias-aereas-del-castillo-de-montsoriu\/\" aria-label=\"Fotograf\u00edas a\u00e9reas del Castillo de Montsoriu\">\n\t\t\t\t\t\t\t\t\t<img decoding=\"async\" width=\"1200\" height=\"900\" src=\"https:\/\/www.paisajesverticales.com\/WP\/wp-content\/uploads\/20140925-DJI00058-WEB.jpg\" data-orig-src=\"https:\/\/www.paisajesverticales.com\/WP\/wp-content\/uploads\/20140925-DJI00058-WEB.jpg\" alt=\"Paisajes Verticales - Fotograf\u00eda a\u00e9rea - PATRIMONIO HIST\u00d3RICO (Castell de Montsoriu)\" class=\"lazyload wp-image-1849\" role=\"presentation\" srcset=\"data:image\/svg+xml,%3Csvg%20xmlns%3D%27http%3A%2F%2Fwww.w3.org%2F2000%2Fsvg%27%20width%3D%271200%27%20height%3D%27900%27%20viewBox%3D%270%200%201200%20900%27%3E%3Crect%20width%3D%271200%27%20height%3D%27900%27%20fill-opacity%3D%220%22%2F%3E%3C%2Fsvg%3E\" data-srcset=\"https:\/\/www.paisajesverticales.com\/WP\/wp-content\/uploads\/20140925-DJI00058-WEB-200x150.jpg 200w, https:\/\/www.paisajesverticales.com\/WP\/wp-content\/uploads\/20140925-DJI00058-WEB-400x300.jpg 400w, https:\/\/www.paisajesverticales.com\/WP\/wp-content\/uploads\/20140925-DJI00058-WEB-600x450.jpg 600w, https:\/\/www.paisajesverticales.com\/WP\/wp-content\/uploads\/20140925-DJI00058-WEB-800x600.jpg 800w, https:\/\/www.paisajesverticales.com\/WP\/wp-content\/uploads\/20140925-DJI00058-WEB.jpg 1200w\" data-sizes=\"auto\" data-orig-sizes=\"(min-width: 2200px) 100vw, (min-width: 704px) 377px, (min-width: 672px) 565px, (min-width: 640px) 672px, \" \/>\t\t\t\t\t\t\t\t<\/a>\n\t\t\t\t\t\t\t\t<a style=\"display:none;\" href=\"https:\/\/www.paisajesverticales.com\/WP\/wp-content\/uploads\/20140925-DJI00058-WEB.jpg\" data-rel=\"iLightbox[gallery2272]\"  title=\"Paisajes Verticales - Fotograf\u00eda a\u00e9rea - PATRIMONIO HIST\u00d3RICO (Castell de Montsoriu)\" data-title=\"Paisajes Verticales &#8211; Fotograf\u00eda a\u00e9rea &#8211; PATRIMONIO HIST\u00d3RICO (Castell de Montsoriu)\" data-caption=\"Paisajes Verticales - Fotograf\u00eda a\u00e9rea - PATRIMONIO HIST\u00d3RICO (Castell de Montsoriu)\">\n\t\t\t\t\t\t\t\t\t\t\t\t\t\t\t\t\t\t\t<img style=\"display:none;\" alt=\"Paisajes Verticales - Fotograf\u00eda a\u00e9rea - PATRIMONIO HIST\u00d3RICO (Castell de Montsoriu)\" role=\"presentation\" \/>\n\t\t\t\t\t\t\t\t\t\t\t\t\t\t\t\t\t<\/a>\n\t\t\t\t\t\t\t<\/div>\n\t\t\t\t\t\t<\/li>\n\t\t\t\t\t\t\t\t\t\t\t\t\t\t\t\t\t\t\t\t\t\t\t\t\t\t\t\t\t\t\t\t\t\t\t\t<\/ul>\n\t<\/div>\n\t<div class=\"fusion-post-content-wrapper\" style=\"padding:14px 14px 6px 16px;\"><div class=\"fusion-post-content post-content\"><h2 class=\"blog-shortcode-post-title\"><a href=\"https:\/\/www.paisajesverticales.com\/es\/fotografia-aerea-con-drones\/fotografias-aereas-del-castillo-de-montsoriu\/\">Fotograf\u00edas a\u00e9reas del Castillo de Montsoriu<\/a><\/h2><p class=\"fusion-single-line-meta\"><span class=\"updated\" style=\"display:none;\">2020-07-13T12:08:48+02:00<\/span><span>25 septiembre 2014<\/span><span class=\"fusion-inline-sep\">|<\/span><\/p><div class=\"fusion-content-sep sep-single sep-dashed\"><\/div><div class=\"fusion-post-content-container\"><p>Fotograf\u00edas a\u00e9reas para seguimiento de las obras de restauraci\u00f3n y fondo documental del Castillo de Montsoriu, en el t\u00e9rmino de<a href=\"https:\/\/www.paisajesverticales.com\/es\/fotografia-aerea-con-drones\/fotografias-aereas-del-castillo-de-montsoriu\/\">\u2026<\/a><\/p>\n<\/div><\/div><div class=\"fusion-meta-info\"><div class=\"fusion-alignleft\"><a class=\"fusion-read-more\" href=\"https:\/\/www.paisajesverticales.com\/es\/fotografia-aerea-con-drones\/fotografias-aereas-del-castillo-de-montsoriu\/\" aria-label=\"More on Fotograf\u00edas a\u00e9reas del Castillo de Montsoriu\">Read More<\/a><\/div><\/div><\/div><div class=\"fusion-clearfix\"><\/div><\/div>\n<\/article>\n<article id=\"blog-1-post-2278\" class=\"fusion-post-grid post-2278 post type-post status-publish format-standard has-post-thumbnail category-fotografia-aerea-con-drones tag-arquitectura-es tag-fotografia-aerea tag-fotografias-con-drones-es tag-girona-es tag-inmobiliaria tag-la-selva-es tag-patrimonio tag-provincia-de-girona tag-video-aereo tag-videos-drones\">\n<div class=\"fusion-post-wrapper\" style=\"background-color:rgba(255,235,59,0.03);border:1px solid #009eba;border-bottom-width:3px;\">\n\n\t\t\t<div class=\"fusion-flexslider flexslider fusion-flexslider-loading fusion-post-slideshow\" style=\"border-color:#009eba;\">\n\t\t<ul class=\"slides\">\n\t\t\t\n\t\t\t\t\t\t\t\t\t\t\t\t\t\t<li><div  class=\"fusion-image-wrapper\" aria-haspopup=\"true\">\n\t\t\t\t<img decoding=\"async\" width=\"1200\" height=\"900\" src=\"https:\/\/www.paisajesverticales.com\/WP\/wp-content\/uploads\/20140901-DJI00038-WEB.jpg\" class=\"attachment-full size-full lazyload wp-post-image\" alt=\"Paisajes Verticales \u2013 Fotograf\u00eda a\u00e9rea \u2013 INMOBILIARIA\" srcset=\"data:image\/svg+xml,%3Csvg%20xmlns%3D%27http%3A%2F%2Fwww.w3.org%2F2000%2Fsvg%27%20width%3D%271200%27%20height%3D%27900%27%20viewBox%3D%270%200%201200%20900%27%3E%3Crect%20width%3D%271200%27%20height%3D%27900%27%20fill-opacity%3D%220%22%2F%3E%3C%2Fsvg%3E\" data-orig-src=\"https:\/\/www.paisajesverticales.com\/WP\/wp-content\/uploads\/20140901-DJI00038-WEB.jpg\" data-srcset=\"https:\/\/www.paisajesverticales.com\/WP\/wp-content\/uploads\/20140901-DJI00038-WEB-200x150.jpg 200w, https:\/\/www.paisajesverticales.com\/WP\/wp-content\/uploads\/20140901-DJI00038-WEB-400x300.jpg 400w, https:\/\/www.paisajesverticales.com\/WP\/wp-content\/uploads\/20140901-DJI00038-WEB-600x450.jpg 600w, https:\/\/www.paisajesverticales.com\/WP\/wp-content\/uploads\/20140901-DJI00038-WEB-800x600.jpg 800w, https:\/\/www.paisajesverticales.com\/WP\/wp-content\/uploads\/20140901-DJI00038-WEB.jpg 1200w\" data-sizes=\"auto\" \/><div class=\"fusion-rollover\">\n\t<div class=\"fusion-rollover-content\">\n\n\t\t\t\t\t\t\t\t\t\t\n\t\t\t\t\t\t\t\t\t\t\t\t\t\t\n\t\t\t\t\t\t\t\t\n\t\t\t\t\t\t\t\t\n\t\t\t\t\t\t\t\t\t\t\t\t\t\t\t\t\t\t<a class=\"fusion-rollover-gallery\" href=\"https:\/\/www.paisajesverticales.com\/WP\/wp-content\/uploads\/20140901-DJI00038-WEB.jpg\" data-options=\"\" data-id=\"2278\" data-rel=\"iLightbox[gallery2278]\" data-title=\"Paisajes Verticales \u2013 Fotograf\u00eda a\u00e9rea \u2013 INMOBILIARIA\" data-caption=\"Paisajes Verticales \u2013 Fotograf\u00eda a\u00e9rea \u2013 INMOBILIARIA\">\n\t\t\t\t\t\tGaler\u00eda\t\t\t\t\t<\/a>\n\t\t\t\t\t<div class=\"fusion-portfolio-gallery-hidden\"><a href=\"\" data-rel=\"iLightbox[gallery2278]\" title=\"\" data-title=\"\" data-caption=\"\"><\/a><\/div>\t\t\t\t\t\t\t\t\t\n\t\t\n\t\t\t\t\t\t\t\t\n\t\t\t\t\t\t\t\t\n\t\t\n\t\t\t\t\t\t<a class=\"fusion-link-wrapper\" href=\"https:\/\/www.paisajesverticales.com\/es\/fotografia-aerea-con-drones\/fotografias-de-chalet-venta-vidreres\/\" aria-label=\"Fotograf\u00edas de un chalet en venta en Vidreres\"><\/a>\n\t<\/div>\n<\/div>\n<\/div>\n<\/li>\n\t\t\t\n\t\t\t\n\t\t\t\t\t\t\t\t\t\t\t\n\t\t\t\t\t\n\t\t\t\t\t\t\t\t\t\t\t\t\t\t\t\t\t\t\t\t\t\t\t\t\t\t\t\t\t\t\t\t\t\t\t\t<\/ul>\n\t<\/div>\n\t<div class=\"fusion-post-content-wrapper\" style=\"padding:14px 14px 6px 16px;\"><div class=\"fusion-post-content post-content\"><h2 class=\"blog-shortcode-post-title\"><a href=\"https:\/\/www.paisajesverticales.com\/es\/fotografia-aerea-con-drones\/fotografias-de-chalet-venta-vidreres\/\">Fotograf\u00edas de un chalet en venta en Vidreres<\/a><\/h2><p class=\"fusion-single-line-meta\"><span class=\"updated\" style=\"display:none;\">2020-07-13T12:08:32+02:00<\/span><span>1 septiembre 2014<\/span><span class=\"fusion-inline-sep\">|<\/span><\/p><div class=\"fusion-content-sep sep-single sep-dashed\"><\/div><div class=\"fusion-post-content-container\">\n<p>Fotograf\u00eda a\u00e9rea de una casa en venta en Can Carbonell, una urbanizaci\u00f3n de Vidreres (La Selva, Girona), para la inmobiliaria<a href=\"https:\/\/www.paisajesverticales.com\/es\/fotografia-aerea-con-drones\/fotografias-de-chalet-venta-vidreres\/\">\u2026<\/a><\/p>\n<\/div><\/div><div class=\"fusion-meta-info\"><div class=\"fusion-alignleft\"><a class=\"fusion-read-more\" href=\"https:\/\/www.paisajesverticales.com\/es\/fotografia-aerea-con-drones\/fotografias-de-chalet-venta-vidreres\/\" aria-label=\"More on Fotograf\u00edas de un chalet en venta en Vidreres\">Read More<\/a><\/div><\/div><\/div><div class=\"fusion-clearfix\"><\/div><\/div>\n<\/article>\n<article id=\"blog-1-post-2270\" class=\"fusion-post-grid post-2270 post type-post status-publish format-standard has-post-thumbnail category-fotografia-aerea-con-drones tag-baix-emporda-es tag-camping-es tag-costa-brava-es tag-emporda-es tag-fotografia-aerea tag-fotografias-con-drones-es tag-girona-es tag-hotel-es tag-litoral-es tag-mediterraneo tag-paisaje tag-palamos-es tag-provincia-de-girona tag-restaurante-es tag-turismo tag-video-aereo tag-videos-drones\">\n<div class=\"fusion-post-wrapper\" style=\"background-color:rgba(255,235,59,0.03);border:1px solid #009eba;border-bottom-width:3px;\">\n\n\t\t\t<div class=\"fusion-flexslider flexslider fusion-flexslider-loading fusion-post-slideshow\" style=\"border-color:#009eba;\">\n\t\t<ul class=\"slides\">\n\t\t\t\n\t\t\t\t\t\t\t\t\t\t\t\t\t\t<li><div  class=\"fusion-image-wrapper\" aria-haspopup=\"true\">\n\t\t\t\t<img decoding=\"async\" width=\"1200\" height=\"900\" src=\"https:\/\/www.paisajesverticales.com\/WP\/wp-content\/uploads\/20140819-DJI00002-WEB.jpg\" class=\"attachment-full size-full lazyload wp-post-image\" alt=\"Paisajes Verticales \u2013 Fotograf\u00eda a\u00e9rea \u2013 PROMOCI\u00d3N TUR\u00cdSTICA (Camping en Palam\u00f3s)\" srcset=\"data:image\/svg+xml,%3Csvg%20xmlns%3D%27http%3A%2F%2Fwww.w3.org%2F2000%2Fsvg%27%20width%3D%271200%27%20height%3D%27900%27%20viewBox%3D%270%200%201200%20900%27%3E%3Crect%20width%3D%271200%27%20height%3D%27900%27%20fill-opacity%3D%220%22%2F%3E%3C%2Fsvg%3E\" data-orig-src=\"https:\/\/www.paisajesverticales.com\/WP\/wp-content\/uploads\/20140819-DJI00002-WEB.jpg\" data-srcset=\"https:\/\/www.paisajesverticales.com\/WP\/wp-content\/uploads\/20140819-DJI00002-WEB-200x150.jpg 200w, https:\/\/www.paisajesverticales.com\/WP\/wp-content\/uploads\/20140819-DJI00002-WEB-400x300.jpg 400w, https:\/\/www.paisajesverticales.com\/WP\/wp-content\/uploads\/20140819-DJI00002-WEB-600x450.jpg 600w, https:\/\/www.paisajesverticales.com\/WP\/wp-content\/uploads\/20140819-DJI00002-WEB-800x600.jpg 800w, https:\/\/www.paisajesverticales.com\/WP\/wp-content\/uploads\/20140819-DJI00002-WEB.jpg 1200w\" data-sizes=\"auto\" \/><div class=\"fusion-rollover\">\n\t<div class=\"fusion-rollover-content\">\n\n\t\t\t\t\t\t\t\t\t\t\n\t\t\t\t\t\t\t\t\t\t\t\t\t\t\n\t\t\t\t\t\t\t\t\n\t\t\t\t\t\t\t\t\n\t\t\t\t\t\t\t\t\t\t\t\t\t\t\t\t\t\t<a class=\"fusion-rollover-gallery\" href=\"https:\/\/www.paisajesverticales.com\/WP\/wp-content\/uploads\/20140819-DJI00002-WEB.jpg\" data-options=\"\" data-id=\"2270\" data-rel=\"iLightbox[gallery2270]\" data-title=\"Paisajes Verticales \u2013 Fotograf\u00eda a\u00e9rea \u2013 PROMOCI\u00d3N TUR\u00cdSTICA (Camping en Palam\u00f3s)\" data-caption=\"Paisajes Verticales \u2013 Fotograf\u00eda a\u00e9rea \u2013 PROMOCI\u00d3N TUR\u00cdSTICA (Camping en Palam\u00f3s)\">\n\t\t\t\t\t\tGaler\u00eda\t\t\t\t\t<\/a>\n\t\t\t\t\t<div class=\"fusion-portfolio-gallery-hidden\"><a href=\"https:\/\/www.paisajesverticales.com\/WP\/wp-content\/uploads\/20170331-DJI_008-WEB.jpg\" data-rel=\"iLightbox[gallery2270]\" title=\"Paisajes Verticales \u2013 Fotograf\u00eda a\u00e9rea \u2013 DEPORTES (Palam\u00f3s)\" data-title=\"Paisajes Verticales \u2013 Fotograf\u00eda a\u00e9rea \u2013 DEPORTES (Palam\u00f3s)\" data-caption=\"Paisajes Verticales \u2013 Fotograf\u00eda a\u00e9rea \u2013 DEPORTES (Palam\u00f3s)\"><\/a><\/div>\t\t\t\t\t\t\t\t\t\n\t\t\n\t\t\t\t\t\t\t\t\n\t\t\t\t\t\t\t\t\n\t\t\n\t\t\t\t\t\t<a class=\"fusion-link-wrapper\" href=\"https:\/\/www.paisajesverticales.com\/es\/fotografia-aerea-con-drones\/instalaciones-del-camping-benelux\/\" aria-label=\"Instalaciones del Camping Benelux\"><\/a>\n\t<\/div>\n<\/div>\n<\/div>\n<\/li>\n\t\t\t\n\t\t\t\n\t\t\t\t\t\t\t\t\t\t\t\n\t\t\t\t\t\n\t\t\t\t\t\t\t\t\t\t\t<li>\n\t\t\t\t\t\t\t<div class=\"fusion-image-wrapper\">\n\t\t\t\t\t\t\t\t<a href=\"https:\/\/www.paisajesverticales.com\/es\/fotografia-aerea-con-drones\/instalaciones-del-camping-benelux\/\" aria-label=\"Instalaciones del Camping Benelux\">\n\t\t\t\t\t\t\t\t\t<img decoding=\"async\" width=\"1200\" height=\"900\" src=\"https:\/\/www.paisajesverticales.com\/WP\/wp-content\/uploads\/20170331-DJI_008-WEB.jpg\" data-orig-src=\"https:\/\/www.paisajesverticales.com\/WP\/wp-content\/uploads\/20170331-DJI_008-WEB.jpg\" alt=\"Paisajes Verticales \u2013 Fotograf\u00eda a\u00e9rea \u2013 DEPORTES (Palam\u00f3s)\" class=\"lazyload wp-image-1861\" role=\"presentation\" srcset=\"data:image\/svg+xml,%3Csvg%20xmlns%3D%27http%3A%2F%2Fwww.w3.org%2F2000%2Fsvg%27%20width%3D%271200%27%20height%3D%27900%27%20viewBox%3D%270%200%201200%20900%27%3E%3Crect%20width%3D%271200%27%20height%3D%27900%27%20fill-opacity%3D%220%22%2F%3E%3C%2Fsvg%3E\" data-srcset=\"https:\/\/www.paisajesverticales.com\/WP\/wp-content\/uploads\/20170331-DJI_008-WEB-200x150.jpg 200w, https:\/\/www.paisajesverticales.com\/WP\/wp-content\/uploads\/20170331-DJI_008-WEB-400x300.jpg 400w, https:\/\/www.paisajesverticales.com\/WP\/wp-content\/uploads\/20170331-DJI_008-WEB-600x450.jpg 600w, https:\/\/www.paisajesverticales.com\/WP\/wp-content\/uploads\/20170331-DJI_008-WEB-800x600.jpg 800w, https:\/\/www.paisajesverticales.com\/WP\/wp-content\/uploads\/20170331-DJI_008-WEB.jpg 1200w\" data-sizes=\"auto\" data-orig-sizes=\"(min-width: 2200px) 100vw, (min-width: 704px) 377px, (min-width: 672px) 565px, (min-width: 640px) 672px, \" \/>\t\t\t\t\t\t\t\t<\/a>\n\t\t\t\t\t\t\t\t<a style=\"display:none;\" href=\"https:\/\/www.paisajesverticales.com\/WP\/wp-content\/uploads\/20170331-DJI_008-WEB.jpg\" data-rel=\"iLightbox[gallery2270]\"  title=\"Paisajes Verticales \u2013 Fotograf\u00eda a\u00e9rea \u2013 DEPORTES (Palam\u00f3s)\" data-title=\"Paisajes Verticales \u2013 Fotograf\u00eda a\u00e9rea \u2013 DEPORTES (Palam\u00f3s)\" data-caption=\"Paisajes Verticales \u2013 Fotograf\u00eda a\u00e9rea \u2013 DEPORTES (Palam\u00f3s)\">\n\t\t\t\t\t\t\t\t\t\t\t\t\t\t\t\t\t\t\t<img style=\"display:none;\" alt=\"Paisajes Verticales \u2013 Fotograf\u00eda a\u00e9rea \u2013 DEPORTES (Palam\u00f3s)\" role=\"presentation\" \/>\n\t\t\t\t\t\t\t\t\t\t\t\t\t\t\t\t\t<\/a>\n\t\t\t\t\t\t\t<\/div>\n\t\t\t\t\t\t<\/li>\n\t\t\t\t\t\t\t\t\t\t\t\t\t\t\t\t\t\t\t\t\t\t\t\t\t\t\t\t\t\t\t\t\t\t\t\t<\/ul>\n\t<\/div>\n\t<div class=\"fusion-post-content-wrapper\" style=\"padding:14px 14px 6px 16px;\"><div class=\"fusion-post-content post-content\"><h2 class=\"blog-shortcode-post-title\"><a href=\"https:\/\/www.paisajesverticales.com\/es\/fotografia-aerea-con-drones\/instalaciones-del-camping-benelux\/\">Instalaciones del Camping Benelux<\/a><\/h2><p class=\"fusion-single-line-meta\"><span class=\"updated\" style=\"display:none;\">2020-07-13T12:08:31+02:00<\/span><span>11 julio 2014<\/span><span class=\"fusion-inline-sep\">|<\/span><\/p><div class=\"fusion-content-sep sep-single sep-dashed\"><\/div><div class=\"fusion-post-content-container\"><p> Sesi\u00f3n de fotograf\u00eda a\u00e9rea en las instalaciones y zonas de recreo del Camping Benelux (Palam\u00f3s, Girona), para <a href=\"https:\/\/www.cbenelux.com\/?menu=&amp;seccio=&amp;lang=ESP\">\u2026<\/a><\/p>\n<\/div><\/div><div class=\"fusion-meta-info\"><div class=\"fusion-alignleft\"><a class=\"fusion-read-more\" href=\"https:\/\/www.paisajesverticales.com\/es\/fotografia-aerea-con-drones\/instalaciones-del-camping-benelux\/\" aria-label=\"More on Instalaciones del Camping Benelux\">Read More<\/a><\/div><\/div><\/div><div class=\"fusion-clearfix\"><\/div><\/div>\n<\/article>\n<article id=\"blog-1-post-2264\" class=\"fusion-post-grid post-2264 post type-post status-publish format-standard has-post-thumbnail category-novedades-sobre-fotografia-y-video-aereo-con-drones tag-baix-emporda-es tag-calella-de-palafrugell-es tag-costa-brava-es tag-emporda-es tag-formacion tag-fotografia-aerea tag-fotografias-con-drones-es tag-girona-es tag-observacion-con-drones tag-provincia-de-girona tag-video-aereo tag-videos-drones\">\n<div class=\"fusion-post-wrapper\" style=\"background-color:rgba(255,235,59,0.03);border:1px solid #009eba;border-bottom-width:3px;\">\n\n\t\t\t<div class=\"fusion-flexslider flexslider fusion-flexslider-loading fusion-post-slideshow\" style=\"border-color:#009eba;\">\n\t\t<ul class=\"slides\">\n\t\t\t\n\t\t\t\t\t\t\t\t\t\t\t\t\t\t<li><div  class=\"fusion-image-wrapper\" aria-haspopup=\"true\">\n\t\t\t\t<img decoding=\"async\" width=\"1200\" height=\"800\" src=\"https:\/\/www.paisajesverticales.com\/WP\/wp-content\/uploads\/20140704-10286936_10202714090746582_360880143161501942_o-WEB.jpg\" class=\"attachment-full size-full lazyload wp-post-image\" alt=\"Taller de dron para j\u00f3venes en Palafrugell\" srcset=\"data:image\/svg+xml,%3Csvg%20xmlns%3D%27http%3A%2F%2Fwww.w3.org%2F2000%2Fsvg%27%20width%3D%271200%27%20height%3D%27800%27%20viewBox%3D%270%200%201200%20800%27%3E%3Crect%20width%3D%271200%27%20height%3D%27800%27%20fill-opacity%3D%220%22%2F%3E%3C%2Fsvg%3E\" data-orig-src=\"https:\/\/www.paisajesverticales.com\/WP\/wp-content\/uploads\/20140704-10286936_10202714090746582_360880143161501942_o-WEB.jpg\" data-srcset=\"https:\/\/www.paisajesverticales.com\/WP\/wp-content\/uploads\/20140704-10286936_10202714090746582_360880143161501942_o-WEB-200x133.jpg 200w, https:\/\/www.paisajesverticales.com\/WP\/wp-content\/uploads\/20140704-10286936_10202714090746582_360880143161501942_o-WEB-400x267.jpg 400w, https:\/\/www.paisajesverticales.com\/WP\/wp-content\/uploads\/20140704-10286936_10202714090746582_360880143161501942_o-WEB-600x400.jpg 600w, https:\/\/www.paisajesverticales.com\/WP\/wp-content\/uploads\/20140704-10286936_10202714090746582_360880143161501942_o-WEB-800x533.jpg 800w, https:\/\/www.paisajesverticales.com\/WP\/wp-content\/uploads\/20140704-10286936_10202714090746582_360880143161501942_o-WEB.jpg 1200w\" data-sizes=\"auto\" \/><div class=\"fusion-rollover\">\n\t<div class=\"fusion-rollover-content\">\n\n\t\t\t\t\t\t\t\t\t\t\n\t\t\t\t\t\t\t\t\t\t\t\t\t\t\n\t\t\t\t\t\t\t\t\n\t\t\t\t\t\t\t\t\n\t\t\t\t\t\t\t\t\t\t\t\t\t\t\t\t\t\t<a class=\"fusion-rollover-gallery\" href=\"https:\/\/www.paisajesverticales.com\/WP\/wp-content\/uploads\/20140704-10286936_10202714090746582_360880143161501942_o-WEB.jpg\" data-options=\"\" data-id=\"2264\" data-rel=\"iLightbox[gallery2264]\" data-title=\"Taller de dron para j\u00f3venes en Palafrugell\" data-caption=\"Taller de dron para j\u00f3venes en Palafrugell\">\n\t\t\t\t\t\tGaler\u00eda\t\t\t\t\t<\/a>\n\t\t\t\t\t<div class=\"fusion-portfolio-gallery-hidden\"><a href=\"https:\/\/www.paisajesverticales.com\/WP\/wp-content\/uploads\/20140524-DJI00038-WEB.jpg\" data-rel=\"iLightbox[gallery2264]\" title=\"Taller de dron para j\u00f3venes en Palafrugell\" data-title=\"Taller de dron para j\u00f3venes en Palafrugell\" data-caption=\"Taller de dron para j\u00f3venes en Palafrugell\"><\/a><\/div>\t\t\t\t\t\t\t\t\t\n\t\t\n\t\t\t\t\t\t\t\t\n\t\t\t\t\t\t\t\t\n\t\t\n\t\t\t\t\t\t<a class=\"fusion-link-wrapper\" href=\"https:\/\/www.paisajesverticales.com\/es\/novedades-sobre-fotografia-y-video-aereo-con-drones\/taller-de-dron-jovenes-palafrugell\/\" aria-label=\"Taller de dron para j\u00f3venes en Palafrugell\"><\/a>\n\t<\/div>\n<\/div>\n<\/div>\n<\/li>\n\t\t\t\n\t\t\t\n\t\t\t\t\t\t\t\t\t\t\t\n\t\t\t\t\t\n\t\t\t\t\t\t\t\t\t\t\t<li>\n\t\t\t\t\t\t\t<div class=\"fusion-image-wrapper\">\n\t\t\t\t\t\t\t\t<a href=\"https:\/\/www.paisajesverticales.com\/es\/novedades-sobre-fotografia-y-video-aereo-con-drones\/taller-de-dron-jovenes-palafrugell\/\" aria-label=\"Taller de dron para j\u00f3venes en Palafrugell\">\n\t\t\t\t\t\t\t\t\t<img decoding=\"async\" width=\"1200\" height=\"800\" src=\"https:\/\/www.paisajesverticales.com\/WP\/wp-content\/uploads\/20140524-DJI00038-WEB.jpg\" data-orig-src=\"https:\/\/www.paisajesverticales.com\/WP\/wp-content\/uploads\/20140524-DJI00038-WEB.jpg\" alt=\"Taller de dron para j\u00f3venes en Palafrugell\" class=\"lazyload wp-image-3488\" role=\"presentation\" srcset=\"data:image\/svg+xml,%3Csvg%20xmlns%3D%27http%3A%2F%2Fwww.w3.org%2F2000%2Fsvg%27%20width%3D%271200%27%20height%3D%27800%27%20viewBox%3D%270%200%201200%20800%27%3E%3Crect%20width%3D%271200%27%20height%3D%27800%27%20fill-opacity%3D%220%22%2F%3E%3C%2Fsvg%3E\" data-srcset=\"https:\/\/www.paisajesverticales.com\/WP\/wp-content\/uploads\/20140524-DJI00038-WEB-200x133.jpg 200w, https:\/\/www.paisajesverticales.com\/WP\/wp-content\/uploads\/20140524-DJI00038-WEB-400x267.jpg 400w, https:\/\/www.paisajesverticales.com\/WP\/wp-content\/uploads\/20140524-DJI00038-WEB-600x400.jpg 600w, https:\/\/www.paisajesverticales.com\/WP\/wp-content\/uploads\/20140524-DJI00038-WEB-800x533.jpg 800w, https:\/\/www.paisajesverticales.com\/WP\/wp-content\/uploads\/20140524-DJI00038-WEB.jpg 1200w\" data-sizes=\"auto\" data-orig-sizes=\"(min-width: 2200px) 100vw, (min-width: 704px) 377px, (min-width: 672px) 565px, (min-width: 640px) 672px, \" \/>\t\t\t\t\t\t\t\t<\/a>\n\t\t\t\t\t\t\t\t<a style=\"display:none;\" href=\"https:\/\/www.paisajesverticales.com\/WP\/wp-content\/uploads\/20140524-DJI00038-WEB.jpg\" data-rel=\"iLightbox[gallery2264]\"  title=\"Taller de dron para j\u00f3venes en Palafrugell\" data-title=\"Taller de dron para j\u00f3venes en Palafrugell\" data-caption=\"Taller de dron para j\u00f3venes en Palafrugell\">\n\t\t\t\t\t\t\t\t\t\t\t\t\t\t\t\t\t\t\t<img style=\"display:none;\" alt=\"Taller de dron para j\u00f3venes en Palafrugell\" role=\"presentation\" \/>\n\t\t\t\t\t\t\t\t\t\t\t\t\t\t\t\t\t<\/a>\n\t\t\t\t\t\t\t<\/div>\n\t\t\t\t\t\t<\/li>\n\t\t\t\t\t\t\t\t\t\t\t\t\t\t\t\t\t\t\t\t\t\t\t\t\t\t\t\t\t\t\t\t\t\t\t\t<\/ul>\n\t<\/div>\n\t<div class=\"fusion-post-content-wrapper\" style=\"padding:14px 14px 6px 16px;\"><div class=\"fusion-post-content post-content\"><h2 class=\"blog-shortcode-post-title\"><a href=\"https:\/\/www.paisajesverticales.com\/es\/novedades-sobre-fotografia-y-video-aereo-con-drones\/taller-de-dron-jovenes-palafrugell\/\">Taller de dron para j\u00f3venes en Palafrugell<\/a><\/h2><p class=\"fusion-single-line-meta\"><span class=\"updated\" style=\"display:none;\">2020-07-13T12:08:23+02:00<\/span><span>26 mayo 2014<\/span><span class=\"fusion-inline-sep\">|<\/span><\/p><div class=\"fusion-content-sep sep-single sep-dashed\"><\/div><div class=\"fusion-post-content-container\"><p>Ayer impartimos un taller infantil-juvenil de iniciaci\u00f3n al mundo de los drones para el \u00c1rea de Joventut del Ayuntamiento de<a href=\"https:\/\/www.paisajesverticales.com\/es\/novedades-sobre-fotografia-y-video-aereo-con-drones\/taller-de-dron-jovenes-palafrugell\/\">\u2026<\/a><\/p>\n<\/div><\/div><div class=\"fusion-meta-info\"><div class=\"fusion-alignleft\"><a class=\"fusion-read-more\" href=\"https:\/\/www.paisajesverticales.com\/es\/novedades-sobre-fotografia-y-video-aereo-con-drones\/taller-de-dron-jovenes-palafrugell\/\" aria-label=\"More on Taller de dron para j\u00f3venes en Palafrugell\">Read More<\/a><\/div><\/div><\/div><div class=\"fusion-clearfix\"><\/div><\/div>\n<\/article>\n<article id=\"blog-1-post-2281\" class=\"fusion-post-grid post-2281 post type-post status-publish format-standard has-post-thumbnail category-fotografia-aerea-con-drones tag-arquitectura-es tag-baix-emporda-es tag-costa-brava-es tag-emporda-es tag-fotografia-aerea tag-fotografias-con-drones-es tag-girona-es tag-hotel-es tag-inmobiliaria tag-paisaje tag-peratallada-es tag-provincia-de-girona tag-turismo tag-turismo-rural tag-video-aereo tag-videos-drones\">\n<div class=\"fusion-post-wrapper\" style=\"background-color:rgba(255,235,59,0.03);border:1px solid #009eba;border-bottom-width:3px;\">\n\n\t\t\t<div class=\"fusion-flexslider flexslider fusion-flexslider-loading fusion-post-slideshow\" style=\"border-color:#009eba;\">\n\t\t<ul class=\"slides\">\n\t\t\t\n\t\t\t\t\t\t\t\t\t\t\t\t\t\t<li><div  class=\"fusion-image-wrapper\" aria-haspopup=\"true\">\n\t\t\t\t<img decoding=\"async\" width=\"1200\" height=\"900\" src=\"https:\/\/www.paisajesverticales.com\/WP\/wp-content\/uploads\/20140516-DJI00051-WEB.jpg\" class=\"attachment-full size-full lazyload wp-post-image\" alt=\"Paisajes Verticales - Fotograf\u00eda a\u00e9rea - INMOBILIARIA\" srcset=\"data:image\/svg+xml,%3Csvg%20xmlns%3D%27http%3A%2F%2Fwww.w3.org%2F2000%2Fsvg%27%20width%3D%271200%27%20height%3D%27900%27%20viewBox%3D%270%200%201200%20900%27%3E%3Crect%20width%3D%271200%27%20height%3D%27900%27%20fill-opacity%3D%220%22%2F%3E%3C%2Fsvg%3E\" data-orig-src=\"https:\/\/www.paisajesverticales.com\/WP\/wp-content\/uploads\/20140516-DJI00051-WEB.jpg\" data-srcset=\"https:\/\/www.paisajesverticales.com\/WP\/wp-content\/uploads\/20140516-DJI00051-WEB-200x150.jpg 200w, https:\/\/www.paisajesverticales.com\/WP\/wp-content\/uploads\/20140516-DJI00051-WEB-400x300.jpg 400w, https:\/\/www.paisajesverticales.com\/WP\/wp-content\/uploads\/20140516-DJI00051-WEB-600x450.jpg 600w, https:\/\/www.paisajesverticales.com\/WP\/wp-content\/uploads\/20140516-DJI00051-WEB-800x600.jpg 800w, https:\/\/www.paisajesverticales.com\/WP\/wp-content\/uploads\/20140516-DJI00051-WEB.jpg 1200w\" data-sizes=\"auto\" \/><div class=\"fusion-rollover\">\n\t<div class=\"fusion-rollover-content\">\n\n\t\t\t\t\t\t\t\t\t\t\n\t\t\t\t\t\t\t\t\t\t\t\t\t\t\n\t\t\t\t\t\t\t\t\n\t\t\t\t\t\t\t\t\n\t\t\t\t\t\t\t\t\t\t\t\t\t\t\t\t\t\t<a class=\"fusion-rollover-gallery\" href=\"https:\/\/www.paisajesverticales.com\/WP\/wp-content\/uploads\/20140516-DJI00051-WEB.jpg\" data-options=\"\" data-id=\"2281\" data-rel=\"iLightbox[gallery2281]\" data-title=\"Paisajes Verticales - Fotograf\u00eda a\u00e9rea - INMOBILIARIA\" data-caption=\"Paisajes Verticales - Fotograf\u00eda a\u00e9rea - INMOBILIARIA\">\n\t\t\t\t\t\tGaler\u00eda\t\t\t\t\t<\/a>\n\t\t\t\t\t<div class=\"fusion-portfolio-gallery-hidden\"><a href=\"https:\/\/www.paisajesverticales.com\/WP\/wp-content\/uploads\/20140513-DJI00033-WEB.jpg\" data-rel=\"iLightbox[gallery2281]\" title=\"Paisajes Verticales \u2013 Fotograf\u00eda a\u00e9rea \u2013 PROMOCI\u00d3N TUR\u00cdSTICA (Peratallada)\" data-title=\"Paisajes Verticales \u2013 Fotograf\u00eda a\u00e9rea \u2013 PROMOCI\u00d3N TUR\u00cdSTICA (Peratallada)\" data-caption=\"Paisajes Verticales \u2013 Fotograf\u00eda a\u00e9rea \u2013 PROMOCI\u00d3N TUR\u00cdSTICA (Peratallada)\"><\/a><a href=\"https:\/\/www.paisajesverticales.com\/WP\/wp-content\/uploads\/20140516-DJI00003-WEB.jpg\" data-rel=\"iLightbox[gallery2281]\" title=\"Paisajes Verticales \u2013 Fotograf\u00eda a\u00e9rea \u2013 INMOBILARIA\" data-title=\"Paisajes Verticales \u2013 Fotograf\u00eda a\u00e9rea \u2013 INMOBILARIA\" data-caption=\"Paisajes Verticales \u2013 Fotograf\u00eda a\u00e9rea \u2013 INMOBILARIA\"><\/a><\/div>\t\t\t\t\t\t\t\t\t\n\t\t\n\t\t\t\t\t\t\t\t\n\t\t\t\t\t\t\t\t\n\t\t\n\t\t\t\t\t\t<a class=\"fusion-link-wrapper\" href=\"https:\/\/www.paisajesverticales.com\/es\/fotografia-aerea-con-drones\/casa-de-turismo-rural-les-carolines\/\" aria-label=\"Casa de turismo rural Les Carolines\"><\/a>\n\t<\/div>\n<\/div>\n<\/div>\n<\/li>\n\t\t\t\n\t\t\t\n\t\t\t\t\t\t\t\t\t\t\t\n\t\t\t\t\t\n\t\t\t\t\t\t\t\t\t\t\t<li>\n\t\t\t\t\t\t\t<div class=\"fusion-image-wrapper\">\n\t\t\t\t\t\t\t\t<a href=\"https:\/\/www.paisajesverticales.com\/es\/fotografia-aerea-con-drones\/casa-de-turismo-rural-les-carolines\/\" aria-label=\"Casa de turismo rural Les Carolines\">\n\t\t\t\t\t\t\t\t\t<img decoding=\"async\" width=\"1200\" height=\"900\" src=\"https:\/\/www.paisajesverticales.com\/WP\/wp-content\/uploads\/20140513-DJI00033-WEB.jpg\" data-orig-src=\"https:\/\/www.paisajesverticales.com\/WP\/wp-content\/uploads\/20140513-DJI00033-WEB.jpg\" alt=\"Paisajes Verticales \u2013 Fotograf\u00eda a\u00e9rea \u2013 PROMOCI\u00d3N TUR\u00cdSTICA (Peratallada)\" class=\"lazyload wp-image-1999\" role=\"presentation\" srcset=\"data:image\/svg+xml,%3Csvg%20xmlns%3D%27http%3A%2F%2Fwww.w3.org%2F2000%2Fsvg%27%20width%3D%271200%27%20height%3D%27900%27%20viewBox%3D%270%200%201200%20900%27%3E%3Crect%20width%3D%271200%27%20height%3D%27900%27%20fill-opacity%3D%220%22%2F%3E%3C%2Fsvg%3E\" data-srcset=\"https:\/\/www.paisajesverticales.com\/WP\/wp-content\/uploads\/20140513-DJI00033-WEB-200x150.jpg 200w, https:\/\/www.paisajesverticales.com\/WP\/wp-content\/uploads\/20140513-DJI00033-WEB-400x300.jpg 400w, https:\/\/www.paisajesverticales.com\/WP\/wp-content\/uploads\/20140513-DJI00033-WEB-600x450.jpg 600w, https:\/\/www.paisajesverticales.com\/WP\/wp-content\/uploads\/20140513-DJI00033-WEB-800x600.jpg 800w, https:\/\/www.paisajesverticales.com\/WP\/wp-content\/uploads\/20140513-DJI00033-WEB.jpg 1200w\" data-sizes=\"auto\" data-orig-sizes=\"(min-width: 2200px) 100vw, (min-width: 704px) 377px, (min-width: 672px) 565px, (min-width: 640px) 672px, \" \/>\t\t\t\t\t\t\t\t<\/a>\n\t\t\t\t\t\t\t\t<a style=\"display:none;\" href=\"https:\/\/www.paisajesverticales.com\/WP\/wp-content\/uploads\/20140513-DJI00033-WEB.jpg\" data-rel=\"iLightbox[gallery2281]\"  title=\"Paisajes Verticales \u2013 Fotograf\u00eda a\u00e9rea \u2013 PROMOCI\u00d3N TUR\u00cdSTICA (Peratallada)\" data-title=\"Paisajes Verticales \u2013 Fotograf\u00eda a\u00e9rea \u2013 PROMOCI\u00d3N TUR\u00cdSTICA (Peratallada)\" data-caption=\"Paisajes Verticales \u2013 Fotograf\u00eda a\u00e9rea \u2013 PROMOCI\u00d3N TUR\u00cdSTICA (Peratallada)\">\n\t\t\t\t\t\t\t\t\t\t\t\t\t\t\t\t\t\t\t<img style=\"display:none;\" alt=\"Paisajes Verticales \u2013 Fotograf\u00eda a\u00e9rea \u2013 PROMOCI\u00d3N TUR\u00cdSTICA (Peratallada)\" role=\"presentation\" \/>\n\t\t\t\t\t\t\t\t\t\t\t\t\t\t\t\t\t<\/a>\n\t\t\t\t\t\t\t<\/div>\n\t\t\t\t\t\t<\/li>\n\t\t\t\t\t\t\t\t\t\t\t\t\t\t\t\t\t\t\t\t\t\t\t\t\n\t\t\t\t\t\n\t\t\t\t\t\t\t\t\t\t\t<li>\n\t\t\t\t\t\t\t<div class=\"fusion-image-wrapper\">\n\t\t\t\t\t\t\t\t<a href=\"https:\/\/www.paisajesverticales.com\/es\/fotografia-aerea-con-drones\/casa-de-turismo-rural-les-carolines\/\" aria-label=\"Casa de turismo rural Les Carolines\">\n\t\t\t\t\t\t\t\t\t<img decoding=\"async\" width=\"1200\" height=\"900\" src=\"https:\/\/www.paisajesverticales.com\/WP\/wp-content\/uploads\/20140516-DJI00003-WEB.jpg\" data-orig-src=\"https:\/\/www.paisajesverticales.com\/WP\/wp-content\/uploads\/20140516-DJI00003-WEB.jpg\" alt=\"Paisajes Verticales \u2013 Fotograf\u00eda a\u00e9rea \u2013 INMOBILARIA\" class=\"lazyload wp-image-1721\" role=\"presentation\" srcset=\"data:image\/svg+xml,%3Csvg%20xmlns%3D%27http%3A%2F%2Fwww.w3.org%2F2000%2Fsvg%27%20width%3D%271200%27%20height%3D%27900%27%20viewBox%3D%270%200%201200%20900%27%3E%3Crect%20width%3D%271200%27%20height%3D%27900%27%20fill-opacity%3D%220%22%2F%3E%3C%2Fsvg%3E\" data-srcset=\"https:\/\/www.paisajesverticales.com\/WP\/wp-content\/uploads\/20140516-DJI00003-WEB-200x150.jpg 200w, https:\/\/www.paisajesverticales.com\/WP\/wp-content\/uploads\/20140516-DJI00003-WEB-400x300.jpg 400w, https:\/\/www.paisajesverticales.com\/WP\/wp-content\/uploads\/20140516-DJI00003-WEB-600x450.jpg 600w, https:\/\/www.paisajesverticales.com\/WP\/wp-content\/uploads\/20140516-DJI00003-WEB-800x600.jpg 800w, https:\/\/www.paisajesverticales.com\/WP\/wp-content\/uploads\/20140516-DJI00003-WEB.jpg 1200w\" data-sizes=\"auto\" data-orig-sizes=\"(min-width: 2200px) 100vw, (min-width: 704px) 377px, (min-width: 672px) 565px, (min-width: 640px) 672px, \" \/>\t\t\t\t\t\t\t\t<\/a>\n\t\t\t\t\t\t\t\t<a style=\"display:none;\" href=\"https:\/\/www.paisajesverticales.com\/WP\/wp-content\/uploads\/20140516-DJI00003-WEB.jpg\" data-rel=\"iLightbox[gallery2281]\"  title=\"Paisajes Verticales \u2013 Fotograf\u00eda a\u00e9rea \u2013 INMOBILARIA\" data-title=\"Paisajes Verticales \u2013 Fotograf\u00eda a\u00e9rea \u2013 INMOBILARIA\" data-caption=\"Paisajes Verticales \u2013 Fotograf\u00eda a\u00e9rea \u2013 INMOBILARIA\">\n\t\t\t\t\t\t\t\t\t\t\t\t\t\t\t\t\t\t\t<img style=\"display:none;\" alt=\"Paisajes Verticales \u2013 Fotograf\u00eda a\u00e9rea \u2013 INMOBILARIA\" role=\"presentation\" \/>\n\t\t\t\t\t\t\t\t\t\t\t\t\t\t\t\t\t<\/a>\n\t\t\t\t\t\t\t<\/div>\n\t\t\t\t\t\t<\/li>\n\t\t\t\t\t\t\t\t\t\t\t\t\t\t\t\t\t\t\t\t\t<\/ul>\n\t<\/div>\n\t<div class=\"fusion-post-content-wrapper\" style=\"padding:14px 14px 6px 16px;\"><div class=\"fusion-post-content post-content\"><h2 class=\"blog-shortcode-post-title\"><a href=\"https:\/\/www.paisajesverticales.com\/es\/fotografia-aerea-con-drones\/casa-de-turismo-rural-les-carolines\/\">Casa de turismo rural Les Carolines<\/a><\/h2><p class=\"fusion-single-line-meta\"><span class=\"updated\" style=\"display:none;\">2020-07-13T12:08:18+02:00<\/span><span>16 mayo 2014<\/span><span class=\"fusion-inline-sep\">|<\/span><\/p><div class=\"fusion-content-sep sep-single sep-dashed\"><\/div><div class=\"fusion-post-content-container\"><p>Fotograf\u00edas a\u00e9reas de la casa de turismo rural Les Carolines y su entorno, en Peratallada (Baix Empord\u00e0, Girona).  <a href=\"https:\/\/www.paisajesverticales.com\/es\/fotografia-aerea-con-drones\/casa-de-turismo-rural-les-carolines\/\">\u2026<\/a><\/p>\n<\/div><\/div><div class=\"fusion-meta-info\"><div class=\"fusion-alignleft\"><a class=\"fusion-read-more\" href=\"https:\/\/www.paisajesverticales.com\/es\/fotografia-aerea-con-drones\/casa-de-turismo-rural-les-carolines\/\" aria-label=\"More on Casa de turismo rural Les Carolines\">Read More<\/a><\/div><\/div><\/div><div class=\"fusion-clearfix\"><\/div><\/div>\n<\/article>\n<div class=\"fusion-clearfix\"><\/div><\/div><\/div><div class=\"fusion-clearfix\"><\/div><\/div><\/div><\/div><\/div>\n","protected":false},"excerpt":{"rendered":"","protected":false},"author":1,"featured_media":0,"parent":0,"menu_order":2,"comment_status":"closed","ping_status":"closed","template":"100-width.php","meta":{"_seopress_robots_primary_cat":"","_seopress_titles_title":"Paisajes Verticales, fotograf\u00eda a\u00e9rea ~ Galer\u00eda de trabajos recientes","_seopress_titles_desc":"Galer\u00eda con una selecci\u00f3n de trabajos de fotograf\u00eda o v\u00eddeo a\u00e9reos realizados recientemente por Paisajes Verticales y noticias sobre drones.","_seopress_robots_index":"","footnotes":""},"class_list":["post-2184","page","type-page","status-publish"],"_links":{"self":[{"href":"https:\/\/www.paisajesverticales.com\/es\/wp-json\/wp\/v2\/pages\/2184","targetHints":{"allow":["GET"]}}],"collection":[{"href":"https:\/\/www.paisajesverticales.com\/es\/wp-json\/wp\/v2\/pages"}],"about":[{"href":"https:\/\/www.paisajesverticales.com\/es\/wp-json\/wp\/v2\/types\/page"}],"author":[{"embeddable":true,"href":"https:\/\/www.paisajesverticales.com\/es\/wp-json\/wp\/v2\/users\/1"}],"replies":[{"embeddable":true,"href":"https:\/\/www.paisajesverticales.com\/es\/wp-json\/wp\/v2\/comments?post=2184"}],"version-history":[{"count":0,"href":"https:\/\/www.paisajesverticales.com\/es\/wp-json\/wp\/v2\/pages\/2184\/revisions"}],"wp:attachment":[{"href":"https:\/\/www.paisajesverticales.com\/es\/wp-json\/wp\/v2\/media?parent=2184"}],"curies":[{"name":"wp","href":"https:\/\/api.w.org\/{rel}","templated":true}]}}